{"id":65894,"date":"2021-09-02T17:41:52","date_gmt":"2021-09-02T15:41:52","guid":{"rendered":"https:\/\/svetslik.si\/unkategorisiert\/tree-of-life-detail\/"},"modified":"2024-07-04T16:29:30","modified_gmt":"2024-07-04T14:29:30","slug":"tree-of-life-detail","status":"publish","type":"product","link":"https:\/\/svetslik.si\/de\/gustav-klimt-de\/tree-of-life-detail\/","title":{"rendered":"Gustav Klimt &#8211; Tree of Life (Detail) &#8211; Baum des Lebens"},"content":{"rendered":"<div class=\"wpb-content-wrapper\">[vc_row css=&#8221;.vc_custom_1719503644347{margin-bottom: 15px !important;}&#8221;][vc_column]\t<div class=\"et-image-279 et-image     et_image_link\">\n\t\t<div class=\"et-image-inner \">\n\t\t\t\t\t\t\t<div class=\"et-image-thumb \">\n\t\t\t\t\t<img decoding=\"async\" width=\"1200\" height=\"1162\" src=\"https:\/\/svetslik.si\/wp-content\/uploads\/2021\/09\/Gustav-Klimt-\u2013-Tree-of-Life-Detail-reprodukcija-slike-na-platnu-2.jpg\" class=\"attachment-full\" alt=\"Gustav Klimt - Tree of Life (Detail) - Baum des Lebens\" title=\"Gustav Klimt - Tree of Life (Detail) - Baum des Lebens\" srcset=\"https:\/\/svetslik.si\/wp-content\/uploads\/2021\/09\/Gustav-Klimt-\u2013-Tree-of-Life-Detail-reprodukcija-slike-na-platnu-2.jpg 1200w, https:\/\/svetslik.si\/wp-content\/uploads\/2021\/09\/Gustav-Klimt-\u2013-Tree-of-Life-Detail-reprodukcija-slike-na-platnu-2-600x581.jpg 600w, https:\/\/svetslik.si\/wp-content\/uploads\/2021\/09\/Gustav-Klimt-\u2013-Tree-of-Life-Detail-reprodukcija-slike-na-platnu-2-300x291.jpg 300w, https:\/\/svetslik.si\/wp-content\/uploads\/2021\/09\/Gustav-Klimt-\u2013-Tree-of-Life-Detail-reprodukcija-slike-na-platnu-2-1024x992.jpg 1024w, https:\/\/svetslik.si\/wp-content\/uploads\/2021\/09\/Gustav-Klimt-\u2013-Tree-of-Life-Detail-reprodukcija-slike-na-platnu-2-768x744.jpg 768w, https:\/\/svetslik.si\/wp-content\/uploads\/2021\/09\/Gustav-Klimt-\u2013-Tree-of-Life-Detail-reprodukcija-slike-na-platnu-2-150x145.jpg 150w, https:\/\/svetslik.si\/wp-content\/uploads\/2021\/09\/Gustav-Klimt-\u2013-Tree-of-Life-Detail-reprodukcija-slike-na-platnu-2-900x872.jpg 900w\" sizes=\"(max-width: 1200px) 100vw, 1200px\" \/>\t\t\t\t<\/div>\n\t\t\t\t\t\t\t\t\t\t\t<\/div>\n\t<\/div>\n  [\/vc_column][\/vc_row][vc_row css=&#8221;.vc_custom_1719503644347{margin-bottom: 15px !important;}&#8221;][vc_column]\t<div class=\"et-image-644 et-image     et_image_link\">\n\t\t<div class=\"et-image-inner \">\n\t\t\t\t\t\t\t<div class=\"et-image-thumb \">\n\t\t\t\t\t<img decoding=\"async\" width=\"1200\" height=\"858\" src=\"https:\/\/svetslik.si\/wp-content\/uploads\/2021\/09\/Gustav-Klimt-\u2013-Tree-of-Life-Detail-reprodukcija-slike-na-platnu-3.jpg\" class=\"attachment-full\" alt=\"Gustav Klimt - Tree of Life (Detail) - Baum des Lebens\" title=\"Gustav Klimt - Tree of Life (Detail) - Baum des Lebens\" srcset=\"https:\/\/svetslik.si\/wp-content\/uploads\/2021\/09\/Gustav-Klimt-\u2013-Tree-of-Life-Detail-reprodukcija-slike-na-platnu-3.jpg 1200w, https:\/\/svetslik.si\/wp-content\/uploads\/2021\/09\/Gustav-Klimt-\u2013-Tree-of-Life-Detail-reprodukcija-slike-na-platnu-3-600x429.jpg 600w, https:\/\/svetslik.si\/wp-content\/uploads\/2021\/09\/Gustav-Klimt-\u2013-Tree-of-Life-Detail-reprodukcija-slike-na-platnu-3-300x215.jpg 300w, https:\/\/svetslik.si\/wp-content\/uploads\/2021\/09\/Gustav-Klimt-\u2013-Tree-of-Life-Detail-reprodukcija-slike-na-platnu-3-1024x732.jpg 1024w, https:\/\/svetslik.si\/wp-content\/uploads\/2021\/09\/Gustav-Klimt-\u2013-Tree-of-Life-Detail-reprodukcija-slike-na-platnu-3-768x549.jpg 768w, https:\/\/svetslik.si\/wp-content\/uploads\/2021\/09\/Gustav-Klimt-\u2013-Tree-of-Life-Detail-reprodukcija-slike-na-platnu-3-150x107.jpg 150w, https:\/\/svetslik.si\/wp-content\/uploads\/2021\/09\/Gustav-Klimt-\u2013-Tree-of-Life-Detail-reprodukcija-slike-na-platnu-3-900x644.jpg 900w\" sizes=\"(max-width: 1200px) 100vw, 1200px\" \/>\t\t\t\t<\/div>\n\t\t\t\t\t\t\t\t\t\t\t<\/div>\n\t<\/div>\n  [\/vc_column][\/vc_row][vc_row css=&#8221;.vc_custom_1719503644347{margin-bottom: 15px !important;}&#8221;][vc_column]\t<div class=\"et-image-166 et-image     et_image_link\">\n\t\t<div class=\"et-image-inner \">\n\t\t\t\t\t\t\t<div class=\"et-image-thumb \">\n\t\t\t\t\t<img decoding=\"async\" width=\"1200\" height=\"886\" src=\"https:\/\/svetslik.si\/wp-content\/uploads\/2021\/09\/Gustav-Klimt-\u2013-Tree-of-Life-Detail-reprodukcija-slike-na-platnu.jpg\" class=\"attachment-full\" alt=\"Gustav Klimt - Tree of Life (Detail) - Baum des Lebens\" title=\"Gustav Klimt - Tree of Life (Detail) - Baum des Lebens\" srcset=\"https:\/\/svetslik.si\/wp-content\/uploads\/2021\/09\/Gustav-Klimt-\u2013-Tree-of-Life-Detail-reprodukcija-slike-na-platnu.jpg 1200w, https:\/\/svetslik.si\/wp-content\/uploads\/2021\/09\/Gustav-Klimt-\u2013-Tree-of-Life-Detail-reprodukcija-slike-na-platnu-600x443.jpg 600w, https:\/\/svetslik.si\/wp-content\/uploads\/2021\/09\/Gustav-Klimt-\u2013-Tree-of-Life-Detail-reprodukcija-slike-na-platnu-300x222.jpg 300w, https:\/\/svetslik.si\/wp-content\/uploads\/2021\/09\/Gustav-Klimt-\u2013-Tree-of-Life-Detail-reprodukcija-slike-na-platnu-1024x756.jpg 1024w, https:\/\/svetslik.si\/wp-content\/uploads\/2021\/09\/Gustav-Klimt-\u2013-Tree-of-Life-Detail-reprodukcija-slike-na-platnu-768x567.jpg 768w, https:\/\/svetslik.si\/wp-content\/uploads\/2021\/09\/Gustav-Klimt-\u2013-Tree-of-Life-Detail-reprodukcija-slike-na-platnu-150x111.jpg 150w, https:\/\/svetslik.si\/wp-content\/uploads\/2021\/09\/Gustav-Klimt-\u2013-Tree-of-Life-Detail-reprodukcija-slike-na-platnu-900x665.jpg 900w\" sizes=\"(max-width: 1200px) 100vw, 1200px\" \/>\t\t\t\t<\/div>\n\t\t\t\t\t\t\t\t\t\t\t<\/div>\n\t<\/div>\n  [\/vc_column][\/vc_row][vc_row][vc_column][vc_column_text]\n<h1>Gustav Klimt \u2013 Baum des Lebens (Detail)<\/h1>\n<p>&nbsp;<\/p>\n<table id=\"imageinfo\" border=\"0\" width=\"96%\" cellpadding=\"2\">\n<tbody>\n<tr>\n<td width=\"120\">Erstellungsjahr:<\/td>\n<td>1909-1911<\/td>\n<\/tr>\n<tr>\n<td>Originalgr\u00f6\u00dfe:<\/td>\n<td>195 x 102 cm<\/td>\n<\/tr>\n<tr>\n<td>Malstil:<\/td>\n<td>Sezession<\/td>\n<\/tr>\n<tr>\n<td>Originaltechnik:<\/td>\n<td>Fresko<\/td>\n<\/tr>\n<tr>\n<td>Standort:<\/td>\n<td>Palast Stoclet, Br\u00fcssel<\/td>\n<\/tr>\n<\/tbody>\n<\/table>\n<p>\u00d6l auf Leinwand<i>Baum des Lebens<\/i> ist in fast jeder Kultur ein wichtiges Symbol. Mit \u00c4sten, die bis zum Himmel reichen, und Wurzeln tief in der Erde, wohnt es in den drei Welten und verbindet den Himmel, die Erde und die Unterwelt, indem es den oberen und unteren Pol vereint. Das Kunstwerk stellt gleichzeitig ein weibliches Symbol, die Quelle der Fruchtbarkeit, und ein m\u00e4nnliches, sichtbar phallisches Symbol dar \u2013 die zweite Vereinigung.[\/vc_column_text][\/vc_column][\/vc_row]\n<\/div>","protected":false},"excerpt":{"rendered":"<p>[vc_row css=&#8221;.vc_custom_1719503644347{margin-bottom: 15px !important;}&#8221;][vc_column][\/vc_column][\/vc_row][vc_row css=&#8221;.vc_custom_1719503644347{margin-bottom: 15px !important;}&#8221;][vc_column][\/vc_column][\/vc_row][vc_row css=&#8221;.vc_custom_1719503644347{margin-bottom: 15px !important;}&#8221;][vc_column][\/vc_column][\/vc_row][vc_row][vc_column][vc_column_text] Gustav Klimt \u2013 Baum des Lebens (Detail) &nbsp; Erstellungsjahr: 1909-1911 Originalgr\u00f6\u00dfe: 195 x 102 cm Malstil: Sezession Originaltechnik: Fresko Standort: Palast Stoclet, Br\u00fcssel \u00d6l auf LeinwandBaum des Lebens ist in fast jeder Kultur ein wichtiges Symbol. Mit \u00c4sten, die bis [&hellip;]<\/p>\n","protected":false},"featured_media":64245,"template":"","meta":{"_acf_changed":false},"product_brand":[],"product_cat":[8461],"product_tag":[8489,8493,8521,8513,8514],"class_list":{"0":"post-65894","1":"product","2":"type-product","3":"status-publish","4":"has-post-thumbnail","6":"product_cat-gustav-klimt-de","7":"product_tag-gustav-klimt-de","8":"product_tag-klimt-de","9":"product_tag-maler","10":"product_tag-reproduktion","11":"product_tag-reproduktionen","12":"pa_dimenzija-100-x-190-cm-de","13":"pa_dimenzija-40-x-75-cm-de","14":"pa_dimenzija-50-x-95-cm-de","15":"pa_dimenzija-60-x-115-cm-de","16":"pa_dimenzija-70-x-130-cm-de","17":"pa_dimenzija-80-x-150-cm-de","18":"pa_dimenzija-85-x-85-cm-de","19":"pa_oblika-vertikal","20":"pa_okvir-ohne-rahmen","21":"pa_podokvir-ja","22":"pa_podokvir-nein","24":"first","25":"instock","26":"purchasable","27":"product-type-variable","28":"has-default-attributes"},"acf":[],"yoast_head":"<!-- This site is optimized with the Yoast SEO Premium plugin v26.0 (Yoast SEO v27.2) - https:\/\/yoast.com\/product\/yoast-seo-premium-wordpress\/ -->\n<title>Gustav Klimt - Tree of Life (Detail) - Baum des Lebens - SVETSLIK.SI - 100% handgemalt<\/title>\n<meta name=\"description\" content=\"Gustav Klimt - Tree of Life (Detail) - Baum des Lebens - 100% handgemalte Gem\u00e4lde - Verkauf von Reproduktionen ber\u00fchmter Gem\u00e4lde und abstrakter Kunst - Wandbilder f\u00fcr das Wohnzimmer\" \/>\n<meta name=\"robots\" content=\"index, follow, max-snippet:-1, max-image-preview:large, max-video-preview:-1\" \/>\n<link rel=\"canonical\" href=\"https:\/\/svetslik.si\/de\/gustav-klimt-de\/tree-of-life-detail\/\" \/>\n<meta property=\"og:locale\" content=\"de_DE\" \/>\n<meta property=\"og:type\" content=\"article\" \/>\n<meta property=\"og:title\" content=\"Gustav Klimt - Tree of Life (Detail) - Baum des Lebens\" \/>\n<meta property=\"og:description\" content=\"100% ro\u010dno naslikane slike na platnu, reprodukcije znanih slikarjev in umetni\u0161ke slike po naro\u010dilu.\" \/>\n<meta property=\"og:url\" content=\"https:\/\/svetslik.si\/de\/gustav-klimt-de\/tree-of-life-detail\/\" \/>\n<meta property=\"og:site_name\" content=\"SVETSLIK.SI\" \/>\n<meta property=\"article:publisher\" content=\"https:\/\/www.facebook.com\/svetslik.si\" \/>\n<meta property=\"article:modified_time\" content=\"2024-07-04T14:29:30+00:00\" \/>\n<meta property=\"og:image\" content=\"https:\/\/svetslik.si\/wp-content\/uploads\/2021\/08\/image_Tree-of-Life-Detail-Gustav-Klimt_680.jpg\" \/>\n\t<meta property=\"og:image:width\" content=\"1080\" \/>\n\t<meta property=\"og:image:height\" content=\"2048\" \/>\n\t<meta property=\"og:image:type\" content=\"image\/jpeg\" \/>\n<meta name=\"twitter:card\" content=\"summary_large_image\" \/>\n<meta name=\"twitter:site\" content=\"@svetslik\" \/>\n<meta name=\"twitter:label1\" content=\"Verf\u00fcgbarkeit\" \/>\n\t<meta name=\"twitter:data1\" content=\"Auf Lager\" \/>\n<script type=\"application\/ld+json\" class=\"yoast-schema-graph\">{\"@context\":\"https:\/\/schema.org\",\"@graph\":[{\"@type\":[\"WebPage\",\"ItemPage\"],\"@id\":\"https:\/\/svetslik.si\/de\/gustav-klimt-de\/tree-of-life-detail\/\",\"url\":\"https:\/\/svetslik.si\/de\/gustav-klimt-de\/tree-of-life-detail\/\",\"name\":\"Gustav Klimt - Tree of Life (Detail) - Baum des Lebens - SVETSLIK.SI - 100% handgemalt\",\"isPartOf\":{\"@id\":\"https:\/\/svetslik.si\/de\/#website\"},\"primaryImageOfPage\":{\"@id\":\"https:\/\/svetslik.si\/de\/gustav-klimt-de\/tree-of-life-detail\/#primaryimage\"},\"image\":{\"@id\":\"https:\/\/svetslik.si\/de\/gustav-klimt-de\/tree-of-life-detail\/#primaryimage\"},\"thumbnailUrl\":\"https:\/\/svetslik.si\/wp-content\/uploads\/2021\/08\/image_Tree-of-Life-Detail-Gustav-Klimt_680.jpg\",\"datePublished\":\"2021-09-02T15:41:52+00:00\",\"dateModified\":\"2024-07-04T14:29:30+00:00\",\"description\":\"Gustav Klimt - Tree of Life (Detail) - Baum des Lebens - 100% handgemalte Gem\u00e4lde - Verkauf von Reproduktionen ber\u00fchmter Gem\u00e4lde und abstrakter Kunst - Wandbilder f\u00fcr das Wohnzimmer\",\"breadcrumb\":{\"@id\":\"https:\/\/svetslik.si\/de\/gustav-klimt-de\/tree-of-life-detail\/#breadcrumb\"},\"inLanguage\":\"de\",\"potentialAction\":[{\"@type\":\"ReadAction\",\"target\":[\"https:\/\/svetslik.si\/de\/gustav-klimt-de\/tree-of-life-detail\/\"]}]},{\"@type\":\"ImageObject\",\"inLanguage\":\"de\",\"@id\":\"https:\/\/svetslik.si\/de\/gustav-klimt-de\/tree-of-life-detail\/#primaryimage\",\"url\":\"https:\/\/svetslik.si\/wp-content\/uploads\/2021\/08\/image_Tree-of-Life-Detail-Gustav-Klimt_680.jpg\",\"contentUrl\":\"https:\/\/svetslik.si\/wp-content\/uploads\/2021\/08\/image_Tree-of-Life-Detail-Gustav-Klimt_680.jpg\",\"width\":1080,\"height\":2048,\"caption\":\"Gustav Klimt - Tree of Life Detail - Baum des Lebens (Detail), Gem\u00e4lde, Leinwandbilder\"},{\"@type\":\"BreadcrumbList\",\"@id\":\"https:\/\/svetslik.si\/de\/gustav-klimt-de\/tree-of-life-detail\/#breadcrumb\",\"itemListElement\":[{\"@type\":\"ListItem\",\"position\":1,\"name\":\"Wandkunst und Gem\u00e4lde auf Leinwand\",\"item\":\"https:\/\/svetslik.si\/de\/\"},{\"@type\":\"ListItem\",\"position\":2,\"name\":\"Verkauf von Gem\u00e4lden\",\"item\":\"https:\/\/svetslik.si\/prodaja-slik\/\"},{\"@type\":\"ListItem\",\"position\":3,\"name\":\"Gustav Klimt &#8211; Tree of Life (Detail) &#8211; Baum des Lebens\"}]},{\"@type\":\"WebSite\",\"@id\":\"https:\/\/svetslik.si\/de\/#website\",\"url\":\"https:\/\/svetslik.si\/de\/\",\"name\":\"SVETSLIK.SI\",\"description\":\"100% handgemalte Reproduktionen von Gem\u00e4lden ber\u00fchmter Maler und Gem\u00e4lde auf Leinwand.\",\"publisher\":{\"@id\":\"https:\/\/svetslik.si\/de\/#organization\"},\"potentialAction\":[{\"@type\":\"SearchAction\",\"target\":{\"@type\":\"EntryPoint\",\"urlTemplate\":\"https:\/\/svetslik.si\/de\/?s={search_term_string}\"},\"query-input\":{\"@type\":\"PropertyValueSpecification\",\"valueRequired\":true,\"valueName\":\"search_term_string\"}}],\"inLanguage\":\"de\"},{\"@type\":\"Organization\",\"@id\":\"https:\/\/svetslik.si\/de\/#organization\",\"name\":\"SvetSlik.si\",\"url\":\"https:\/\/svetslik.si\/de\/\",\"logo\":{\"@type\":\"ImageObject\",\"inLanguage\":\"de\",\"@id\":\"https:\/\/svetslik.si\/de\/#\/schema\/logo\/image\/\",\"url\":\"https:\/\/svetslik.si\/wp-content\/uploads\/2020\/12\/logo-512.png\",\"contentUrl\":\"https:\/\/svetslik.si\/wp-content\/uploads\/2020\/12\/logo-512.png\",\"width\":512,\"height\":512,\"caption\":\"SvetSlik.si\"},\"image\":{\"@id\":\"https:\/\/svetslik.si\/de\/#\/schema\/logo\/image\/\"},\"sameAs\":[\"https:\/\/www.facebook.com\/svetslik.si\",\"https:\/\/x.com\/svetslik\",\"https:\/\/www.instagram.com\/svetslik.si\/\",\"https:\/\/www.linkedin.com\/company\/svetslik-si\"]}]}<\/script>\n<meta property=\"og:availability\" content=\"instock\" \/>\n<meta property=\"product:availability\" content=\"instock\" \/>\n<meta property=\"product:retailer_item_id\" content=\"19__\" \/>\n<meta property=\"product:condition\" content=\"new\" \/>\n<!-- \/ Yoast SEO Premium plugin. -->","yoast_head_json":{"title":"Gustav Klimt - Tree of Life (Detail) - Baum des Lebens - SVETSLIK.SI - 100% handgemalt","description":"Gustav Klimt - Tree of Life (Detail) - Baum des Lebens - 100% handgemalte Gem\u00e4lde - Verkauf von Reproduktionen ber\u00fchmter Gem\u00e4lde und abstrakter Kunst - Wandbilder f\u00fcr das Wohnzimmer","robots":{"index":"index","follow":"follow","max-snippet":"max-snippet:-1","max-image-preview":"max-image-preview:large","max-video-preview":"max-video-preview:-1"},"canonical":"https:\/\/svetslik.si\/de\/gustav-klimt-de\/tree-of-life-detail\/","og_locale":"de_DE","og_type":"article","og_title":"Gustav Klimt - Tree of Life (Detail) - Baum des Lebens","og_description":"100% ro\u010dno naslikane slike na platnu, reprodukcije znanih slikarjev in umetni\u0161ke slike po naro\u010dilu.","og_url":"https:\/\/svetslik.si\/de\/gustav-klimt-de\/tree-of-life-detail\/","og_site_name":"SVETSLIK.SI","article_publisher":"https:\/\/www.facebook.com\/svetslik.si","article_modified_time":"2024-07-04T14:29:30+00:00","og_image":[{"width":1080,"height":2048,"url":"https:\/\/svetslik.si\/wp-content\/uploads\/2021\/08\/image_Tree-of-Life-Detail-Gustav-Klimt_680.jpg","type":"image\/jpeg"}],"twitter_card":"summary_large_image","twitter_site":"@svetslik","twitter_misc":{"Verf\u00fcgbarkeit":"Auf Lager"},"schema":{"@context":"https:\/\/schema.org","@graph":[{"@type":["WebPage","ItemPage"],"@id":"https:\/\/svetslik.si\/de\/gustav-klimt-de\/tree-of-life-detail\/","url":"https:\/\/svetslik.si\/de\/gustav-klimt-de\/tree-of-life-detail\/","name":"Gustav Klimt - Tree of Life (Detail) - Baum des Lebens - SVETSLIK.SI - 100% handgemalt","isPartOf":{"@id":"https:\/\/svetslik.si\/de\/#website"},"primaryImageOfPage":{"@id":"https:\/\/svetslik.si\/de\/gustav-klimt-de\/tree-of-life-detail\/#primaryimage"},"image":{"@id":"https:\/\/svetslik.si\/de\/gustav-klimt-de\/tree-of-life-detail\/#primaryimage"},"thumbnailUrl":"https:\/\/svetslik.si\/wp-content\/uploads\/2021\/08\/image_Tree-of-Life-Detail-Gustav-Klimt_680.jpg","datePublished":"2021-09-02T15:41:52+00:00","dateModified":"2024-07-04T14:29:30+00:00","description":"Gustav Klimt - Tree of Life (Detail) - Baum des Lebens - 100% handgemalte Gem\u00e4lde - Verkauf von Reproduktionen ber\u00fchmter Gem\u00e4lde und abstrakter Kunst - Wandbilder f\u00fcr das Wohnzimmer","breadcrumb":{"@id":"https:\/\/svetslik.si\/de\/gustav-klimt-de\/tree-of-life-detail\/#breadcrumb"},"inLanguage":"de","potentialAction":[{"@type":"ReadAction","target":["https:\/\/svetslik.si\/de\/gustav-klimt-de\/tree-of-life-detail\/"]}]},{"@type":"ImageObject","inLanguage":"de","@id":"https:\/\/svetslik.si\/de\/gustav-klimt-de\/tree-of-life-detail\/#primaryimage","url":"https:\/\/svetslik.si\/wp-content\/uploads\/2021\/08\/image_Tree-of-Life-Detail-Gustav-Klimt_680.jpg","contentUrl":"https:\/\/svetslik.si\/wp-content\/uploads\/2021\/08\/image_Tree-of-Life-Detail-Gustav-Klimt_680.jpg","width":1080,"height":2048,"caption":"Gustav Klimt - Tree of Life Detail - Baum des Lebens (Detail), Gem\u00e4lde, Leinwandbilder"},{"@type":"BreadcrumbList","@id":"https:\/\/svetslik.si\/de\/gustav-klimt-de\/tree-of-life-detail\/#breadcrumb","itemListElement":[{"@type":"ListItem","position":1,"name":"Wandkunst und Gem\u00e4lde auf Leinwand","item":"https:\/\/svetslik.si\/de\/"},{"@type":"ListItem","position":2,"name":"Verkauf von Gem\u00e4lden","item":"https:\/\/svetslik.si\/prodaja-slik\/"},{"@type":"ListItem","position":3,"name":"Gustav Klimt &#8211; Tree of Life (Detail) &#8211; Baum des Lebens"}]},{"@type":"WebSite","@id":"https:\/\/svetslik.si\/de\/#website","url":"https:\/\/svetslik.si\/de\/","name":"SVETSLIK.SI","description":"100% handgemalte Reproduktionen von Gem\u00e4lden ber\u00fchmter Maler und Gem\u00e4lde auf Leinwand.","publisher":{"@id":"https:\/\/svetslik.si\/de\/#organization"},"potentialAction":[{"@type":"SearchAction","target":{"@type":"EntryPoint","urlTemplate":"https:\/\/svetslik.si\/de\/?s={search_term_string}"},"query-input":{"@type":"PropertyValueSpecification","valueRequired":true,"valueName":"search_term_string"}}],"inLanguage":"de"},{"@type":"Organization","@id":"https:\/\/svetslik.si\/de\/#organization","name":"SvetSlik.si","url":"https:\/\/svetslik.si\/de\/","logo":{"@type":"ImageObject","inLanguage":"de","@id":"https:\/\/svetslik.si\/de\/#\/schema\/logo\/image\/","url":"https:\/\/svetslik.si\/wp-content\/uploads\/2020\/12\/logo-512.png","contentUrl":"https:\/\/svetslik.si\/wp-content\/uploads\/2020\/12\/logo-512.png","width":512,"height":512,"caption":"SvetSlik.si"},"image":{"@id":"https:\/\/svetslik.si\/de\/#\/schema\/logo\/image\/"},"sameAs":["https:\/\/www.facebook.com\/svetslik.si","https:\/\/x.com\/svetslik","https:\/\/www.instagram.com\/svetslik.si\/","https:\/\/www.linkedin.com\/company\/svetslik-si"]}]},"og_availability":"instock","product_availability":"instock","product_retailer_item_id":"19__","product_condition":"new"},"jetpack_sharing_enabled":true,"_links":{"self":[{"href":"https:\/\/svetslik.si\/de\/wp-json\/wp\/v2\/product\/65894","targetHints":{"allow":["GET"]}}],"collection":[{"href":"https:\/\/svetslik.si\/de\/wp-json\/wp\/v2\/product"}],"about":[{"href":"https:\/\/svetslik.si\/de\/wp-json\/wp\/v2\/types\/product"}],"wp:featuredmedia":[{"embeddable":true,"href":"https:\/\/svetslik.si\/de\/wp-json\/wp\/v2\/media\/64245"}],"wp:attachment":[{"href":"https:\/\/svetslik.si\/de\/wp-json\/wp\/v2\/media?parent=65894"}],"wp:term":[{"taxonomy":"product_brand","embeddable":true,"href":"https:\/\/svetslik.si\/de\/wp-json\/wp\/v2\/product_brand?post=65894"},{"taxonomy":"product_cat","embeddable":true,"href":"https:\/\/svetslik.si\/de\/wp-json\/wp\/v2\/product_cat?post=65894"},{"taxonomy":"product_tag","embeddable":true,"href":"https:\/\/svetslik.si\/de\/wp-json\/wp\/v2\/product_tag?post=65894"}],"curies":[{"name":"wp","href":"https:\/\/api.w.org\/{rel}","templated":true}]}}