{"id":67019,"date":"2021-09-02T17:48:50","date_gmt":"2021-09-02T15:48:50","guid":{"rendered":"https:\/\/svetslik.si\/unkategorisiert\/portrait-of-jeanne-hebuterne-i\/"},"modified":"2026-03-22T19:42:31","modified_gmt":"2026-03-22T18:42:31","slug":"portrait-of-jeanne-hebuterne-i","status":"publish","type":"product","link":"https:\/\/svetslik.si\/de\/amedeo-modigliani-de\/portrait-of-jeanne-hebuterne-i\/","title":{"rendered":"Amedeo Modigliani &#8211; Portrait of Jeanne H\u00e9buterne I"},"content":{"rendered":"<div class=\"wpb-content-wrapper\">[vc_row css=&#8221;.vc_custom_1719478547817{margin-bottom: 15px !important;}&#8221;][vc_column]\t<div class=\"et-image-191 et-image     et_image_link\">\n\t\t<div class=\"et-image-inner \">\n\t\t\t\t\t\t\t<div class=\"et-image-thumb \">\n\t\t\t\t\t<img decoding=\"async\" width=\"1000\" height=\"1297\" src=\"https:\/\/svetslik.si\/wp-content\/uploads\/2021\/09\/Amedeo-Modigliani-\u2013-Portrait-of-Jeanne-Hebuterne-I-reprodukcija-slike-na-platnu.jpg\" class=\"attachment-full\" alt=\"Amedeo Modigliani - Portrait of Jeanne H\u00e9buterne I\" title=\"Amedeo Modigliani - Portrait of Jeanne H\u00e9buterne I\" srcset=\"https:\/\/svetslik.si\/wp-content\/uploads\/2021\/09\/Amedeo-Modigliani-\u2013-Portrait-of-Jeanne-Hebuterne-I-reprodukcija-slike-na-platnu.jpg 1000w, https:\/\/svetslik.si\/wp-content\/uploads\/2021\/09\/Amedeo-Modigliani-\u2013-Portrait-of-Jeanne-Hebuterne-I-reprodukcija-slike-na-platnu-600x778.jpg 600w, https:\/\/svetslik.si\/wp-content\/uploads\/2021\/09\/Amedeo-Modigliani-\u2013-Portrait-of-Jeanne-Hebuterne-I-reprodukcija-slike-na-platnu-231x300.jpg 231w, https:\/\/svetslik.si\/wp-content\/uploads\/2021\/09\/Amedeo-Modigliani-\u2013-Portrait-of-Jeanne-Hebuterne-I-reprodukcija-slike-na-platnu-790x1024.jpg 790w, https:\/\/svetslik.si\/wp-content\/uploads\/2021\/09\/Amedeo-Modigliani-\u2013-Portrait-of-Jeanne-Hebuterne-I-reprodukcija-slike-na-platnu-768x996.jpg 768w, https:\/\/svetslik.si\/wp-content\/uploads\/2021\/09\/Amedeo-Modigliani-\u2013-Portrait-of-Jeanne-Hebuterne-I-reprodukcija-slike-na-platnu-116x150.jpg 116w, https:\/\/svetslik.si\/wp-content\/uploads\/2021\/09\/Amedeo-Modigliani-\u2013-Portrait-of-Jeanne-Hebuterne-I-reprodukcija-slike-na-platnu-900x1167.jpg 900w\" sizes=\"(max-width: 1000px) 100vw, 1000px\" \/>\t\t\t\t<\/div>\n\t\t\t\t\t\t\t\t\t\t\t<\/div>\n\t<\/div>\n  [\/vc_column][\/vc_row][vc_row css=&#8221;.vc_custom_1719478547817{margin-bottom: 15px !important;}&#8221;][vc_column]\t<div class=\"et-image-227 et-image     et_image_link\">\n\t\t<div class=\"et-image-inner \">\n\t\t\t\t\t\t\t<div class=\"et-image-thumb \">\n\t\t\t\t\t<img decoding=\"async\" width=\"1000\" height=\"1624\" src=\"https:\/\/svetslik.si\/wp-content\/uploads\/2021\/09\/Amedeo-Modigliani-\u2013-Portrait-of-Jeanne-Hebuterne-I-reprodukcija-slike-na-platnu-2.jpg\" class=\"attachment-full\" alt=\"Amedeo Modigliani - Portrait of Jeanne H\u00e9buterne I\" title=\"Amedeo Modigliani - Portrait of Jeanne H\u00e9buterne I\" srcset=\"https:\/\/svetslik.si\/wp-content\/uploads\/2021\/09\/Amedeo-Modigliani-\u2013-Portrait-of-Jeanne-Hebuterne-I-reprodukcija-slike-na-platnu-2.jpg 1000w, https:\/\/svetslik.si\/wp-content\/uploads\/2021\/09\/Amedeo-Modigliani-\u2013-Portrait-of-Jeanne-Hebuterne-I-reprodukcija-slike-na-platnu-2-600x974.jpg 600w, https:\/\/svetslik.si\/wp-content\/uploads\/2021\/09\/Amedeo-Modigliani-\u2013-Portrait-of-Jeanne-Hebuterne-I-reprodukcija-slike-na-platnu-2-185x300.jpg 185w, https:\/\/svetslik.si\/wp-content\/uploads\/2021\/09\/Amedeo-Modigliani-\u2013-Portrait-of-Jeanne-Hebuterne-I-reprodukcija-slike-na-platnu-2-631x1024.jpg 631w, https:\/\/svetslik.si\/wp-content\/uploads\/2021\/09\/Amedeo-Modigliani-\u2013-Portrait-of-Jeanne-Hebuterne-I-reprodukcija-slike-na-platnu-2-768x1247.jpg 768w, https:\/\/svetslik.si\/wp-content\/uploads\/2021\/09\/Amedeo-Modigliani-\u2013-Portrait-of-Jeanne-Hebuterne-I-reprodukcija-slike-na-platnu-2-946x1536.jpg 946w, https:\/\/svetslik.si\/wp-content\/uploads\/2021\/09\/Amedeo-Modigliani-\u2013-Portrait-of-Jeanne-Hebuterne-I-reprodukcija-slike-na-platnu-2-92x150.jpg 92w, https:\/\/svetslik.si\/wp-content\/uploads\/2021\/09\/Amedeo-Modigliani-\u2013-Portrait-of-Jeanne-Hebuterne-I-reprodukcija-slike-na-platnu-2-900x1462.jpg 900w\" sizes=\"(max-width: 1000px) 100vw, 1000px\" \/>\t\t\t\t<\/div>\n\t\t\t\t\t\t\t\t\t\t\t<\/div>\n\t<\/div>\n  [\/vc_column][\/vc_row][vc_row css=&#8221;.vc_custom_1719478547817{margin-bottom: 15px !important;}&#8221;][vc_column]\t<div class=\"et-image-321 et-image     et_image_link\">\n\t\t<div class=\"et-image-inner \">\n\t\t\t\t\t\t\t<div class=\"et-image-thumb \">\n\t\t\t\t\t<img decoding=\"async\" width=\"1000\" height=\"1597\" src=\"https:\/\/svetslik.si\/wp-content\/uploads\/2021\/09\/Amedeo-Modigliani-\u2013-Portrait-of-Jeanne-Hebuterne-I-reprodukcija-slike-na-platnu-3.jpg\" class=\"attachment-full\" alt=\"Amedeo Modigliani - Portrait of Jeanne H\u00e9buterne I\" title=\"Amedeo Modigliani - Portrait of Jeanne H\u00e9buterne I\" srcset=\"https:\/\/svetslik.si\/wp-content\/uploads\/2021\/09\/Amedeo-Modigliani-\u2013-Portrait-of-Jeanne-Hebuterne-I-reprodukcija-slike-na-platnu-3.jpg 1000w, https:\/\/svetslik.si\/wp-content\/uploads\/2021\/09\/Amedeo-Modigliani-\u2013-Portrait-of-Jeanne-Hebuterne-I-reprodukcija-slike-na-platnu-3-600x958.jpg 600w, https:\/\/svetslik.si\/wp-content\/uploads\/2021\/09\/Amedeo-Modigliani-\u2013-Portrait-of-Jeanne-Hebuterne-I-reprodukcija-slike-na-platnu-3-188x300.jpg 188w, https:\/\/svetslik.si\/wp-content\/uploads\/2021\/09\/Amedeo-Modigliani-\u2013-Portrait-of-Jeanne-Hebuterne-I-reprodukcija-slike-na-platnu-3-641x1024.jpg 641w, https:\/\/svetslik.si\/wp-content\/uploads\/2021\/09\/Amedeo-Modigliani-\u2013-Portrait-of-Jeanne-Hebuterne-I-reprodukcija-slike-na-platnu-3-768x1226.jpg 768w, https:\/\/svetslik.si\/wp-content\/uploads\/2021\/09\/Amedeo-Modigliani-\u2013-Portrait-of-Jeanne-Hebuterne-I-reprodukcija-slike-na-platnu-3-962x1536.jpg 962w, https:\/\/svetslik.si\/wp-content\/uploads\/2021\/09\/Amedeo-Modigliani-\u2013-Portrait-of-Jeanne-Hebuterne-I-reprodukcija-slike-na-platnu-3-94x150.jpg 94w, https:\/\/svetslik.si\/wp-content\/uploads\/2021\/09\/Amedeo-Modigliani-\u2013-Portrait-of-Jeanne-Hebuterne-I-reprodukcija-slike-na-platnu-3-900x1437.jpg 900w\" sizes=\"(max-width: 1000px) 100vw, 1000px\" \/>\t\t\t\t<\/div>\n\t\t\t\t\t\t\t\t\t\t\t<\/div>\n\t<\/div>\n  [\/vc_column][\/vc_row][vc_row css=&#8221;.vc_custom_1719478547817{margin-bottom: 15px !important;}&#8221;][vc_column]\t<div class=\"et-image-119 et-image     et_image_link\">\n\t\t<div class=\"et-image-inner \">\n\t\t\t\t\t\t\t<div class=\"et-image-thumb \">\n\t\t\t\t\t<img decoding=\"async\" width=\"1000\" height=\"563\" src=\"https:\/\/svetslik.si\/wp-content\/uploads\/2021\/09\/Amedeo-Modigliani-\u2013-Portrait-of-Jeanne-Hebuterne-I-reprodukcija-slike-na-platnu-5.jpg\" class=\"attachment-full\" alt=\"Amedeo Modigliani - Portrait of Jeanne H\u00e9buterne I\" title=\"Amedeo Modigliani - Portrait of Jeanne H\u00e9buterne I\" srcset=\"https:\/\/svetslik.si\/wp-content\/uploads\/2021\/09\/Amedeo-Modigliani-\u2013-Portrait-of-Jeanne-Hebuterne-I-reprodukcija-slike-na-platnu-5.jpg 1000w, https:\/\/svetslik.si\/wp-content\/uploads\/2021\/09\/Amedeo-Modigliani-\u2013-Portrait-of-Jeanne-Hebuterne-I-reprodukcija-slike-na-platnu-5-600x338.jpg 600w, https:\/\/svetslik.si\/wp-content\/uploads\/2021\/09\/Amedeo-Modigliani-\u2013-Portrait-of-Jeanne-Hebuterne-I-reprodukcija-slike-na-platnu-5-300x169.jpg 300w, https:\/\/svetslik.si\/wp-content\/uploads\/2021\/09\/Amedeo-Modigliani-\u2013-Portrait-of-Jeanne-Hebuterne-I-reprodukcija-slike-na-platnu-5-768x432.jpg 768w, https:\/\/svetslik.si\/wp-content\/uploads\/2021\/09\/Amedeo-Modigliani-\u2013-Portrait-of-Jeanne-Hebuterne-I-reprodukcija-slike-na-platnu-5-150x84.jpg 150w, https:\/\/svetslik.si\/wp-content\/uploads\/2021\/09\/Amedeo-Modigliani-\u2013-Portrait-of-Jeanne-Hebuterne-I-reprodukcija-slike-na-platnu-5-900x507.jpg 900w\" sizes=\"(max-width: 1000px) 100vw, 1000px\" \/>\t\t\t\t<\/div>\n\t\t\t\t\t\t\t\t\t\t\t<\/div>\n\t<\/div>\n  [\/vc_column][\/vc_row][vc_row css=&#8221;.vc_custom_1719478547817{margin-bottom: 15px !important;}&#8221;][vc_column]\t<div class=\"et-image-501 et-image     et_image_link\">\n\t\t<div class=\"et-image-inner \">\n\t\t\t\t\t\t\t<div class=\"et-image-thumb \">\n\t\t\t\t\t<img decoding=\"async\" width=\"1000\" height=\"563\" src=\"https:\/\/svetslik.si\/wp-content\/uploads\/2021\/09\/Amedeo-Modigliani-\u2013-Portrait-of-Jeanne-Hebuterne-I-reprodukcija-slike-na-platnu-4.jpg\" class=\"attachment-full\" alt=\"Amedeo Modigliani - Portrait of Jeanne H\u00e9buterne I\" title=\"Amedeo Modigliani - Portrait of Jeanne H\u00e9buterne I\" srcset=\"https:\/\/svetslik.si\/wp-content\/uploads\/2021\/09\/Amedeo-Modigliani-\u2013-Portrait-of-Jeanne-Hebuterne-I-reprodukcija-slike-na-platnu-4.jpg 1000w, https:\/\/svetslik.si\/wp-content\/uploads\/2021\/09\/Amedeo-Modigliani-\u2013-Portrait-of-Jeanne-Hebuterne-I-reprodukcija-slike-na-platnu-4-600x338.jpg 600w, https:\/\/svetslik.si\/wp-content\/uploads\/2021\/09\/Amedeo-Modigliani-\u2013-Portrait-of-Jeanne-Hebuterne-I-reprodukcija-slike-na-platnu-4-300x169.jpg 300w, https:\/\/svetslik.si\/wp-content\/uploads\/2021\/09\/Amedeo-Modigliani-\u2013-Portrait-of-Jeanne-Hebuterne-I-reprodukcija-slike-na-platnu-4-768x432.jpg 768w, https:\/\/svetslik.si\/wp-content\/uploads\/2021\/09\/Amedeo-Modigliani-\u2013-Portrait-of-Jeanne-Hebuterne-I-reprodukcija-slike-na-platnu-4-150x84.jpg 150w, https:\/\/svetslik.si\/wp-content\/uploads\/2021\/09\/Amedeo-Modigliani-\u2013-Portrait-of-Jeanne-Hebuterne-I-reprodukcija-slike-na-platnu-4-900x507.jpg 900w\" sizes=\"(max-width: 1000px) 100vw, 1000px\" \/>\t\t\t\t<\/div>\n\t\t\t\t\t\t\t\t\t\t\t<\/div>\n\t<\/div>\n  [\/vc_column][\/vc_row][vc_row][vc_column][vc_column_text]\n<h1>Amedeo Modigliani &#8211; Portr\u00e4t von Jeanne H\u00e9buterne I<\/h1>\n<p>&nbsp;<\/p>\n<table style=\"width: 632px;\" border=\"0\" width=\"632\" cellpadding=\"0\">\n<tbody>\n<tr>\n<td style=\"width: 180px; height: 21px;\" height=\"21\">Jahr der Erstellung:<\/td>\n<td style=\"width: 452px;\">1919<\/td>\n<\/tr>\n<tr>\n<td style=\"width: 180px; height: 21px;\" height=\"21\">Originalgr\u00f6\u00dfe:<\/td>\n<td style=\"width: 452px;\">38 cm x 55 cm<\/td>\n<\/tr>\n<tr>\n<td style=\"width: 180px; height: 21px;\" height=\"21\">Malstil:<\/td>\n<td style=\"width: 452px;\">Expressionismus<\/td>\n<\/tr>\n<tr>\n<td style=\"width: 180px; height: 21px;\" height=\"21\">Originaltechnik:<\/td>\n<td>\u00d6l auf Leinwand<\/td>\n<\/tr>\n<tr>\n<td style=\"width: 180px; height: 21px;\" height=\"21\">Gefunden:<\/td>\n<td style=\"width: 452px;\">Privatsammlung<\/td>\n<\/tr>\n<\/tbody>\n<colgroup> <\/colgroup>\n<\/table>\n<p>Jeanne H\u00e9buterne, die vom Schriftsteller Charles-Albert Cingria als sanft, sch\u00fcchtern, ruhig und zart beschrieben wurde, war Modiglianis zentrale Muse und seine Begleiterin. Nachdem Modigliani 1920 an Tuberkulose erkrankte und starb, st\u00fcrzte sich nur einen Tag sp\u00e4ter die schwangere Jeanne aus dem f\u00fcnften Stock.[\/vc_column_text][\/vc_column][\/vc_row]\n<\/div>","protected":false},"excerpt":{"rendered":"<p>[vc_row css=&#8221;.vc_custom_1719478547817{margin-bottom: 15px !important;}&#8221;][vc_column][\/vc_column][\/vc_row][vc_row css=&#8221;.vc_custom_1719478547817{margin-bottom: 15px !important;}&#8221;][vc_column][\/vc_column][\/vc_row][vc_row css=&#8221;.vc_custom_1719478547817{margin-bottom: 15px !important;}&#8221;][vc_column][\/vc_column][\/vc_row][vc_row css=&#8221;.vc_custom_1719478547817{margin-bottom: 15px !important;}&#8221;][vc_column][\/vc_column][\/vc_row][vc_row css=&#8221;.vc_custom_1719478547817{margin-bottom: 15px !important;}&#8221;][vc_column][\/vc_column][\/vc_row][vc_row][vc_column][vc_column_text] Amedeo Modigliani &#8211; Portr\u00e4t von Jeanne H\u00e9buterne I &nbsp; Jahr der Erstellung: 1919 Originalgr\u00f6\u00dfe: 38 cm x 55 cm Malstil: Expressionismus Originaltechnik: \u00d6l auf Leinwand Gefunden: Privatsammlung Jeanne H\u00e9buterne, die vom Schriftsteller Charles-Albert Cingria [&hellip;]<\/p>\n","protected":false},"featured_media":107287,"template":"","meta":{"_acf_changed":false},"product_brand":[],"product_cat":[8455],"product_tag":[8521,8500,8513,8514],"class_list":{"0":"post-67019","1":"product","2":"type-product","3":"status-publish","4":"has-post-thumbnail","6":"product_cat-amedeo-modigliani-de","7":"product_tag-maler","8":"product_tag-modigliani-de","9":"product_tag-reproduktion","10":"product_tag-reproduktionen","11":"pa_dimenzija-100-x-150-cm","12":"pa_dimenzija-120-x-170-cm","13":"pa_dimenzija-38-x-55-cm","14":"pa_dimenzija-50-x-70-cm","15":"pa_dimenzija-60-x-90-cm","16":"pa_dimenzija-70-x-100-cm","17":"pa_dimenzija-80-x-120-cm","18":"pa_dimenzija-90-x-130-cm","19":"pa_oblika-vertikal","20":"pa_okvir-ohne-rahmen","21":"pa_podokvir-ja","22":"pa_podokvir-nein","24":"first","25":"onbackorder","26":"purchasable","27":"product-type-variable","28":"has-default-attributes"},"acf":[],"yoast_head":"<!-- This site is optimized with the Yoast SEO Premium plugin v26.0 (Yoast SEO v27.2) - https:\/\/yoast.com\/product\/yoast-seo-premium-wordpress\/ -->\n<title>Amedeo Modigliani - Portrait of Jeanne H\u00e9buterne I - SVETSLIK.SI - 100% handgemalt<\/title>\n<meta name=\"description\" content=\"Amedeo Modigliani - Portrait of Jeanne H\u00e9buterne I - 100% handgemalte Gem\u00e4lde - Verkauf von Reproduktionen ber\u00fchmter Gem\u00e4lde und abstrakter Kunst - Wandbilder f\u00fcr das Wohnzimmer\" \/>\n<meta name=\"robots\" content=\"index, follow, max-snippet:-1, max-image-preview:large, max-video-preview:-1\" \/>\n<link rel=\"canonical\" href=\"https:\/\/svetslik.si\/de\/amedeo-modigliani-de\/portrait-of-jeanne-hebuterne-i\/\" \/>\n<meta property=\"og:locale\" content=\"de_DE\" \/>\n<meta property=\"og:type\" content=\"article\" \/>\n<meta property=\"og:title\" content=\"Amedeo Modigliani - Portrait of Jeanne H\u00e9buterne I\" \/>\n<meta property=\"og:description\" content=\"100% ro\u010dno naslikane slike na platnu, reprodukcije znanih slikarjev in umetni\u0161ke slike po naro\u010dilu.\" \/>\n<meta property=\"og:url\" content=\"https:\/\/svetslik.si\/de\/amedeo-modigliani-de\/portrait-of-jeanne-hebuterne-i\/\" \/>\n<meta property=\"og:site_name\" content=\"SVETSLIK.SI\" \/>\n<meta property=\"article:publisher\" content=\"https:\/\/www.facebook.com\/svetslik.si\" \/>\n<meta property=\"article:modified_time\" content=\"2026-03-22T18:42:31+00:00\" \/>\n<meta property=\"og:image\" content=\"https:\/\/svetslik.si\/wp-content\/uploads\/2021\/09\/Amedeo-Modigliani-\u2013-Portrait-of-Jeanne-Hebuterne-I.jpg\" \/>\n\t<meta property=\"og:image:width\" content=\"750\" \/>\n\t<meta property=\"og:image:height\" content=\"1125\" \/>\n\t<meta property=\"og:image:type\" content=\"image\/jpeg\" \/>\n<meta name=\"twitter:card\" content=\"summary_large_image\" \/>\n<meta name=\"twitter:site\" content=\"@svetslik\" \/>\n<meta name=\"twitter:label1\" content=\"Verf\u00fcgbarkeit\" \/>\n\t<meta name=\"twitter:data1\" content=\"bei Nachbestellung\" \/>\n<script type=\"application\/ld+json\" class=\"yoast-schema-graph\">{\"@context\":\"https:\/\/schema.org\",\"@graph\":[{\"@type\":[\"WebPage\",\"ItemPage\"],\"@id\":\"https:\/\/svetslik.si\/de\/amedeo-modigliani-de\/portrait-of-jeanne-hebuterne-i\/\",\"url\":\"https:\/\/svetslik.si\/de\/amedeo-modigliani-de\/portrait-of-jeanne-hebuterne-i\/\",\"name\":\"Amedeo Modigliani - Portrait of Jeanne H\u00e9buterne I - SVETSLIK.SI - 100% handgemalt\",\"isPartOf\":{\"@id\":\"https:\/\/svetslik.si\/de\/#website\"},\"primaryImageOfPage\":{\"@id\":\"https:\/\/svetslik.si\/de\/amedeo-modigliani-de\/portrait-of-jeanne-hebuterne-i\/#primaryimage\"},\"image\":{\"@id\":\"https:\/\/svetslik.si\/de\/amedeo-modigliani-de\/portrait-of-jeanne-hebuterne-i\/#primaryimage\"},\"thumbnailUrl\":\"https:\/\/svetslik.si\/wp-content\/uploads\/2021\/09\/Amedeo-Modigliani-\u2013-Portrait-of-Jeanne-Hebuterne-I.jpg\",\"datePublished\":\"2021-09-02T15:48:50+00:00\",\"dateModified\":\"2026-03-22T18:42:31+00:00\",\"description\":\"Amedeo Modigliani - Portrait of Jeanne H\u00e9buterne I - 100% handgemalte Gem\u00e4lde - Verkauf von Reproduktionen ber\u00fchmter Gem\u00e4lde und abstrakter Kunst - Wandbilder f\u00fcr das Wohnzimmer\",\"breadcrumb\":{\"@id\":\"https:\/\/svetslik.si\/de\/amedeo-modigliani-de\/portrait-of-jeanne-hebuterne-i\/#breadcrumb\"},\"inLanguage\":\"de\",\"potentialAction\":[{\"@type\":\"ReadAction\",\"target\":[\"https:\/\/svetslik.si\/de\/amedeo-modigliani-de\/portrait-of-jeanne-hebuterne-i\/\"]}]},{\"@type\":\"ImageObject\",\"inLanguage\":\"de\",\"@id\":\"https:\/\/svetslik.si\/de\/amedeo-modigliani-de\/portrait-of-jeanne-hebuterne-i\/#primaryimage\",\"url\":\"https:\/\/svetslik.si\/wp-content\/uploads\/2021\/09\/Amedeo-Modigliani-\u2013-Portrait-of-Jeanne-Hebuterne-I.jpg\",\"contentUrl\":\"https:\/\/svetslik.si\/wp-content\/uploads\/2021\/09\/Amedeo-Modigliani-\u2013-Portrait-of-Jeanne-Hebuterne-I.jpg\",\"width\":750,\"height\":1125,\"caption\":\"Amedeo Modigliani - Portrait of Jeanne H\u00e9buterne I\"},{\"@type\":\"BreadcrumbList\",\"@id\":\"https:\/\/svetslik.si\/de\/amedeo-modigliani-de\/portrait-of-jeanne-hebuterne-i\/#breadcrumb\",\"itemListElement\":[{\"@type\":\"ListItem\",\"position\":1,\"name\":\"Wandkunst und Gem\u00e4lde auf Leinwand\",\"item\":\"https:\/\/svetslik.si\/de\/\"},{\"@type\":\"ListItem\",\"position\":2,\"name\":\"Verkauf von Gem\u00e4lden\",\"item\":\"https:\/\/svetslik.si\/prodaja-slik\/\"},{\"@type\":\"ListItem\",\"position\":3,\"name\":\"Amedeo Modigliani &#8211; Portrait of Jeanne H\u00e9buterne I\"}]},{\"@type\":\"WebSite\",\"@id\":\"https:\/\/svetslik.si\/de\/#website\",\"url\":\"https:\/\/svetslik.si\/de\/\",\"name\":\"SVETSLIK.SI\",\"description\":\"100% handgemalte Reproduktionen von Gem\u00e4lden ber\u00fchmter Maler und Gem\u00e4lde auf Leinwand.\",\"publisher\":{\"@id\":\"https:\/\/svetslik.si\/de\/#organization\"},\"potentialAction\":[{\"@type\":\"SearchAction\",\"target\":{\"@type\":\"EntryPoint\",\"urlTemplate\":\"https:\/\/svetslik.si\/de\/?s={search_term_string}\"},\"query-input\":{\"@type\":\"PropertyValueSpecification\",\"valueRequired\":true,\"valueName\":\"search_term_string\"}}],\"inLanguage\":\"de\"},{\"@type\":\"Organization\",\"@id\":\"https:\/\/svetslik.si\/de\/#organization\",\"name\":\"SvetSlik.si\",\"url\":\"https:\/\/svetslik.si\/de\/\",\"logo\":{\"@type\":\"ImageObject\",\"inLanguage\":\"de\",\"@id\":\"https:\/\/svetslik.si\/de\/#\/schema\/logo\/image\/\",\"url\":\"https:\/\/svetslik.si\/wp-content\/uploads\/2020\/12\/logo-512.png\",\"contentUrl\":\"https:\/\/svetslik.si\/wp-content\/uploads\/2020\/12\/logo-512.png\",\"width\":512,\"height\":512,\"caption\":\"SvetSlik.si\"},\"image\":{\"@id\":\"https:\/\/svetslik.si\/de\/#\/schema\/logo\/image\/\"},\"sameAs\":[\"https:\/\/www.facebook.com\/svetslik.si\",\"https:\/\/x.com\/svetslik\",\"https:\/\/www.instagram.com\/svetslik.si\/\",\"https:\/\/www.linkedin.com\/company\/svetslik-si\"]}]}<\/script>\n<meta property=\"og:availability\" content=\"backorder\" \/>\n<meta property=\"product:availability\" content=\"available for order\" \/>\n<meta property=\"product:retailer_item_id\" content=\"194__\" \/>\n<meta property=\"product:condition\" content=\"new\" \/>\n<!-- \/ Yoast SEO Premium plugin. -->","yoast_head_json":{"title":"Amedeo Modigliani - Portrait of Jeanne H\u00e9buterne I - SVETSLIK.SI - 100% handgemalt","description":"Amedeo Modigliani - Portrait of Jeanne H\u00e9buterne I - 100% handgemalte Gem\u00e4lde - Verkauf von Reproduktionen ber\u00fchmter Gem\u00e4lde und abstrakter Kunst - Wandbilder f\u00fcr das Wohnzimmer","robots":{"index":"index","follow":"follow","max-snippet":"max-snippet:-1","max-image-preview":"max-image-preview:large","max-video-preview":"max-video-preview:-1"},"canonical":"https:\/\/svetslik.si\/de\/amedeo-modigliani-de\/portrait-of-jeanne-hebuterne-i\/","og_locale":"de_DE","og_type":"article","og_title":"Amedeo Modigliani - Portrait of Jeanne H\u00e9buterne I","og_description":"100% ro\u010dno naslikane slike na platnu, reprodukcije znanih slikarjev in umetni\u0161ke slike po naro\u010dilu.","og_url":"https:\/\/svetslik.si\/de\/amedeo-modigliani-de\/portrait-of-jeanne-hebuterne-i\/","og_site_name":"SVETSLIK.SI","article_publisher":"https:\/\/www.facebook.com\/svetslik.si","article_modified_time":"2026-03-22T18:42:31+00:00","og_image":[{"width":750,"height":1125,"url":"https:\/\/svetslik.si\/wp-content\/uploads\/2021\/09\/Amedeo-Modigliani-\u2013-Portrait-of-Jeanne-Hebuterne-I.jpg","type":"image\/jpeg"}],"twitter_card":"summary_large_image","twitter_site":"@svetslik","twitter_misc":{"Verf\u00fcgbarkeit":"bei Nachbestellung"},"schema":{"@context":"https:\/\/schema.org","@graph":[{"@type":["WebPage","ItemPage"],"@id":"https:\/\/svetslik.si\/de\/amedeo-modigliani-de\/portrait-of-jeanne-hebuterne-i\/","url":"https:\/\/svetslik.si\/de\/amedeo-modigliani-de\/portrait-of-jeanne-hebuterne-i\/","name":"Amedeo Modigliani - Portrait of Jeanne H\u00e9buterne I - SVETSLIK.SI - 100% handgemalt","isPartOf":{"@id":"https:\/\/svetslik.si\/de\/#website"},"primaryImageOfPage":{"@id":"https:\/\/svetslik.si\/de\/amedeo-modigliani-de\/portrait-of-jeanne-hebuterne-i\/#primaryimage"},"image":{"@id":"https:\/\/svetslik.si\/de\/amedeo-modigliani-de\/portrait-of-jeanne-hebuterne-i\/#primaryimage"},"thumbnailUrl":"https:\/\/svetslik.si\/wp-content\/uploads\/2021\/09\/Amedeo-Modigliani-\u2013-Portrait-of-Jeanne-Hebuterne-I.jpg","datePublished":"2021-09-02T15:48:50+00:00","dateModified":"2026-03-22T18:42:31+00:00","description":"Amedeo Modigliani - Portrait of Jeanne H\u00e9buterne I - 100% handgemalte Gem\u00e4lde - Verkauf von Reproduktionen ber\u00fchmter Gem\u00e4lde und abstrakter Kunst - Wandbilder f\u00fcr das Wohnzimmer","breadcrumb":{"@id":"https:\/\/svetslik.si\/de\/amedeo-modigliani-de\/portrait-of-jeanne-hebuterne-i\/#breadcrumb"},"inLanguage":"de","potentialAction":[{"@type":"ReadAction","target":["https:\/\/svetslik.si\/de\/amedeo-modigliani-de\/portrait-of-jeanne-hebuterne-i\/"]}]},{"@type":"ImageObject","inLanguage":"de","@id":"https:\/\/svetslik.si\/de\/amedeo-modigliani-de\/portrait-of-jeanne-hebuterne-i\/#primaryimage","url":"https:\/\/svetslik.si\/wp-content\/uploads\/2021\/09\/Amedeo-Modigliani-\u2013-Portrait-of-Jeanne-Hebuterne-I.jpg","contentUrl":"https:\/\/svetslik.si\/wp-content\/uploads\/2021\/09\/Amedeo-Modigliani-\u2013-Portrait-of-Jeanne-Hebuterne-I.jpg","width":750,"height":1125,"caption":"Amedeo Modigliani - Portrait of Jeanne H\u00e9buterne I"},{"@type":"BreadcrumbList","@id":"https:\/\/svetslik.si\/de\/amedeo-modigliani-de\/portrait-of-jeanne-hebuterne-i\/#breadcrumb","itemListElement":[{"@type":"ListItem","position":1,"name":"Wandkunst und Gem\u00e4lde auf Leinwand","item":"https:\/\/svetslik.si\/de\/"},{"@type":"ListItem","position":2,"name":"Verkauf von Gem\u00e4lden","item":"https:\/\/svetslik.si\/prodaja-slik\/"},{"@type":"ListItem","position":3,"name":"Amedeo Modigliani &#8211; Portrait of Jeanne H\u00e9buterne I"}]},{"@type":"WebSite","@id":"https:\/\/svetslik.si\/de\/#website","url":"https:\/\/svetslik.si\/de\/","name":"SVETSLIK.SI","description":"100% handgemalte Reproduktionen von Gem\u00e4lden ber\u00fchmter Maler und Gem\u00e4lde auf Leinwand.","publisher":{"@id":"https:\/\/svetslik.si\/de\/#organization"},"potentialAction":[{"@type":"SearchAction","target":{"@type":"EntryPoint","urlTemplate":"https:\/\/svetslik.si\/de\/?s={search_term_string}"},"query-input":{"@type":"PropertyValueSpecification","valueRequired":true,"valueName":"search_term_string"}}],"inLanguage":"de"},{"@type":"Organization","@id":"https:\/\/svetslik.si\/de\/#organization","name":"SvetSlik.si","url":"https:\/\/svetslik.si\/de\/","logo":{"@type":"ImageObject","inLanguage":"de","@id":"https:\/\/svetslik.si\/de\/#\/schema\/logo\/image\/","url":"https:\/\/svetslik.si\/wp-content\/uploads\/2020\/12\/logo-512.png","contentUrl":"https:\/\/svetslik.si\/wp-content\/uploads\/2020\/12\/logo-512.png","width":512,"height":512,"caption":"SvetSlik.si"},"image":{"@id":"https:\/\/svetslik.si\/de\/#\/schema\/logo\/image\/"},"sameAs":["https:\/\/www.facebook.com\/svetslik.si","https:\/\/x.com\/svetslik","https:\/\/www.instagram.com\/svetslik.si\/","https:\/\/www.linkedin.com\/company\/svetslik-si"]}]},"og_availability":"backorder","product_availability":"available for order","product_retailer_item_id":"194__","product_condition":"new"},"jetpack_sharing_enabled":true,"_links":{"self":[{"href":"https:\/\/svetslik.si\/de\/wp-json\/wp\/v2\/product\/67019","targetHints":{"allow":["GET"]}}],"collection":[{"href":"https:\/\/svetslik.si\/de\/wp-json\/wp\/v2\/product"}],"about":[{"href":"https:\/\/svetslik.si\/de\/wp-json\/wp\/v2\/types\/product"}],"wp:featuredmedia":[{"embeddable":true,"href":"https:\/\/svetslik.si\/de\/wp-json\/wp\/v2\/media\/107287"}],"wp:attachment":[{"href":"https:\/\/svetslik.si\/de\/wp-json\/wp\/v2\/media?parent=67019"}],"wp:term":[{"taxonomy":"product_brand","embeddable":true,"href":"https:\/\/svetslik.si\/de\/wp-json\/wp\/v2\/product_brand?post=67019"},{"taxonomy":"product_cat","embeddable":true,"href":"https:\/\/svetslik.si\/de\/wp-json\/wp\/v2\/product_cat?post=67019"},{"taxonomy":"product_tag","embeddable":true,"href":"https:\/\/svetslik.si\/de\/wp-json\/wp\/v2\/product_tag?post=67019"}],"curies":[{"name":"wp","href":"https:\/\/api.w.org\/{rel}","templated":true}]}}