{"id":67046,"date":"2021-09-02T17:48:59","date_gmt":"2021-09-02T15:48:59","guid":{"rendered":"https:\/\/svetslik.si\/unkategorisiert\/portrait-of-jeanne-hebuterne-iv\/"},"modified":"2026-03-22T19:43:17","modified_gmt":"2026-03-22T18:43:17","slug":"portrait-of-jeanne-hebuterne-iv","status":"publish","type":"product","link":"https:\/\/svetslik.si\/de\/amedeo-modigliani-de\/portrait-of-jeanne-hebuterne-iv\/","title":{"rendered":"Amedeo Modigliani &#8211; Portrait of Jeanne H\u00e9buterne IV"},"content":{"rendered":"<div class=\"wpb-content-wrapper\">[vc_row css=&#8221;.vc_custom_1742250862974{margin-bottom: 10px !important;}&#8221;][vc_column]\t<div class=\"et-image-895 et-image     et_image_link\">\n\t\t<div class=\"et-image-inner \">\n\t\t\t\t\t\t\t<div class=\"et-image-thumb \">\n\t\t\t\t\t<img decoding=\"async\" width=\"1500\" height=\"1585\" src=\"https:\/\/svetslik.si\/wp-content\/uploads\/2021\/09\/Amedeo-Modigliani-\u2013-Portrait-of-Jeanne-Hebuterne-IV-slike-na-platnu-2.jpg\" class=\"attachment-full\" alt=\"Amedeo Modigliani - Portrait of Jeanne H\u00e9buterne IV\" title=\"Amedeo Modigliani - Portrait of Jeanne H\u00e9buterne IV\" srcset=\"https:\/\/svetslik.si\/wp-content\/uploads\/2021\/09\/Amedeo-Modigliani-\u2013-Portrait-of-Jeanne-Hebuterne-IV-slike-na-platnu-2.jpg 1500w, https:\/\/svetslik.si\/wp-content\/uploads\/2021\/09\/Amedeo-Modigliani-\u2013-Portrait-of-Jeanne-Hebuterne-IV-slike-na-platnu-2-600x634.jpg 600w, https:\/\/svetslik.si\/wp-content\/uploads\/2021\/09\/Amedeo-Modigliani-\u2013-Portrait-of-Jeanne-Hebuterne-IV-slike-na-platnu-2-1200x1268.jpg 1200w, https:\/\/svetslik.si\/wp-content\/uploads\/2021\/09\/Amedeo-Modigliani-\u2013-Portrait-of-Jeanne-Hebuterne-IV-slike-na-platnu-2-284x300.jpg 284w, https:\/\/svetslik.si\/wp-content\/uploads\/2021\/09\/Amedeo-Modigliani-\u2013-Portrait-of-Jeanne-Hebuterne-IV-slike-na-platnu-2-969x1024.jpg 969w, https:\/\/svetslik.si\/wp-content\/uploads\/2021\/09\/Amedeo-Modigliani-\u2013-Portrait-of-Jeanne-Hebuterne-IV-slike-na-platnu-2-768x812.jpg 768w, https:\/\/svetslik.si\/wp-content\/uploads\/2021\/09\/Amedeo-Modigliani-\u2013-Portrait-of-Jeanne-Hebuterne-IV-slike-na-platnu-2-1454x1536.jpg 1454w, https:\/\/svetslik.si\/wp-content\/uploads\/2021\/09\/Amedeo-Modigliani-\u2013-Portrait-of-Jeanne-Hebuterne-IV-slike-na-platnu-2-142x150.jpg 142w\" sizes=\"(max-width: 1500px) 100vw, 1500px\" \/>\t\t\t\t<\/div>\n\t\t\t\t\t\t\t\t\t\t\t<\/div>\n\t<\/div>\n  [\/vc_column][\/vc_row][vc_row css=&#8221;.vc_custom_1742250862974{margin-bottom: 10px !important;}&#8221;][vc_column]\t<div class=\"et-image-607 et-image     et_image_link\">\n\t\t<div class=\"et-image-inner \">\n\t\t\t\t\t\t\t<div class=\"et-image-thumb \">\n\t\t\t\t\t<img decoding=\"async\" width=\"1500\" height=\"2348\" src=\"https:\/\/svetslik.si\/wp-content\/uploads\/2021\/09\/Amedeo-Modigliani-\u2013-Portrait-of-Jeanne-Hebuterne-IV-slike-na-platnu-5.jpg\" class=\"attachment-full\" alt=\"Amedeo Modigliani - Portrait of Jeanne H\u00e9buterne IV\" title=\"Amedeo Modigliani - Portrait of Jeanne H\u00e9buterne IV\" srcset=\"https:\/\/svetslik.si\/wp-content\/uploads\/2021\/09\/Amedeo-Modigliani-\u2013-Portrait-of-Jeanne-Hebuterne-IV-slike-na-platnu-5.jpg 1500w, https:\/\/svetslik.si\/wp-content\/uploads\/2021\/09\/Amedeo-Modigliani-\u2013-Portrait-of-Jeanne-Hebuterne-IV-slike-na-platnu-5-600x939.jpg 600w, https:\/\/svetslik.si\/wp-content\/uploads\/2021\/09\/Amedeo-Modigliani-\u2013-Portrait-of-Jeanne-Hebuterne-IV-slike-na-platnu-5-1200x1878.jpg 1200w, https:\/\/svetslik.si\/wp-content\/uploads\/2021\/09\/Amedeo-Modigliani-\u2013-Portrait-of-Jeanne-Hebuterne-IV-slike-na-platnu-5-192x300.jpg 192w, https:\/\/svetslik.si\/wp-content\/uploads\/2021\/09\/Amedeo-Modigliani-\u2013-Portrait-of-Jeanne-Hebuterne-IV-slike-na-platnu-5-654x1024.jpg 654w, https:\/\/svetslik.si\/wp-content\/uploads\/2021\/09\/Amedeo-Modigliani-\u2013-Portrait-of-Jeanne-Hebuterne-IV-slike-na-platnu-5-768x1202.jpg 768w, https:\/\/svetslik.si\/wp-content\/uploads\/2021\/09\/Amedeo-Modigliani-\u2013-Portrait-of-Jeanne-Hebuterne-IV-slike-na-platnu-5-981x1536.jpg 981w, https:\/\/svetslik.si\/wp-content\/uploads\/2021\/09\/Amedeo-Modigliani-\u2013-Portrait-of-Jeanne-Hebuterne-IV-slike-na-platnu-5-1308x2048.jpg 1308w, https:\/\/svetslik.si\/wp-content\/uploads\/2021\/09\/Amedeo-Modigliani-\u2013-Portrait-of-Jeanne-Hebuterne-IV-slike-na-platnu-5-96x150.jpg 96w\" sizes=\"(max-width: 1500px) 100vw, 1500px\" \/>\t\t\t\t<\/div>\n\t\t\t\t\t\t\t\t\t\t\t<\/div>\n\t<\/div>\n  [\/vc_column][\/vc_row][vc_row css=&#8221;.vc_custom_1742250862974{margin-bottom: 10px !important;}&#8221;][vc_column]\t<div class=\"et-image-35 et-image     et_image_link\">\n\t\t<div class=\"et-image-inner \">\n\t\t\t\t\t\t\t<div class=\"et-image-thumb \">\n\t\t\t\t\t<img decoding=\"async\" width=\"1500\" height=\"2087\" src=\"https:\/\/svetslik.si\/wp-content\/uploads\/2021\/09\/Amedeo-Modigliani-\u2013-Portrait-of-Jeanne-Hebuterne-IV-slike-na-platnu-4.jpg\" class=\"attachment-full\" alt=\"Amedeo Modigliani - Portrait of Jeanne H\u00e9buterne IV\" title=\"Amedeo Modigliani - Portrait of Jeanne H\u00e9buterne IV\" srcset=\"https:\/\/svetslik.si\/wp-content\/uploads\/2021\/09\/Amedeo-Modigliani-\u2013-Portrait-of-Jeanne-Hebuterne-IV-slike-na-platnu-4.jpg 1500w, https:\/\/svetslik.si\/wp-content\/uploads\/2021\/09\/Amedeo-Modigliani-\u2013-Portrait-of-Jeanne-Hebuterne-IV-slike-na-platnu-4-600x835.jpg 600w, https:\/\/svetslik.si\/wp-content\/uploads\/2021\/09\/Amedeo-Modigliani-\u2013-Portrait-of-Jeanne-Hebuterne-IV-slike-na-platnu-4-1200x1670.jpg 1200w, https:\/\/svetslik.si\/wp-content\/uploads\/2021\/09\/Amedeo-Modigliani-\u2013-Portrait-of-Jeanne-Hebuterne-IV-slike-na-platnu-4-216x300.jpg 216w, https:\/\/svetslik.si\/wp-content\/uploads\/2021\/09\/Amedeo-Modigliani-\u2013-Portrait-of-Jeanne-Hebuterne-IV-slike-na-platnu-4-736x1024.jpg 736w, https:\/\/svetslik.si\/wp-content\/uploads\/2021\/09\/Amedeo-Modigliani-\u2013-Portrait-of-Jeanne-Hebuterne-IV-slike-na-platnu-4-768x1069.jpg 768w, https:\/\/svetslik.si\/wp-content\/uploads\/2021\/09\/Amedeo-Modigliani-\u2013-Portrait-of-Jeanne-Hebuterne-IV-slike-na-platnu-4-1104x1536.jpg 1104w, https:\/\/svetslik.si\/wp-content\/uploads\/2021\/09\/Amedeo-Modigliani-\u2013-Portrait-of-Jeanne-Hebuterne-IV-slike-na-platnu-4-1472x2048.jpg 1472w, https:\/\/svetslik.si\/wp-content\/uploads\/2021\/09\/Amedeo-Modigliani-\u2013-Portrait-of-Jeanne-Hebuterne-IV-slike-na-platnu-4-108x150.jpg 108w\" sizes=\"(max-width: 1500px) 100vw, 1500px\" \/>\t\t\t\t<\/div>\n\t\t\t\t\t\t\t\t\t\t\t<\/div>\n\t<\/div>\n  [\/vc_column][\/vc_row][vc_row css=&#8221;.vc_custom_1742250862974{margin-bottom: 10px !important;}&#8221;][vc_column]\t<div class=\"et-image-620 et-image     et_image_link\">\n\t\t<div class=\"et-image-inner \">\n\t\t\t\t\t\t\t<div class=\"et-image-thumb \">\n\t\t\t\t\t<img decoding=\"async\" width=\"1500\" height=\"1133\" src=\"https:\/\/svetslik.si\/wp-content\/uploads\/2021\/09\/Amedeo-Modigliani-\u2013-Portrait-of-Jeanne-Hebuterne-IV-slike-na-platnu-3.jpg\" class=\"attachment-full\" alt=\"Amedeo Modigliani - Portrait of Jeanne H\u00e9buterne IV\" title=\"Amedeo Modigliani - Portrait of Jeanne H\u00e9buterne IV\" srcset=\"https:\/\/svetslik.si\/wp-content\/uploads\/2021\/09\/Amedeo-Modigliani-\u2013-Portrait-of-Jeanne-Hebuterne-IV-slike-na-platnu-3.jpg 1500w, https:\/\/svetslik.si\/wp-content\/uploads\/2021\/09\/Amedeo-Modigliani-\u2013-Portrait-of-Jeanne-Hebuterne-IV-slike-na-platnu-3-600x453.jpg 600w, https:\/\/svetslik.si\/wp-content\/uploads\/2021\/09\/Amedeo-Modigliani-\u2013-Portrait-of-Jeanne-Hebuterne-IV-slike-na-platnu-3-1200x906.jpg 1200w, https:\/\/svetslik.si\/wp-content\/uploads\/2021\/09\/Amedeo-Modigliani-\u2013-Portrait-of-Jeanne-Hebuterne-IV-slike-na-platnu-3-300x227.jpg 300w, https:\/\/svetslik.si\/wp-content\/uploads\/2021\/09\/Amedeo-Modigliani-\u2013-Portrait-of-Jeanne-Hebuterne-IV-slike-na-platnu-3-1024x773.jpg 1024w, https:\/\/svetslik.si\/wp-content\/uploads\/2021\/09\/Amedeo-Modigliani-\u2013-Portrait-of-Jeanne-Hebuterne-IV-slike-na-platnu-3-768x580.jpg 768w, https:\/\/svetslik.si\/wp-content\/uploads\/2021\/09\/Amedeo-Modigliani-\u2013-Portrait-of-Jeanne-Hebuterne-IV-slike-na-platnu-3-150x113.jpg 150w\" sizes=\"(max-width: 1500px) 100vw, 1500px\" \/>\t\t\t\t<\/div>\n\t\t\t\t\t\t\t\t\t\t\t<\/div>\n\t<\/div>\n  [\/vc_column][\/vc_row][vc_row css=&#8221;.vc_custom_1742250862974{margin-bottom: 10px !important;}&#8221;][vc_column]\t<div class=\"et-image-550 et-image     et_image_link\">\n\t\t<div class=\"et-image-inner \">\n\t\t\t\t\t\t\t<div class=\"et-image-thumb \">\n\t\t\t\t\t<img decoding=\"async\" width=\"1500\" height=\"1125\" src=\"https:\/\/svetslik.si\/wp-content\/uploads\/2021\/09\/Amedeo-Modigliani-\u2013-Portrait-of-Jeanne-Hebuterne-IV-slike-na-platnu.jpg\" class=\"attachment-full\" alt=\"Amedeo Modigliani - Portrait of Jeanne H\u00e9buterne IV\" title=\"Amedeo Modigliani - Portrait of Jeanne H\u00e9buterne IV\" srcset=\"https:\/\/svetslik.si\/wp-content\/uploads\/2021\/09\/Amedeo-Modigliani-\u2013-Portrait-of-Jeanne-Hebuterne-IV-slike-na-platnu.jpg 1500w, https:\/\/svetslik.si\/wp-content\/uploads\/2021\/09\/Amedeo-Modigliani-\u2013-Portrait-of-Jeanne-Hebuterne-IV-slike-na-platnu-600x450.jpg 600w, https:\/\/svetslik.si\/wp-content\/uploads\/2021\/09\/Amedeo-Modigliani-\u2013-Portrait-of-Jeanne-Hebuterne-IV-slike-na-platnu-1200x900.jpg 1200w, https:\/\/svetslik.si\/wp-content\/uploads\/2021\/09\/Amedeo-Modigliani-\u2013-Portrait-of-Jeanne-Hebuterne-IV-slike-na-platnu-300x225.jpg 300w, https:\/\/svetslik.si\/wp-content\/uploads\/2021\/09\/Amedeo-Modigliani-\u2013-Portrait-of-Jeanne-Hebuterne-IV-slike-na-platnu-1024x768.jpg 1024w, https:\/\/svetslik.si\/wp-content\/uploads\/2021\/09\/Amedeo-Modigliani-\u2013-Portrait-of-Jeanne-Hebuterne-IV-slike-na-platnu-768x576.jpg 768w, https:\/\/svetslik.si\/wp-content\/uploads\/2021\/09\/Amedeo-Modigliani-\u2013-Portrait-of-Jeanne-Hebuterne-IV-slike-na-platnu-150x113.jpg 150w\" sizes=\"(max-width: 1500px) 100vw, 1500px\" \/>\t\t\t\t<\/div>\n\t\t\t\t\t\t\t\t\t\t\t<\/div>\n\t<\/div>\n  [\/vc_column][\/vc_row][vc_row][vc_column][vc_column_text]\n<h1>Amedeo Modigliani &#8211; Portr\u00e4t von Jeanne H\u00e9buterne IV<\/h1>\n<p>&nbsp;<\/p>\n<table style=\"width: 632px;\" border=\"0\" width=\"632\" cellpadding=\"0\">\n<tbody>\n<tr>\n<td style=\"width: 180px; height: 21px;\" height=\"21\">Jahr der Erstellung:<\/td>\n<td style=\"width: 452px;\">1917<\/td>\n<\/tr>\n<tr>\n<td style=\"width: 180px; height: 21px;\" height=\"21\">Originalgr\u00f6\u00dfe:<\/td>\n<td style=\"width: 452px;\">137,1 cm x 164,5 cm<\/td>\n<\/tr>\n<tr>\n<td style=\"width: 180px; height: 21px;\" height=\"21\">Malstil:<\/td>\n<td style=\"width: 452px;\">Expressionismus<\/td>\n<\/tr>\n<tr>\n<td style=\"width: 180px; height: 21px;\" height=\"21\">Originaltechnik:<\/td>\n<td>\u00d6l auf Leinwand<\/td>\n<\/tr>\n<tr>\n<td style=\"width: 180px; height: 21px;\" height=\"21\">Gefunden:<\/td>\n<td style=\"width: 452px;\">Privatsammlung<\/td>\n<\/tr>\n<\/tbody>\n<colgroup> <\/colgroup>\n<\/table>\n<p>&nbsp;<\/p>\n<div>Jeanne H\u00e9buterne, die der Schriftsteller Charles-Albert Cingria als sanft, sch\u00fcchtern, ruhig und zart beschrieb, war Modiglianis zentrale Muse und auch die Begleiterin des Malers. Nachdem Modigliani 1920 an Tuberkulose erkrankte und starb, st\u00fcrzte sich nur einen Tag sp\u00e4ter die schwangere Jeanne aus dem f\u00fcnften Stock.<\/div>\n<div><\/div>\n<div>Modigliani stellte Jeanne in mehreren Gem\u00e4lden dar, die die leidenschaftliche und tragische Beziehung zwischen dem K\u00fcnstler und seiner Muse darstellen.<\/div>\n<div><\/div>\n<div>Das Bildportr\u00e4t von Jeanne H\u00e9buterne IV erzielte bei der Sotheby&#8217;s-Auktion im November 2010 einen Verkaufspreis von 8,5 Millionen Euro.<\/div>\n<div><\/div>\n<\/div>","protected":false},"excerpt":{"rendered":"<p>[vc_row css=&#8221;.vc_custom_1742250862974{margin-bottom: 10px !important;}&#8221;][vc_column][\/vc_column][\/vc_row][vc_row css=&#8221;.vc_custom_1742250862974{margin-bottom: 10px !important;}&#8221;][vc_column][\/vc_column][\/vc_row][vc_row css=&#8221;.vc_custom_1742250862974{margin-bottom: 10px !important;}&#8221;][vc_column][\/vc_column][\/vc_row][vc_row css=&#8221;.vc_custom_1742250862974{margin-bottom: 10px !important;}&#8221;][vc_column][\/vc_column][\/vc_row][vc_row css=&#8221;.vc_custom_1742250862974{margin-bottom: 10px !important;}&#8221;][vc_column][\/vc_column][\/vc_row][vc_row][vc_column][vc_column_text] Amedeo Modigliani &#8211; Portr\u00e4t von Jeanne H\u00e9buterne IV &nbsp; Jahr der Erstellung: 1917 Originalgr\u00f6\u00dfe: 137,1 cm x 164,5 cm Malstil: Expressionismus Originaltechnik: \u00d6l auf Leinwand Gefunden: Privatsammlung &nbsp; Jeanne H\u00e9buterne, die der Schriftsteller Charles-Albert [&hellip;]<\/p>\n","protected":false},"featured_media":63956,"template":"","meta":{"_acf_changed":false},"product_brand":[],"product_cat":[8455],"product_tag":[8521,8500,8513,8514],"class_list":{"0":"post-67046","1":"product","2":"type-product","3":"status-publish","4":"has-post-thumbnail","6":"product_cat-amedeo-modigliani-de","7":"product_tag-maler","8":"product_tag-modigliani-de","9":"product_tag-reproduktion","10":"product_tag-reproduktionen","11":"pa_dimenzija-100-x-120-cm-de","12":"pa_dimenzija-110-x-130-cm-de","13":"pa_dimenzija-120-x-140-cm-de","14":"pa_dimenzija-137-x-164-cm-de","15":"pa_dimenzija-150-x-180-cm-de","16":"pa_dimenzija-60-x-70-cm-de","17":"pa_dimenzija-70-x-85-cm-de","18":"pa_dimenzija-90-x-110-cm-de","19":"pa_oblika-vertikal","20":"pa_okvir-ohne-rahmen","21":"pa_podokvir-ja","22":"pa_podokvir-nein","24":"first","25":"onbackorder","26":"purchasable","27":"product-type-variable","28":"has-default-attributes"},"acf":[],"yoast_head":"<!-- This site is optimized with the Yoast SEO Premium plugin v26.0 (Yoast SEO v27.2) - https:\/\/yoast.com\/product\/yoast-seo-premium-wordpress\/ -->\n<title>Amedeo Modigliani - Portrait of Jeanne H\u00e9buterne IV - SVETSLIK.SI - 100% handgemalt<\/title>\n<meta name=\"description\" content=\"Amedeo Modigliani - Portrait of Jeanne H\u00e9buterne IV - 100% handgemalte Gem\u00e4lde - Verkauf von Reproduktionen ber\u00fchmter Gem\u00e4lde und abstrakter Kunst - Wandbilder f\u00fcr das Wohnzimmer\" \/>\n<meta name=\"robots\" content=\"index, follow, max-snippet:-1, max-image-preview:large, max-video-preview:-1\" \/>\n<link rel=\"canonical\" href=\"https:\/\/svetslik.si\/de\/amedeo-modigliani-de\/portrait-of-jeanne-hebuterne-iv\/\" \/>\n<meta property=\"og:locale\" content=\"de_DE\" \/>\n<meta property=\"og:type\" content=\"article\" \/>\n<meta property=\"og:title\" content=\"Amedeo Modigliani - Portrait of Jeanne H\u00e9buterne IV\" \/>\n<meta property=\"og:description\" content=\"100% ro\u010dno naslikane slike na platnu, reprodukcije znanih slikarjev in umetni\u0161ke slike po naro\u010dilu.\" \/>\n<meta property=\"og:url\" content=\"https:\/\/svetslik.si\/de\/amedeo-modigliani-de\/portrait-of-jeanne-hebuterne-iv\/\" \/>\n<meta property=\"og:site_name\" content=\"SVETSLIK.SI\" \/>\n<meta property=\"article:publisher\" content=\"https:\/\/www.facebook.com\/svetslik.si\" \/>\n<meta property=\"article:modified_time\" content=\"2026-03-22T18:43:17+00:00\" \/>\n<meta property=\"og:image\" content=\"https:\/\/svetslik.si\/wp-content\/uploads\/2021\/08\/image_Portrait-of-Jeanne-Hebuterne-IV-Modigliani_680.jpg\" \/>\n\t<meta property=\"og:image:width\" content=\"1668\" \/>\n\t<meta property=\"og:image:height\" content=\"2224\" \/>\n\t<meta property=\"og:image:type\" content=\"image\/jpeg\" \/>\n<meta name=\"twitter:card\" content=\"summary_large_image\" \/>\n<meta name=\"twitter:site\" content=\"@svetslik\" \/>\n<meta name=\"twitter:label1\" content=\"Verf\u00fcgbarkeit\" \/>\n\t<meta name=\"twitter:data1\" content=\"bei Nachbestellung\" \/>\n<script type=\"application\/ld+json\" class=\"yoast-schema-graph\">{\"@context\":\"https:\/\/schema.org\",\"@graph\":[{\"@type\":[\"WebPage\",\"ItemPage\"],\"@id\":\"https:\/\/svetslik.si\/de\/amedeo-modigliani-de\/portrait-of-jeanne-hebuterne-iv\/\",\"url\":\"https:\/\/svetslik.si\/de\/amedeo-modigliani-de\/portrait-of-jeanne-hebuterne-iv\/\",\"name\":\"Amedeo Modigliani - Portrait of Jeanne H\u00e9buterne IV - SVETSLIK.SI - 100% handgemalt\",\"isPartOf\":{\"@id\":\"https:\/\/svetslik.si\/de\/#website\"},\"primaryImageOfPage\":{\"@id\":\"https:\/\/svetslik.si\/de\/amedeo-modigliani-de\/portrait-of-jeanne-hebuterne-iv\/#primaryimage\"},\"image\":{\"@id\":\"https:\/\/svetslik.si\/de\/amedeo-modigliani-de\/portrait-of-jeanne-hebuterne-iv\/#primaryimage\"},\"thumbnailUrl\":\"https:\/\/svetslik.si\/wp-content\/uploads\/2021\/08\/image_Portrait-of-Jeanne-Hebuterne-IV-Modigliani_680.jpg\",\"datePublished\":\"2021-09-02T15:48:59+00:00\",\"dateModified\":\"2026-03-22T18:43:17+00:00\",\"description\":\"Amedeo Modigliani - Portrait of Jeanne H\u00e9buterne IV - 100% handgemalte Gem\u00e4lde - Verkauf von Reproduktionen ber\u00fchmter Gem\u00e4lde und abstrakter Kunst - Wandbilder f\u00fcr das Wohnzimmer\",\"breadcrumb\":{\"@id\":\"https:\/\/svetslik.si\/de\/amedeo-modigliani-de\/portrait-of-jeanne-hebuterne-iv\/#breadcrumb\"},\"inLanguage\":\"de\",\"potentialAction\":[{\"@type\":\"ReadAction\",\"target\":[\"https:\/\/svetslik.si\/de\/amedeo-modigliani-de\/portrait-of-jeanne-hebuterne-iv\/\"]}]},{\"@type\":\"ImageObject\",\"inLanguage\":\"de\",\"@id\":\"https:\/\/svetslik.si\/de\/amedeo-modigliani-de\/portrait-of-jeanne-hebuterne-iv\/#primaryimage\",\"url\":\"https:\/\/svetslik.si\/wp-content\/uploads\/2021\/08\/image_Portrait-of-Jeanne-Hebuterne-IV-Modigliani_680.jpg\",\"contentUrl\":\"https:\/\/svetslik.si\/wp-content\/uploads\/2021\/08\/image_Portrait-of-Jeanne-Hebuterne-IV-Modigliani_680.jpg\",\"width\":1668,\"height\":2224,\"caption\":\"Amedeo Modigliani - Portrait of Jeanne H\u00e9buterne IV (Portr\u00e4t von Jeanne H\u00e9buterne IV) - Gem\u00e4lde, Leinwandbilder - 100% handgemalte - Reproduktionen ber\u00fchmter Gem\u00e4lde - Gem\u00e4lde kaufen - Wandbilder Wohnzimmer - Ber\u00fchmtes Gem\u00e4lde - \u00d6lgem\u00e4lde - Bilderrahmen\"},{\"@type\":\"BreadcrumbList\",\"@id\":\"https:\/\/svetslik.si\/de\/amedeo-modigliani-de\/portrait-of-jeanne-hebuterne-iv\/#breadcrumb\",\"itemListElement\":[{\"@type\":\"ListItem\",\"position\":1,\"name\":\"Wandkunst und Gem\u00e4lde auf Leinwand\",\"item\":\"https:\/\/svetslik.si\/de\/\"},{\"@type\":\"ListItem\",\"position\":2,\"name\":\"Verkauf von Gem\u00e4lden\",\"item\":\"https:\/\/svetslik.si\/prodaja-slik\/\"},{\"@type\":\"ListItem\",\"position\":3,\"name\":\"Amedeo Modigliani &#8211; Portrait of Jeanne H\u00e9buterne IV\"}]},{\"@type\":\"WebSite\",\"@id\":\"https:\/\/svetslik.si\/de\/#website\",\"url\":\"https:\/\/svetslik.si\/de\/\",\"name\":\"SVETSLIK.SI\",\"description\":\"100% handgemalte Reproduktionen von Gem\u00e4lden ber\u00fchmter Maler und Gem\u00e4lde auf Leinwand.\",\"publisher\":{\"@id\":\"https:\/\/svetslik.si\/de\/#organization\"},\"potentialAction\":[{\"@type\":\"SearchAction\",\"target\":{\"@type\":\"EntryPoint\",\"urlTemplate\":\"https:\/\/svetslik.si\/de\/?s={search_term_string}\"},\"query-input\":{\"@type\":\"PropertyValueSpecification\",\"valueRequired\":true,\"valueName\":\"search_term_string\"}}],\"inLanguage\":\"de\"},{\"@type\":\"Organization\",\"@id\":\"https:\/\/svetslik.si\/de\/#organization\",\"name\":\"SvetSlik.si\",\"url\":\"https:\/\/svetslik.si\/de\/\",\"logo\":{\"@type\":\"ImageObject\",\"inLanguage\":\"de\",\"@id\":\"https:\/\/svetslik.si\/de\/#\/schema\/logo\/image\/\",\"url\":\"https:\/\/svetslik.si\/wp-content\/uploads\/2020\/12\/logo-512.png\",\"contentUrl\":\"https:\/\/svetslik.si\/wp-content\/uploads\/2020\/12\/logo-512.png\",\"width\":512,\"height\":512,\"caption\":\"SvetSlik.si\"},\"image\":{\"@id\":\"https:\/\/svetslik.si\/de\/#\/schema\/logo\/image\/\"},\"sameAs\":[\"https:\/\/www.facebook.com\/svetslik.si\",\"https:\/\/x.com\/svetslik\",\"https:\/\/www.instagram.com\/svetslik.si\/\",\"https:\/\/www.linkedin.com\/company\/svetslik-si\"]}]}<\/script>\n<meta property=\"og:availability\" content=\"backorder\" \/>\n<meta property=\"product:availability\" content=\"available for order\" \/>\n<meta property=\"product:retailer_item_id\" content=\"197__\" \/>\n<meta property=\"product:condition\" content=\"new\" \/>\n<!-- \/ Yoast SEO Premium plugin. -->","yoast_head_json":{"title":"Amedeo Modigliani - Portrait of Jeanne H\u00e9buterne IV - SVETSLIK.SI - 100% handgemalt","description":"Amedeo Modigliani - Portrait of Jeanne H\u00e9buterne IV - 100% handgemalte Gem\u00e4lde - Verkauf von Reproduktionen ber\u00fchmter Gem\u00e4lde und abstrakter Kunst - Wandbilder f\u00fcr das Wohnzimmer","robots":{"index":"index","follow":"follow","max-snippet":"max-snippet:-1","max-image-preview":"max-image-preview:large","max-video-preview":"max-video-preview:-1"},"canonical":"https:\/\/svetslik.si\/de\/amedeo-modigliani-de\/portrait-of-jeanne-hebuterne-iv\/","og_locale":"de_DE","og_type":"article","og_title":"Amedeo Modigliani - Portrait of Jeanne H\u00e9buterne IV","og_description":"100% ro\u010dno naslikane slike na platnu, reprodukcije znanih slikarjev in umetni\u0161ke slike po naro\u010dilu.","og_url":"https:\/\/svetslik.si\/de\/amedeo-modigliani-de\/portrait-of-jeanne-hebuterne-iv\/","og_site_name":"SVETSLIK.SI","article_publisher":"https:\/\/www.facebook.com\/svetslik.si","article_modified_time":"2026-03-22T18:43:17+00:00","og_image":[{"width":1668,"height":2224,"url":"https:\/\/svetslik.si\/wp-content\/uploads\/2021\/08\/image_Portrait-of-Jeanne-Hebuterne-IV-Modigliani_680.jpg","type":"image\/jpeg"}],"twitter_card":"summary_large_image","twitter_site":"@svetslik","twitter_misc":{"Verf\u00fcgbarkeit":"bei Nachbestellung"},"schema":{"@context":"https:\/\/schema.org","@graph":[{"@type":["WebPage","ItemPage"],"@id":"https:\/\/svetslik.si\/de\/amedeo-modigliani-de\/portrait-of-jeanne-hebuterne-iv\/","url":"https:\/\/svetslik.si\/de\/amedeo-modigliani-de\/portrait-of-jeanne-hebuterne-iv\/","name":"Amedeo Modigliani - Portrait of Jeanne H\u00e9buterne IV - SVETSLIK.SI - 100% handgemalt","isPartOf":{"@id":"https:\/\/svetslik.si\/de\/#website"},"primaryImageOfPage":{"@id":"https:\/\/svetslik.si\/de\/amedeo-modigliani-de\/portrait-of-jeanne-hebuterne-iv\/#primaryimage"},"image":{"@id":"https:\/\/svetslik.si\/de\/amedeo-modigliani-de\/portrait-of-jeanne-hebuterne-iv\/#primaryimage"},"thumbnailUrl":"https:\/\/svetslik.si\/wp-content\/uploads\/2021\/08\/image_Portrait-of-Jeanne-Hebuterne-IV-Modigliani_680.jpg","datePublished":"2021-09-02T15:48:59+00:00","dateModified":"2026-03-22T18:43:17+00:00","description":"Amedeo Modigliani - Portrait of Jeanne H\u00e9buterne IV - 100% handgemalte Gem\u00e4lde - Verkauf von Reproduktionen ber\u00fchmter Gem\u00e4lde und abstrakter Kunst - Wandbilder f\u00fcr das Wohnzimmer","breadcrumb":{"@id":"https:\/\/svetslik.si\/de\/amedeo-modigliani-de\/portrait-of-jeanne-hebuterne-iv\/#breadcrumb"},"inLanguage":"de","potentialAction":[{"@type":"ReadAction","target":["https:\/\/svetslik.si\/de\/amedeo-modigliani-de\/portrait-of-jeanne-hebuterne-iv\/"]}]},{"@type":"ImageObject","inLanguage":"de","@id":"https:\/\/svetslik.si\/de\/amedeo-modigliani-de\/portrait-of-jeanne-hebuterne-iv\/#primaryimage","url":"https:\/\/svetslik.si\/wp-content\/uploads\/2021\/08\/image_Portrait-of-Jeanne-Hebuterne-IV-Modigliani_680.jpg","contentUrl":"https:\/\/svetslik.si\/wp-content\/uploads\/2021\/08\/image_Portrait-of-Jeanne-Hebuterne-IV-Modigliani_680.jpg","width":1668,"height":2224,"caption":"Amedeo Modigliani - Portrait of Jeanne H\u00e9buterne IV (Portr\u00e4t von Jeanne H\u00e9buterne IV) - Gem\u00e4lde, Leinwandbilder - 100% handgemalte - Reproduktionen ber\u00fchmter Gem\u00e4lde - Gem\u00e4lde kaufen - Wandbilder Wohnzimmer - Ber\u00fchmtes Gem\u00e4lde - \u00d6lgem\u00e4lde - Bilderrahmen"},{"@type":"BreadcrumbList","@id":"https:\/\/svetslik.si\/de\/amedeo-modigliani-de\/portrait-of-jeanne-hebuterne-iv\/#breadcrumb","itemListElement":[{"@type":"ListItem","position":1,"name":"Wandkunst und Gem\u00e4lde auf Leinwand","item":"https:\/\/svetslik.si\/de\/"},{"@type":"ListItem","position":2,"name":"Verkauf von Gem\u00e4lden","item":"https:\/\/svetslik.si\/prodaja-slik\/"},{"@type":"ListItem","position":3,"name":"Amedeo Modigliani &#8211; Portrait of Jeanne H\u00e9buterne IV"}]},{"@type":"WebSite","@id":"https:\/\/svetslik.si\/de\/#website","url":"https:\/\/svetslik.si\/de\/","name":"SVETSLIK.SI","description":"100% handgemalte Reproduktionen von Gem\u00e4lden ber\u00fchmter Maler und Gem\u00e4lde auf Leinwand.","publisher":{"@id":"https:\/\/svetslik.si\/de\/#organization"},"potentialAction":[{"@type":"SearchAction","target":{"@type":"EntryPoint","urlTemplate":"https:\/\/svetslik.si\/de\/?s={search_term_string}"},"query-input":{"@type":"PropertyValueSpecification","valueRequired":true,"valueName":"search_term_string"}}],"inLanguage":"de"},{"@type":"Organization","@id":"https:\/\/svetslik.si\/de\/#organization","name":"SvetSlik.si","url":"https:\/\/svetslik.si\/de\/","logo":{"@type":"ImageObject","inLanguage":"de","@id":"https:\/\/svetslik.si\/de\/#\/schema\/logo\/image\/","url":"https:\/\/svetslik.si\/wp-content\/uploads\/2020\/12\/logo-512.png","contentUrl":"https:\/\/svetslik.si\/wp-content\/uploads\/2020\/12\/logo-512.png","width":512,"height":512,"caption":"SvetSlik.si"},"image":{"@id":"https:\/\/svetslik.si\/de\/#\/schema\/logo\/image\/"},"sameAs":["https:\/\/www.facebook.com\/svetslik.si","https:\/\/x.com\/svetslik","https:\/\/www.instagram.com\/svetslik.si\/","https:\/\/www.linkedin.com\/company\/svetslik-si"]}]},"og_availability":"backorder","product_availability":"available for order","product_retailer_item_id":"197__","product_condition":"new"},"jetpack_sharing_enabled":true,"_links":{"self":[{"href":"https:\/\/svetslik.si\/de\/wp-json\/wp\/v2\/product\/67046","targetHints":{"allow":["GET"]}}],"collection":[{"href":"https:\/\/svetslik.si\/de\/wp-json\/wp\/v2\/product"}],"about":[{"href":"https:\/\/svetslik.si\/de\/wp-json\/wp\/v2\/types\/product"}],"wp:featuredmedia":[{"embeddable":true,"href":"https:\/\/svetslik.si\/de\/wp-json\/wp\/v2\/media\/63956"}],"wp:attachment":[{"href":"https:\/\/svetslik.si\/de\/wp-json\/wp\/v2\/media?parent=67046"}],"wp:term":[{"taxonomy":"product_brand","embeddable":true,"href":"https:\/\/svetslik.si\/de\/wp-json\/wp\/v2\/product_brand?post=67046"},{"taxonomy":"product_cat","embeddable":true,"href":"https:\/\/svetslik.si\/de\/wp-json\/wp\/v2\/product_cat?post=67046"},{"taxonomy":"product_tag","embeddable":true,"href":"https:\/\/svetslik.si\/de\/wp-json\/wp\/v2\/product_tag?post=67046"}],"curies":[{"name":"wp","href":"https:\/\/api.w.org\/{rel}","templated":true}]}}