{"id":68729,"date":"2021-09-02T18:06:22","date_gmt":"2021-09-02T16:06:22","guid":{"rendered":"https:\/\/svetslik.si\/unkategorisiert\/the-night-cafe\/"},"modified":"2026-03-22T20:25:38","modified_gmt":"2026-03-22T19:25:38","slug":"the-night-cafe","status":"publish","type":"product","link":"https:\/\/svetslik.si\/de\/vincent-van-gogh-de\/the-night-cafe\/","title":{"rendered":"Vincent van Gogh &#8211; The Night Caf\u00e9"},"content":{"rendered":"<h1>Vincent Van Gogh \u2013 Das Nachtcaf\u00e9<\/h1>\n<p>&nbsp;<\/p>\n<table style=\"width: 497px\" border=\"0\" width=\"497\" cellpadding=\"0\">\n<tbody>\n<tr>\n<td style=\"width: 155px;height: 21px\" height=\"21\">Erstellungsjahr:<\/td>\n<td style=\"width: 343px\">1888<\/td>\n<\/tr>\n<tr>\n<td style=\"width: 155px;height: 21px\" height=\"21\">Originalgr\u00f6\u00dfe:<\/td>\n<td style=\"width: 343px\">92,1 cm x 72,4 cm<\/td>\n<\/tr>\n<tr>\n<td style=\"width: 155px;height: 21px\" height=\"21\">Lackstil:<\/td>\n<td style=\"width: 343px\">Postimpressionismus<\/td>\n<\/tr>\n<tr>\n<td style=\"width: 155px;height: 21px\" height=\"21\">Originaltechnik:<\/td>\n<td style=\"width: 343px\">\u00d6l auf Leinwand<\/td>\n<\/tr>\n<tr>\n<td style=\"width: 155px;height: 21px\" height=\"21\">Standort:<\/td>\n<td style=\"width: 343px\">Yale University Art Gallery, New Haven, USA<\/td>\n<\/tr>\n<\/tbody>\n<colgroup>\n<col \/>\n<col \/> <\/colgroup>\n<\/table>\n<p>&nbsp;<\/p>\n<div>Das Bild von <em>The Night Caf\u00e9<\/em> zeigt das Innere eines Caf\u00e9s in Arles, mit einer halbverglasten T\u00fcr im Hintergrund des Bildes, die vermutlich zu Privatr\u00e4umen f\u00fchrt. Links und rechts an den W\u00e4nden sitzen f\u00fcnf G\u00e4ste an Tischen, auf dem Bild ist auch ein Kellner im hellen Anzug zu sehen, der den Betrachter anstarrt.<\/div>\n<div>Van Gogh verwendete in dem Gem\u00e4lde kontrastierende kr\u00e4ftige Farben; Er strich die Decke in Gr\u00fcnt\u00f6nen, den oberen Teil der W\u00e4nde rot und die Lampen und den Boden gr\u00f6\u00dftenteils gelb. Dieses Gem\u00e4lde zeichnet sich durch einen dicken Farbauftrag mit vielen Linien im Raum aus, die zur T\u00fcr im Hintergrund f\u00fchren. Die Perspektive des Bildes ist leicht nach unten geneigt.<\/div>\n<div><\/div>\n<div>\n<p>Vincent van Goghs \u201eNachtcaf\u00e9\u201c entstand 1888 und gilt als eines der ikonischsten Werke in der Karriere des K\u00fcnstlers. Das Gem\u00e4lde zeigt ein Caf\u00e9 in der Stadt Arles in S\u00fcdfrankreich, wo van Gogh eine Zeit lang lebte und einige seiner ber\u00fchmtesten Werke schuf. Das Nachtcaf\u00e9 ist eine meisterhafte Darstellung von Licht und Farbe und f\u00e4ngt die Stimmung und Atmosph\u00e4re eines Nachtcaf\u00e9s ein.<\/p>\n<p>Night Cafe ist ein Gem\u00e4lde, das sich durch einen intensiven und emotionalen Einsatz von Farben auszeichnet. Van Gogh verwendet eine \u00fcberraschende Palette von Rot-, Gelb- und Gr\u00fcnt\u00f6nen, um im Caf\u00e9 ein Gef\u00fchl von W\u00e4rme und Energie zu erzeugen. Besonders hervorzuheben sind die roten W\u00e4nde und der gr\u00fcne Billardtisch, die dem Bild Bewegung und Energie verleihen. Gelbes Licht, das von der Decke scheint, erzeugt ein Gef\u00fchl der Beleuchtung und unterstreicht die Aktivit\u00e4t im Caf\u00e9.<\/p>\n<p>Auff\u00e4llig ist auch die Bildkomposition, denn die diagonalen Linien der Tische und Billardtische erzeugen ein Gef\u00fchl von Bewegung und Dynamik. Die Figuren im Bild sind vereinfacht, fast abstrakt dargestellt, sie sind unscharf und verzerrt, wodurch ein Gef\u00fchl von Bewegung und Energie entsteht. Dies verleiht dem Bild ein Gef\u00fchl der Unmittelbarkeit und f\u00e4ngt die Stimmung und Atmosph\u00e4re des Nachtcaf\u00e9s ein.<\/p>\n<p>\u201eNight Cafe\u201c ist ein Gem\u00e4lde, das van Goghs damaligen emotionalen Zustand darstellen soll. Er war f\u00fcr seine emotionale Intensit\u00e4t und seine Probleme mit der psychischen Gesundheit bekannt, und das Gem\u00e4lde gilt als Ausdruck seiner emotionalen Verwirrung, seiner Suche nach Sch\u00f6nheit und Sinn in der Welt und seiner Sehnsucht nach Verbindung und Verst\u00e4ndnis.<\/p>\n<p>In der Technik ist das Gem\u00e4lde durch die Verwendung lebendiger, kontrastierender Farben und dichter, sichtbarer Pinselstriche erkennbar. Besonders auff\u00e4llig ist Van Goghs Verwendung von Farben in dem Gem\u00e4lde. Die Farben Rot, Gelb und Gr\u00fcn kontrastieren miteinander und erzeugen ein Gef\u00fchl von Bewegung und Energie. Dichte Pinselstriche verleihen dem Gem\u00e4lde Struktur und Tiefe und machen das Gem\u00e4lde zu einem wahren Meisterwerk des Postimpressionismus.<\/p>\n<p>\u201eNight Caf\u00e9 gilt als Symbol f\u00fcr van Goghs k\u00fcnstlerisches Erbe und gilt als eines seiner ikonischsten Werke. Es ist in mehreren Museen auf der ganzen Welt ausgestellt, darunter im Van Gogh Museum in Amsterdam, im Metropolitan Museum of Art in New York und Die National Gallery in London. Das Bild inspiriert und beeinflusst auch heute noch K\u00fcnstler und seine anhaltende Popularit\u00e4t zeugt von van Goghs bleibendem Erbe als einer der bedeutendsten Figuren der Kunstgeschichte.<\/p>\n<p>Lassen Sie mich abschlie\u00dfend sagen, dass das Gem\u00e4lde \u201eNachtcaf\u00e9\u201c, das Vincent van Gogh 1888 schuf, als eines der ikonischsten Werke in der Karriere des K\u00fcnstlers galt. Das Gem\u00e4lde zeigt ein Caf\u00e9 in der Stadt Arles und ist eine meisterhafte Darstellung von Licht und Farbe, die die Stimmung und Atmosph\u00e4re eines Caf\u00e9s bei Nacht einf\u00e4ngt. Durch den intensiven Einsatz von Farben und dynamischer Komposition sowie emotionalen Pinselstrichen handelt es sich hier um ein wahres Meisterwerk des Postimpressionismus. Das Gem\u00e4lde gilt auch als Spiegelbild von van Goghs damaligem emotionalen Zustand, seinem Kampf mit seiner psychischen Gesundheit und seiner Suche nach Sch\u00f6nheit und Sinn in der Welt. Das Gem\u00e4lde \u201eDas Nachtcaf\u00e9\u201c wird immer noch von Kunstliebhabern und Experten auf der ganzen Welt gefeiert und bewundert und gilt als wahre Darstellung von van Goghs bleibendem k\u00fcnstlerischen Erbe. Es ist in mehreren Museen auf der ganzen Welt zu finden und ein Muss f\u00fcr jeden, der sich f\u00fcr die Kunst von Vincent Van Gogh und den Postimpressionismus interessiert.<\/p>\n<\/div>\n<div><\/div>\n","protected":false},"excerpt":{"rendered":"<p>Vincent Van Gogh \u2013 Das Nachtcaf\u00e9 &nbsp; Erstellungsjahr: 1888 Originalgr\u00f6\u00dfe: 92,1 cm x 72,4 cm Lackstil: Postimpressionismus Originaltechnik: \u00d6l auf Leinwand Standort: Yale University Art Gallery, New Haven, USA &nbsp; Das Bild von The Night Caf\u00e9 zeigt das Innere eines Caf\u00e9s in Arles, mit einer halbverglasten T\u00fcr im Hintergrund des [&hellip;]<\/p>\n","protected":false},"featured_media":64204,"template":"","meta":{"_acf_changed":false},"product_brand":[],"product_cat":[8468],"product_tag":[8521,8513,8514,8581],"class_list":{"0":"post-68729","1":"product","2":"type-product","3":"status-publish","4":"has-post-thumbnail","6":"product_cat-vincent-van-gogh-de","7":"product_tag-maler","8":"product_tag-reproduktion","9":"product_tag-reproduktionen","10":"product_tag-van-gogh-de","11":"pa_dimenzija-100-x-80-cm","12":"pa_dimenzija-120-x-100-cm","13":"pa_dimenzija-150-x-120-cm","14":"pa_dimenzija-50-x-40-cm","15":"pa_dimenzija-60-x-50-cm","16":"pa_dimenzija-70-x-55-cm","17":"pa_dimenzija-80-x-60-cm","18":"pa_dimenzija-92-x-72-cm","19":"pa_oblika-horizontal-de","20":"pa_okvir-ohne-rahmen","21":"pa_podokvir-ja","22":"pa_podokvir-nein","24":"first","25":"onbackorder","26":"purchasable","27":"product-type-variable","28":"has-default-attributes"},"acf":[],"yoast_head":"<!-- This site is optimized with the Yoast SEO Premium plugin v26.0 (Yoast SEO v27.2) - https:\/\/yoast.com\/product\/yoast-seo-premium-wordpress\/ -->\n<title>Vincent van Gogh - The Night Caf\u00e9 - SVETSLIK.SI - 100% handgemalt<\/title>\n<meta name=\"description\" content=\"Vincent van Gogh - The Night Caf\u00e9 - 100% handgemalte Gem\u00e4lde - Verkauf von Reproduktionen ber\u00fchmter Gem\u00e4lde und abstrakter Kunst - Wandbilder f\u00fcr das Wohnzimmer\" \/>\n<meta name=\"robots\" content=\"index, follow, max-snippet:-1, max-image-preview:large, max-video-preview:-1\" \/>\n<link rel=\"canonical\" href=\"https:\/\/svetslik.si\/de\/vincent-van-gogh-de\/the-night-cafe\/\" \/>\n<meta property=\"og:locale\" content=\"de_DE\" \/>\n<meta property=\"og:type\" content=\"article\" \/>\n<meta property=\"og:title\" content=\"Vincent van Gogh - The Night Caf\u00e9\" \/>\n<meta property=\"og:description\" content=\"100% ro\u010dno naslikane slike na platnu, reprodukcije znanih slikarjev in umetni\u0161ke slike po naro\u010dilu.\" \/>\n<meta property=\"og:url\" content=\"https:\/\/svetslik.si\/de\/vincent-van-gogh-de\/the-night-cafe\/\" \/>\n<meta property=\"og:site_name\" content=\"SVETSLIK.SI\" \/>\n<meta property=\"article:publisher\" content=\"https:\/\/www.facebook.com\/svetslik.si\" \/>\n<meta property=\"article:modified_time\" content=\"2026-03-22T19:25:38+00:00\" \/>\n<meta property=\"og:image\" content=\"https:\/\/svetslik.si\/wp-content\/uploads\/2021\/08\/image_The-Night-Cafe-Van-Gogh_680.jpg\" \/>\n\t<meta property=\"og:image:width\" content=\"1800\" \/>\n\t<meta property=\"og:image:height\" content=\"1424\" \/>\n\t<meta property=\"og:image:type\" content=\"image\/jpeg\" \/>\n<meta name=\"twitter:card\" content=\"summary_large_image\" \/>\n<meta name=\"twitter:site\" content=\"@svetslik\" \/>\n<meta name=\"twitter:label1\" content=\"Verf\u00fcgbarkeit\" \/>\n\t<meta name=\"twitter:data1\" content=\"bei Nachbestellung\" \/>\n<script type=\"application\/ld+json\" class=\"yoast-schema-graph\">{\"@context\":\"https:\/\/schema.org\",\"@graph\":[{\"@type\":[\"WebPage\",\"ItemPage\"],\"@id\":\"https:\/\/svetslik.si\/de\/vincent-van-gogh-de\/the-night-cafe\/\",\"url\":\"https:\/\/svetslik.si\/de\/vincent-van-gogh-de\/the-night-cafe\/\",\"name\":\"Vincent van Gogh - The Night Caf\u00e9 - SVETSLIK.SI - 100% handgemalt\",\"isPartOf\":{\"@id\":\"https:\/\/svetslik.si\/de\/#website\"},\"primaryImageOfPage\":{\"@id\":\"https:\/\/svetslik.si\/de\/vincent-van-gogh-de\/the-night-cafe\/#primaryimage\"},\"image\":{\"@id\":\"https:\/\/svetslik.si\/de\/vincent-van-gogh-de\/the-night-cafe\/#primaryimage\"},\"thumbnailUrl\":\"https:\/\/svetslik.si\/wp-content\/uploads\/2021\/08\/image_The-Night-Cafe-Van-Gogh_680.jpg\",\"datePublished\":\"2021-09-02T16:06:22+00:00\",\"dateModified\":\"2026-03-22T19:25:38+00:00\",\"description\":\"Vincent van Gogh - The Night Caf\u00e9 - 100% handgemalte Gem\u00e4lde - Verkauf von Reproduktionen ber\u00fchmter Gem\u00e4lde und abstrakter Kunst - Wandbilder f\u00fcr das Wohnzimmer\",\"breadcrumb\":{\"@id\":\"https:\/\/svetslik.si\/de\/vincent-van-gogh-de\/the-night-cafe\/#breadcrumb\"},\"inLanguage\":\"de\",\"potentialAction\":[{\"@type\":\"ReadAction\",\"target\":[\"https:\/\/svetslik.si\/de\/vincent-van-gogh-de\/the-night-cafe\/\"]}]},{\"@type\":\"ImageObject\",\"inLanguage\":\"de\",\"@id\":\"https:\/\/svetslik.si\/de\/vincent-van-gogh-de\/the-night-cafe\/#primaryimage\",\"url\":\"https:\/\/svetslik.si\/wp-content\/uploads\/2021\/08\/image_The-Night-Cafe-Van-Gogh_680.jpg\",\"contentUrl\":\"https:\/\/svetslik.si\/wp-content\/uploads\/2021\/08\/image_The-Night-Cafe-Van-Gogh_680.jpg\",\"width\":1800,\"height\":1424,\"caption\":\"Vincent Van Gogh - The Night Caf\u00e9 - Das Nachtcaf\u00e9 - Handgemalte Reproduktionen ber\u00fchmter Maler, moderne Wandbilder, Kunstbilder f\u00fcr die Wand\"},{\"@type\":\"BreadcrumbList\",\"@id\":\"https:\/\/svetslik.si\/de\/vincent-van-gogh-de\/the-night-cafe\/#breadcrumb\",\"itemListElement\":[{\"@type\":\"ListItem\",\"position\":1,\"name\":\"Wandkunst und Gem\u00e4lde auf Leinwand\",\"item\":\"https:\/\/svetslik.si\/de\/\"},{\"@type\":\"ListItem\",\"position\":2,\"name\":\"Verkauf von Gem\u00e4lden\",\"item\":\"https:\/\/svetslik.si\/prodaja-slik\/\"},{\"@type\":\"ListItem\",\"position\":3,\"name\":\"Vincent van Gogh &#8211; The Night Caf\u00e9\"}]},{\"@type\":\"WebSite\",\"@id\":\"https:\/\/svetslik.si\/de\/#website\",\"url\":\"https:\/\/svetslik.si\/de\/\",\"name\":\"SVETSLIK.SI\",\"description\":\"100% handgemalte Reproduktionen von Gem\u00e4lden ber\u00fchmter Maler und Gem\u00e4lde auf Leinwand.\",\"publisher\":{\"@id\":\"https:\/\/svetslik.si\/de\/#organization\"},\"potentialAction\":[{\"@type\":\"SearchAction\",\"target\":{\"@type\":\"EntryPoint\",\"urlTemplate\":\"https:\/\/svetslik.si\/de\/?s={search_term_string}\"},\"query-input\":{\"@type\":\"PropertyValueSpecification\",\"valueRequired\":true,\"valueName\":\"search_term_string\"}}],\"inLanguage\":\"de\"},{\"@type\":\"Organization\",\"@id\":\"https:\/\/svetslik.si\/de\/#organization\",\"name\":\"SvetSlik.si\",\"url\":\"https:\/\/svetslik.si\/de\/\",\"logo\":{\"@type\":\"ImageObject\",\"inLanguage\":\"de\",\"@id\":\"https:\/\/svetslik.si\/de\/#\/schema\/logo\/image\/\",\"url\":\"https:\/\/svetslik.si\/wp-content\/uploads\/2020\/12\/logo-512.png\",\"contentUrl\":\"https:\/\/svetslik.si\/wp-content\/uploads\/2020\/12\/logo-512.png\",\"width\":512,\"height\":512,\"caption\":\"SvetSlik.si\"},\"image\":{\"@id\":\"https:\/\/svetslik.si\/de\/#\/schema\/logo\/image\/\"},\"sameAs\":[\"https:\/\/www.facebook.com\/svetslik.si\",\"https:\/\/x.com\/svetslik\",\"https:\/\/www.instagram.com\/svetslik.si\/\",\"https:\/\/www.linkedin.com\/company\/svetslik-si\"]}]}<\/script>\n<meta property=\"og:availability\" content=\"backorder\" \/>\n<meta property=\"product:availability\" content=\"available for order\" \/>\n<meta property=\"product:retailer_item_id\" content=\"407__\" \/>\n<meta property=\"product:condition\" content=\"new\" \/>\n<!-- \/ Yoast SEO Premium plugin. -->","yoast_head_json":{"title":"Vincent van Gogh - The Night Caf\u00e9 - SVETSLIK.SI - 100% handgemalt","description":"Vincent van Gogh - The Night Caf\u00e9 - 100% handgemalte Gem\u00e4lde - Verkauf von Reproduktionen ber\u00fchmter Gem\u00e4lde und abstrakter Kunst - Wandbilder f\u00fcr das Wohnzimmer","robots":{"index":"index","follow":"follow","max-snippet":"max-snippet:-1","max-image-preview":"max-image-preview:large","max-video-preview":"max-video-preview:-1"},"canonical":"https:\/\/svetslik.si\/de\/vincent-van-gogh-de\/the-night-cafe\/","og_locale":"de_DE","og_type":"article","og_title":"Vincent van Gogh - The Night Caf\u00e9","og_description":"100% ro\u010dno naslikane slike na platnu, reprodukcije znanih slikarjev in umetni\u0161ke slike po naro\u010dilu.","og_url":"https:\/\/svetslik.si\/de\/vincent-van-gogh-de\/the-night-cafe\/","og_site_name":"SVETSLIK.SI","article_publisher":"https:\/\/www.facebook.com\/svetslik.si","article_modified_time":"2026-03-22T19:25:38+00:00","og_image":[{"width":1800,"height":1424,"url":"https:\/\/svetslik.si\/wp-content\/uploads\/2021\/08\/image_The-Night-Cafe-Van-Gogh_680.jpg","type":"image\/jpeg"}],"twitter_card":"summary_large_image","twitter_site":"@svetslik","twitter_misc":{"Verf\u00fcgbarkeit":"bei Nachbestellung"},"schema":{"@context":"https:\/\/schema.org","@graph":[{"@type":["WebPage","ItemPage"],"@id":"https:\/\/svetslik.si\/de\/vincent-van-gogh-de\/the-night-cafe\/","url":"https:\/\/svetslik.si\/de\/vincent-van-gogh-de\/the-night-cafe\/","name":"Vincent van Gogh - The Night Caf\u00e9 - SVETSLIK.SI - 100% handgemalt","isPartOf":{"@id":"https:\/\/svetslik.si\/de\/#website"},"primaryImageOfPage":{"@id":"https:\/\/svetslik.si\/de\/vincent-van-gogh-de\/the-night-cafe\/#primaryimage"},"image":{"@id":"https:\/\/svetslik.si\/de\/vincent-van-gogh-de\/the-night-cafe\/#primaryimage"},"thumbnailUrl":"https:\/\/svetslik.si\/wp-content\/uploads\/2021\/08\/image_The-Night-Cafe-Van-Gogh_680.jpg","datePublished":"2021-09-02T16:06:22+00:00","dateModified":"2026-03-22T19:25:38+00:00","description":"Vincent van Gogh - The Night Caf\u00e9 - 100% handgemalte Gem\u00e4lde - Verkauf von Reproduktionen ber\u00fchmter Gem\u00e4lde und abstrakter Kunst - Wandbilder f\u00fcr das Wohnzimmer","breadcrumb":{"@id":"https:\/\/svetslik.si\/de\/vincent-van-gogh-de\/the-night-cafe\/#breadcrumb"},"inLanguage":"de","potentialAction":[{"@type":"ReadAction","target":["https:\/\/svetslik.si\/de\/vincent-van-gogh-de\/the-night-cafe\/"]}]},{"@type":"ImageObject","inLanguage":"de","@id":"https:\/\/svetslik.si\/de\/vincent-van-gogh-de\/the-night-cafe\/#primaryimage","url":"https:\/\/svetslik.si\/wp-content\/uploads\/2021\/08\/image_The-Night-Cafe-Van-Gogh_680.jpg","contentUrl":"https:\/\/svetslik.si\/wp-content\/uploads\/2021\/08\/image_The-Night-Cafe-Van-Gogh_680.jpg","width":1800,"height":1424,"caption":"Vincent Van Gogh - The Night Caf\u00e9 - Das Nachtcaf\u00e9 - Handgemalte Reproduktionen ber\u00fchmter Maler, moderne Wandbilder, Kunstbilder f\u00fcr die Wand"},{"@type":"BreadcrumbList","@id":"https:\/\/svetslik.si\/de\/vincent-van-gogh-de\/the-night-cafe\/#breadcrumb","itemListElement":[{"@type":"ListItem","position":1,"name":"Wandkunst und Gem\u00e4lde auf Leinwand","item":"https:\/\/svetslik.si\/de\/"},{"@type":"ListItem","position":2,"name":"Verkauf von Gem\u00e4lden","item":"https:\/\/svetslik.si\/prodaja-slik\/"},{"@type":"ListItem","position":3,"name":"Vincent van Gogh &#8211; The Night Caf\u00e9"}]},{"@type":"WebSite","@id":"https:\/\/svetslik.si\/de\/#website","url":"https:\/\/svetslik.si\/de\/","name":"SVETSLIK.SI","description":"100% handgemalte Reproduktionen von Gem\u00e4lden ber\u00fchmter Maler und Gem\u00e4lde auf Leinwand.","publisher":{"@id":"https:\/\/svetslik.si\/de\/#organization"},"potentialAction":[{"@type":"SearchAction","target":{"@type":"EntryPoint","urlTemplate":"https:\/\/svetslik.si\/de\/?s={search_term_string}"},"query-input":{"@type":"PropertyValueSpecification","valueRequired":true,"valueName":"search_term_string"}}],"inLanguage":"de"},{"@type":"Organization","@id":"https:\/\/svetslik.si\/de\/#organization","name":"SvetSlik.si","url":"https:\/\/svetslik.si\/de\/","logo":{"@type":"ImageObject","inLanguage":"de","@id":"https:\/\/svetslik.si\/de\/#\/schema\/logo\/image\/","url":"https:\/\/svetslik.si\/wp-content\/uploads\/2020\/12\/logo-512.png","contentUrl":"https:\/\/svetslik.si\/wp-content\/uploads\/2020\/12\/logo-512.png","width":512,"height":512,"caption":"SvetSlik.si"},"image":{"@id":"https:\/\/svetslik.si\/de\/#\/schema\/logo\/image\/"},"sameAs":["https:\/\/www.facebook.com\/svetslik.si","https:\/\/x.com\/svetslik","https:\/\/www.instagram.com\/svetslik.si\/","https:\/\/www.linkedin.com\/company\/svetslik-si"]}]},"og_availability":"backorder","product_availability":"available for order","product_retailer_item_id":"407__","product_condition":"new"},"jetpack_sharing_enabled":true,"_links":{"self":[{"href":"https:\/\/svetslik.si\/de\/wp-json\/wp\/v2\/product\/68729","targetHints":{"allow":["GET"]}}],"collection":[{"href":"https:\/\/svetslik.si\/de\/wp-json\/wp\/v2\/product"}],"about":[{"href":"https:\/\/svetslik.si\/de\/wp-json\/wp\/v2\/types\/product"}],"wp:featuredmedia":[{"embeddable":true,"href":"https:\/\/svetslik.si\/de\/wp-json\/wp\/v2\/media\/64204"}],"wp:attachment":[{"href":"https:\/\/svetslik.si\/de\/wp-json\/wp\/v2\/media?parent=68729"}],"wp:term":[{"taxonomy":"product_brand","embeddable":true,"href":"https:\/\/svetslik.si\/de\/wp-json\/wp\/v2\/product_brand?post=68729"},{"taxonomy":"product_cat","embeddable":true,"href":"https:\/\/svetslik.si\/de\/wp-json\/wp\/v2\/product_cat?post=68729"},{"taxonomy":"product_tag","embeddable":true,"href":"https:\/\/svetslik.si\/de\/wp-json\/wp\/v2\/product_tag?post=68729"}],"curies":[{"name":"wp","href":"https:\/\/api.w.org\/{rel}","templated":true}]}}