{"id":23120,"date":"2021-09-02T18:24:18","date_gmt":"2021-09-02T16:24:18","guid":{"rendered":"https:\/\/svetslik.si\/nekategorizirano\/gustav-klimt-apple-tree-i\/"},"modified":"2024-07-11T17:19:50","modified_gmt":"2024-07-11T15:19:50","slug":"gustav-klimt-apple-tree-i","status":"publish","type":"product","link":"https:\/\/svetslik.si\/hr\/gustav-klimt\/gustav-klimt-apple-tree-i\/","title":{"rendered":"Gustav Klimt &#8211; Apple Tree I"},"content":{"rendered":"<div class=\"wpb-content-wrapper\">[vc_row css=&#8221;.vc_custom_1719471911217{margin-bottom: 15px !important;}&#8221;][vc_column]\t<div class=\"et-image-809 et-image  full   et_image_link\">\n\t\t<div class=\"et-image-inner \">\n\t\t\t\t\t\t\t<div class=\"et-image-thumb \">\n\t\t\t\t\t<img decoding=\"async\" width=\"1000\" height=\"865\" src=\"https:\/\/svetslik.si\/wp-content\/uploads\/2021\/09\/Gustav-Klimt-\u2013-Apple-Tree-I-reprodukcija-slike-na-platnu-2.jpg\" class=\"attachment-full\" alt=\"Gustav Klimt - Apple Tree I\" title=\"Gustav Klimt - Apple Tree I\" srcset=\"https:\/\/svetslik.si\/wp-content\/uploads\/2021\/09\/Gustav-Klimt-\u2013-Apple-Tree-I-reprodukcija-slike-na-platnu-2.jpg 1000w, https:\/\/svetslik.si\/wp-content\/uploads\/2021\/09\/Gustav-Klimt-\u2013-Apple-Tree-I-reprodukcija-slike-na-platnu-2-600x519.jpg 600w, https:\/\/svetslik.si\/wp-content\/uploads\/2021\/09\/Gustav-Klimt-\u2013-Apple-Tree-I-reprodukcija-slike-na-platnu-2-300x260.jpg 300w, https:\/\/svetslik.si\/wp-content\/uploads\/2021\/09\/Gustav-Klimt-\u2013-Apple-Tree-I-reprodukcija-slike-na-platnu-2-768x664.jpg 768w, https:\/\/svetslik.si\/wp-content\/uploads\/2021\/09\/Gustav-Klimt-\u2013-Apple-Tree-I-reprodukcija-slike-na-platnu-2-150x130.jpg 150w, https:\/\/svetslik.si\/wp-content\/uploads\/2021\/09\/Gustav-Klimt-\u2013-Apple-Tree-I-reprodukcija-slike-na-platnu-2-900x779.jpg 900w\" sizes=\"(max-width: 1000px) 100vw, 1000px\" \/>\t\t\t\t<\/div>\n\t\t\t\t\t\t\t\t\t\t\t<\/div>\n\t<\/div>\n  [\/vc_column][\/vc_row][vc_row css=&#8221;.vc_custom_1719471917825{margin-bottom: 15px !important;}&#8221;][vc_column]\t<div class=\"et-image-978 et-image  full   et_image_link\">\n\t\t<div class=\"et-image-inner \">\n\t\t\t\t\t\t\t<div class=\"et-image-thumb \">\n\t\t\t\t\t<img decoding=\"async\" width=\"1000\" height=\"918\" src=\"https:\/\/svetslik.si\/wp-content\/uploads\/2021\/09\/Gustav-Klimt-\u2013-Apple-Tree-I-reprodukcija-slike-na-platnu1.jpg\" class=\"attachment-full\" alt=\"Gustav Klimt - Apple Tree I\" title=\"Gustav Klimt - Apple Tree I\" srcset=\"https:\/\/svetslik.si\/wp-content\/uploads\/2021\/09\/Gustav-Klimt-\u2013-Apple-Tree-I-reprodukcija-slike-na-platnu1.jpg 1000w, https:\/\/svetslik.si\/wp-content\/uploads\/2021\/09\/Gustav-Klimt-\u2013-Apple-Tree-I-reprodukcija-slike-na-platnu1-600x551.jpg 600w, https:\/\/svetslik.si\/wp-content\/uploads\/2021\/09\/Gustav-Klimt-\u2013-Apple-Tree-I-reprodukcija-slike-na-platnu1-300x275.jpg 300w, https:\/\/svetslik.si\/wp-content\/uploads\/2021\/09\/Gustav-Klimt-\u2013-Apple-Tree-I-reprodukcija-slike-na-platnu1-768x705.jpg 768w, https:\/\/svetslik.si\/wp-content\/uploads\/2021\/09\/Gustav-Klimt-\u2013-Apple-Tree-I-reprodukcija-slike-na-platnu1-150x138.jpg 150w, https:\/\/svetslik.si\/wp-content\/uploads\/2021\/09\/Gustav-Klimt-\u2013-Apple-Tree-I-reprodukcija-slike-na-platnu1-900x826.jpg 900w\" sizes=\"(max-width: 1000px) 100vw, 1000px\" \/>\t\t\t\t<\/div>\n\t\t\t\t\t\t\t\t\t\t\t<\/div>\n\t<\/div>\n  [\/vc_column][\/vc_row][vc_row css=&#8221;.vc_custom_1719471925495{margin-bottom: 15px !important;}&#8221;][vc_column]\t<div class=\"et-image-263 et-image  full   et_image_link\">\n\t\t<div class=\"et-image-inner \">\n\t\t\t\t\t\t\t<div class=\"et-image-thumb \">\n\t\t\t\t\t<img decoding=\"async\" width=\"1000\" height=\"693\" src=\"https:\/\/svetslik.si\/wp-content\/uploads\/2021\/09\/Gustav-Klimt-\u2013-Apple-Tree-I-reprodukcija-slike-na-platnu-5.jpg\" class=\"attachment-full\" alt=\"Gustav Klimt - Apple Tree I\" title=\"Gustav Klimt - Apple Tree I\" srcset=\"https:\/\/svetslik.si\/wp-content\/uploads\/2021\/09\/Gustav-Klimt-\u2013-Apple-Tree-I-reprodukcija-slike-na-platnu-5.jpg 1000w, https:\/\/svetslik.si\/wp-content\/uploads\/2021\/09\/Gustav-Klimt-\u2013-Apple-Tree-I-reprodukcija-slike-na-platnu-5-600x416.jpg 600w, https:\/\/svetslik.si\/wp-content\/uploads\/2021\/09\/Gustav-Klimt-\u2013-Apple-Tree-I-reprodukcija-slike-na-platnu-5-300x208.jpg 300w, https:\/\/svetslik.si\/wp-content\/uploads\/2021\/09\/Gustav-Klimt-\u2013-Apple-Tree-I-reprodukcija-slike-na-platnu-5-768x532.jpg 768w, https:\/\/svetslik.si\/wp-content\/uploads\/2021\/09\/Gustav-Klimt-\u2013-Apple-Tree-I-reprodukcija-slike-na-platnu-5-150x104.jpg 150w, https:\/\/svetslik.si\/wp-content\/uploads\/2021\/09\/Gustav-Klimt-\u2013-Apple-Tree-I-reprodukcija-slike-na-platnu-5-900x624.jpg 900w\" sizes=\"(max-width: 1000px) 100vw, 1000px\" \/>\t\t\t\t<\/div>\n\t\t\t\t\t\t\t\t\t\t\t<\/div>\n\t<\/div>\n  [\/vc_column][\/vc_row][vc_row css=&#8221;.vc_custom_1719471933672{margin-bottom: 15px !important;}&#8221;][vc_column]\t<div class=\"et-image-572 et-image  full   et_image_link\">\n\t\t<div class=\"et-image-inner \">\n\t\t\t\t\t\t\t<div class=\"et-image-thumb \">\n\t\t\t\t\t<img decoding=\"async\" width=\"1000\" height=\"563\" src=\"https:\/\/svetslik.si\/wp-content\/uploads\/2021\/09\/Gustav-Klimt-\u2013-Apple-Tree-I-reprodukcija-slike-na-platnu-3.jpg\" class=\"attachment-full\" alt=\"Gustav Klimt - Apple Tree I\" title=\"Gustav Klimt - Apple Tree I\" srcset=\"https:\/\/svetslik.si\/wp-content\/uploads\/2021\/09\/Gustav-Klimt-\u2013-Apple-Tree-I-reprodukcija-slike-na-platnu-3.jpg 1000w, https:\/\/svetslik.si\/wp-content\/uploads\/2021\/09\/Gustav-Klimt-\u2013-Apple-Tree-I-reprodukcija-slike-na-platnu-3-600x338.jpg 600w, https:\/\/svetslik.si\/wp-content\/uploads\/2021\/09\/Gustav-Klimt-\u2013-Apple-Tree-I-reprodukcija-slike-na-platnu-3-300x169.jpg 300w, https:\/\/svetslik.si\/wp-content\/uploads\/2021\/09\/Gustav-Klimt-\u2013-Apple-Tree-I-reprodukcija-slike-na-platnu-3-768x432.jpg 768w, https:\/\/svetslik.si\/wp-content\/uploads\/2021\/09\/Gustav-Klimt-\u2013-Apple-Tree-I-reprodukcija-slike-na-platnu-3-150x84.jpg 150w, https:\/\/svetslik.si\/wp-content\/uploads\/2021\/09\/Gustav-Klimt-\u2013-Apple-Tree-I-reprodukcija-slike-na-platnu-3-900x507.jpg 900w\" sizes=\"(max-width: 1000px) 100vw, 1000px\" \/>\t\t\t\t<\/div>\n\t\t\t\t\t\t\t\t\t\t\t<\/div>\n\t<\/div>\n  [\/vc_column][\/vc_row][vc_row css=&#8221;.vc_custom_1719471933672{margin-bottom: 15px !important;}&#8221;][vc_column]\t<div class=\"et-image-949 et-image  full   et_image_link\">\n\t\t<div class=\"et-image-inner \">\n\t\t\t\t\t\t\t<div class=\"et-image-thumb \">\n\t\t\t\t\t<img decoding=\"async\" width=\"1000\" height=\"738\" src=\"https:\/\/svetslik.si\/wp-content\/uploads\/2021\/09\/Gustav-Klimt-\u2013-Apple-Tree-I-reprodukcija-slike-na-platnu-6.jpg\" class=\"attachment-full\" alt=\"Gustav Klimt - Apple Tree I\" title=\"Gustav Klimt - Apple Tree I\" srcset=\"https:\/\/svetslik.si\/wp-content\/uploads\/2021\/09\/Gustav-Klimt-\u2013-Apple-Tree-I-reprodukcija-slike-na-platnu-6.jpg 1000w, https:\/\/svetslik.si\/wp-content\/uploads\/2021\/09\/Gustav-Klimt-\u2013-Apple-Tree-I-reprodukcija-slike-na-platnu-6-600x443.jpg 600w, https:\/\/svetslik.si\/wp-content\/uploads\/2021\/09\/Gustav-Klimt-\u2013-Apple-Tree-I-reprodukcija-slike-na-platnu-6-300x221.jpg 300w, https:\/\/svetslik.si\/wp-content\/uploads\/2021\/09\/Gustav-Klimt-\u2013-Apple-Tree-I-reprodukcija-slike-na-platnu-6-768x567.jpg 768w, https:\/\/svetslik.si\/wp-content\/uploads\/2021\/09\/Gustav-Klimt-\u2013-Apple-Tree-I-reprodukcija-slike-na-platnu-6-150x111.jpg 150w, https:\/\/svetslik.si\/wp-content\/uploads\/2021\/09\/Gustav-Klimt-\u2013-Apple-Tree-I-reprodukcija-slike-na-platnu-6-900x664.jpg 900w\" sizes=\"(max-width: 1000px) 100vw, 1000px\" \/>\t\t\t\t<\/div>\n\t\t\t\t\t\t\t\t\t\t\t<\/div>\n\t<\/div>\n  [\/vc_column][\/vc_row][vc_row css=&#8221;.vc_custom_1719471951290{margin-bottom: 15px !important;}&#8221;][vc_column]\t<div class=\"et-image-609 et-image  full   et_image_link\">\n\t\t<div class=\"et-image-inner \">\n\t\t\t\t\t\t\t<div class=\"et-image-thumb \">\n\t\t\t\t\t<img decoding=\"async\" width=\"2560\" height=\"1920\" src=\"https:\/\/svetslik.si\/wp-content\/uploads\/2021\/09\/20211119_085951-scaled.jpg\" class=\"attachment-full\" alt=\"Reprodukcija slike za zid - Gustav Klimt - Jabuka I - Reprodukcije slikara, ru\u010dno naslikane zidne slike, ulje na platnu, umjetni\u010dke slike, moderne slike za zid, ambientalne slike, apstraktne slike, dekorativne slike\" title=\"Reprodukcija slike za zid - Gustav Klimt - Jabuka I - Reprodukcije slikara, ru\u010dno naslikane zidne slike, ulje na platnu, umjetni\u010dke slike, moderne slike za zid, ambientalne slike, apstraktne slike, dekorativne slike\" srcset=\"https:\/\/svetslik.si\/wp-content\/uploads\/2021\/09\/20211119_085951-scaled.jpg 2560w, https:\/\/svetslik.si\/wp-content\/uploads\/2021\/09\/20211119_085951-600x450.jpg 600w, https:\/\/svetslik.si\/wp-content\/uploads\/2021\/09\/20211119_085951-scaled-1200x900.jpg 1200w, https:\/\/svetslik.si\/wp-content\/uploads\/2021\/09\/20211119_085951-300x225.jpg 300w, https:\/\/svetslik.si\/wp-content\/uploads\/2021\/09\/20211119_085951-1024x768.jpg 1024w, https:\/\/svetslik.si\/wp-content\/uploads\/2021\/09\/20211119_085951-768x576.jpg 768w, https:\/\/svetslik.si\/wp-content\/uploads\/2021\/09\/20211119_085951-1536x1152.jpg 1536w, https:\/\/svetslik.si\/wp-content\/uploads\/2021\/09\/20211119_085951-2048x1536.jpg 2048w, https:\/\/svetslik.si\/wp-content\/uploads\/2021\/09\/20211119_085951-150x113.jpg 150w, https:\/\/svetslik.si\/wp-content\/uploads\/2021\/09\/20211119_085951-1320x990.jpg 1320w, https:\/\/svetslik.si\/wp-content\/uploads\/2021\/09\/20211119_085951-900x675.jpg 900w\" sizes=\"(max-width: 2560px) 100vw, 2560px\" \/>\t\t\t\t<\/div>\n\t\t\t\t\t\t\t\t\t\t\t<\/div>\n\t<\/div>\n  [\/vc_column][\/vc_row][vc_row css=&#8221;.vc_custom_1719471964795{margin-bottom: 15px !important;}&#8221;][vc_column]\t<div class=\"et-image-59 et-image  full   et_image_link\">\n\t\t<div class=\"et-image-inner \">\n\t\t\t\t\t\t\t<div class=\"et-image-thumb \">\n\t\t\t\t\t<img decoding=\"async\" width=\"2560\" height=\"1441\" src=\"https:\/\/svetslik.si\/wp-content\/uploads\/2021\/09\/20220128_174245-scaled.jpg\" class=\"attachment-full\" alt=\"Gustav Klimt - Apple Tree I - Reprodukcija slike za zid\" title=\"Gustav Klimt - Apple Tree I - Reprodukcija slike za zid\" srcset=\"https:\/\/svetslik.si\/wp-content\/uploads\/2021\/09\/20220128_174245-scaled.jpg 2560w, https:\/\/svetslik.si\/wp-content\/uploads\/2021\/09\/20220128_174245-600x338.jpg 600w, https:\/\/svetslik.si\/wp-content\/uploads\/2021\/09\/20220128_174245-scaled-1200x675.jpg 1200w, https:\/\/svetslik.si\/wp-content\/uploads\/2021\/09\/20220128_174245-300x169.jpg 300w, https:\/\/svetslik.si\/wp-content\/uploads\/2021\/09\/20220128_174245-1024x577.jpg 1024w, https:\/\/svetslik.si\/wp-content\/uploads\/2021\/09\/20220128_174245-768x432.jpg 768w, https:\/\/svetslik.si\/wp-content\/uploads\/2021\/09\/20220128_174245-1536x865.jpg 1536w, https:\/\/svetslik.si\/wp-content\/uploads\/2021\/09\/20220128_174245-2048x1153.jpg 2048w, https:\/\/svetslik.si\/wp-content\/uploads\/2021\/09\/20220128_174245-18x10.jpg 18w, https:\/\/svetslik.si\/wp-content\/uploads\/2021\/09\/20220128_174245-150x84.jpg 150w, https:\/\/svetslik.si\/wp-content\/uploads\/2021\/09\/20220128_174245-1320x743.jpg 1320w, https:\/\/svetslik.si\/wp-content\/uploads\/2021\/09\/20220128_174245-900x507.jpg 900w\" sizes=\"(max-width: 2560px) 100vw, 2560px\" \/>\t\t\t\t<\/div>\n\t\t\t\t\t\t\t\t\t\t\t<\/div>\n\t<\/div>\n  [\/vc_column][\/vc_row][vc_row][vc_column][vc_column_text]\n<h1>Gustav Klimt &#8211; Apple Tree I<\/h1>\n<table style=\"width: 497px;\" border=\"0\" width=\"497\" cellspacing=\"0\" cellpadding=\"0\">\n<tbody>\n<tr>\n<td style=\"width: 155px; height: 21px;\" height=\"21\">Godina nastanka:<\/td>\n<td style=\"width: 343px;\">1912<\/td>\n<\/tr>\n<tr>\n<td style=\"width: 155px; height: 21px;\" height=\"21\">Izvorna veli\u010dina:<\/td>\n<td style=\"width: 343px;\">110 cm x 109 cm<\/td>\n<\/tr>\n<tr>\n<td style=\"width: 155px; height: 21px;\" height=\"21\">Stil slikanja:<\/td>\n<td style=\"width: 343px;\">Secesija<\/td>\n<\/tr>\n<tr>\n<td style=\"width: 155px; height: 21px;\" height=\"21\">Izvorna tehnika:<\/td>\n<td style=\"width: 343px;\">Ulje na platnu<\/td>\n<\/tr>\n<tr>\n<td style=\"width: 155px; height: 21px;\" height=\"21\">Nalazi se:<\/td>\n<td style=\"width: 343px;\">\u00d6sterreichische Galerie Belvedere, Be\u010d, Austrija<\/td>\n<\/tr>\n<\/tbody>\n<colgroup>\n<col>\n<col> <\/colgroup>\n<\/table>\n<p><em>Apple Tree I<\/em> pr\u0161ti \u017eivim crvenim nijansama jabuka i bojama cvije\u0107a koje prekriva tlo ispod stabla. Mural <em>Apple Tree I<\/em> pun je radosti, \u017eivota i plodnosti. Bogate boje i pa\u017eljivo izra\u0111eni detalji daju umjetnikovom platnu osje\u0107aj pokreta koji se rijetko vi\u0111a u drugim Klimtovim pejza\u017eima. Ulje na platnu <em>Jabuka I<\/em> prikazuje stablo jabuke koje dominira cijelim platnom.<\/p>\n<p>Slika Gustava Klimta &#8220;Jablana I&#8221; remek-djelo je secesije i jedno od najpoznatijih i najprepoznatljivijih djela austrijskog slikara. Slika predstavlja ljepotu prirode i sklad svemira.<\/p>\n<p>&#8220;Stablo jabuke I&#8221; je ulje na platnu dimenzija cca 100 cm x 100 cm. Prikazuje bujno stablo jabuke sa svijetlozelenim li\u0161\u0107em i crvenim jabukama. Stablo je u sredi\u0161tu slike, okru\u017eeno bujnim krajolikom s raznolikim cvije\u0107em, travom i grmljem. Sliku karakterizira hrabra upotreba boja i jedinstven osje\u0107aj pokreta i emocija. Stablo je naslikano u nijansama zelene, jabuke u tonovima crvene, cvije\u0107e u tonovima \u017eute i ru\u017ei\u010daste, a pozadina u nijansama plave i ljubi\u010daste, daju\u0107i slici osje\u0107aj dubine i pokreta.<\/p>\n<p>Drvo jabuke oduvijek je bilo simbol \u017eivota i plodnosti, a ni Klimtovo slikarstvo nije iznimka. Slika predstavlja ljepotu prirode i sklad svemira. Stablo jabuke je simbol \u017eivotnog ciklusa, od cvatnje cvije\u0107a do rasta ploda i kona\u010dno do opadanja li\u0161\u0107a. Slika budi osje\u0107aje vitalnosti, rasta i obnove, \u0161to su karakteristike Klimtove umjetnosti.<\/p>\n<p>Klimtova slika &#8220;Stablo jabuke I&#8221; remek-djelo je pokreta secesije i smatra se jednim od umjetnikovih najzna\u010dajnijih djela. Predstavlja ljepotu prirode, harmoniju svemira i ciklus \u017eivota. Slika je ono \u0161to ljubitelji umjetnosti moraju vidjeti i izvrstan je dodatak svakoj kolekciji umjetnina.<\/p>\n<p>Ukratko, slika Gustava Klimta &#8220;Jablana I&#8221; remek-djelo je secesije i jedno od najpoznatijih i najprepoznatljivijih djela austrijskog slikara. Predstavlja ljepotu prirode, harmoniju svemira i ciklus \u017eivota. Slika je ono \u0161to ljubitelji umjetnosti moraju vidjeti i izvrstan je dodatak svakoj kolekciji umjetnina. To je sjajan na\u010din da svakoj prostoriji dodate da\u0161ak ljepote i elegancije. Slika je jedinstvena po svojoj sposobnosti da izazove osje\u0107aj vitalnosti, rasta i obnove, \u0161to je \u010dini izvrsnim dodatkom svakom prostoru kojem je potreban dodir prirode.[\/vc_column_text][\/vc_column][\/vc_row]\n<\/div>","protected":false},"excerpt":{"rendered":"<p>[vc_row css=&#8221;.vc_custom_1719471911217{margin-bottom: 15px !important;}&#8221;][vc_column][\/vc_column][\/vc_row][vc_row css=&#8221;.vc_custom_1719471917825{margin-bottom: 15px !important;}&#8221;][vc_column][\/vc_column][\/vc_row][vc_row css=&#8221;.vc_custom_1719471925495{margin-bottom: 15px !important;}&#8221;][vc_column][\/vc_column][\/vc_row][vc_row css=&#8221;.vc_custom_1719471933672{margin-bottom: 15px !important;}&#8221;][vc_column][\/vc_column][\/vc_row][vc_row css=&#8221;.vc_custom_1719471933672{margin-bottom: 15px !important;}&#8221;][vc_column][\/vc_column][\/vc_row][vc_row css=&#8221;.vc_custom_1719471951290{margin-bottom: 15px !important;}&#8221;][vc_column][\/vc_column][\/vc_row][vc_row css=&#8221;.vc_custom_1719471964795{margin-bottom: 15px !important;}&#8221;][vc_column][\/vc_column][\/vc_row][vc_row][vc_column][vc_column_text] Gustav Klimt &#8211; Apple Tree I Godina nastanka: 1912 Izvorna veli\u010dina: 110 cm x 109 cm Stil slikanja: Secesija Izvorna tehnika: Ulje na platnu Nalazi se: \u00d6sterreichische Galerie [&hellip;]<\/p>\n","protected":false},"featured_media":107063,"template":"","meta":{"_acf_changed":false},"product_brand":[],"product_cat":[3374],"product_tag":[3402,4068,4069,4070,4071],"class_list":{"0":"post-23120","1":"product","2":"type-product","3":"status-publish","4":"has-post-thumbnail","6":"product_cat-gustav-klimt","7":"product_tag-gustav-klimt-hr","8":"product_tag-klimt-hr","9":"product_tag-reprodukcija-hr","10":"product_tag-reprodukcije-hr","11":"product_tag-slikar-hr","12":"pa_dimenzija-100-x-100-cm","13":"pa_dimenzija-110-x-110-cm","14":"pa_dimenzija-120-x-120-cm","15":"pa_dimenzija-150-x-150-cm","16":"pa_dimenzija-60-x-60-cm","17":"pa_dimenzija-70-x-70-cm","18":"pa_dimenzija-80-x-80-cm","19":"pa_dimenzija-90-x-90-cm","20":"pa_oblika-kvadrat-hr-2","21":"pa_okvir-bez-okvira","22":"pa_podokvir-bez-podokvira","23":"pa_podokvir-sa-podokvirom","25":"first","26":"onbackorder","27":"purchasable","28":"product-type-variable","29":"has-default-attributes"},"acf":[],"yoast_head":"<!-- This site is optimized with the Yoast SEO Premium plugin v26.0 (Yoast SEO v27.2) - https:\/\/yoast.com\/product\/yoast-seo-premium-wordpress\/ -->\n<title>Gustav Klimt - Apple Tree I - SVETSLIK.SI - 100% ru\u010dno naslikano<\/title>\n<meta name=\"description\" content=\"Gustav Klimt - Apple Tree I - 100% ru\u010dno naslikane reprodukcije slika na platnu. Uokvirivanje slika, prodaja i izrada slika u dimenzijama po narud\u017ebi.\" \/>\n<meta name=\"robots\" content=\"index, follow, max-snippet:-1, max-image-preview:large, max-video-preview:-1\" \/>\n<link rel=\"canonical\" href=\"https:\/\/svetslik.si\/hr\/gustav-klimt\/gustav-klimt-apple-tree-i\/\" \/>\n<meta property=\"og:locale\" content=\"hr_HR\" \/>\n<meta property=\"og:type\" content=\"article\" \/>\n<meta property=\"og:title\" content=\"Gustav Klimt - Apple Tree I\" \/>\n<meta property=\"og:description\" content=\"100% ro\u010dno naslikane slike na platnu, reprodukcije znanih slikarjev in umetni\u0161ke slike po naro\u010dilu.\" \/>\n<meta property=\"og:url\" content=\"https:\/\/svetslik.si\/hr\/gustav-klimt\/gustav-klimt-apple-tree-i\/\" \/>\n<meta property=\"og:site_name\" content=\"SVETSLIK.SI\" \/>\n<meta property=\"article:publisher\" content=\"https:\/\/www.facebook.com\/svetslik.si\" \/>\n<meta property=\"article:modified_time\" content=\"2024-07-11T15:19:50+00:00\" \/>\n<meta property=\"og:image\" content=\"https:\/\/svetslik.si\/wp-content\/uploads\/2021\/09\/apple-tree-i.jpgLarge.jpg\" \/>\n\t<meta property=\"og:image:width\" content=\"605\" \/>\n\t<meta property=\"og:image:height\" content=\"600\" \/>\n\t<meta property=\"og:image:type\" content=\"image\/jpeg\" \/>\n<meta name=\"twitter:card\" content=\"summary_large_image\" \/>\n<meta name=\"twitter:site\" content=\"@svetslik\" \/>\n<meta name=\"twitter:label1\" content=\"Availability\" \/>\n\t<meta name=\"twitter:data1\" content=\"On backorder\" \/>\n<script type=\"application\/ld+json\" class=\"yoast-schema-graph\">{\"@context\":\"https:\/\/schema.org\",\"@graph\":[{\"@type\":[\"WebPage\",\"ItemPage\"],\"@id\":\"https:\/\/svetslik.si\/hr\/gustav-klimt\/gustav-klimt-apple-tree-i\/\",\"url\":\"https:\/\/svetslik.si\/hr\/gustav-klimt\/gustav-klimt-apple-tree-i\/\",\"name\":\"Gustav Klimt - Apple Tree I - SVETSLIK.SI - 100% ru\u010dno naslikano\",\"isPartOf\":{\"@id\":\"https:\/\/svetslik.si\/hr\/#website\"},\"primaryImageOfPage\":{\"@id\":\"https:\/\/svetslik.si\/hr\/gustav-klimt\/gustav-klimt-apple-tree-i\/#primaryimage\"},\"image\":{\"@id\":\"https:\/\/svetslik.si\/hr\/gustav-klimt\/gustav-klimt-apple-tree-i\/#primaryimage\"},\"thumbnailUrl\":\"https:\/\/svetslik.si\/wp-content\/uploads\/2021\/09\/apple-tree-i.jpgLarge.jpg\",\"datePublished\":\"2021-09-02T16:24:18+00:00\",\"dateModified\":\"2024-07-11T15:19:50+00:00\",\"description\":\"Gustav Klimt - Apple Tree I - 100% ru\u010dno naslikane reprodukcije slika na platnu. Uokvirivanje slika, prodaja i izrada slika u dimenzijama po narud\u017ebi.\",\"breadcrumb\":{\"@id\":\"https:\/\/svetslik.si\/hr\/gustav-klimt\/gustav-klimt-apple-tree-i\/#breadcrumb\"},\"inLanguage\":\"hr\",\"potentialAction\":[{\"@type\":\"ReadAction\",\"target\":[\"https:\/\/svetslik.si\/hr\/gustav-klimt\/gustav-klimt-apple-tree-i\/\"]}]},{\"@type\":\"ImageObject\",\"inLanguage\":\"hr\",\"@id\":\"https:\/\/svetslik.si\/hr\/gustav-klimt\/gustav-klimt-apple-tree-i\/#primaryimage\",\"url\":\"https:\/\/svetslik.si\/wp-content\/uploads\/2021\/09\/apple-tree-i.jpgLarge.jpg\",\"contentUrl\":\"https:\/\/svetslik.si\/wp-content\/uploads\/2021\/09\/apple-tree-i.jpgLarge.jpg\",\"width\":605,\"height\":600,\"caption\":\"Gustav Klimt - Apple Tree I\"},{\"@type\":\"BreadcrumbList\",\"@id\":\"https:\/\/svetslik.si\/hr\/gustav-klimt\/gustav-klimt-apple-tree-i\/#breadcrumb\",\"itemListElement\":[{\"@type\":\"ListItem\",\"position\":1,\"name\":\"Umjetni\u010dke zidne slike na platnu\",\"item\":\"https:\/\/svetslik.si\/hr\/\"},{\"@type\":\"ListItem\",\"position\":2,\"name\":\"Prodaja slika\",\"item\":\"https:\/\/svetslik.si\/prodaja-slik\/\"},{\"@type\":\"ListItem\",\"position\":3,\"name\":\"Gustav Klimt &#8211; Apple Tree I\"}]},{\"@type\":\"WebSite\",\"@id\":\"https:\/\/svetslik.si\/hr\/#website\",\"url\":\"https:\/\/svetslik.si\/hr\/\",\"name\":\"SVETSLIK.SI\",\"description\":\"100% ru\u010dno naslikane reprodukcije slika poznatih slikara in umjetni\u010dke zidne slike na platnu.\",\"publisher\":{\"@id\":\"https:\/\/svetslik.si\/hr\/#organization\"},\"potentialAction\":[{\"@type\":\"SearchAction\",\"target\":{\"@type\":\"EntryPoint\",\"urlTemplate\":\"https:\/\/svetslik.si\/hr\/?s={search_term_string}\"},\"query-input\":{\"@type\":\"PropertyValueSpecification\",\"valueRequired\":true,\"valueName\":\"search_term_string\"}}],\"inLanguage\":\"hr\"},{\"@type\":\"Organization\",\"@id\":\"https:\/\/svetslik.si\/hr\/#organization\",\"name\":\"SvetSlik.si\",\"url\":\"https:\/\/svetslik.si\/hr\/\",\"logo\":{\"@type\":\"ImageObject\",\"inLanguage\":\"hr\",\"@id\":\"https:\/\/svetslik.si\/hr\/#\/schema\/logo\/image\/\",\"url\":\"https:\/\/svetslik.si\/wp-content\/uploads\/2020\/12\/logo-512.png\",\"contentUrl\":\"https:\/\/svetslik.si\/wp-content\/uploads\/2020\/12\/logo-512.png\",\"width\":512,\"height\":512,\"caption\":\"SvetSlik.si\"},\"image\":{\"@id\":\"https:\/\/svetslik.si\/hr\/#\/schema\/logo\/image\/\"},\"sameAs\":[\"https:\/\/www.facebook.com\/svetslik.si\",\"https:\/\/x.com\/svetslik\",\"https:\/\/www.instagram.com\/svetslik.si\/\",\"https:\/\/www.linkedin.com\/company\/svetslik-si\"]}]}<\/script>\n<meta property=\"og:availability\" content=\"backorder\" \/>\n<meta property=\"product:availability\" content=\"available for order\" \/>\n<meta property=\"product:retailer_item_id\" content=\"561__\" \/>\n<meta property=\"product:condition\" content=\"new\" \/>\n<!-- \/ Yoast SEO Premium plugin. -->","yoast_head_json":{"title":"Gustav Klimt - Apple Tree I - SVETSLIK.SI - 100% ru\u010dno naslikano","description":"Gustav Klimt - Apple Tree I - 100% ru\u010dno naslikane reprodukcije slika na platnu. Uokvirivanje slika, prodaja i izrada slika u dimenzijama po narud\u017ebi.","robots":{"index":"index","follow":"follow","max-snippet":"max-snippet:-1","max-image-preview":"max-image-preview:large","max-video-preview":"max-video-preview:-1"},"canonical":"https:\/\/svetslik.si\/hr\/gustav-klimt\/gustav-klimt-apple-tree-i\/","og_locale":"hr_HR","og_type":"article","og_title":"Gustav Klimt - Apple Tree I","og_description":"100% ro\u010dno naslikane slike na platnu, reprodukcije znanih slikarjev in umetni\u0161ke slike po naro\u010dilu.","og_url":"https:\/\/svetslik.si\/hr\/gustav-klimt\/gustav-klimt-apple-tree-i\/","og_site_name":"SVETSLIK.SI","article_publisher":"https:\/\/www.facebook.com\/svetslik.si","article_modified_time":"2024-07-11T15:19:50+00:00","og_image":[{"width":605,"height":600,"url":"https:\/\/svetslik.si\/wp-content\/uploads\/2021\/09\/apple-tree-i.jpgLarge.jpg","type":"image\/jpeg"}],"twitter_card":"summary_large_image","twitter_site":"@svetslik","twitter_misc":{"Availability":"On backorder"},"schema":{"@context":"https:\/\/schema.org","@graph":[{"@type":["WebPage","ItemPage"],"@id":"https:\/\/svetslik.si\/hr\/gustav-klimt\/gustav-klimt-apple-tree-i\/","url":"https:\/\/svetslik.si\/hr\/gustav-klimt\/gustav-klimt-apple-tree-i\/","name":"Gustav Klimt - Apple Tree I - SVETSLIK.SI - 100% ru\u010dno naslikano","isPartOf":{"@id":"https:\/\/svetslik.si\/hr\/#website"},"primaryImageOfPage":{"@id":"https:\/\/svetslik.si\/hr\/gustav-klimt\/gustav-klimt-apple-tree-i\/#primaryimage"},"image":{"@id":"https:\/\/svetslik.si\/hr\/gustav-klimt\/gustav-klimt-apple-tree-i\/#primaryimage"},"thumbnailUrl":"https:\/\/svetslik.si\/wp-content\/uploads\/2021\/09\/apple-tree-i.jpgLarge.jpg","datePublished":"2021-09-02T16:24:18+00:00","dateModified":"2024-07-11T15:19:50+00:00","description":"Gustav Klimt - Apple Tree I - 100% ru\u010dno naslikane reprodukcije slika na platnu. Uokvirivanje slika, prodaja i izrada slika u dimenzijama po narud\u017ebi.","breadcrumb":{"@id":"https:\/\/svetslik.si\/hr\/gustav-klimt\/gustav-klimt-apple-tree-i\/#breadcrumb"},"inLanguage":"hr","potentialAction":[{"@type":"ReadAction","target":["https:\/\/svetslik.si\/hr\/gustav-klimt\/gustav-klimt-apple-tree-i\/"]}]},{"@type":"ImageObject","inLanguage":"hr","@id":"https:\/\/svetslik.si\/hr\/gustav-klimt\/gustav-klimt-apple-tree-i\/#primaryimage","url":"https:\/\/svetslik.si\/wp-content\/uploads\/2021\/09\/apple-tree-i.jpgLarge.jpg","contentUrl":"https:\/\/svetslik.si\/wp-content\/uploads\/2021\/09\/apple-tree-i.jpgLarge.jpg","width":605,"height":600,"caption":"Gustav Klimt - Apple Tree I"},{"@type":"BreadcrumbList","@id":"https:\/\/svetslik.si\/hr\/gustav-klimt\/gustav-klimt-apple-tree-i\/#breadcrumb","itemListElement":[{"@type":"ListItem","position":1,"name":"Umjetni\u010dke zidne slike na platnu","item":"https:\/\/svetslik.si\/hr\/"},{"@type":"ListItem","position":2,"name":"Prodaja slika","item":"https:\/\/svetslik.si\/prodaja-slik\/"},{"@type":"ListItem","position":3,"name":"Gustav Klimt &#8211; Apple Tree I"}]},{"@type":"WebSite","@id":"https:\/\/svetslik.si\/hr\/#website","url":"https:\/\/svetslik.si\/hr\/","name":"SVETSLIK.SI","description":"100% ru\u010dno naslikane reprodukcije slika poznatih slikara in umjetni\u010dke zidne slike na platnu.","publisher":{"@id":"https:\/\/svetslik.si\/hr\/#organization"},"potentialAction":[{"@type":"SearchAction","target":{"@type":"EntryPoint","urlTemplate":"https:\/\/svetslik.si\/hr\/?s={search_term_string}"},"query-input":{"@type":"PropertyValueSpecification","valueRequired":true,"valueName":"search_term_string"}}],"inLanguage":"hr"},{"@type":"Organization","@id":"https:\/\/svetslik.si\/hr\/#organization","name":"SvetSlik.si","url":"https:\/\/svetslik.si\/hr\/","logo":{"@type":"ImageObject","inLanguage":"hr","@id":"https:\/\/svetslik.si\/hr\/#\/schema\/logo\/image\/","url":"https:\/\/svetslik.si\/wp-content\/uploads\/2020\/12\/logo-512.png","contentUrl":"https:\/\/svetslik.si\/wp-content\/uploads\/2020\/12\/logo-512.png","width":512,"height":512,"caption":"SvetSlik.si"},"image":{"@id":"https:\/\/svetslik.si\/hr\/#\/schema\/logo\/image\/"},"sameAs":["https:\/\/www.facebook.com\/svetslik.si","https:\/\/x.com\/svetslik","https:\/\/www.instagram.com\/svetslik.si\/","https:\/\/www.linkedin.com\/company\/svetslik-si"]}]},"og_availability":"backorder","product_availability":"available for order","product_retailer_item_id":"561__","product_condition":"new"},"jetpack_sharing_enabled":true,"_links":{"self":[{"href":"https:\/\/svetslik.si\/hr\/wp-json\/wp\/v2\/product\/23120","targetHints":{"allow":["GET"]}}],"collection":[{"href":"https:\/\/svetslik.si\/hr\/wp-json\/wp\/v2\/product"}],"about":[{"href":"https:\/\/svetslik.si\/hr\/wp-json\/wp\/v2\/types\/product"}],"wp:featuredmedia":[{"embeddable":true,"href":"https:\/\/svetslik.si\/hr\/wp-json\/wp\/v2\/media\/107063"}],"wp:attachment":[{"href":"https:\/\/svetslik.si\/hr\/wp-json\/wp\/v2\/media?parent=23120"}],"wp:term":[{"taxonomy":"product_brand","embeddable":true,"href":"https:\/\/svetslik.si\/hr\/wp-json\/wp\/v2\/product_brand?post=23120"},{"taxonomy":"product_cat","embeddable":true,"href":"https:\/\/svetslik.si\/hr\/wp-json\/wp\/v2\/product_cat?post=23120"},{"taxonomy":"product_tag","embeddable":true,"href":"https:\/\/svetslik.si\/hr\/wp-json\/wp\/v2\/product_tag?post=23120"}],"curies":[{"name":"wp","href":"https:\/\/api.w.org\/{rel}","templated":true}]}}