{"id":185837,"date":"2026-08-14T09:28:38","date_gmt":"2026-08-14T07:28:38","guid":{"rendered":"https:\/\/svetslik.si\/nekategorizirano\/the-dance-of-life-5\/"},"modified":"2026-08-23T13:11:54","modified_gmt":"2026-08-23T11:11:54","slug":"the-dance-of-life","status":"publish","type":"product","link":"https:\/\/svetslik.si\/hu\/edvard-munch\/the-dance-of-life\/","title":{"rendered":"Edvard Munch \u2013 Az \u00e9let t\u00e1nca"},"content":{"rendered":"<div class=\"wpb-content-wrapper\">[vc_row][vc_column][vc_column_text]\n<h2>Az \u00e9let t\u00e1nca<\/h2>\n<p>Edvard Munch Az \u00e9let t\u00e1nca c\u00edm\u0171 festm\u00e9nye 1899-1900-ban k\u00e9sz\u00fclt, olaj, v\u00e1szon, \u00e9s az osl\u00f3i Nemzeti M\u00fazeum (Nasjonalmuseet) \u0151rzi NG.M.00941 lelt\u00e1ri sz\u00e1mon. Az eredeti 191 x 125 cm nagys\u00e1g\u00fa, fekv\u0151 form\u00e1tum\u00fa. A jelenet t\u00e1ncosokat mutat a tengerparti f\u00fcv\u00f6n, hold alatt, amelynek t\u00fckr\u00f6z\u0151d\u00e9se egyetlen f\u00fcgg\u0151leges f\u00e9nyoszlopk\u00e9nt hull a v\u00edzre.<\/p>\n<p>K\u00f6z\u00e9pen egy p\u00e1r t\u00e1ncol: fekete ruh\u00e1s f\u00e9rfi \u00e9s piros ruh\u00e1s n\u0151, akinek ruh\u00e1ja a f\u00e9rfi l\u00e1ba k\u00f6r\u00e9 tekeredik. Arcuk k\u00f6zel van egym\u00e1shoz, m\u00e9gsem n\u00e9znek egym\u00e1sra. Balra egyed\u00fcl \u00e1ll egy fiatal n\u0151 feh\u00e9rben, karja a teste mellett, feje kiss\u00e9 oldalra hajtva; jobbra id\u0151sebb n\u0151 \u00e1ll feket\u00e9ben, keze leengedve, arca szigor\u00fa \u00e9s z\u00e1rt. A h\u00e1tt\u00e9rben tov\u00e1bbi p\u00e1rok forognak, s\u00f6t\u00e9t \u00e9s sz\u00ednes fel\u00fcletekk\u00e9nt megadva, r\u00e9szletek n\u00e9lk\u00fcl. F\u00f6l\u00f6tt\u00fck a tenger s\u00e1vja fut a hold t\u00fckr\u00f6z\u0151d\u00e9s\u00e9vel, azon fel\u00fcl pedig s\u00e1padt \u00e9jszakai \u00e9g. A h\u00e1rom f\u0151 alak sorban \u00e1ll, csaknem mint egy sz\u00ednpadon, \u00e9s mindegyik a v\u00e1szon saj\u00e1t r\u00e9sz\u00e9t foglalja el: feh\u00e9r balra, piros k\u00f6z\u00e9pen, fekete jobbra. \u00c9ppen ez az elrendez\u00e9s teszi, hogy a jelenet ink\u00e1bb \u00e9l\u0151k\u00e9pszer\u0171, mint t\u00e1ncos.<\/p>\n<p>A m\u0171 k\u00f6zponti darabja Munch \u00c9let fr\u00edz\u00e9 c\u00edm\u0171 ciklus\u00e1nak, amelyben a szerelem, a szorong\u00e1s \u00e9s a hal\u00e1l mot\u00edvumait gy\u0171jt\u00f6tte \u00f6ssze. A h\u00e1rom n\u0151i alakot rendszerint egyetlen n\u0151 h\u00e1rom \u00e9letkorak\u00e9nt olvass\u00e1k: a feh\u00e9r ruh\u00e1s le\u00e1ny, a piros ruh\u00e1s \u00e9rett n\u0151 \u00e9s a fekete ruh\u00e1s \u00f6zvegy. Ez \u00e9rtelmez\u00e9s, \u00e9s nem olyasmi, amit a fest\u0151 le\u00edrt volna. Gyakran mondj\u00e1k azt is, hogy Helge Rode egyik dr\u00e1m\u00e1ja \u00f6szt\u00f6n\u00f6zte; ez szint\u00e9n feltev\u00e9s. Munch a mot\u00edvumot k\u00e9s\u0151bb t\u00f6bb v\u00e1ltozatban megism\u00e9telte, \u00e9s a ciklus k\u00f6zponti darabjai k\u00f6z\u00e9 sorolta; ez a legnagyobb \u00e9s a legismertebb k\u00f6z\u00fcl\u00fck.<\/p>\n<p>A fest\u00e9k sz\u00e9les, lapos mez\u0151kben van felhordva, tiszta k\u00f6rvonalakkal. A piros ruha a v\u00e1szon legtel\u00edtettebb fel\u00fclete, \u00e9s els\u0151k\u00e9nt vonja mag\u00e1ra a szemet; az oldalt l\u00e9v\u0151 feh\u00e9r \u00e9s fekete keretezi. A von\u00e1sok hossz\u00faak, \u00e9s k\u00f6vetik azt a form\u00e1t, amelyet fel\u00e9p\u00edtenek, helyenk\u00e9nt pedig a r\u00e9teg olyan v\u00e9kony, hogy \u00e1tdereng a v\u00e1szon sz\u00f6v\u00e9se. A f\u0171 z\u00f6ld \u00e9s k\u00e9kesz\u00f6ld, a tenger sima \u00e9s vil\u00e1gosabb. A holdoszlop az egyetlen f\u00fcgg\u0151leges a fels\u0151 f\u00e9lben, \u00e9s \u00f6sszetartja a jelenetet; n\u00e9lk\u00fcle a v\u00edzszintes s\u00e1vok sz\u00e9tesn\u00e9nek. Munchn\u00e1l a ny\u00e1ri \u00e9jszaka az az id\u0151, amikor az emberek tal\u00e1lkoznak, \u00e9s amikor m\u00falik az id\u0151; itt mindkett\u0151 ugyanazon a v\u00e1sznon \u00e1ll egym\u00e1s mellett. A h\u00e1tt\u00e9rben forg\u00f3 p\u00e1rok ezt m\u00e9g nyomat\u00e9kosabb\u00e1 teszik: a t\u00e1nc folytat\u00f3dik akkor is, amikor az el\u0151t\u00e9r h\u00e1rom alakja m\u00e1r meg\u00e1llt.<\/p>\n<p>A mi\u00e9nket a fest\u0151 k\u00e9zzel festi meg olajjal v\u00e1szonra, ecsetvon\u00e1sr\u00f3l ecsetvon\u00e1sra, rendel\u00e9sre, \u00e9s sohasem nyomat. Mivel minden v\u00e1szon egyenk\u00e9nt k\u00e9sz\u00fcl, a t\u00f3nusok \u00e9s a von\u00e1sok darabonk\u00e9nt kiss\u00e9 elt\u00e9rnek; ezek az apr\u00f3 k\u00fcl\u00f6nbs\u00e9gek a k\u00e9z nyomai. A legnehezebb r\u00e9sz a piros ruha, amelynek tiszt\u00e1nak \u00e9s telinek kell maradnia an\u00e9lk\u00fcl, hogy lapos foltt\u00e1 v\u00e1ln\u00e9k. Olajfestm\u00e9ny-reprodukci\u00f3k\u00e9nt ez a mot\u00edvum mindenekel\u0151tt pontoss\u00e1got k\u00edv\u00e1n a h\u00e1rom f\u0151 alak viszony\u00e1ban.<\/p>\n<p>A form\u00e1tum kifejezetten fekv\u0151, a m\u0171 pedig nagy, ez\u00e9rt sz\u00e9les, megszak\u00edtatlan falat \u00e9s n\u00e9mi t\u00e1vols\u00e1got ig\u00e9nyel: nappalit, \u00e9tkez\u0151t vagy t\u00e1gas folyos\u00f3t. Vil\u00e1gos, csendes fal szolg\u00e1lja a legjobban, \u00e9s teret hagy a pirosnak; piros vagy er\u0151sen sz\u00ednezett fal el\u0151tt a k\u00f6z\u00e9ps\u0151 fel\u00fclet elv\u00e9sz. Szemmagass\u00e1gban helyezze el, egyenletes f\u00e9nyben. K\u00e9zzel festett olajfestm\u00e9nyk\u00e9nt hosszabb b\u00fator f\u00f6l\u00f6tt \u00e9rv\u00e9nyes\u00fcl a legjobban, ahol a teljes sz\u00e9less\u00e9g rendelkez\u00e9s\u00e9re \u00e1ll.<\/p>\n<p>T\u00edz m\u00e9ret v\u00e1laszthat\u00f3, valamint egyedi m\u00e9ret is, \u00e9s minden v\u00e1szon megrendelhet\u0151 kerettel vagy keret n\u00e9lk\u00fcl. A keretet 3D alkalmaz\u00e1sunkban v\u00e1lasztja ki, ahol l\u00e9ceket \u00e9s sz\u00edneket pr\u00f3b\u00e1lhat ki ezen a mot\u00edvumon; ekkora sz\u00e9less\u00e9gn\u00e9l az egyszer\u0171, nem t\u00fal sz\u00e9les l\u00e9c szolg\u00e1l a legjobban. A m\u0171v\u00e9sz tov\u00e1bbi munk\u00e1i az <a href=\"https:\/\/svetslik.si\/hu\/edvard-munch\/\">Edvard Munch gal\u00e9ri\u00e1ban<\/a> tal\u00e1lhat\u00f3k, \u00e9let\u00e9r\u0151l \u00e9s fest\u00e9szet\u00e9r\u0151l pedig az <a href=\"https:\/\/svetslik.si\/hu\/edvard-munch-blog\/\">Edvard Munch blogon<\/a> \u00edrunk.<\/p>\n<table style=\"width: 673px;\" border=\"0\" width=\"673\" cellspacing=\"0\" cellpadding=\"0\">\n<tbody>\n<tr>\n<td style=\"width: 180px; height: 21px;\" height=\"21\">Keletkez\u00e9s \u00e9ve:<\/td>\n<td style=\"width: 493px;\">1899-1900<\/td>\n<\/tr>\n<tr>\n<td style=\"width: 180px; height: 21px;\" height=\"21\">Eredeti m\u00e9ret:<\/td>\n<td style=\"width: 493px;\">191 cm x 125 cm<\/td>\n<\/tr>\n<tr>\n<td style=\"width: 180px; height: 21px;\" height=\"21\">St\u00edlus:<\/td>\n<td style=\"width: 493px;\">Expresszionizmus<\/td>\n<\/tr>\n<tr>\n<td style=\"width: 180px; height: 21px;\" height=\"21\">Eredeti technika:<\/td>\n<td style=\"width: 493px;\">Olaj, v\u00e1szon<\/td>\n<\/tr>\n<tr>\n<td style=\"width: 180px; height: 21px;\" height=\"21\">Tal\u00e1lhat\u00f3:<\/td>\n<td style=\"width: 493px;\">Nemzeti M\u00fazeum (Nasjonalmuseet), Oslo<\/td>\n<\/tr>\n<\/tbody>\n<colgroup>\n<col \/>\n<col \/> <\/colgroup>\n<\/table>\n[\/vc_column_text][\/vc_column][\/vc_row]\n<\/div>","protected":false},"excerpt":{"rendered":"<p>A jelenet t\u00e1ncosokat mutat a tengerparti f\u00fcv\u00f6n, hold alatt, amelynek t\u00fckr\u00f6z\u0151d\u00e9se egyetlen f\u00fcgg\u0151leges f\u00e9nyoszlopk\u00e9nt hull a v\u00edzre. N\u00e1lunk k\u00e9zzel festett festm\u00e9ny k\u00e9sz\u00fcl bel\u0151le, olaj v\u00e1sznon.<\/p>\n","protected":false},"featured_media":185831,"template":"","meta":{"_acf_changed":false},"product_brand":[],"product_cat":[7140],"product_tag":[7183,11885,11886,11887],"class_list":["post-185837","product","type-product","status-publish","has-post-thumbnail","product_cat-edvard-munch","product_tag-munch-hu","product_tag-painter-hu","product_tag-reproduction","product_tag-reproductions-hu","pa_dimenzija-100-cm-x-66-cm","pa_dimenzija-110-cm-x-72-cm","pa_dimenzija-130-cm-x-85-cm","pa_dimenzija-150-x-100-cm","pa_dimenzija-160-cm-x-105-cm","pa_dimenzija-194-x-129-cm","pa_dimenzija-220-cm-x-145-cm","pa_dimenzija-60-x-40-cm","pa_dimenzija-80-cm-x-53-cm","pa_dimenzija-90-x-60-cm","pa_oblika-vizszintes","pa_okvir-nincs-keret","pa_podokvir-igen","pa_podokvir-nem","first","onbackorder","purchasable","product-type-variable","has-default-attributes"],"acf":[],"yoast_head":"<!-- This site is optimized with the Yoast SEO Premium plugin v27.7 (Yoast SEO v27.7) - https:\/\/yoast.com\/product\/yoast-seo-premium-wordpress\/ -->\n<title>Az \u00e9let t\u00e1nca \u2013 Edvard Munch | olajfestm\u00e9ny-reprodukci\u00f3<\/title>\n<meta name=\"description\" content=\"Munch Az \u00e9let t\u00e1nca (1899-1900, Nasjonalmuseet): t\u00e1ncosok a tengerparton, hold alatt. K\u00e9zzel festett olajfestm\u00e9ny v\u00e1sznon, t\u00edz m\u00e9ret, kerettel is.\" \/>\n<meta name=\"robots\" content=\"index, follow, max-snippet:-1, max-image-preview:large, max-video-preview:-1\" \/>\n<link rel=\"canonical\" href=\"https:\/\/svetslik.si\/hu\/edvard-munch\/the-dance-of-life\/\" \/>\n<meta property=\"og:locale\" content=\"hu_HU\" \/>\n<meta property=\"og:type\" content=\"article\" \/>\n<meta property=\"og:title\" content=\"Edvard Munch \u2013 Az \u00e9let t\u00e1nca\" \/>\n<meta property=\"og:description\" content=\"Munch Az \u00e9let t\u00e1nca (1899-1900, Nasjonalmuseet): t\u00e1ncosok a tengerparton, hold alatt. K\u00e9zzel festett olajfestm\u00e9ny v\u00e1sznon, t\u00edz m\u00e9ret, kerettel is.\" \/>\n<meta property=\"og:url\" content=\"https:\/\/svetslik.si\/hu\/edvard-munch\/the-dance-of-life\/\" \/>\n<meta property=\"og:site_name\" content=\"SvetSlik.si\" \/>\n<meta property=\"article:publisher\" content=\"https:\/\/www.facebook.com\/svetslik.si\" \/>\n<meta property=\"article:modified_time\" content=\"2026-08-23T11:11:54+00:00\" \/>\n<meta property=\"og:image\" content=\"https:\/\/svetslik.si\/wp-content\/uploads\/2026\/08\/edvard-munch-ples-zivljenja-the-dance-of-life-nasjonalmuseet-ngm00941.jpg\" \/>\n\t<meta property=\"og:image:width\" content=\"4000\" \/>\n\t<meta property=\"og:image:height\" content=\"2605\" \/>\n\t<meta property=\"og:image:type\" content=\"image\/jpeg\" \/>\n<meta name=\"twitter:card\" content=\"summary_large_image\" \/>\n<meta name=\"twitter:description\" content=\"100% ro\u010dno naslikane slike na platnu, reprodukcije znanih slikarjev in umetni\u0161ke slike po naro\u010dilu.\" \/>\n<meta name=\"twitter:site\" content=\"@svetslik\" \/>\n<meta name=\"twitter:label1\" content=\"El\u00e9rhet\u0151s\u00e9g\" \/>\n\t<meta name=\"twitter:data1\" content=\"Beszerz\u00e9s alatt\" \/>\n<script type=\"application\/ld+json\" class=\"yoast-schema-graph\">{\"@context\":\"https:\\\/\\\/schema.org\",\"@graph\":[{\"@type\":[\"WebPage\",\"ItemPage\"],\"@id\":\"https:\\\/\\\/svetslik.si\\\/hu\\\/edvard-munch\\\/the-dance-of-life\\\/\",\"url\":\"https:\\\/\\\/svetslik.si\\\/hu\\\/edvard-munch\\\/the-dance-of-life\\\/\",\"name\":\"Az \u00e9let t\u00e1nca \u2013 Edvard Munch | olajfestm\u00e9ny-reprodukci\u00f3\",\"isPartOf\":{\"@id\":\"https:\\\/\\\/svetslik.si\\\/hu\\\/#website\"},\"primaryImageOfPage\":{\"@id\":\"https:\\\/\\\/svetslik.si\\\/hu\\\/edvard-munch\\\/the-dance-of-life\\\/#primaryimage\"},\"image\":{\"@id\":\"https:\\\/\\\/svetslik.si\\\/hu\\\/edvard-munch\\\/the-dance-of-life\\\/#primaryimage\"},\"thumbnailUrl\":\"https:\\\/\\\/svetslik.si\\\/wp-content\\\/uploads\\\/2026\\\/08\\\/edvard-munch-ples-zivljenja-the-dance-of-life-nasjonalmuseet-ngm00941.jpg\",\"datePublished\":\"2026-08-14T07:28:38+00:00\",\"dateModified\":\"2026-08-23T11:11:54+00:00\",\"description\":\"Munch Az \u00e9let t\u00e1nca (1899-1900, Nasjonalmuseet): t\u00e1ncosok a tengerparton, hold alatt. K\u00e9zzel festett olajfestm\u00e9ny v\u00e1sznon, t\u00edz m\u00e9ret, kerettel is.\",\"breadcrumb\":{\"@id\":\"https:\\\/\\\/svetslik.si\\\/hu\\\/edvard-munch\\\/the-dance-of-life\\\/#breadcrumb\"},\"inLanguage\":\"hu\",\"potentialAction\":[{\"@type\":\"ReadAction\",\"target\":[\"https:\\\/\\\/svetslik.si\\\/hu\\\/edvard-munch\\\/the-dance-of-life\\\/\"]}]},{\"@type\":\"ImageObject\",\"inLanguage\":\"hu\",\"@id\":\"https:\\\/\\\/svetslik.si\\\/hu\\\/edvard-munch\\\/the-dance-of-life\\\/#primaryimage\",\"url\":\"https:\\\/\\\/svetslik.si\\\/wp-content\\\/uploads\\\/2026\\\/08\\\/edvard-munch-ples-zivljenja-the-dance-of-life-nasjonalmuseet-ngm00941.jpg\",\"contentUrl\":\"https:\\\/\\\/svetslik.si\\\/wp-content\\\/uploads\\\/2026\\\/08\\\/edvard-munch-ples-zivljenja-the-dance-of-life-nasjonalmuseet-ngm00941.jpg\",\"width\":4000,\"height\":2605,\"caption\":\"Edvard Munch Az \u00e9let t\u00e1nca c\u00edm\u0171 m\u0171ve, 1899-1900: egy p\u00e1r t\u00e1ncol a tenger melletti f\u00fcv\u00f6n, balra feh\u00e9r ruh\u00e1s n\u0151 \u00e1ll, jobbra fekete ruh\u00e1s, a v\u00edzen pedig f\u00e9nyoszlopk\u00e9nt ny\u00falik el a hold t\u00fckr\u00f6z\u0151d\u00e9se \u2013 k\u00e9zzel festett olajfestm\u00e9ny v\u00e1sznon, t\u00edz m\u00e9retben. Az eredeti f\u00e9nyk\u00e9pe: Nasjonalmuseet, CC BY 4.0.\"},{\"@type\":\"BreadcrumbList\",\"@id\":\"https:\\\/\\\/svetslik.si\\\/hu\\\/edvard-munch\\\/the-dance-of-life\\\/#breadcrumb\",\"itemListElement\":[{\"@type\":\"ListItem\",\"position\":1,\"name\":\"Fali m\u0171v\u00e9szet \u00e9s festm\u00e9nyek v\u00e1szonra\",\"item\":\"https:\\\/\\\/svetslik.si\\\/hu\\\/vaszonfestmenyek-svetslik-si-100-kezzel-festett-festoi-reprodukciok-es-vaszonfestmenyek\\\/\"},{\"@type\":\"ListItem\",\"position\":2,\"name\":\"Festm\u00e9nyek elad\u00e1sa\",\"item\":\"https:\\\/\\\/svetslik.si\\\/hu\\\/festmenyek-eladasa\\\/\"},{\"@type\":\"ListItem\",\"position\":3,\"name\":\"Edvard Munch \u2013 Az \u00e9let t\u00e1nca\"}]},{\"@type\":\"WebSite\",\"@id\":\"https:\\\/\\\/svetslik.si\\\/hu\\\/#website\",\"url\":\"https:\\\/\\\/svetslik.si\\\/hu\\\/\",\"name\":\"SvetSlik.si\",\"description\":\"K\u00e9zzel festett festm\u00e9nyek v\u00e1sznon \u2013 h\u00edres fest\u0151k reprodukci\u00f3i, absztrakt \u00e9s modern mot\u00edvumok, egyedi rendel\u00e9sre is.\",\"publisher\":{\"@id\":\"https:\\\/\\\/svetslik.si\\\/hu\\\/#organization\"},\"potentialAction\":[{\"@type\":\"SearchAction\",\"target\":{\"@type\":\"EntryPoint\",\"urlTemplate\":\"https:\\\/\\\/svetslik.si\\\/hu\\\/?s={search_term_string}\"},\"query-input\":{\"@type\":\"PropertyValueSpecification\",\"valueRequired\":true,\"valueName\":\"search_term_string\"}}],\"inLanguage\":\"hu\",\"alternateName\":\"K\u00e9zzel festett festm\u00e9nyek online gal\u00e9ri\u00e1ja\"},{\"@type\":[\"Organization\",\"Store\"],\"@id\":\"https:\\\/\\\/svetslik.si\\\/hu\\\/#organization\",\"name\":\"SvetSlik.si\",\"url\":\"https:\\\/\\\/svetslik.si\\\/hu\\\/\",\"logo\":{\"@type\":\"ImageObject\",\"inLanguage\":\"hu\",\"@id\":\"https:\\\/\\\/svetslik.si\\\/hu\\\/#\\\/schema\\\/logo\\\/image\\\/\",\"url\":\"https:\\\/\\\/svetslik.si\\\/wp-content\\\/uploads\\\/2020\\\/12\\\/logo-512.png\",\"contentUrl\":\"https:\\\/\\\/svetslik.si\\\/wp-content\\\/uploads\\\/2020\\\/12\\\/logo-512.png\",\"width\":512,\"height\":512,\"caption\":\"SvetSlik.si\"},\"image\":{\"@id\":\"https:\\\/\\\/svetslik.si\\\/hu\\\/#\\\/schema\\\/logo\\\/image\\\/\"},\"sameAs\":[\"https:\\\/\\\/www.facebook.com\\\/svetslik.si\",\"https:\\\/\\\/x.com\\\/svetslik\",\"https:\\\/\\\/www.instagram.com\\\/svetslik.si\\\/\",\"https:\\\/\\\/www.linkedin.com\\\/company\\\/svetslik-si\",\"https:\\\/\\\/www.google.com\\\/maps\\\/place\\\/?q=place_id:ChIJaybyg-XHekcRwZCqYrxOGjY\"],\"address\":{\"@type\":\"PostalAddress\",\"streetAddress\":\"Zgornje Bitnje 146a\",\"addressLocality\":\"\u017dabnica\",\"postalCode\":\"4209\",\"addressCountry\":\"SI\"},\"hasMap\":\"https:\\\/\\\/www.google.com\\\/maps\\\/place\\\/?q=place_id:ChIJaybyg-XHekcRwZCqYrxOGjY\",\"telephone\":\"+38651675637\",\"openingHoursSpecification\":[{\"@type\":\"OpeningHoursSpecification\",\"dayOfWeek\":[\"https:\\\/\\\/schema.org\\\/Monday\",\"https:\\\/\\\/schema.org\\\/Tuesday\",\"https:\\\/\\\/schema.org\\\/Wednesday\",\"https:\\\/\\\/schema.org\\\/Thursday\",\"https:\\\/\\\/schema.org\\\/Friday\"],\"opens\":\"09:00\",\"closes\":\"20:00\"}],\"description\":\"K\u00e9zzel festett v\u00e1szonfestm\u00e9nyek \u2013 rendelje meg online vagy e-mailben. Megtekint\u00e9s el\u0151zetes egyeztet\u00e9s alapj\u00e1n lehets\u00e9ges.\",\"knowsAbout\":[\"v\u00e1szonfestm\u00e9ny\",\"k\u00e9zzel festett v\u00e1szonfestm\u00e9nyek\",\"festm\u00e9nyek reprodukci\u00f3i\",\"olajfestm\u00e9ny v\u00e1szonon\",\"akrilfestm\u00e9ny v\u00e1szonon\",\"modern absztrakt m\u0171v\u00e9szet\",\"festm\u00e9ny megrendel\u00e9sre\",\"festm\u00e9nyek megrendel\u00e9sre\",\"festm\u00e9nyek bekeretez\u00e9se\",\"h\u00edres fest\u0151k alkot\u00e1sai\",\"modern festm\u00e9nyek otthonra\",\"festm\u00e9ny aj\u00e1nd\u00e9kba\",\"egyedi v\u00e1szonfestm\u00e9nyek\",\"festm\u00e9nyek h\u00e1zhozsz\u00e1ll\u00edt\u00e1sa\",\"m\u0171v\u00e9szeti gal\u00e9ria\"],\"legalName\":\"Matemero d.o.o.\",\"email\":\"info@svetslik.si\",\"foundingDate\":\"2009\",\"aggregateRating\":{\"@type\":\"AggregateRating\",\"ratingValue\":\"5\",\"reviewCount\":103,\"bestRating\":\"5\",\"worstRating\":\"1\"}}]}<\/script>\n<meta property=\"og:availability\" content=\"backorder\" \/>\n<meta property=\"product:availability\" content=\"available for order\" \/>\n<meta property=\"product:retailer_item_id\" content=\"1402__\" \/>\n<meta property=\"product:condition\" content=\"new\" \/>\n<!-- \/ Yoast SEO Premium plugin. -->","yoast_head_json":{"title":"Az \u00e9let t\u00e1nca \u2013 Edvard Munch | olajfestm\u00e9ny-reprodukci\u00f3","description":"Munch Az \u00e9let t\u00e1nca (1899-1900, Nasjonalmuseet): t\u00e1ncosok a tengerparton, hold alatt. K\u00e9zzel festett olajfestm\u00e9ny v\u00e1sznon, t\u00edz m\u00e9ret, kerettel is.","robots":{"index":"index","follow":"follow","max-snippet":"max-snippet:-1","max-image-preview":"max-image-preview:large","max-video-preview":"max-video-preview:-1"},"canonical":"https:\/\/svetslik.si\/hu\/edvard-munch\/the-dance-of-life\/","og_locale":"hu_HU","og_type":"article","og_title":"Edvard Munch \u2013 Az \u00e9let t\u00e1nca","og_description":"Munch Az \u00e9let t\u00e1nca (1899-1900, Nasjonalmuseet): t\u00e1ncosok a tengerparton, hold alatt. K\u00e9zzel festett olajfestm\u00e9ny v\u00e1sznon, t\u00edz m\u00e9ret, kerettel is.","og_url":"https:\/\/svetslik.si\/hu\/edvard-munch\/the-dance-of-life\/","og_site_name":"SvetSlik.si","article_publisher":"https:\/\/www.facebook.com\/svetslik.si","article_modified_time":"2026-08-23T11:11:54+00:00","og_image":[{"width":4000,"height":2605,"url":"https:\/\/svetslik.si\/wp-content\/uploads\/2026\/08\/edvard-munch-ples-zivljenja-the-dance-of-life-nasjonalmuseet-ngm00941.jpg","type":"image\/jpeg"}],"twitter_card":"summary_large_image","twitter_description":"100% ro\u010dno naslikane slike na platnu, reprodukcije znanih slikarjev in umetni\u0161ke slike po naro\u010dilu.","twitter_site":"@svetslik","twitter_misc":{"El\u00e9rhet\u0151s\u00e9g":"Beszerz\u00e9s alatt"},"schema":{"@context":"https:\/\/schema.org","@graph":[{"@type":["WebPage","ItemPage"],"@id":"https:\/\/svetslik.si\/hu\/edvard-munch\/the-dance-of-life\/","url":"https:\/\/svetslik.si\/hu\/edvard-munch\/the-dance-of-life\/","name":"Az \u00e9let t\u00e1nca \u2013 Edvard Munch | olajfestm\u00e9ny-reprodukci\u00f3","isPartOf":{"@id":"https:\/\/svetslik.si\/hu\/#website"},"primaryImageOfPage":{"@id":"https:\/\/svetslik.si\/hu\/edvard-munch\/the-dance-of-life\/#primaryimage"},"image":{"@id":"https:\/\/svetslik.si\/hu\/edvard-munch\/the-dance-of-life\/#primaryimage"},"thumbnailUrl":"https:\/\/svetslik.si\/wp-content\/uploads\/2026\/08\/edvard-munch-ples-zivljenja-the-dance-of-life-nasjonalmuseet-ngm00941.jpg","datePublished":"2026-08-14T07:28:38+00:00","dateModified":"2026-08-23T11:11:54+00:00","description":"Munch Az \u00e9let t\u00e1nca (1899-1900, Nasjonalmuseet): t\u00e1ncosok a tengerparton, hold alatt. K\u00e9zzel festett olajfestm\u00e9ny v\u00e1sznon, t\u00edz m\u00e9ret, kerettel is.","breadcrumb":{"@id":"https:\/\/svetslik.si\/hu\/edvard-munch\/the-dance-of-life\/#breadcrumb"},"inLanguage":"hu","potentialAction":[{"@type":"ReadAction","target":["https:\/\/svetslik.si\/hu\/edvard-munch\/the-dance-of-life\/"]}]},{"@type":"ImageObject","inLanguage":"hu","@id":"https:\/\/svetslik.si\/hu\/edvard-munch\/the-dance-of-life\/#primaryimage","url":"https:\/\/svetslik.si\/wp-content\/uploads\/2026\/08\/edvard-munch-ples-zivljenja-the-dance-of-life-nasjonalmuseet-ngm00941.jpg","contentUrl":"https:\/\/svetslik.si\/wp-content\/uploads\/2026\/08\/edvard-munch-ples-zivljenja-the-dance-of-life-nasjonalmuseet-ngm00941.jpg","width":4000,"height":2605,"caption":"Edvard Munch Az \u00e9let t\u00e1nca c\u00edm\u0171 m\u0171ve, 1899-1900: egy p\u00e1r t\u00e1ncol a tenger melletti f\u00fcv\u00f6n, balra feh\u00e9r ruh\u00e1s n\u0151 \u00e1ll, jobbra fekete ruh\u00e1s, a v\u00edzen pedig f\u00e9nyoszlopk\u00e9nt ny\u00falik el a hold t\u00fckr\u00f6z\u0151d\u00e9se \u2013 k\u00e9zzel festett olajfestm\u00e9ny v\u00e1sznon, t\u00edz m\u00e9retben. Az eredeti f\u00e9nyk\u00e9pe: Nasjonalmuseet, CC BY 4.0."},{"@type":"BreadcrumbList","@id":"https:\/\/svetslik.si\/hu\/edvard-munch\/the-dance-of-life\/#breadcrumb","itemListElement":[{"@type":"ListItem","position":1,"name":"Fali m\u0171v\u00e9szet \u00e9s festm\u00e9nyek v\u00e1szonra","item":"https:\/\/svetslik.si\/hu\/vaszonfestmenyek-svetslik-si-100-kezzel-festett-festoi-reprodukciok-es-vaszonfestmenyek\/"},{"@type":"ListItem","position":2,"name":"Festm\u00e9nyek elad\u00e1sa","item":"https:\/\/svetslik.si\/hu\/festmenyek-eladasa\/"},{"@type":"ListItem","position":3,"name":"Edvard Munch \u2013 Az \u00e9let t\u00e1nca"}]},{"@type":"WebSite","@id":"https:\/\/svetslik.si\/hu\/#website","url":"https:\/\/svetslik.si\/hu\/","name":"SvetSlik.si","description":"K\u00e9zzel festett festm\u00e9nyek v\u00e1sznon \u2013 h\u00edres fest\u0151k reprodukci\u00f3i, absztrakt \u00e9s modern mot\u00edvumok, egyedi rendel\u00e9sre is.","publisher":{"@id":"https:\/\/svetslik.si\/hu\/#organization"},"potentialAction":[{"@type":"SearchAction","target":{"@type":"EntryPoint","urlTemplate":"https:\/\/svetslik.si\/hu\/?s={search_term_string}"},"query-input":{"@type":"PropertyValueSpecification","valueRequired":true,"valueName":"search_term_string"}}],"inLanguage":"hu","alternateName":"K\u00e9zzel festett festm\u00e9nyek online gal\u00e9ri\u00e1ja"},{"@type":["Organization","Store"],"@id":"https:\/\/svetslik.si\/hu\/#organization","name":"SvetSlik.si","url":"https:\/\/svetslik.si\/hu\/","logo":{"@type":"ImageObject","inLanguage":"hu","@id":"https:\/\/svetslik.si\/hu\/#\/schema\/logo\/image\/","url":"https:\/\/svetslik.si\/wp-content\/uploads\/2020\/12\/logo-512.png","contentUrl":"https:\/\/svetslik.si\/wp-content\/uploads\/2020\/12\/logo-512.png","width":512,"height":512,"caption":"SvetSlik.si"},"image":{"@id":"https:\/\/svetslik.si\/hu\/#\/schema\/logo\/image\/"},"sameAs":["https:\/\/www.facebook.com\/svetslik.si","https:\/\/x.com\/svetslik","https:\/\/www.instagram.com\/svetslik.si\/","https:\/\/www.linkedin.com\/company\/svetslik-si","https:\/\/www.google.com\/maps\/place\/?q=place_id:ChIJaybyg-XHekcRwZCqYrxOGjY"],"address":{"@type":"PostalAddress","streetAddress":"Zgornje Bitnje 146a","addressLocality":"\u017dabnica","postalCode":"4209","addressCountry":"SI"},"hasMap":"https:\/\/www.google.com\/maps\/place\/?q=place_id:ChIJaybyg-XHekcRwZCqYrxOGjY","telephone":"+38651675637","openingHoursSpecification":[{"@type":"OpeningHoursSpecification","dayOfWeek":["https:\/\/schema.org\/Monday","https:\/\/schema.org\/Tuesday","https:\/\/schema.org\/Wednesday","https:\/\/schema.org\/Thursday","https:\/\/schema.org\/Friday"],"opens":"09:00","closes":"20:00"}],"description":"K\u00e9zzel festett v\u00e1szonfestm\u00e9nyek \u2013 rendelje meg online vagy e-mailben. Megtekint\u00e9s el\u0151zetes egyeztet\u00e9s alapj\u00e1n lehets\u00e9ges.","knowsAbout":["v\u00e1szonfestm\u00e9ny","k\u00e9zzel festett v\u00e1szonfestm\u00e9nyek","festm\u00e9nyek reprodukci\u00f3i","olajfestm\u00e9ny v\u00e1szonon","akrilfestm\u00e9ny v\u00e1szonon","modern absztrakt m\u0171v\u00e9szet","festm\u00e9ny megrendel\u00e9sre","festm\u00e9nyek megrendel\u00e9sre","festm\u00e9nyek bekeretez\u00e9se","h\u00edres fest\u0151k alkot\u00e1sai","modern festm\u00e9nyek otthonra","festm\u00e9ny aj\u00e1nd\u00e9kba","egyedi v\u00e1szonfestm\u00e9nyek","festm\u00e9nyek h\u00e1zhozsz\u00e1ll\u00edt\u00e1sa","m\u0171v\u00e9szeti gal\u00e9ria"],"legalName":"Matemero d.o.o.","email":"info@svetslik.si","foundingDate":"2009","aggregateRating":{"@type":"AggregateRating","ratingValue":"5","reviewCount":103,"bestRating":"5","worstRating":"1"}}]},"og_availability":"backorder","product_availability":"available for order","product_retailer_item_id":"1402__","product_condition":"new"},"_links":{"self":[{"href":"https:\/\/svetslik.si\/hu\/wp-json\/wp\/v2\/product\/185837","targetHints":{"allow":["GET"]}}],"collection":[{"href":"https:\/\/svetslik.si\/hu\/wp-json\/wp\/v2\/product"}],"about":[{"href":"https:\/\/svetslik.si\/hu\/wp-json\/wp\/v2\/types\/product"}],"wp:featuredmedia":[{"embeddable":true,"href":"https:\/\/svetslik.si\/hu\/wp-json\/wp\/v2\/media\/185831"}],"wp:attachment":[{"href":"https:\/\/svetslik.si\/hu\/wp-json\/wp\/v2\/media?parent=185837"}],"wp:term":[{"taxonomy":"product_brand","embeddable":true,"href":"https:\/\/svetslik.si\/hu\/wp-json\/wp\/v2\/product_brand?post=185837"},{"taxonomy":"product_cat","embeddable":true,"href":"https:\/\/svetslik.si\/hu\/wp-json\/wp\/v2\/product_cat?post=185837"},{"taxonomy":"product_tag","embeddable":true,"href":"https:\/\/svetslik.si\/hu\/wp-json\/wp\/v2\/product_tag?post=185837"}],"curies":[{"name":"wp","href":"https:\/\/api.w.org\/{rel}","templated":true}]}}