{"id":186109,"date":"2026-08-14T09:42:39","date_gmt":"2026-08-14T07:42:39","guid":{"rendered":"https:\/\/svetslik.si\/nekategorizirano\/the-girls-on-the-bridge-5\/"},"modified":"2026-08-24T11:51:00","modified_gmt":"2026-08-24T09:51:00","slug":"the-girls-on-the-bridge","status":"publish","type":"product","link":"https:\/\/svetslik.si\/hu\/edvard-munch\/the-girls-on-the-bridge\/","title":{"rendered":"Edvard Munch \u2013 L\u00e1nyok a h\u00eddon"},"content":{"rendered":"<div class=\"wpb-content-wrapper\">[vc_row][vc_column][vc_column_text]\n<h2>L\u00e1nyok a h\u00eddon<\/h2>\n<p>Edvard Munch L\u00e1nyok a h\u00eddon c\u00edm\u0171 festm\u00e9ny\u00e9t, olaj, v\u00e1szon, az osl\u00f3i Nemzeti M\u00fazeum (Nasjonalmuseet) \u0151rzi NG.M.00844 lelt\u00e1ri sz\u00e1mon. A m\u00fazeum \u00f3vatosan keltezi, feltehet\u0151en 1901-re, \u00e9s ezt az \u00f3vatoss\u00e1got mi is megtartjuk, ahelyett hogy sima \u00e9vsz\u00e1mm\u00e1 merev\u00edten\u00e9nk. Az eredeti 125 x 136 cm nagys\u00e1g\u00fa, \u00e9s h\u00e1rom fiatal n\u0151t mutat egy st\u00e9g feh\u00e9r korl\u00e1tj\u00e1n\u00e1l.<\/p>\n<p>Az els\u0151 vil\u00e1gos ruh\u00e1ban \u00e1ll, a n\u00e9z\u0151nek h\u00e1ttal, a m\u00e1sodik szalmakalapot visel, a harmadik m\u00f6g\u00f6tt\u00fck \u00e1ll. Mindh\u00e1rman nyugodt sz\u00ednfel\u00fcletekk\u00e9nt vannak megadva, kidolgozott arc n\u00e9lk\u00fcl; a v\u00edz fel\u00e9 fordulnak, nem fel\u00e9nk. A feh\u00e9r korl\u00e1t ferd\u00e9n fut a m\u00e9lys\u00e9gbe, \u00e9s kett\u00e9osztja a jelenetet. A l\u00e1nyok m\u00f6g\u00f6tt hatalmas s\u00f6t\u00e9t h\u00e1rsfakorona emelkedik, amely csaknem a teljes jobb fels\u0151 negyedet elfoglalja, mellette pedig vil\u00e1gos h\u00e1z \u00e1ll s\u00f6t\u00e9t tet\u0151vel. Az \u00e9gen alacsonyan, balra halv\u00e1ny hold \u00fcl. Lent a mozdulatlan v\u00edz visszat\u00fckr\u00f6zi a partot \u00e9s a koron\u00e1t, \u00edgy a jelenet lefel\u00e9 megkett\u0151z\u0151dik, \u00e9s m\u00e9lyebb\u00e9 v\u00e1lik, mint amilyen val\u00f3j\u00e1ban. A korl\u00e1t, a part \u00e9s a t\u00fck\u00f6rk\u00e9p h\u00e1rom p\u00e1rhuzamos \u00e1tl\u00f3t alkot, amelyek mind egy ir\u00e1nyba futnak; az egyetlen ellenir\u00e1ny a lombkorona, \u00e9s ez\u00e9rt hat olyan neh\u00e9znek.<\/p>\n<p>A jelenet \u00c5sg\u00e5rdstrandb\u00f3l val\u00f3, egy Osl\u00f3t\u00f3l d\u00e9lre fekv\u0151 kis tengerparti helyr\u0151l, ahol Munchnak nyaral\u00f3ja volt. Amit a c\u00edm h\u00eddnak nevez, val\u00f3j\u00e1ban f\u00e1b\u00f3l k\u00e9sz\u00fclt st\u00e9g a part ment\u00e9n. A mot\u00edvum \u00e9vtizedekig fogva tartotta, \u00e9s m\u0171vek meg grafik\u00e1k hossz\u00fa sor\u00e1n vezette v\u00e9gig; ez a v\u00e1ltozat a legkor\u00e1bbiak k\u00f6z\u00e9 tartozik, \u00e9s el\u0151sz\u00f6r Ny\u00e1ri \u00e9jszaka c\u00edmen \u00e1ll\u00edtott\u00e1k ki. A v\u00e1sznat 1909-ben Olaf Schou gy\u0171jt\u0151 aj\u00e1nd\u00e9kozta a m\u00fazeumnak. A l\u00e1nyok nem meghat\u00e1rozott szem\u00e9lyek arcm\u00e1sai: Munch t\u00f6bbsz\u00f6r megfestette \u0151ket csoportk\u00e9nt, amely a vizet n\u00e9zi, \u00e9s mindig kidolgozott arcvon\u00e1sok n\u00e9lk\u00fcl. A c\u00edm ez\u00e9rt f\u00e9lrevezet\u0151 is lehet: nem h\u00e1rom megnevezett l\u00e1nyr\u00f3l van sz\u00f3, hanem a ny\u00e1ri \u00e9jszaka egy helyzet\u00e9r\u0151l, amelyben a v\u00edz \u00e9s a fa t\u00f6bbet mond, mint az alakok.<\/p>\n<p>A fest\u00e9k sz\u00e9les, l\u00e1gy fel\u00fcletekben van felhordva, amelyek nem k\u00fczdenek egym\u00e1ssal. A k\u00f6rvonalak egyszer\u0171s\u00edtettek, a r\u00e9szletek elhagyva: a ruh\u00e1k egy-egy von\u00e1s, a korl\u00e1t egy vonal, a korona egyetlen s\u00f6t\u00e9t t\u00f6meg. A paletta a ny\u00e1ri \u00e9jszak\u00e1\u00e9 \u2013 halv\u00e1ny s\u00e1rga, z\u00f6ld, v\u00f6r\u00f6ses ruha \u00e9s a m\u00e9lyk\u00e9kesz\u00f6ld korona -, \u00e9s \u00e9ppen a vil\u00e1gos el\u0151t\u00e9r meg a s\u00f6t\u00e9t h\u00e1tt\u00e9r viszonya hordozza az eg\u00e9sz fesz\u00fclts\u00e9get. A von\u00e1sok hossz\u00faak, \u00e9s p\u00e1rhuzamosan simulnak ahhoz a fel\u00fclethez, amelyet fel\u00e9p\u00edtenek; sehol nincs apr\u00f3 rajz, amely visszatartan\u00e1 a tekintetet.<\/p>\n<p>A mi\u00e9nket a fest\u0151 k\u00e9zzel festi meg olajjal v\u00e1szonra, ecsetvon\u00e1sr\u00f3l ecsetvon\u00e1sra, rendel\u00e9sre, \u00e9s sohasem nyomat. Mivel minden v\u00e1szon egyenk\u00e9nt k\u00e9sz\u00fcl, a t\u00f3nusok \u00e9s a von\u00e1sok darabonk\u00e9nt kiss\u00e9 elt\u00e9rnek; ezek az apr\u00f3 k\u00fcl\u00f6nbs\u00e9gek a k\u00e9z nyomai. A legnehezebb r\u00e9sz a lombkorona, amelynek neh\u00e9znek \u00e9s s\u0171r\u0171nek kell maradnia an\u00e9lk\u00fcl, hogy fekete lyukk\u00e1 v\u00e1ln\u00e9k. Faldekor\u00e1ci\u00f3k\u00e9nt ez azon mot\u00edvumok k\u00f6z\u00e9 tartozik, ahol az \u00e1tmenetek l\u00e1gys\u00e1ga megh\u00e1l\u00e1lja a gondoss\u00e1got.<\/p>\n<p>A form\u00e1tum csaknem n\u00e9gyzetes, a hangulat nyugodt \u00e9s ny\u00e1rias, ez\u00e9rt a festm\u00e9ny j\u00f3l illik nappaliba, h\u00e1l\u00f3szob\u00e1ba vagy \u00e9tkez\u0151be. Vil\u00e1gos, meleg fal szolg\u00e1lja a legjobban, \u00e9s t\u00e1mogatja a part halv\u00e1ny s\u00e1rg\u00e1j\u00e1t; hideg sz\u00fcrke fal el\u0151tt a jelenet elvesz\u00edti ny\u00e1ri f\u00e9ny\u00e9t. Szemmagass\u00e1gban helyezze el, l\u00e1gy f\u00e9nyben. Fali festm\u00e9nyk\u00e9nt egyed\u00fcl a falon \u00e9rv\u00e9nyes\u00fcl a legjobban, hiszen a mot\u00edvum el\u00e9g nyugodt ahhoz, hogy ne kelljen mell\u00e9 szomsz\u00e9d. Mivel a form\u00e1tum csaknem n\u00e9gyzetes, sz\u00e9lesebb falon, alacsony b\u00fator f\u00f6l\u00f6tt is j\u00f3l mutat.<\/p>\n<p>T\u00edz m\u00e9ret v\u00e1laszthat\u00f3, valamint egyedi m\u00e9ret is, \u00e9s minden v\u00e1szon megrendelhet\u0151 kerettel vagy keret n\u00e9lk\u00fcl. A keretet 3D alkalmaz\u00e1sunkban v\u00e1lasztja ki, ahol l\u00e9ceket \u00e9s sz\u00edneket pr\u00f3b\u00e1lhat ki ezen a mot\u00edvumon; vil\u00e1gos fa l\u00e9c t\u00e1mogatja a ny\u00e1ri t\u00f3nust. A m\u0171v\u00e9sz tov\u00e1bbi munk\u00e1i az <a href=\"https:\/\/svetslik.si\/hu\/edvard-munch\/\">Edvard Munch gal\u00e9ri\u00e1ban<\/a> tal\u00e1lhat\u00f3k, \u00e9let\u00e9r\u0151l \u00e9s fest\u00e9szet\u00e9r\u0151l pedig az <a href=\"https:\/\/svetslik.si\/hu\/edvard-munch-blog\/\">Edvard Munch blogon<\/a> \u00edrunk.<\/p>\n<table style=\"width: 673px;\" border=\"0\" width=\"673\" cellspacing=\"0\" cellpadding=\"0\">\n<tbody>\n<tr>\n<td style=\"width: 180px; height: 21px;\" height=\"21\">Keletkez\u00e9s \u00e9ve:<\/td>\n<td style=\"width: 493px;\">feltehet\u0151en 1901<\/td>\n<\/tr>\n<tr>\n<td style=\"width: 180px; height: 21px;\" height=\"21\">Eredeti m\u00e9ret:<\/td>\n<td style=\"width: 493px;\">125 cm x 136 cm<\/td>\n<\/tr>\n<tr>\n<td style=\"width: 180px; height: 21px;\" height=\"21\">St\u00edlus:<\/td>\n<td style=\"width: 493px;\">Expresszionizmus<\/td>\n<\/tr>\n<tr>\n<td style=\"width: 180px; height: 21px;\" height=\"21\">Eredeti technika:<\/td>\n<td style=\"width: 493px;\">Olaj, v\u00e1szon<\/td>\n<\/tr>\n<tr>\n<td style=\"width: 180px; height: 21px;\" height=\"21\">Tal\u00e1lhat\u00f3:<\/td>\n<td style=\"width: 493px;\">Nemzeti M\u00fazeum (Nasjonalmuseet), Oslo<\/td>\n<\/tr>\n<\/tbody>\n<colgroup>\n<col \/>\n<col \/> <\/colgroup>\n<\/table>\n[\/vc_column_text][\/vc_column][\/vc_row]\n<\/div>","protected":false},"excerpt":{"rendered":"<p>A jelenet st\u00e9g a parton: h\u00e1rom l\u00e1ny \u00e1ll a feh\u00e9r korl\u00e1tn\u00e1l, m\u00f6g\u00f6tt\u00fck s\u00f6t\u00e9t h\u00e1rsfakorona \u00e9s vil\u00e1gos h\u00e1z emelkedik, balra s\u00e1padt hold f\u00fcgg. N\u00e1lunk k\u00e9zzel festett festm\u00e9ny k\u00e9sz\u00fcl bel\u0151le, olaj v\u00e1sznon.<\/p>\n","protected":false},"featured_media":186103,"template":"","meta":{"_acf_changed":false},"product_brand":[],"product_cat":[7140],"product_tag":[7183,11885,11886,11887],"class_list":["post-186109","product","type-product","status-publish","has-post-thumbnail","product_cat-edvard-munch","product_tag-munch-hu","product_tag-painter-hu","product_tag-reproduction","product_tag-reproductions-hu","pa_dimenzija-100-x-110-cm","pa_dimenzija-110-x-120-cm","pa_dimenzija-127-x-140-cm","pa_dimenzija-150-cm-x-165-cm","pa_dimenzija-160-cm-x-175-cm","pa_dimenzija-180-cm-x-195-cm","pa_dimenzija-50-x-55-cm","pa_dimenzija-60-x-65-cm","pa_dimenzija-70-cm-x-77-cm","pa_dimenzija-80-x-85-cm","pa_oblika-fuggoleges","pa_okvir-nincs-keret","pa_podokvir-igen","pa_podokvir-nem","first","onbackorder","purchasable","product-type-variable","has-default-attributes"],"acf":[],"yoast_head":"<!-- This site is optimized with the Yoast SEO Premium plugin v27.7 (Yoast SEO v27.7) - https:\/\/yoast.com\/product\/yoast-seo-premium-wordpress\/ -->\n<title>L\u00e1nyok a h\u00eddon \u2013 Edvard Munch | faldekor\u00e1ci\u00f3<\/title>\n<meta name=\"description\" content=\"Munch L\u00e1nyok a h\u00eddon (feltehet\u0151en 1901, Nasjonalmuseet): h\u00e1rom l\u00e1ny a feh\u00e9r korl\u00e1tn\u00e1l. K\u00e9zzel festett olajfestm\u00e9ny v\u00e1sznon, t\u00edz m\u00e9ret, kerettel is.\" \/>\n<meta name=\"robots\" content=\"index, follow, max-snippet:-1, max-image-preview:large, max-video-preview:-1\" \/>\n<link rel=\"canonical\" href=\"https:\/\/svetslik.si\/hu\/edvard-munch\/the-girls-on-the-bridge\/\" \/>\n<meta property=\"og:locale\" content=\"hu_HU\" \/>\n<meta property=\"og:type\" content=\"article\" \/>\n<meta property=\"og:title\" content=\"Edvard Munch \u2013 L\u00e1nyok a h\u00eddon\" \/>\n<meta property=\"og:description\" content=\"Munch L\u00e1nyok a h\u00eddon (feltehet\u0151en 1901, Nasjonalmuseet): h\u00e1rom l\u00e1ny a feh\u00e9r korl\u00e1tn\u00e1l. K\u00e9zzel festett olajfestm\u00e9ny v\u00e1sznon, t\u00edz m\u00e9ret, kerettel is.\" \/>\n<meta property=\"og:url\" content=\"https:\/\/svetslik.si\/hu\/edvard-munch\/the-girls-on-the-bridge\/\" \/>\n<meta property=\"og:site_name\" content=\"SvetSlik.si\" \/>\n<meta property=\"article:publisher\" content=\"https:\/\/www.facebook.com\/svetslik.si\" \/>\n<meta property=\"article:modified_time\" content=\"2026-08-24T09:51:00+00:00\" \/>\n<meta property=\"og:image\" content=\"https:\/\/svetslik.si\/wp-content\/uploads\/2026\/08\/edvard-munch-dekleta-na-mostu-the-girls-on-the-bridge-nasjonalmuseet-ngm00844.jpg\" \/>\n\t<meta property=\"og:image:width\" content=\"3659\" \/>\n\t<meta property=\"og:image:height\" content=\"4000\" \/>\n\t<meta property=\"og:image:type\" content=\"image\/jpeg\" \/>\n<meta name=\"twitter:card\" content=\"summary_large_image\" \/>\n<meta name=\"twitter:description\" content=\"100% ro\u010dno naslikane slike na platnu, reprodukcije znanih slikarjev in umetni\u0161ke slike po naro\u010dilu.\" \/>\n<meta name=\"twitter:site\" content=\"@svetslik\" \/>\n<meta name=\"twitter:label1\" content=\"El\u00e9rhet\u0151s\u00e9g\" \/>\n\t<meta name=\"twitter:data1\" content=\"Beszerz\u00e9s alatt\" \/>\n<script type=\"application\/ld+json\" class=\"yoast-schema-graph\">{\"@context\":\"https:\\\/\\\/schema.org\",\"@graph\":[{\"@type\":[\"WebPage\",\"ItemPage\"],\"@id\":\"https:\\\/\\\/svetslik.si\\\/hu\\\/edvard-munch\\\/the-girls-on-the-bridge\\\/\",\"url\":\"https:\\\/\\\/svetslik.si\\\/hu\\\/edvard-munch\\\/the-girls-on-the-bridge\\\/\",\"name\":\"L\u00e1nyok a h\u00eddon \u2013 Edvard Munch | faldekor\u00e1ci\u00f3\",\"isPartOf\":{\"@id\":\"https:\\\/\\\/svetslik.si\\\/hu\\\/#website\"},\"primaryImageOfPage\":{\"@id\":\"https:\\\/\\\/svetslik.si\\\/hu\\\/edvard-munch\\\/the-girls-on-the-bridge\\\/#primaryimage\"},\"image\":{\"@id\":\"https:\\\/\\\/svetslik.si\\\/hu\\\/edvard-munch\\\/the-girls-on-the-bridge\\\/#primaryimage\"},\"thumbnailUrl\":\"https:\\\/\\\/svetslik.si\\\/wp-content\\\/uploads\\\/2026\\\/08\\\/edvard-munch-dekleta-na-mostu-the-girls-on-the-bridge-nasjonalmuseet-ngm00844.jpg\",\"datePublished\":\"2026-08-14T07:42:39+00:00\",\"dateModified\":\"2026-08-24T09:51:00+00:00\",\"description\":\"Munch L\u00e1nyok a h\u00eddon (feltehet\u0151en 1901, Nasjonalmuseet): h\u00e1rom l\u00e1ny a feh\u00e9r korl\u00e1tn\u00e1l. K\u00e9zzel festett olajfestm\u00e9ny v\u00e1sznon, t\u00edz m\u00e9ret, kerettel is.\",\"breadcrumb\":{\"@id\":\"https:\\\/\\\/svetslik.si\\\/hu\\\/edvard-munch\\\/the-girls-on-the-bridge\\\/#breadcrumb\"},\"inLanguage\":\"hu\",\"potentialAction\":[{\"@type\":\"ReadAction\",\"target\":[\"https:\\\/\\\/svetslik.si\\\/hu\\\/edvard-munch\\\/the-girls-on-the-bridge\\\/\"]}]},{\"@type\":\"ImageObject\",\"inLanguage\":\"hu\",\"@id\":\"https:\\\/\\\/svetslik.si\\\/hu\\\/edvard-munch\\\/the-girls-on-the-bridge\\\/#primaryimage\",\"url\":\"https:\\\/\\\/svetslik.si\\\/wp-content\\\/uploads\\\/2026\\\/08\\\/edvard-munch-dekleta-na-mostu-the-girls-on-the-bridge-nasjonalmuseet-ngm00844.jpg\",\"contentUrl\":\"https:\\\/\\\/svetslik.si\\\/wp-content\\\/uploads\\\/2026\\\/08\\\/edvard-munch-dekleta-na-mostu-the-girls-on-the-bridge-nasjonalmuseet-ngm00844.jpg\",\"width\":3659,\"height\":4000,\"caption\":\"Edvard Munch L\u00e1nyok a h\u00eddon c\u00edm\u0171 m\u0171ve, amelyet a m\u00fazeum feltehet\u0151en 1901-re dat\u00e1l: h\u00e1rom fiatal n\u0151 \u00e1ll egy st\u00e9g feh\u00e9r korl\u00e1tj\u00e1n\u00e1l, m\u00f6g\u00f6tt\u00fck s\u00f6t\u00e9t h\u00e1rsfakorona \u00e9s vil\u00e1gos h\u00e1z emelkedik, balra s\u00e1padt hold \u00e1ll alacsonyan az \u00e9gen \u2013 k\u00e9zzel festett olajfestm\u00e9ny v\u00e1sznon, t\u00edz m\u00e9retben. Az eredeti f\u00e9nyk\u00e9pe: Nasjonalmuseet, CC BY 4.0.\"},{\"@type\":\"BreadcrumbList\",\"@id\":\"https:\\\/\\\/svetslik.si\\\/hu\\\/edvard-munch\\\/the-girls-on-the-bridge\\\/#breadcrumb\",\"itemListElement\":[{\"@type\":\"ListItem\",\"position\":1,\"name\":\"Fali m\u0171v\u00e9szet \u00e9s festm\u00e9nyek v\u00e1szonra\",\"item\":\"https:\\\/\\\/svetslik.si\\\/hu\\\/vaszonfestmenyek-svetslik-si-100-kezzel-festett-festoi-reprodukciok-es-vaszonfestmenyek\\\/\"},{\"@type\":\"ListItem\",\"position\":2,\"name\":\"Festm\u00e9nyek elad\u00e1sa\",\"item\":\"https:\\\/\\\/svetslik.si\\\/hu\\\/festmenyek-eladasa\\\/\"},{\"@type\":\"ListItem\",\"position\":3,\"name\":\"Edvard Munch \u2013 L\u00e1nyok a h\u00eddon\"}]},{\"@type\":\"WebSite\",\"@id\":\"https:\\\/\\\/svetslik.si\\\/hu\\\/#website\",\"url\":\"https:\\\/\\\/svetslik.si\\\/hu\\\/\",\"name\":\"SvetSlik.si\",\"description\":\"K\u00e9zzel festett festm\u00e9nyek v\u00e1sznon \u2013 h\u00edres fest\u0151k reprodukci\u00f3i, absztrakt \u00e9s modern mot\u00edvumok, egyedi rendel\u00e9sre is.\",\"publisher\":{\"@id\":\"https:\\\/\\\/svetslik.si\\\/hu\\\/#organization\"},\"potentialAction\":[{\"@type\":\"SearchAction\",\"target\":{\"@type\":\"EntryPoint\",\"urlTemplate\":\"https:\\\/\\\/svetslik.si\\\/hu\\\/?s={search_term_string}\"},\"query-input\":{\"@type\":\"PropertyValueSpecification\",\"valueRequired\":true,\"valueName\":\"search_term_string\"}}],\"inLanguage\":\"hu\",\"alternateName\":\"K\u00e9zzel festett festm\u00e9nyek online gal\u00e9ri\u00e1ja\"},{\"@type\":[\"Organization\",\"Store\"],\"@id\":\"https:\\\/\\\/svetslik.si\\\/hu\\\/#organization\",\"name\":\"SvetSlik.si\",\"url\":\"https:\\\/\\\/svetslik.si\\\/hu\\\/\",\"logo\":{\"@type\":\"ImageObject\",\"inLanguage\":\"hu\",\"@id\":\"https:\\\/\\\/svetslik.si\\\/hu\\\/#\\\/schema\\\/logo\\\/image\\\/\",\"url\":\"https:\\\/\\\/svetslik.si\\\/wp-content\\\/uploads\\\/2020\\\/12\\\/logo-512.png\",\"contentUrl\":\"https:\\\/\\\/svetslik.si\\\/wp-content\\\/uploads\\\/2020\\\/12\\\/logo-512.png\",\"width\":512,\"height\":512,\"caption\":\"SvetSlik.si\"},\"image\":{\"@id\":\"https:\\\/\\\/svetslik.si\\\/hu\\\/#\\\/schema\\\/logo\\\/image\\\/\"},\"sameAs\":[\"https:\\\/\\\/www.facebook.com\\\/svetslik.si\",\"https:\\\/\\\/x.com\\\/svetslik\",\"https:\\\/\\\/www.instagram.com\\\/svetslik.si\\\/\",\"https:\\\/\\\/www.linkedin.com\\\/company\\\/svetslik-si\",\"https:\\\/\\\/www.google.com\\\/maps\\\/place\\\/?q=place_id:ChIJaybyg-XHekcRwZCqYrxOGjY\"],\"address\":{\"@type\":\"PostalAddress\",\"streetAddress\":\"Zgornje Bitnje 146a\",\"addressLocality\":\"\u017dabnica\",\"postalCode\":\"4209\",\"addressCountry\":\"SI\"},\"hasMap\":\"https:\\\/\\\/www.google.com\\\/maps\\\/place\\\/?q=place_id:ChIJaybyg-XHekcRwZCqYrxOGjY\",\"telephone\":\"+38651675637\",\"openingHoursSpecification\":[{\"@type\":\"OpeningHoursSpecification\",\"dayOfWeek\":[\"https:\\\/\\\/schema.org\\\/Monday\",\"https:\\\/\\\/schema.org\\\/Tuesday\",\"https:\\\/\\\/schema.org\\\/Wednesday\",\"https:\\\/\\\/schema.org\\\/Thursday\",\"https:\\\/\\\/schema.org\\\/Friday\"],\"opens\":\"09:00\",\"closes\":\"20:00\"}],\"description\":\"K\u00e9zzel festett v\u00e1szonfestm\u00e9nyek \u2013 rendelje meg online vagy e-mailben. Megtekint\u00e9s el\u0151zetes egyeztet\u00e9s alapj\u00e1n lehets\u00e9ges.\",\"knowsAbout\":[\"v\u00e1szonfestm\u00e9ny\",\"k\u00e9zzel festett v\u00e1szonfestm\u00e9nyek\",\"festm\u00e9nyek reprodukci\u00f3i\",\"olajfestm\u00e9ny v\u00e1szonon\",\"akrilfestm\u00e9ny v\u00e1szonon\",\"modern absztrakt m\u0171v\u00e9szet\",\"festm\u00e9ny megrendel\u00e9sre\",\"festm\u00e9nyek megrendel\u00e9sre\",\"festm\u00e9nyek bekeretez\u00e9se\",\"h\u00edres fest\u0151k alkot\u00e1sai\",\"modern festm\u00e9nyek otthonra\",\"festm\u00e9ny aj\u00e1nd\u00e9kba\",\"egyedi v\u00e1szonfestm\u00e9nyek\",\"festm\u00e9nyek h\u00e1zhozsz\u00e1ll\u00edt\u00e1sa\",\"m\u0171v\u00e9szeti gal\u00e9ria\"],\"legalName\":\"Matemero d.o.o.\",\"email\":\"info@svetslik.si\",\"foundingDate\":\"2009\",\"aggregateRating\":{\"@type\":\"AggregateRating\",\"ratingValue\":\"5\",\"reviewCount\":103,\"bestRating\":\"5\",\"worstRating\":\"1\"}}]}<\/script>\n<meta property=\"og:availability\" content=\"backorder\" \/>\n<meta property=\"product:availability\" content=\"available for order\" \/>\n<meta property=\"product:retailer_item_id\" content=\"1403__\" \/>\n<meta property=\"product:condition\" content=\"new\" \/>\n<!-- \/ Yoast SEO Premium plugin. -->","yoast_head_json":{"title":"L\u00e1nyok a h\u00eddon \u2013 Edvard Munch | faldekor\u00e1ci\u00f3","description":"Munch L\u00e1nyok a h\u00eddon (feltehet\u0151en 1901, Nasjonalmuseet): h\u00e1rom l\u00e1ny a feh\u00e9r korl\u00e1tn\u00e1l. K\u00e9zzel festett olajfestm\u00e9ny v\u00e1sznon, t\u00edz m\u00e9ret, kerettel is.","robots":{"index":"index","follow":"follow","max-snippet":"max-snippet:-1","max-image-preview":"max-image-preview:large","max-video-preview":"max-video-preview:-1"},"canonical":"https:\/\/svetslik.si\/hu\/edvard-munch\/the-girls-on-the-bridge\/","og_locale":"hu_HU","og_type":"article","og_title":"Edvard Munch \u2013 L\u00e1nyok a h\u00eddon","og_description":"Munch L\u00e1nyok a h\u00eddon (feltehet\u0151en 1901, Nasjonalmuseet): h\u00e1rom l\u00e1ny a feh\u00e9r korl\u00e1tn\u00e1l. K\u00e9zzel festett olajfestm\u00e9ny v\u00e1sznon, t\u00edz m\u00e9ret, kerettel is.","og_url":"https:\/\/svetslik.si\/hu\/edvard-munch\/the-girls-on-the-bridge\/","og_site_name":"SvetSlik.si","article_publisher":"https:\/\/www.facebook.com\/svetslik.si","article_modified_time":"2026-08-24T09:51:00+00:00","og_image":[{"width":3659,"height":4000,"url":"https:\/\/svetslik.si\/wp-content\/uploads\/2026\/08\/edvard-munch-dekleta-na-mostu-the-girls-on-the-bridge-nasjonalmuseet-ngm00844.jpg","type":"image\/jpeg"}],"twitter_card":"summary_large_image","twitter_description":"100% ro\u010dno naslikane slike na platnu, reprodukcije znanih slikarjev in umetni\u0161ke slike po naro\u010dilu.","twitter_site":"@svetslik","twitter_misc":{"El\u00e9rhet\u0151s\u00e9g":"Beszerz\u00e9s alatt"},"schema":{"@context":"https:\/\/schema.org","@graph":[{"@type":["WebPage","ItemPage"],"@id":"https:\/\/svetslik.si\/hu\/edvard-munch\/the-girls-on-the-bridge\/","url":"https:\/\/svetslik.si\/hu\/edvard-munch\/the-girls-on-the-bridge\/","name":"L\u00e1nyok a h\u00eddon \u2013 Edvard Munch | faldekor\u00e1ci\u00f3","isPartOf":{"@id":"https:\/\/svetslik.si\/hu\/#website"},"primaryImageOfPage":{"@id":"https:\/\/svetslik.si\/hu\/edvard-munch\/the-girls-on-the-bridge\/#primaryimage"},"image":{"@id":"https:\/\/svetslik.si\/hu\/edvard-munch\/the-girls-on-the-bridge\/#primaryimage"},"thumbnailUrl":"https:\/\/svetslik.si\/wp-content\/uploads\/2026\/08\/edvard-munch-dekleta-na-mostu-the-girls-on-the-bridge-nasjonalmuseet-ngm00844.jpg","datePublished":"2026-08-14T07:42:39+00:00","dateModified":"2026-08-24T09:51:00+00:00","description":"Munch L\u00e1nyok a h\u00eddon (feltehet\u0151en 1901, Nasjonalmuseet): h\u00e1rom l\u00e1ny a feh\u00e9r korl\u00e1tn\u00e1l. K\u00e9zzel festett olajfestm\u00e9ny v\u00e1sznon, t\u00edz m\u00e9ret, kerettel is.","breadcrumb":{"@id":"https:\/\/svetslik.si\/hu\/edvard-munch\/the-girls-on-the-bridge\/#breadcrumb"},"inLanguage":"hu","potentialAction":[{"@type":"ReadAction","target":["https:\/\/svetslik.si\/hu\/edvard-munch\/the-girls-on-the-bridge\/"]}]},{"@type":"ImageObject","inLanguage":"hu","@id":"https:\/\/svetslik.si\/hu\/edvard-munch\/the-girls-on-the-bridge\/#primaryimage","url":"https:\/\/svetslik.si\/wp-content\/uploads\/2026\/08\/edvard-munch-dekleta-na-mostu-the-girls-on-the-bridge-nasjonalmuseet-ngm00844.jpg","contentUrl":"https:\/\/svetslik.si\/wp-content\/uploads\/2026\/08\/edvard-munch-dekleta-na-mostu-the-girls-on-the-bridge-nasjonalmuseet-ngm00844.jpg","width":3659,"height":4000,"caption":"Edvard Munch L\u00e1nyok a h\u00eddon c\u00edm\u0171 m\u0171ve, amelyet a m\u00fazeum feltehet\u0151en 1901-re dat\u00e1l: h\u00e1rom fiatal n\u0151 \u00e1ll egy st\u00e9g feh\u00e9r korl\u00e1tj\u00e1n\u00e1l, m\u00f6g\u00f6tt\u00fck s\u00f6t\u00e9t h\u00e1rsfakorona \u00e9s vil\u00e1gos h\u00e1z emelkedik, balra s\u00e1padt hold \u00e1ll alacsonyan az \u00e9gen \u2013 k\u00e9zzel festett olajfestm\u00e9ny v\u00e1sznon, t\u00edz m\u00e9retben. Az eredeti f\u00e9nyk\u00e9pe: Nasjonalmuseet, CC BY 4.0."},{"@type":"BreadcrumbList","@id":"https:\/\/svetslik.si\/hu\/edvard-munch\/the-girls-on-the-bridge\/#breadcrumb","itemListElement":[{"@type":"ListItem","position":1,"name":"Fali m\u0171v\u00e9szet \u00e9s festm\u00e9nyek v\u00e1szonra","item":"https:\/\/svetslik.si\/hu\/vaszonfestmenyek-svetslik-si-100-kezzel-festett-festoi-reprodukciok-es-vaszonfestmenyek\/"},{"@type":"ListItem","position":2,"name":"Festm\u00e9nyek elad\u00e1sa","item":"https:\/\/svetslik.si\/hu\/festmenyek-eladasa\/"},{"@type":"ListItem","position":3,"name":"Edvard Munch \u2013 L\u00e1nyok a h\u00eddon"}]},{"@type":"WebSite","@id":"https:\/\/svetslik.si\/hu\/#website","url":"https:\/\/svetslik.si\/hu\/","name":"SvetSlik.si","description":"K\u00e9zzel festett festm\u00e9nyek v\u00e1sznon \u2013 h\u00edres fest\u0151k reprodukci\u00f3i, absztrakt \u00e9s modern mot\u00edvumok, egyedi rendel\u00e9sre is.","publisher":{"@id":"https:\/\/svetslik.si\/hu\/#organization"},"potentialAction":[{"@type":"SearchAction","target":{"@type":"EntryPoint","urlTemplate":"https:\/\/svetslik.si\/hu\/?s={search_term_string}"},"query-input":{"@type":"PropertyValueSpecification","valueRequired":true,"valueName":"search_term_string"}}],"inLanguage":"hu","alternateName":"K\u00e9zzel festett festm\u00e9nyek online gal\u00e9ri\u00e1ja"},{"@type":["Organization","Store"],"@id":"https:\/\/svetslik.si\/hu\/#organization","name":"SvetSlik.si","url":"https:\/\/svetslik.si\/hu\/","logo":{"@type":"ImageObject","inLanguage":"hu","@id":"https:\/\/svetslik.si\/hu\/#\/schema\/logo\/image\/","url":"https:\/\/svetslik.si\/wp-content\/uploads\/2020\/12\/logo-512.png","contentUrl":"https:\/\/svetslik.si\/wp-content\/uploads\/2020\/12\/logo-512.png","width":512,"height":512,"caption":"SvetSlik.si"},"image":{"@id":"https:\/\/svetslik.si\/hu\/#\/schema\/logo\/image\/"},"sameAs":["https:\/\/www.facebook.com\/svetslik.si","https:\/\/x.com\/svetslik","https:\/\/www.instagram.com\/svetslik.si\/","https:\/\/www.linkedin.com\/company\/svetslik-si","https:\/\/www.google.com\/maps\/place\/?q=place_id:ChIJaybyg-XHekcRwZCqYrxOGjY"],"address":{"@type":"PostalAddress","streetAddress":"Zgornje Bitnje 146a","addressLocality":"\u017dabnica","postalCode":"4209","addressCountry":"SI"},"hasMap":"https:\/\/www.google.com\/maps\/place\/?q=place_id:ChIJaybyg-XHekcRwZCqYrxOGjY","telephone":"+38651675637","openingHoursSpecification":[{"@type":"OpeningHoursSpecification","dayOfWeek":["https:\/\/schema.org\/Monday","https:\/\/schema.org\/Tuesday","https:\/\/schema.org\/Wednesday","https:\/\/schema.org\/Thursday","https:\/\/schema.org\/Friday"],"opens":"09:00","closes":"20:00"}],"description":"K\u00e9zzel festett v\u00e1szonfestm\u00e9nyek \u2013 rendelje meg online vagy e-mailben. Megtekint\u00e9s el\u0151zetes egyeztet\u00e9s alapj\u00e1n lehets\u00e9ges.","knowsAbout":["v\u00e1szonfestm\u00e9ny","k\u00e9zzel festett v\u00e1szonfestm\u00e9nyek","festm\u00e9nyek reprodukci\u00f3i","olajfestm\u00e9ny v\u00e1szonon","akrilfestm\u00e9ny v\u00e1szonon","modern absztrakt m\u0171v\u00e9szet","festm\u00e9ny megrendel\u00e9sre","festm\u00e9nyek megrendel\u00e9sre","festm\u00e9nyek bekeretez\u00e9se","h\u00edres fest\u0151k alkot\u00e1sai","modern festm\u00e9nyek otthonra","festm\u00e9ny aj\u00e1nd\u00e9kba","egyedi v\u00e1szonfestm\u00e9nyek","festm\u00e9nyek h\u00e1zhozsz\u00e1ll\u00edt\u00e1sa","m\u0171v\u00e9szeti gal\u00e9ria"],"legalName":"Matemero d.o.o.","email":"info@svetslik.si","foundingDate":"2009","aggregateRating":{"@type":"AggregateRating","ratingValue":"5","reviewCount":103,"bestRating":"5","worstRating":"1"}}]},"og_availability":"backorder","product_availability":"available for order","product_retailer_item_id":"1403__","product_condition":"new"},"_links":{"self":[{"href":"https:\/\/svetslik.si\/hu\/wp-json\/wp\/v2\/product\/186109","targetHints":{"allow":["GET"]}}],"collection":[{"href":"https:\/\/svetslik.si\/hu\/wp-json\/wp\/v2\/product"}],"about":[{"href":"https:\/\/svetslik.si\/hu\/wp-json\/wp\/v2\/types\/product"}],"wp:featuredmedia":[{"embeddable":true,"href":"https:\/\/svetslik.si\/hu\/wp-json\/wp\/v2\/media\/186103"}],"wp:attachment":[{"href":"https:\/\/svetslik.si\/hu\/wp-json\/wp\/v2\/media?parent=186109"}],"wp:term":[{"taxonomy":"product_brand","embeddable":true,"href":"https:\/\/svetslik.si\/hu\/wp-json\/wp\/v2\/product_brand?post=186109"},{"taxonomy":"product_cat","embeddable":true,"href":"https:\/\/svetslik.si\/hu\/wp-json\/wp\/v2\/product_cat?post=186109"},{"taxonomy":"product_tag","embeddable":true,"href":"https:\/\/svetslik.si\/hu\/wp-json\/wp\/v2\/product_tag?post=186109"}],"curies":[{"name":"wp","href":"https:\/\/api.w.org\/{rel}","templated":true}]}}