{"id":186181,"date":"2026-08-14T09:53:41","date_gmt":"2026-08-14T07:53:41","guid":{"rendered":"https:\/\/svetslik.si\/nekategorizirano\/rue-lafayette-5\/"},"modified":"2026-08-23T13:12:06","modified_gmt":"2026-08-23T11:12:06","slug":"rue-lafayette","status":"publish","type":"product","link":"https:\/\/svetslik.si\/hu\/edvard-munch\/rue-lafayette\/","title":{"rendered":"Edvard Munch \u2013 Rue Lafayette"},"content":{"rendered":"<div class=\"wpb-content-wrapper\">[vc_row][vc_column][vc_column_text]\n<h2>Rue Lafayette<\/h2>\n<p>Edvard Munch Rue Lafayette c\u00edm\u0171 festm\u00e9nye 1891-ben k\u00e9sz\u00fclt, olaj, v\u00e1szon, \u00e9s az osl\u00f3i Nemzeti M\u00fazeum (Nasjonalmuseet) \u0151rzi NG.M.01725 lelt\u00e1ri sz\u00e1mon. Az eredeti 73 x 92 cm nagys\u00e1g\u00fa, \u00e1ll\u00f3 form\u00e1tum\u00fa. A jelenet erk\u00e9lyr\u0151l n\u00e9z le egy p\u00e1rizsi sug\u00e1r\u00fatra: cilinderes f\u00e9rfi t\u00e1maszkodik a kov\u00e1csoltvas korl\u00e1tra, \u00e9s az utca m\u00e9ly\u00e9be b\u00e1mul.<\/p>\n<p>A f\u00e9rfi a bal sz\u00e9len \u00e1ll, h\u00e1tulr\u00f3l \u00e9s kiss\u00e9 oldalr\u00f3l l\u00e1tjuk, hossz\u00fa s\u00f6t\u00e9t kab\u00e1tban, fej\u00e9n cilinderrel. Mindk\u00e9t kez\u00e9t a korl\u00e1tra teszi, \u00e9s kiss\u00e9 el\u0151red\u0151l. A kov\u00e1csoltvas korl\u00e1t \u00e9les \u00e1tl\u00f3k\u00e9nt fut v\u00e9gig az eg\u00e9sz v\u00e1sznon, \u00e9s kett\u00e9osztja a jelenetet: fent az erk\u00e9ly \u00e9s az alak, lent az utca. Az \u00fattest jobbra meredeken lejt, \u00e9s tele van napf\u00e9nnyel; apr\u00f3 alakok \u00e9s hint\u00f3k mozognak rajta, n\u00e9h\u00e1ny von\u00e1ssal megadva, arc n\u00e9lk\u00fcl. Balra magas v\u00e1rosi homlokzatok emelkednek ablaksorokkal, jobbra az erk\u00e9ly pereme \u00e9s egy napellenz\u0151 halv\u00e1ny v\u00e1szna \u00e1ll. Az \u00e9gb\u0151l szinte semmi sem l\u00e1tszik; a teljes teret az utca foglalja el. A jelenetnek nincs k\u00f6z\u00e9ppontja a szok\u00e1sos \u00e9rtelemben: a szem a korl\u00e1t \u00e1tl\u00f3ja ment\u00e9n fut lefel\u00e9, \u00e9s sehol sem \u00e1ll meg, am\u00edg el nem \u00e9ri az utca alj\u00e1t. Ez\u00e9rt hat a m\u0171 elkapott pillanatnak, nem pedig rendezett l\u00e1tk\u00e9pnek.<\/p>\n<p>A fest\u0151 jelezte \u00e9s keltezte a v\u00e1sznat: E.Munch 91. A m\u0171 Munch p\u00e1rizsi id\u0151szak\u00e1hoz tartozik, amikor a Rue Lafayette-en lakott, \u00e9s a l\u00e1tv\u00e1nyt egyenesen saj\u00e1t erk\u00e9ly\u00e9r\u0151l festette. Szokatlan mindenekel\u0151tt a n\u00e9z\u0151sz\u00f6g: a n\u00e9z\u0151 k\u00f6zvetlen\u00fcl a f\u00e9rfi mellett \u00e1ll, \u00e9s vele egy\u00fctt tekint le, teh\u00e1t r\u00e9szes\u00e9v\u00e9 v\u00e1lik a jelenetnek, nem puszt\u00e1n megfigyel\u0151j\u00e9v\u00e9. Ugyanezt a fel\u00e9p\u00edt\u00e9st Munch m\u00e9g abban az \u00e9vben megism\u00e9telte a Rue de Rivoli c\u00edm\u0171 m\u0171v\u00e9ben. A p\u00e1rizsi \u00e9vek a tanul\u00e1s idej\u00e9t jelentett\u00e9k sz\u00e1m\u00e1ra: n\u00e9zte, mit csin\u00e1lnak a francia fest\u0151k, \u00e9s saj\u00e1t mot\u00edvumain pr\u00f3b\u00e1lta ki, miel\u0151tt visszat\u00e9rt volna \u00e9szaki t\u00e9m\u00e1ihoz.<\/p>\n<p>A kezel\u00e9sm\u00f3d itt apr\u00f3 \u00e9s megt\u00f6rt, r\u00f6vid, k\u00fcl\u00f6n\u00e1ll\u00f3 ecset\u00e9rint\u00e9sekb\u0151l \u00e9p\u00fcl \u2013 Munch v\u00e1lasza a francia impresszionizmusra \u00e9s neoimpresszionizmusra, amelyet P\u00e1rizsban k\u00f6zelr\u0151l l\u00e1tott. A sz\u00edn vil\u00e1gos \u00e9s leveg\u0151s, meglep\u0151 arca ez egy fest\u0151nek, akit ink\u00e1bb s\u00f6t\u00e9t \u00e9szaki mot\u00edvumokr\u00f3l ismernek. A fel\u00fcletek soha nem olvadnak \u00f6ssze; az \u00fattest, a homlokzatok \u00e9s a napellenz\u0151 ugyanazokb\u00f3l az apr\u00f3 von\u00e1sokb\u00f3l \u00e9p\u00fclnek, \u00e9s csak sz\u00ednben \u00e9s ir\u00e1nyban k\u00fcl\u00f6nb\u00f6znek. A paletta hidegen vil\u00e1gos: t\u00e9gla- \u00e9s homoksz\u00edn\u0171 homlokzatok, k\u00e9kes \u00e1rny\u00e9kok az erk\u00e9ly alatt, z\u00f6ldes \u00e9s sz\u00fcrke t\u00f3nusok az \u00fattesten. Fekete szinte nincs; m\u00e9g a f\u00e9rfi kab\u00e1tja is s\u00f6t\u00e9tk\u00e9k \u00e9s barna \u00e9rint\u00e9sekb\u0151l \u00e9p\u00fcl.<\/p>\n<p>A mi\u00e9nket a fest\u0151 k\u00e9zzel festi meg olajjal v\u00e1szonra, ecsetvon\u00e1sr\u00f3l ecsetvon\u00e1sra, rendel\u00e9sre, \u00e9s sohasem nyomat. Mivel minden v\u00e1szon egyenk\u00e9nt k\u00e9sz\u00fcl, a t\u00f3nusok \u00e9s a von\u00e1sok darabonk\u00e9nt kiss\u00e9 elt\u00e9rnek; ezek az apr\u00f3 k\u00fcl\u00f6nbs\u00e9gek a k\u00e9z nyomai. A legnehezebb r\u00e9sz az \u00fattest, amelynek k\u00fcl\u00f6n\u00e1ll\u00f3 \u00e9rint\u00e9sekb\u0151l \u00f6sszerakottnak kell maradnia, nem pedig egyetlen vil\u00e1gos fel\u00fclett\u00e9 v\u00e1lnia. Faldekor\u00e1ci\u00f3k\u00e9nt ez a mot\u00edvum a lass\u00fa fest\u00e9st jutalmazza.<\/p>\n<p>A form\u00e1tum \u00e1ll\u00f3, a jelenet vil\u00e1gos \u00e9s eleven, ez\u00e9rt a festm\u00e9ny j\u00f3l illik nappaliba, \u00e9tkez\u0151be, irod\u00e1ba vagy el\u0151szob\u00e1ba, ahol a nyitott ablak \u00e9rzet\u00e9t hozza. Vil\u00e1gos fal szolg\u00e1lja a legjobban; s\u00f6t\u00e9t fal el\u0151tt az \u00fattest f\u00e9nye elvesz\u00edti erej\u00e9t. Szemmagass\u00e1gban helyezze el, egyenletes f\u00e9nyben, lehet\u0151leg \u00fagy, hogy k\u00f6zvetlen napsug\u00e1r ne \u00e9rje. M\u0171alkot\u00e1s v\u00e1szonra keskenyebb helyis\u00e9gben is j\u00f3l mutat, hiszen maga a tekintet lefel\u00e9 ir\u00e1nyul, nem a sz\u00e9less\u00e9g fel\u00e9. \u00cdr\u00f3asztal f\u00f6l\u00f6tt is j\u00f3l mutat, ahol k\u00f6zelr\u0151l n\u00e9zik, \u00e9s ahol az apr\u00f3 von\u00e1s igaz\u00e1n \u00e9rv\u00e9nyes\u00fcl.<\/p>\n<p>T\u00edz m\u00e9ret v\u00e1laszthat\u00f3, valamint egyedi m\u00e9ret is, \u00e9s minden v\u00e1szon megrendelhet\u0151 kerettel vagy keret n\u00e9lk\u00fcl. A keretet 3D alkalmaz\u00e1sunkban v\u00e1lasztja ki, ahol l\u00e9ceket \u00e9s sz\u00edneket pr\u00f3b\u00e1lhat ki ezen a mot\u00edvumon; vil\u00e1gos, keskeny l\u00e9c t\u00e1mogatja itt a jelenet leveg\u0151ss\u00e9g\u00e9t. A m\u0171v\u00e9sz tov\u00e1bbi munk\u00e1i az <a href=\"https:\/\/svetslik.si\/hu\/edvard-munch\/\">Edvard Munch gal\u00e9ri\u00e1ban<\/a> tal\u00e1lhat\u00f3k, \u00e9let\u00e9r\u0151l \u00e9s fest\u00e9szet\u00e9r\u0151l pedig az <a href=\"https:\/\/svetslik.si\/hu\/edvard-munch-blog\/\">Edvard Munch blogon<\/a> \u00edrunk.<\/p>\n<table style=\"width: 673px;\" border=\"0\" width=\"673\" cellspacing=\"0\" cellpadding=\"0\">\n<tbody>\n<tr>\n<td style=\"width: 180px; height: 21px;\" height=\"21\">Keletkez\u00e9s \u00e9ve:<\/td>\n<td style=\"width: 493px;\">1891<\/td>\n<\/tr>\n<tr>\n<td style=\"width: 180px; height: 21px;\" height=\"21\">Eredeti m\u00e9ret:<\/td>\n<td style=\"width: 493px;\">73 cm x 92 cm<\/td>\n<\/tr>\n<tr>\n<td style=\"width: 180px; height: 21px;\" height=\"21\">St\u00edlus:<\/td>\n<td style=\"width: 493px;\">Impresszionizmus<\/td>\n<\/tr>\n<tr>\n<td style=\"width: 180px; height: 21px;\" height=\"21\">Eredeti technika:<\/td>\n<td style=\"width: 493px;\">Olaj, v\u00e1szon<\/td>\n<\/tr>\n<tr>\n<td style=\"width: 180px; height: 21px;\" height=\"21\">Tal\u00e1lhat\u00f3:<\/td>\n<td style=\"width: 493px;\">Nemzeti M\u00fazeum (Nasjonalmuseet), Oslo<\/td>\n<\/tr>\n<\/tbody>\n<colgroup>\n<col \/>\n<col \/> <\/colgroup>\n<\/table>\n[\/vc_column_text][\/vc_column][\/vc_row]\n<\/div>","protected":false},"excerpt":{"rendered":"<p>A jelenet erk\u00e9lyr\u0151l n\u00e9z le egy p\u00e1rizsi sug\u00e1r\u00fatra: cilinderes f\u00e9rfi t\u00e1maszkodik a kov\u00e1csoltvas korl\u00e1tra, \u00e9s az utca m\u00e9ly\u00e9be b\u00e1mul. N\u00e1lunk k\u00e9zzel festett festm\u00e9ny k\u00e9sz\u00fcl bel\u0151le, olaj v\u00e1sznon.<\/p>\n","protected":false},"featured_media":186175,"template":"","meta":{"_acf_changed":false},"product_brand":[],"product_cat":[7140],"product_tag":[7183,11885,11886,11887],"class_list":["post-186181","product","type-product","status-publish","has-post-thumbnail","product_cat-edvard-munch","product_tag-munch-hu","product_tag-painter-hu","product_tag-reproduction","product_tag-reproductions-hu","pa_dimenzija-110-x-140-cm","pa_dimenzija-130-x-160-cm","pa_dimenzija-150-x-190-cm","pa_dimenzija-180-cm-x-225-cm","pa_dimenzija-40-x-50-cm","pa_dimenzija-50-cm-x-63-cm","pa_dimenzija-64-x-81-cm","pa_dimenzija-71-x-91-cm","pa_dimenzija-80-x-100-cm","pa_dimenzija-90-x-110-cm","pa_oblika-fuggoleges","pa_okvir-nincs-keret","pa_podokvir-igen","pa_podokvir-nem","first","onbackorder","purchasable","product-type-variable","has-default-attributes"],"acf":[],"yoast_head":"<!-- This site is optimized with the Yoast SEO Premium plugin v27.7 (Yoast SEO v27.7) - https:\/\/yoast.com\/product\/yoast-seo-premium-wordpress\/ -->\n<title>Rue Lafayette \u2013 Edvard Munch | faldekor\u00e1ci\u00f3<\/title>\n<meta name=\"description\" content=\"Munch Rue Lafayette (1891, Nasjonalmuseet): p\u00e1rizsi sug\u00e1r\u00fat az erk\u00e9lyr\u0151l n\u00e9zve. K\u00e9zzel festett olajfestm\u00e9ny v\u00e1sznon, t\u00edz m\u00e9ret, kerettel vagy an\u00e9lk\u00fcl.\" \/>\n<meta name=\"robots\" content=\"index, follow, max-snippet:-1, max-image-preview:large, max-video-preview:-1\" \/>\n<link rel=\"canonical\" href=\"https:\/\/svetslik.si\/hu\/edvard-munch\/rue-lafayette\/\" \/>\n<meta property=\"og:locale\" content=\"hu_HU\" \/>\n<meta property=\"og:type\" content=\"article\" \/>\n<meta property=\"og:title\" content=\"Edvard Munch \u2013 Rue Lafayette\" \/>\n<meta property=\"og:description\" content=\"Munch Rue Lafayette (1891, Nasjonalmuseet): p\u00e1rizsi sug\u00e1r\u00fat az erk\u00e9lyr\u0151l n\u00e9zve. K\u00e9zzel festett olajfestm\u00e9ny v\u00e1sznon, t\u00edz m\u00e9ret, kerettel vagy an\u00e9lk\u00fcl.\" \/>\n<meta property=\"og:url\" content=\"https:\/\/svetslik.si\/hu\/edvard-munch\/rue-lafayette\/\" \/>\n<meta property=\"og:site_name\" content=\"SvetSlik.si\" \/>\n<meta property=\"article:publisher\" content=\"https:\/\/www.facebook.com\/svetslik.si\" \/>\n<meta property=\"article:modified_time\" content=\"2026-08-23T11:12:06+00:00\" \/>\n<meta property=\"og:image\" content=\"https:\/\/svetslik.si\/wp-content\/uploads\/2026\/08\/edvard-munch-rue-lafayette-nasjonalmuseet-ngm01725.jpg\" \/>\n\t<meta property=\"og:image:width\" content=\"3156\" \/>\n\t<meta property=\"og:image:height\" content=\"4000\" \/>\n\t<meta property=\"og:image:type\" content=\"image\/jpeg\" \/>\n<meta name=\"twitter:card\" content=\"summary_large_image\" \/>\n<meta name=\"twitter:description\" content=\"100% ro\u010dno naslikane slike na platnu, reprodukcije znanih slikarjev in umetni\u0161ke slike po naro\u010dilu.\" \/>\n<meta name=\"twitter:site\" content=\"@svetslik\" \/>\n<meta name=\"twitter:label1\" content=\"El\u00e9rhet\u0151s\u00e9g\" \/>\n\t<meta name=\"twitter:data1\" content=\"Beszerz\u00e9s alatt\" \/>\n<script type=\"application\/ld+json\" class=\"yoast-schema-graph\">{\"@context\":\"https:\\\/\\\/schema.org\",\"@graph\":[{\"@type\":[\"WebPage\",\"ItemPage\"],\"@id\":\"https:\\\/\\\/svetslik.si\\\/hu\\\/edvard-munch\\\/rue-lafayette\\\/\",\"url\":\"https:\\\/\\\/svetslik.si\\\/hu\\\/edvard-munch\\\/rue-lafayette\\\/\",\"name\":\"Rue Lafayette \u2013 Edvard Munch | faldekor\u00e1ci\u00f3\",\"isPartOf\":{\"@id\":\"https:\\\/\\\/svetslik.si\\\/hu\\\/#website\"},\"primaryImageOfPage\":{\"@id\":\"https:\\\/\\\/svetslik.si\\\/hu\\\/edvard-munch\\\/rue-lafayette\\\/#primaryimage\"},\"image\":{\"@id\":\"https:\\\/\\\/svetslik.si\\\/hu\\\/edvard-munch\\\/rue-lafayette\\\/#primaryimage\"},\"thumbnailUrl\":\"https:\\\/\\\/svetslik.si\\\/wp-content\\\/uploads\\\/2026\\\/08\\\/edvard-munch-rue-lafayette-nasjonalmuseet-ngm01725.jpg\",\"datePublished\":\"2026-08-14T07:53:41+00:00\",\"dateModified\":\"2026-08-23T11:12:06+00:00\",\"description\":\"Munch Rue Lafayette (1891, Nasjonalmuseet): p\u00e1rizsi sug\u00e1r\u00fat az erk\u00e9lyr\u0151l n\u00e9zve. K\u00e9zzel festett olajfestm\u00e9ny v\u00e1sznon, t\u00edz m\u00e9ret, kerettel vagy an\u00e9lk\u00fcl.\",\"breadcrumb\":{\"@id\":\"https:\\\/\\\/svetslik.si\\\/hu\\\/edvard-munch\\\/rue-lafayette\\\/#breadcrumb\"},\"inLanguage\":\"hu\",\"potentialAction\":[{\"@type\":\"ReadAction\",\"target\":[\"https:\\\/\\\/svetslik.si\\\/hu\\\/edvard-munch\\\/rue-lafayette\\\/\"]}]},{\"@type\":\"ImageObject\",\"inLanguage\":\"hu\",\"@id\":\"https:\\\/\\\/svetslik.si\\\/hu\\\/edvard-munch\\\/rue-lafayette\\\/#primaryimage\",\"url\":\"https:\\\/\\\/svetslik.si\\\/wp-content\\\/uploads\\\/2026\\\/08\\\/edvard-munch-rue-lafayette-nasjonalmuseet-ngm01725.jpg\",\"contentUrl\":\"https:\\\/\\\/svetslik.si\\\/wp-content\\\/uploads\\\/2026\\\/08\\\/edvard-munch-rue-lafayette-nasjonalmuseet-ngm01725.jpg\",\"width\":3156,\"height\":4000,\"caption\":\"Edvard Munch Rue Lafayette c\u00edm\u0171 m\u0171ve, 1891: cilinderes f\u00e9rfi t\u00e1maszkodik a kov\u00e1csoltvas erk\u00e9lykorl\u00e1tra, \u00e9s len\u00e9z egy p\u00e1rizsi k\u00f6r\u00fatra, amely jobbra meredeken fut le \u2013 k\u00e9zzel festett olajfestm\u00e9ny v\u00e1sznon, t\u00edz m\u00e9retben. Az eredeti f\u00e9nyk\u00e9pe: Nasjonalmuseet, CC BY 4.0.\"},{\"@type\":\"BreadcrumbList\",\"@id\":\"https:\\\/\\\/svetslik.si\\\/hu\\\/edvard-munch\\\/rue-lafayette\\\/#breadcrumb\",\"itemListElement\":[{\"@type\":\"ListItem\",\"position\":1,\"name\":\"Fali m\u0171v\u00e9szet \u00e9s festm\u00e9nyek v\u00e1szonra\",\"item\":\"https:\\\/\\\/svetslik.si\\\/hu\\\/vaszonfestmenyek-svetslik-si-100-kezzel-festett-festoi-reprodukciok-es-vaszonfestmenyek\\\/\"},{\"@type\":\"ListItem\",\"position\":2,\"name\":\"Festm\u00e9nyek elad\u00e1sa\",\"item\":\"https:\\\/\\\/svetslik.si\\\/hu\\\/festmenyek-eladasa\\\/\"},{\"@type\":\"ListItem\",\"position\":3,\"name\":\"Edvard Munch \u2013 Rue Lafayette\"}]},{\"@type\":\"WebSite\",\"@id\":\"https:\\\/\\\/svetslik.si\\\/hu\\\/#website\",\"url\":\"https:\\\/\\\/svetslik.si\\\/hu\\\/\",\"name\":\"SvetSlik.si\",\"description\":\"K\u00e9zzel festett festm\u00e9nyek v\u00e1sznon \u2013 h\u00edres fest\u0151k reprodukci\u00f3i, absztrakt \u00e9s modern mot\u00edvumok, egyedi rendel\u00e9sre is.\",\"publisher\":{\"@id\":\"https:\\\/\\\/svetslik.si\\\/hu\\\/#organization\"},\"potentialAction\":[{\"@type\":\"SearchAction\",\"target\":{\"@type\":\"EntryPoint\",\"urlTemplate\":\"https:\\\/\\\/svetslik.si\\\/hu\\\/?s={search_term_string}\"},\"query-input\":{\"@type\":\"PropertyValueSpecification\",\"valueRequired\":true,\"valueName\":\"search_term_string\"}}],\"inLanguage\":\"hu\",\"alternateName\":\"K\u00e9zzel festett festm\u00e9nyek online gal\u00e9ri\u00e1ja\"},{\"@type\":[\"Organization\",\"Store\"],\"@id\":\"https:\\\/\\\/svetslik.si\\\/hu\\\/#organization\",\"name\":\"SvetSlik.si\",\"url\":\"https:\\\/\\\/svetslik.si\\\/hu\\\/\",\"logo\":{\"@type\":\"ImageObject\",\"inLanguage\":\"hu\",\"@id\":\"https:\\\/\\\/svetslik.si\\\/hu\\\/#\\\/schema\\\/logo\\\/image\\\/\",\"url\":\"https:\\\/\\\/svetslik.si\\\/wp-content\\\/uploads\\\/2020\\\/12\\\/logo-512.png\",\"contentUrl\":\"https:\\\/\\\/svetslik.si\\\/wp-content\\\/uploads\\\/2020\\\/12\\\/logo-512.png\",\"width\":512,\"height\":512,\"caption\":\"SvetSlik.si\"},\"image\":{\"@id\":\"https:\\\/\\\/svetslik.si\\\/hu\\\/#\\\/schema\\\/logo\\\/image\\\/\"},\"sameAs\":[\"https:\\\/\\\/www.facebook.com\\\/svetslik.si\",\"https:\\\/\\\/x.com\\\/svetslik\",\"https:\\\/\\\/www.instagram.com\\\/svetslik.si\\\/\",\"https:\\\/\\\/www.linkedin.com\\\/company\\\/svetslik-si\",\"https:\\\/\\\/www.google.com\\\/maps\\\/place\\\/?q=place_id:ChIJaybyg-XHekcRwZCqYrxOGjY\"],\"address\":{\"@type\":\"PostalAddress\",\"streetAddress\":\"Zgornje Bitnje 146a\",\"addressLocality\":\"\u017dabnica\",\"postalCode\":\"4209\",\"addressCountry\":\"SI\"},\"hasMap\":\"https:\\\/\\\/www.google.com\\\/maps\\\/place\\\/?q=place_id:ChIJaybyg-XHekcRwZCqYrxOGjY\",\"telephone\":\"+38651675637\",\"openingHoursSpecification\":[{\"@type\":\"OpeningHoursSpecification\",\"dayOfWeek\":[\"https:\\\/\\\/schema.org\\\/Monday\",\"https:\\\/\\\/schema.org\\\/Tuesday\",\"https:\\\/\\\/schema.org\\\/Wednesday\",\"https:\\\/\\\/schema.org\\\/Thursday\",\"https:\\\/\\\/schema.org\\\/Friday\"],\"opens\":\"09:00\",\"closes\":\"20:00\"}],\"description\":\"K\u00e9zzel festett v\u00e1szonfestm\u00e9nyek \u2013 rendelje meg online vagy e-mailben. Megtekint\u00e9s el\u0151zetes egyeztet\u00e9s alapj\u00e1n lehets\u00e9ges.\",\"knowsAbout\":[\"v\u00e1szonfestm\u00e9ny\",\"k\u00e9zzel festett v\u00e1szonfestm\u00e9nyek\",\"festm\u00e9nyek reprodukci\u00f3i\",\"olajfestm\u00e9ny v\u00e1szonon\",\"akrilfestm\u00e9ny v\u00e1szonon\",\"modern absztrakt m\u0171v\u00e9szet\",\"festm\u00e9ny megrendel\u00e9sre\",\"festm\u00e9nyek megrendel\u00e9sre\",\"festm\u00e9nyek bekeretez\u00e9se\",\"h\u00edres fest\u0151k alkot\u00e1sai\",\"modern festm\u00e9nyek otthonra\",\"festm\u00e9ny aj\u00e1nd\u00e9kba\",\"egyedi v\u00e1szonfestm\u00e9nyek\",\"festm\u00e9nyek h\u00e1zhozsz\u00e1ll\u00edt\u00e1sa\",\"m\u0171v\u00e9szeti gal\u00e9ria\"],\"legalName\":\"Matemero d.o.o.\",\"email\":\"info@svetslik.si\",\"foundingDate\":\"2009\",\"aggregateRating\":{\"@type\":\"AggregateRating\",\"ratingValue\":\"5\",\"reviewCount\":103,\"bestRating\":\"5\",\"worstRating\":\"1\"}}]}<\/script>\n<meta property=\"og:availability\" content=\"backorder\" \/>\n<meta property=\"product:availability\" content=\"available for order\" \/>\n<meta property=\"product:retailer_item_id\" content=\"1404__\" \/>\n<meta property=\"product:condition\" content=\"new\" \/>\n<!-- \/ Yoast SEO Premium plugin. -->","yoast_head_json":{"title":"Rue Lafayette \u2013 Edvard Munch | faldekor\u00e1ci\u00f3","description":"Munch Rue Lafayette (1891, Nasjonalmuseet): p\u00e1rizsi sug\u00e1r\u00fat az erk\u00e9lyr\u0151l n\u00e9zve. K\u00e9zzel festett olajfestm\u00e9ny v\u00e1sznon, t\u00edz m\u00e9ret, kerettel vagy an\u00e9lk\u00fcl.","robots":{"index":"index","follow":"follow","max-snippet":"max-snippet:-1","max-image-preview":"max-image-preview:large","max-video-preview":"max-video-preview:-1"},"canonical":"https:\/\/svetslik.si\/hu\/edvard-munch\/rue-lafayette\/","og_locale":"hu_HU","og_type":"article","og_title":"Edvard Munch \u2013 Rue Lafayette","og_description":"Munch Rue Lafayette (1891, Nasjonalmuseet): p\u00e1rizsi sug\u00e1r\u00fat az erk\u00e9lyr\u0151l n\u00e9zve. K\u00e9zzel festett olajfestm\u00e9ny v\u00e1sznon, t\u00edz m\u00e9ret, kerettel vagy an\u00e9lk\u00fcl.","og_url":"https:\/\/svetslik.si\/hu\/edvard-munch\/rue-lafayette\/","og_site_name":"SvetSlik.si","article_publisher":"https:\/\/www.facebook.com\/svetslik.si","article_modified_time":"2026-08-23T11:12:06+00:00","og_image":[{"width":3156,"height":4000,"url":"https:\/\/svetslik.si\/wp-content\/uploads\/2026\/08\/edvard-munch-rue-lafayette-nasjonalmuseet-ngm01725.jpg","type":"image\/jpeg"}],"twitter_card":"summary_large_image","twitter_description":"100% ro\u010dno naslikane slike na platnu, reprodukcije znanih slikarjev in umetni\u0161ke slike po naro\u010dilu.","twitter_site":"@svetslik","twitter_misc":{"El\u00e9rhet\u0151s\u00e9g":"Beszerz\u00e9s alatt"},"schema":{"@context":"https:\/\/schema.org","@graph":[{"@type":["WebPage","ItemPage"],"@id":"https:\/\/svetslik.si\/hu\/edvard-munch\/rue-lafayette\/","url":"https:\/\/svetslik.si\/hu\/edvard-munch\/rue-lafayette\/","name":"Rue Lafayette \u2013 Edvard Munch | faldekor\u00e1ci\u00f3","isPartOf":{"@id":"https:\/\/svetslik.si\/hu\/#website"},"primaryImageOfPage":{"@id":"https:\/\/svetslik.si\/hu\/edvard-munch\/rue-lafayette\/#primaryimage"},"image":{"@id":"https:\/\/svetslik.si\/hu\/edvard-munch\/rue-lafayette\/#primaryimage"},"thumbnailUrl":"https:\/\/svetslik.si\/wp-content\/uploads\/2026\/08\/edvard-munch-rue-lafayette-nasjonalmuseet-ngm01725.jpg","datePublished":"2026-08-14T07:53:41+00:00","dateModified":"2026-08-23T11:12:06+00:00","description":"Munch Rue Lafayette (1891, Nasjonalmuseet): p\u00e1rizsi sug\u00e1r\u00fat az erk\u00e9lyr\u0151l n\u00e9zve. K\u00e9zzel festett olajfestm\u00e9ny v\u00e1sznon, t\u00edz m\u00e9ret, kerettel vagy an\u00e9lk\u00fcl.","breadcrumb":{"@id":"https:\/\/svetslik.si\/hu\/edvard-munch\/rue-lafayette\/#breadcrumb"},"inLanguage":"hu","potentialAction":[{"@type":"ReadAction","target":["https:\/\/svetslik.si\/hu\/edvard-munch\/rue-lafayette\/"]}]},{"@type":"ImageObject","inLanguage":"hu","@id":"https:\/\/svetslik.si\/hu\/edvard-munch\/rue-lafayette\/#primaryimage","url":"https:\/\/svetslik.si\/wp-content\/uploads\/2026\/08\/edvard-munch-rue-lafayette-nasjonalmuseet-ngm01725.jpg","contentUrl":"https:\/\/svetslik.si\/wp-content\/uploads\/2026\/08\/edvard-munch-rue-lafayette-nasjonalmuseet-ngm01725.jpg","width":3156,"height":4000,"caption":"Edvard Munch Rue Lafayette c\u00edm\u0171 m\u0171ve, 1891: cilinderes f\u00e9rfi t\u00e1maszkodik a kov\u00e1csoltvas erk\u00e9lykorl\u00e1tra, \u00e9s len\u00e9z egy p\u00e1rizsi k\u00f6r\u00fatra, amely jobbra meredeken fut le \u2013 k\u00e9zzel festett olajfestm\u00e9ny v\u00e1sznon, t\u00edz m\u00e9retben. Az eredeti f\u00e9nyk\u00e9pe: Nasjonalmuseet, CC BY 4.0."},{"@type":"BreadcrumbList","@id":"https:\/\/svetslik.si\/hu\/edvard-munch\/rue-lafayette\/#breadcrumb","itemListElement":[{"@type":"ListItem","position":1,"name":"Fali m\u0171v\u00e9szet \u00e9s festm\u00e9nyek v\u00e1szonra","item":"https:\/\/svetslik.si\/hu\/vaszonfestmenyek-svetslik-si-100-kezzel-festett-festoi-reprodukciok-es-vaszonfestmenyek\/"},{"@type":"ListItem","position":2,"name":"Festm\u00e9nyek elad\u00e1sa","item":"https:\/\/svetslik.si\/hu\/festmenyek-eladasa\/"},{"@type":"ListItem","position":3,"name":"Edvard Munch \u2013 Rue Lafayette"}]},{"@type":"WebSite","@id":"https:\/\/svetslik.si\/hu\/#website","url":"https:\/\/svetslik.si\/hu\/","name":"SvetSlik.si","description":"K\u00e9zzel festett festm\u00e9nyek v\u00e1sznon \u2013 h\u00edres fest\u0151k reprodukci\u00f3i, absztrakt \u00e9s modern mot\u00edvumok, egyedi rendel\u00e9sre is.","publisher":{"@id":"https:\/\/svetslik.si\/hu\/#organization"},"potentialAction":[{"@type":"SearchAction","target":{"@type":"EntryPoint","urlTemplate":"https:\/\/svetslik.si\/hu\/?s={search_term_string}"},"query-input":{"@type":"PropertyValueSpecification","valueRequired":true,"valueName":"search_term_string"}}],"inLanguage":"hu","alternateName":"K\u00e9zzel festett festm\u00e9nyek online gal\u00e9ri\u00e1ja"},{"@type":["Organization","Store"],"@id":"https:\/\/svetslik.si\/hu\/#organization","name":"SvetSlik.si","url":"https:\/\/svetslik.si\/hu\/","logo":{"@type":"ImageObject","inLanguage":"hu","@id":"https:\/\/svetslik.si\/hu\/#\/schema\/logo\/image\/","url":"https:\/\/svetslik.si\/wp-content\/uploads\/2020\/12\/logo-512.png","contentUrl":"https:\/\/svetslik.si\/wp-content\/uploads\/2020\/12\/logo-512.png","width":512,"height":512,"caption":"SvetSlik.si"},"image":{"@id":"https:\/\/svetslik.si\/hu\/#\/schema\/logo\/image\/"},"sameAs":["https:\/\/www.facebook.com\/svetslik.si","https:\/\/x.com\/svetslik","https:\/\/www.instagram.com\/svetslik.si\/","https:\/\/www.linkedin.com\/company\/svetslik-si","https:\/\/www.google.com\/maps\/place\/?q=place_id:ChIJaybyg-XHekcRwZCqYrxOGjY"],"address":{"@type":"PostalAddress","streetAddress":"Zgornje Bitnje 146a","addressLocality":"\u017dabnica","postalCode":"4209","addressCountry":"SI"},"hasMap":"https:\/\/www.google.com\/maps\/place\/?q=place_id:ChIJaybyg-XHekcRwZCqYrxOGjY","telephone":"+38651675637","openingHoursSpecification":[{"@type":"OpeningHoursSpecification","dayOfWeek":["https:\/\/schema.org\/Monday","https:\/\/schema.org\/Tuesday","https:\/\/schema.org\/Wednesday","https:\/\/schema.org\/Thursday","https:\/\/schema.org\/Friday"],"opens":"09:00","closes":"20:00"}],"description":"K\u00e9zzel festett v\u00e1szonfestm\u00e9nyek \u2013 rendelje meg online vagy e-mailben. Megtekint\u00e9s el\u0151zetes egyeztet\u00e9s alapj\u00e1n lehets\u00e9ges.","knowsAbout":["v\u00e1szonfestm\u00e9ny","k\u00e9zzel festett v\u00e1szonfestm\u00e9nyek","festm\u00e9nyek reprodukci\u00f3i","olajfestm\u00e9ny v\u00e1szonon","akrilfestm\u00e9ny v\u00e1szonon","modern absztrakt m\u0171v\u00e9szet","festm\u00e9ny megrendel\u00e9sre","festm\u00e9nyek megrendel\u00e9sre","festm\u00e9nyek bekeretez\u00e9se","h\u00edres fest\u0151k alkot\u00e1sai","modern festm\u00e9nyek otthonra","festm\u00e9ny aj\u00e1nd\u00e9kba","egyedi v\u00e1szonfestm\u00e9nyek","festm\u00e9nyek h\u00e1zhozsz\u00e1ll\u00edt\u00e1sa","m\u0171v\u00e9szeti gal\u00e9ria"],"legalName":"Matemero d.o.o.","email":"info@svetslik.si","foundingDate":"2009","aggregateRating":{"@type":"AggregateRating","ratingValue":"5","reviewCount":103,"bestRating":"5","worstRating":"1"}}]},"og_availability":"backorder","product_availability":"available for order","product_retailer_item_id":"1404__","product_condition":"new"},"_links":{"self":[{"href":"https:\/\/svetslik.si\/hu\/wp-json\/wp\/v2\/product\/186181","targetHints":{"allow":["GET"]}}],"collection":[{"href":"https:\/\/svetslik.si\/hu\/wp-json\/wp\/v2\/product"}],"about":[{"href":"https:\/\/svetslik.si\/hu\/wp-json\/wp\/v2\/types\/product"}],"wp:featuredmedia":[{"embeddable":true,"href":"https:\/\/svetslik.si\/hu\/wp-json\/wp\/v2\/media\/186175"}],"wp:attachment":[{"href":"https:\/\/svetslik.si\/hu\/wp-json\/wp\/v2\/media?parent=186181"}],"wp:term":[{"taxonomy":"product_brand","embeddable":true,"href":"https:\/\/svetslik.si\/hu\/wp-json\/wp\/v2\/product_brand?post=186181"},{"taxonomy":"product_cat","embeddable":true,"href":"https:\/\/svetslik.si\/hu\/wp-json\/wp\/v2\/product_cat?post=186181"},{"taxonomy":"product_tag","embeddable":true,"href":"https:\/\/svetslik.si\/hu\/wp-json\/wp\/v2\/product_tag?post=186181"}],"curies":[{"name":"wp","href":"https:\/\/api.w.org\/{rel}","templated":true}]}}