{"id":187057,"date":"2026-08-14T10:44:24","date_gmt":"2026-08-14T08:44:24","guid":{"rendered":"https:\/\/svetslik.si\/nekategorizirano\/spring-5\/"},"modified":"2026-08-23T13:12:06","modified_gmt":"2026-08-23T11:12:06","slug":"spring","status":"publish","type":"product","link":"https:\/\/svetslik.si\/hu\/edvard-munch\/spring\/","title":{"rendered":"Edvard Munch \u2013 Tavasz"},"content":{"rendered":"<div class=\"wpb-content-wrapper\">[vc_row][vc_column][vc_column_text]\n<h2>Tavasz<\/h2>\n<p>Edvard Munch Tavasz c\u00edm\u0171 nagy m\u00e9ret\u0171 festm\u00e9nye 1889-ben k\u00e9sz\u00fclt, olaj, v\u00e1szon, \u00e9s az osl\u00f3i Nemzeti M\u00fazeum (Nasjonalmuseet) \u0151rzi NG.M.00498 lelt\u00e1ri sz\u00e1mon. Az eredeti 264 x 169,5 cm nagys\u00e1g\u00fa, fekv\u0151 form\u00e1tum\u00fa. A jelenet betegszoba: beteg le\u00e1ny \u00fcl karossz\u00e9kben az ablak mellett, amelyen \u00e1t er\u0151s tavaszi f\u00e9ny \u00f6mlik a helyis\u00e9gbe.<\/p>\n<p>A le\u00e1ny kiss\u00e9 a k\u00f6z\u00e9pt\u0151l balra \u00fcl, s\u00f6t\u00e9t takar\u00f3ba burkolva, feje m\u00f6g\u00f6tt feh\u00e9r p\u00e1rn\u00e1val, haj\u00e1n feh\u00e9r f\u0151k\u00f6t\u0151vel, kez\u00e9t \u00f6l\u00e9ben \u00f6sszekulcsolva. Mellette id\u0151sebb asszony \u00fcl s\u00f6t\u00e9t ruh\u00e1ban, cs\u00e9sz\u00e9vel a kez\u00e9ben, fel\u00e9je fordulva. H\u00e1tr\u00e9bb balra \u00fajabb s\u00f6t\u00e9t n\u0151i alak \u00e1ll magas faszekr\u00e9ny mellett. A bal sz\u00e9len \u00e1ll\u00f3 asztalon \u00fcveg, poh\u00e1r \u00e9s cs\u00e9sze. A jobb harmadot magas ablak foglalja el: a feh\u00e9r f\u00fcgg\u00f6ny meglebben a huzatban, a p\u00e1rk\u00e1nyon cserepes n\u00f6v\u00e9nyek \u00e1llnak z\u00f6ld levelekkel \u00e9s apr\u00f3 vir\u00e1gokkal, az \u00fcvegt\u00e1bl\u00e1kon \u00e1t pedig be\u00e1rad a f\u00e9ny, az eg\u00e9sz v\u00e1szon legvil\u00e1gosabb r\u00e9sze. A falak, a padl\u00f3 \u00e9s a b\u00fatorok meleg barna, ol\u00edva \u00e9s kr\u00e9m t\u00f3nus\u00faak. A jelenet kett\u00e9osztott: a bal, s\u00f6t\u00e9tebb fele a betegs\u00e9g\u00e9 \u00e9s az \u00e1pol\u00e1s\u00e9, a jobb, vil\u00e1gos fele a k\u00fclvil\u00e1g\u00e9. Kettej\u00fck k\u00f6z\u00f6tt \u00fcl a le\u00e1ny, aki mindkett\u0151h\u00f6z \u00e9s egyikhez sem tartozik.<\/p>\n<p>A v\u00e1szon jelzett \u00e9s keltezett: E.Munch 1889. Az \u00e1br\u00e1zolt a fest\u0151 n\u0151v\u00e9re, Johanne Sophie, aki 1877-ben tuberkul\u00f3zisban hunyt el, \u00e9s akit A beteg gyermek c\u00edm\u0171 m\u0171b\u0151l ismer\u00fcnk. K\u00e9t nagyon k\u00fcl\u00f6nb\u00f6z\u0151 alkot\u00e1sr\u00f3l van sz\u00f3: m\u00edg A beteg gyermek fest\u00e9kr\u00e9tege karcolt \u00e9s csaknem t\u00f6nkretett, a Tavasz nagy, gondosan v\u00e9gigvitt \u00e9s az utols\u00f3 sarokig befejezett m\u0171, amilyet Kristiania akkoriban egy fiatal fest\u0151t\u0151l elv\u00e1rt. Ezzel Munch megmutatta, hogy uralja a naturalista fest\u00e9szetet; csak azut\u00e1n engedte meg mag\u00e1nak, hogy maga m\u00f6g\u00f6tt hagyja. A c\u00edm hordozza az ellent\u00e9tet: a tavasz odakint van, az ablakon t\u00fal, \u00e9s a le\u00e1nyhoz csak f\u00e9nyk\u00e9nt jut el \u2013 ahhoz a le\u00e1nyhoz, aki nem \u00e9ri meg.<\/p>\n<p>A fest\u00e9k s\u0171r\u0171n \u00e9s egyenletesen van felhordva, l\u00e1that\u00f3 jav\u00edt\u00e1sok n\u00e9lk\u00fcl. Munch f\u00e9nnyel \u00e9p\u00edti a teret, nem vonallal: az ablak feh\u00e9r fel\u00fclet, amely a k\u00f6zepe fel\u00e9 er\u0151s\u00f6dik, a bels\u0151 t\u00e9r pedig meleg s\u00f6t\u00e9t s\u00e1vokb\u00f3l \u00e9p\u00fcl, amelyek az ablak fel\u00e9 vil\u00e1gosodnak. A huzatban meglebben\u0151 f\u00fcgg\u00f6ny az egyetlen mozg\u00e1s az egy\u00e9bk\u00e9nt teljesen mozdulatlan szob\u00e1ban, \u00e9s \u00e9ppen ez \u00f3vja meg a jelenetet a merevs\u00e9gt\u0151l. A r\u00e9szletek gondosan v\u00e9gigvitt munk\u00e1k: a takar\u00f3 red\u0151je, a p\u00e1rna sz\u00e9le, a p\u00e1rk\u00e1ny levelei \u00e9s az \u00fcvegen megcsillan\u00f3 f\u00e9ny mind meg vannak festve, nem csup\u00e1n jelezve.<\/p>\n<p>A mi\u00e9nket a fest\u0151 k\u00e9zzel festi meg olajjal v\u00e1szonra, ecsetvon\u00e1sr\u00f3l ecsetvon\u00e1sra, rendel\u00e9sre, \u00e9s sohasem nyomat. Mivel minden v\u00e1szon egyenk\u00e9nt k\u00e9sz\u00fcl, a t\u00f3nusok \u00e9s a von\u00e1sok darabonk\u00e9nt kiss\u00e9 elt\u00e9rnek; ezek az apr\u00f3 k\u00fcl\u00f6nbs\u00e9gek a k\u00e9z nyomai. A legnehezebb r\u00e9sz az ablak, amelynek vil\u00e1gosnak \u00e9s nyitottnak kell maradnia an\u00e9lk\u00fcl, hogy \u00fcres feh\u00e9r fel\u00fclett\u00e9 v\u00e1ln\u00e9k. Olaj v\u00e1szon festm\u00e9nyk\u00e9nt ekkora m\u00e9retben a mot\u00edvum t\u00fcrelmes f\u00e9ny\u00e1tmenet-\u00e9p\u00edt\u00e9st k\u00edv\u00e1n.<\/p>\n<p>A form\u00e1tum kifejezetten fekv\u0151, a m\u0171 pedig nagy, ez\u00e9rt sz\u00e9les, megszak\u00edtatlan falat \u00e9s n\u00e9mi t\u00e1vols\u00e1got ig\u00e9nyel: nappalit, \u00e9tkez\u0151t vagy t\u00e1gas folyos\u00f3t. Meleg barn\u00e1i, ol\u00edv\u00e1i \u00e9s kr\u00e9msz\u00ednei j\u00f3l mennek vil\u00e1gos f\u00e1hoz \u00e9s feh\u00e9r vagy homoksz\u00edn\u0171 falakhoz, az ablak vil\u00e1gos s\u00e1vja pedig a tov\u00e1bbi nyit\u00e1s \u00e9rzet\u00e9t viszi a t\u00e9rbe. K\u00e9zzel festett olajfestm\u00e9nyk\u00e9nt hossz\u00fa asztal f\u00f6l\u00f6tt a szok\u00e1sosn\u00e1l kiss\u00e9 alacsonyabban \u00e9rdemes elhelyezni, hiszen a jelenetet \u00fcl\u0151 ember magass\u00e1g\u00e1b\u00f3l l\u00e1tjuk.<\/p>\n<p>T\u00edz m\u00e9ret v\u00e1laszthat\u00f3, valamint egyedi m\u00e9ret is, \u00e9s minden v\u00e1szon megrendelhet\u0151 kerettel vagy keret n\u00e9lk\u00fcl. A keretet 3D alkalmaz\u00e1sunkban v\u00e1lasztja ki, ahol l\u00e9ceket \u00e9s sz\u00edneket pr\u00f3b\u00e1lhat ki ezen a mot\u00edvumon; ekkora sz\u00e9less\u00e9gn\u00e9l az egyszer\u0171, nem t\u00fal sz\u00e9les l\u00e9c szolg\u00e1l a legjobban. A m\u0171v\u00e9sz tov\u00e1bbi munk\u00e1i az <a href=\"https:\/\/svetslik.si\/hu\/edvard-munch\/\">Edvard Munch gal\u00e9ri\u00e1ban<\/a> tal\u00e1lhat\u00f3k, \u00e9let\u00e9r\u0151l \u00e9s fest\u00e9szet\u00e9r\u0151l pedig az <a href=\"https:\/\/svetslik.si\/hu\/edvard-munch-blog\/\">Edvard Munch blogon<\/a> \u00edrunk.<\/p>\n<table style=\"width: 673px;\" border=\"0\" width=\"673\" cellspacing=\"0\" cellpadding=\"0\">\n<tbody>\n<tr>\n<td style=\"width: 180px; height: 21px;\" height=\"21\">Keletkez\u00e9s \u00e9ve:<\/td>\n<td style=\"width: 493px;\">1889<\/td>\n<\/tr>\n<tr>\n<td style=\"width: 180px; height: 21px;\" height=\"21\">Eredeti m\u00e9ret:<\/td>\n<td style=\"width: 493px;\">264 cm x 169,5 cm<\/td>\n<\/tr>\n<tr>\n<td style=\"width: 180px; height: 21px;\" height=\"21\">St\u00edlus:<\/td>\n<td style=\"width: 493px;\">Naturalizmus<\/td>\n<\/tr>\n<tr>\n<td style=\"width: 180px; height: 21px;\" height=\"21\">Eredeti technika:<\/td>\n<td style=\"width: 493px;\">Olaj, v\u00e1szon<\/td>\n<\/tr>\n<tr>\n<td style=\"width: 180px; height: 21px;\" height=\"21\">Tal\u00e1lhat\u00f3:<\/td>\n<td style=\"width: 493px;\">Nemzeti M\u00fazeum (Nasjonalmuseet), Oslo<\/td>\n<\/tr>\n<\/tbody>\n<colgroup>\n<col \/>\n<col \/> <\/colgroup>\n<\/table>\n[\/vc_column_text][\/vc_column][\/vc_row]\n<\/div>","protected":false},"excerpt":{"rendered":"<p>A jelenet betegszoba: beteg le\u00e1ny \u00fcl karossz\u00e9kben az ablak mellett, amelyen \u00e1t er\u0151s tavaszi f\u00e9ny \u00f6mlik a helyis\u00e9gbe. N\u00e1lunk k\u00e9zzel festett festm\u00e9ny k\u00e9sz\u00fcl bel\u0151le, olaj v\u00e1sznon.<\/p>\n","protected":false},"featured_media":187051,"template":"","meta":{"_acf_changed":false},"product_brand":[],"product_cat":[7140],"product_tag":[7183,11885,11886,11887],"class_list":["post-187057","product","type-product","status-publish","has-post-thumbnail","product_cat-edvard-munch","product_tag-munch-hu","product_tag-painter-hu","product_tag-reproduction","product_tag-reproductions-hu","pa_dimenzija-100-cm-x-67-cm","pa_dimenzija-120-x-80-cm","pa_dimenzija-140-x-90-cm","pa_dimenzija-175-cm-x-112-cm","pa_dimenzija-200-x-130-cm","pa_dimenzija-230-x-145-cm","pa_dimenzija-260-cm-x-170-cm","pa_dimenzija-300-x-200-cm","pa_dimenzija-60-x-40-cm","pa_dimenzija-80-x-50-cm","pa_oblika-vizszintes","pa_okvir-nincs-keret","pa_podokvir-igen","pa_podokvir-nem","first","onbackorder","purchasable","product-type-variable","has-default-attributes"],"acf":[],"yoast_head":"<!-- This site is optimized with the Yoast SEO Premium plugin v27.7 (Yoast SEO v27.7) - https:\/\/yoast.com\/product\/yoast-seo-premium-wordpress\/ -->\n<title>Tavasz \u2013 Edvard Munch | olaj v\u00e1szon festm\u00e9ny<\/title>\n<meta name=\"description\" content=\"Munch Tavasz (1889, Nasjonalmuseet): beteg le\u00e1ny a f\u00e9nnyel teli ablak mellett. K\u00e9zzel festett olajfestm\u00e9ny v\u00e1sznon, t\u00edz m\u00e9ret \u00e9s egyedi m\u00e9ret, kerettel is.\" \/>\n<meta name=\"robots\" content=\"index, follow, max-snippet:-1, max-image-preview:large, max-video-preview:-1\" \/>\n<link rel=\"canonical\" href=\"https:\/\/svetslik.si\/hu\/edvard-munch\/spring\/\" \/>\n<meta property=\"og:locale\" content=\"hu_HU\" \/>\n<meta property=\"og:type\" content=\"article\" \/>\n<meta property=\"og:title\" content=\"Edvard Munch \u2013 Tavasz\" \/>\n<meta property=\"og:description\" content=\"Munch Tavasz (1889, Nasjonalmuseet): beteg le\u00e1ny a f\u00e9nnyel teli ablak mellett. K\u00e9zzel festett olajfestm\u00e9ny v\u00e1sznon, t\u00edz m\u00e9ret \u00e9s egyedi m\u00e9ret, kerettel is.\" \/>\n<meta property=\"og:url\" content=\"https:\/\/svetslik.si\/hu\/edvard-munch\/spring\/\" \/>\n<meta property=\"og:site_name\" content=\"SvetSlik.si\" \/>\n<meta property=\"article:publisher\" content=\"https:\/\/www.facebook.com\/svetslik.si\" \/>\n<meta property=\"article:modified_time\" content=\"2026-08-23T11:12:06+00:00\" \/>\n<meta property=\"og:image\" content=\"https:\/\/svetslik.si\/wp-content\/uploads\/2026\/08\/edvard-munch-pomlad-spring-nasjonalmuseet-ngm00498.jpg\" \/>\n\t<meta property=\"og:image:width\" content=\"4000\" \/>\n\t<meta property=\"og:image:height\" content=\"2559\" \/>\n\t<meta property=\"og:image:type\" content=\"image\/jpeg\" \/>\n<meta name=\"twitter:card\" content=\"summary_large_image\" \/>\n<meta name=\"twitter:description\" content=\"100% ro\u010dno naslikane slike na platnu, reprodukcije znanih slikarjev in umetni\u0161ke slike po naro\u010dilu.\" \/>\n<meta name=\"twitter:site\" content=\"@svetslik\" \/>\n<meta name=\"twitter:label1\" content=\"El\u00e9rhet\u0151s\u00e9g\" \/>\n\t<meta name=\"twitter:data1\" content=\"Beszerz\u00e9s alatt\" \/>\n<script type=\"application\/ld+json\" class=\"yoast-schema-graph\">{\"@context\":\"https:\\\/\\\/schema.org\",\"@graph\":[{\"@type\":[\"WebPage\",\"ItemPage\"],\"@id\":\"https:\\\/\\\/svetslik.si\\\/hu\\\/edvard-munch\\\/spring\\\/\",\"url\":\"https:\\\/\\\/svetslik.si\\\/hu\\\/edvard-munch\\\/spring\\\/\",\"name\":\"Tavasz \u2013 Edvard Munch | olaj v\u00e1szon festm\u00e9ny\",\"isPartOf\":{\"@id\":\"https:\\\/\\\/svetslik.si\\\/hu\\\/#website\"},\"primaryImageOfPage\":{\"@id\":\"https:\\\/\\\/svetslik.si\\\/hu\\\/edvard-munch\\\/spring\\\/#primaryimage\"},\"image\":{\"@id\":\"https:\\\/\\\/svetslik.si\\\/hu\\\/edvard-munch\\\/spring\\\/#primaryimage\"},\"thumbnailUrl\":\"https:\\\/\\\/svetslik.si\\\/wp-content\\\/uploads\\\/2026\\\/08\\\/edvard-munch-pomlad-spring-nasjonalmuseet-ngm00498.jpg\",\"datePublished\":\"2026-08-14T08:44:24+00:00\",\"dateModified\":\"2026-08-23T11:12:06+00:00\",\"description\":\"Munch Tavasz (1889, Nasjonalmuseet): beteg le\u00e1ny a f\u00e9nnyel teli ablak mellett. K\u00e9zzel festett olajfestm\u00e9ny v\u00e1sznon, t\u00edz m\u00e9ret \u00e9s egyedi m\u00e9ret, kerettel is.\",\"breadcrumb\":{\"@id\":\"https:\\\/\\\/svetslik.si\\\/hu\\\/edvard-munch\\\/spring\\\/#breadcrumb\"},\"inLanguage\":\"hu\",\"potentialAction\":[{\"@type\":\"ReadAction\",\"target\":[\"https:\\\/\\\/svetslik.si\\\/hu\\\/edvard-munch\\\/spring\\\/\"]}]},{\"@type\":\"ImageObject\",\"inLanguage\":\"hu\",\"@id\":\"https:\\\/\\\/svetslik.si\\\/hu\\\/edvard-munch\\\/spring\\\/#primaryimage\",\"url\":\"https:\\\/\\\/svetslik.si\\\/wp-content\\\/uploads\\\/2026\\\/08\\\/edvard-munch-pomlad-spring-nasjonalmuseet-ngm00498.jpg\",\"contentUrl\":\"https:\\\/\\\/svetslik.si\\\/wp-content\\\/uploads\\\/2026\\\/08\\\/edvard-munch-pomlad-spring-nasjonalmuseet-ngm00498.jpg\",\"width\":4000,\"height\":2559,\"caption\":\"Edvard Munch Tavasz c\u00edm\u0171 m\u0171ve, 1889: beteg l\u00e1ny \u00fcl karossz\u00e9kben a magas ablak mellett, k\u00f6zel\u00e9ben id\u0151s n\u0151 cs\u00e9sz\u00e9vel, a feh\u00e9r f\u00fcgg\u00f6ny pedig felf\u00fav\u00f3dik a tavaszi f\u00e9nyben \u2013 k\u00e9zzel festett olajfestm\u00e9ny v\u00e1sznon, t\u00edz m\u00e9retben. Az eredeti f\u00e9nyk\u00e9pe: Nasjonalmuseet, CC BY 4.0.\"},{\"@type\":\"BreadcrumbList\",\"@id\":\"https:\\\/\\\/svetslik.si\\\/hu\\\/edvard-munch\\\/spring\\\/#breadcrumb\",\"itemListElement\":[{\"@type\":\"ListItem\",\"position\":1,\"name\":\"Fali m\u0171v\u00e9szet \u00e9s festm\u00e9nyek v\u00e1szonra\",\"item\":\"https:\\\/\\\/svetslik.si\\\/hu\\\/vaszonfestmenyek-svetslik-si-100-kezzel-festett-festoi-reprodukciok-es-vaszonfestmenyek\\\/\"},{\"@type\":\"ListItem\",\"position\":2,\"name\":\"Festm\u00e9nyek elad\u00e1sa\",\"item\":\"https:\\\/\\\/svetslik.si\\\/hu\\\/festmenyek-eladasa\\\/\"},{\"@type\":\"ListItem\",\"position\":3,\"name\":\"Edvard Munch \u2013 Tavasz\"}]},{\"@type\":\"WebSite\",\"@id\":\"https:\\\/\\\/svetslik.si\\\/hu\\\/#website\",\"url\":\"https:\\\/\\\/svetslik.si\\\/hu\\\/\",\"name\":\"SvetSlik.si\",\"description\":\"K\u00e9zzel festett festm\u00e9nyek v\u00e1sznon \u2013 h\u00edres fest\u0151k reprodukci\u00f3i, absztrakt \u00e9s modern mot\u00edvumok, egyedi rendel\u00e9sre is.\",\"publisher\":{\"@id\":\"https:\\\/\\\/svetslik.si\\\/hu\\\/#organization\"},\"potentialAction\":[{\"@type\":\"SearchAction\",\"target\":{\"@type\":\"EntryPoint\",\"urlTemplate\":\"https:\\\/\\\/svetslik.si\\\/hu\\\/?s={search_term_string}\"},\"query-input\":{\"@type\":\"PropertyValueSpecification\",\"valueRequired\":true,\"valueName\":\"search_term_string\"}}],\"inLanguage\":\"hu\",\"alternateName\":\"K\u00e9zzel festett festm\u00e9nyek online gal\u00e9ri\u00e1ja\"},{\"@type\":[\"Organization\",\"Store\"],\"@id\":\"https:\\\/\\\/svetslik.si\\\/hu\\\/#organization\",\"name\":\"SvetSlik.si\",\"url\":\"https:\\\/\\\/svetslik.si\\\/hu\\\/\",\"logo\":{\"@type\":\"ImageObject\",\"inLanguage\":\"hu\",\"@id\":\"https:\\\/\\\/svetslik.si\\\/hu\\\/#\\\/schema\\\/logo\\\/image\\\/\",\"url\":\"https:\\\/\\\/svetslik.si\\\/wp-content\\\/uploads\\\/2020\\\/12\\\/logo-512.png\",\"contentUrl\":\"https:\\\/\\\/svetslik.si\\\/wp-content\\\/uploads\\\/2020\\\/12\\\/logo-512.png\",\"width\":512,\"height\":512,\"caption\":\"SvetSlik.si\"},\"image\":{\"@id\":\"https:\\\/\\\/svetslik.si\\\/hu\\\/#\\\/schema\\\/logo\\\/image\\\/\"},\"sameAs\":[\"https:\\\/\\\/www.facebook.com\\\/svetslik.si\",\"https:\\\/\\\/x.com\\\/svetslik\",\"https:\\\/\\\/www.instagram.com\\\/svetslik.si\\\/\",\"https:\\\/\\\/www.linkedin.com\\\/company\\\/svetslik-si\",\"https:\\\/\\\/www.google.com\\\/maps\\\/place\\\/?q=place_id:ChIJaybyg-XHekcRwZCqYrxOGjY\"],\"address\":{\"@type\":\"PostalAddress\",\"streetAddress\":\"Zgornje Bitnje 146a\",\"addressLocality\":\"\u017dabnica\",\"postalCode\":\"4209\",\"addressCountry\":\"SI\"},\"hasMap\":\"https:\\\/\\\/www.google.com\\\/maps\\\/place\\\/?q=place_id:ChIJaybyg-XHekcRwZCqYrxOGjY\",\"telephone\":\"+38651675637\",\"openingHoursSpecification\":[{\"@type\":\"OpeningHoursSpecification\",\"dayOfWeek\":[\"https:\\\/\\\/schema.org\\\/Monday\",\"https:\\\/\\\/schema.org\\\/Tuesday\",\"https:\\\/\\\/schema.org\\\/Wednesday\",\"https:\\\/\\\/schema.org\\\/Thursday\",\"https:\\\/\\\/schema.org\\\/Friday\"],\"opens\":\"09:00\",\"closes\":\"20:00\"}],\"description\":\"K\u00e9zzel festett v\u00e1szonfestm\u00e9nyek \u2013 rendelje meg online vagy e-mailben. Megtekint\u00e9s el\u0151zetes egyeztet\u00e9s alapj\u00e1n lehets\u00e9ges.\",\"knowsAbout\":[\"v\u00e1szonfestm\u00e9ny\",\"k\u00e9zzel festett v\u00e1szonfestm\u00e9nyek\",\"festm\u00e9nyek reprodukci\u00f3i\",\"olajfestm\u00e9ny v\u00e1szonon\",\"akrilfestm\u00e9ny v\u00e1szonon\",\"modern absztrakt m\u0171v\u00e9szet\",\"festm\u00e9ny megrendel\u00e9sre\",\"festm\u00e9nyek megrendel\u00e9sre\",\"festm\u00e9nyek bekeretez\u00e9se\",\"h\u00edres fest\u0151k alkot\u00e1sai\",\"modern festm\u00e9nyek otthonra\",\"festm\u00e9ny aj\u00e1nd\u00e9kba\",\"egyedi v\u00e1szonfestm\u00e9nyek\",\"festm\u00e9nyek h\u00e1zhozsz\u00e1ll\u00edt\u00e1sa\",\"m\u0171v\u00e9szeti gal\u00e9ria\"],\"legalName\":\"Matemero d.o.o.\",\"email\":\"info@svetslik.si\",\"foundingDate\":\"2009\",\"aggregateRating\":{\"@type\":\"AggregateRating\",\"ratingValue\":\"5\",\"reviewCount\":103,\"bestRating\":\"5\",\"worstRating\":\"1\"}}]}<\/script>\n<meta property=\"og:availability\" content=\"backorder\" \/>\n<meta property=\"product:availability\" content=\"available for order\" \/>\n<meta property=\"product:retailer_item_id\" content=\"1407__\" \/>\n<meta property=\"product:condition\" content=\"new\" \/>\n<!-- \/ Yoast SEO Premium plugin. -->","yoast_head_json":{"title":"Tavasz \u2013 Edvard Munch | olaj v\u00e1szon festm\u00e9ny","description":"Munch Tavasz (1889, Nasjonalmuseet): beteg le\u00e1ny a f\u00e9nnyel teli ablak mellett. K\u00e9zzel festett olajfestm\u00e9ny v\u00e1sznon, t\u00edz m\u00e9ret \u00e9s egyedi m\u00e9ret, kerettel is.","robots":{"index":"index","follow":"follow","max-snippet":"max-snippet:-1","max-image-preview":"max-image-preview:large","max-video-preview":"max-video-preview:-1"},"canonical":"https:\/\/svetslik.si\/hu\/edvard-munch\/spring\/","og_locale":"hu_HU","og_type":"article","og_title":"Edvard Munch \u2013 Tavasz","og_description":"Munch Tavasz (1889, Nasjonalmuseet): beteg le\u00e1ny a f\u00e9nnyel teli ablak mellett. K\u00e9zzel festett olajfestm\u00e9ny v\u00e1sznon, t\u00edz m\u00e9ret \u00e9s egyedi m\u00e9ret, kerettel is.","og_url":"https:\/\/svetslik.si\/hu\/edvard-munch\/spring\/","og_site_name":"SvetSlik.si","article_publisher":"https:\/\/www.facebook.com\/svetslik.si","article_modified_time":"2026-08-23T11:12:06+00:00","og_image":[{"width":4000,"height":2559,"url":"https:\/\/svetslik.si\/wp-content\/uploads\/2026\/08\/edvard-munch-pomlad-spring-nasjonalmuseet-ngm00498.jpg","type":"image\/jpeg"}],"twitter_card":"summary_large_image","twitter_description":"100% ro\u010dno naslikane slike na platnu, reprodukcije znanih slikarjev in umetni\u0161ke slike po naro\u010dilu.","twitter_site":"@svetslik","twitter_misc":{"El\u00e9rhet\u0151s\u00e9g":"Beszerz\u00e9s alatt"},"schema":{"@context":"https:\/\/schema.org","@graph":[{"@type":["WebPage","ItemPage"],"@id":"https:\/\/svetslik.si\/hu\/edvard-munch\/spring\/","url":"https:\/\/svetslik.si\/hu\/edvard-munch\/spring\/","name":"Tavasz \u2013 Edvard Munch | olaj v\u00e1szon festm\u00e9ny","isPartOf":{"@id":"https:\/\/svetslik.si\/hu\/#website"},"primaryImageOfPage":{"@id":"https:\/\/svetslik.si\/hu\/edvard-munch\/spring\/#primaryimage"},"image":{"@id":"https:\/\/svetslik.si\/hu\/edvard-munch\/spring\/#primaryimage"},"thumbnailUrl":"https:\/\/svetslik.si\/wp-content\/uploads\/2026\/08\/edvard-munch-pomlad-spring-nasjonalmuseet-ngm00498.jpg","datePublished":"2026-08-14T08:44:24+00:00","dateModified":"2026-08-23T11:12:06+00:00","description":"Munch Tavasz (1889, Nasjonalmuseet): beteg le\u00e1ny a f\u00e9nnyel teli ablak mellett. K\u00e9zzel festett olajfestm\u00e9ny v\u00e1sznon, t\u00edz m\u00e9ret \u00e9s egyedi m\u00e9ret, kerettel is.","breadcrumb":{"@id":"https:\/\/svetslik.si\/hu\/edvard-munch\/spring\/#breadcrumb"},"inLanguage":"hu","potentialAction":[{"@type":"ReadAction","target":["https:\/\/svetslik.si\/hu\/edvard-munch\/spring\/"]}]},{"@type":"ImageObject","inLanguage":"hu","@id":"https:\/\/svetslik.si\/hu\/edvard-munch\/spring\/#primaryimage","url":"https:\/\/svetslik.si\/wp-content\/uploads\/2026\/08\/edvard-munch-pomlad-spring-nasjonalmuseet-ngm00498.jpg","contentUrl":"https:\/\/svetslik.si\/wp-content\/uploads\/2026\/08\/edvard-munch-pomlad-spring-nasjonalmuseet-ngm00498.jpg","width":4000,"height":2559,"caption":"Edvard Munch Tavasz c\u00edm\u0171 m\u0171ve, 1889: beteg l\u00e1ny \u00fcl karossz\u00e9kben a magas ablak mellett, k\u00f6zel\u00e9ben id\u0151s n\u0151 cs\u00e9sz\u00e9vel, a feh\u00e9r f\u00fcgg\u00f6ny pedig felf\u00fav\u00f3dik a tavaszi f\u00e9nyben \u2013 k\u00e9zzel festett olajfestm\u00e9ny v\u00e1sznon, t\u00edz m\u00e9retben. Az eredeti f\u00e9nyk\u00e9pe: Nasjonalmuseet, CC BY 4.0."},{"@type":"BreadcrumbList","@id":"https:\/\/svetslik.si\/hu\/edvard-munch\/spring\/#breadcrumb","itemListElement":[{"@type":"ListItem","position":1,"name":"Fali m\u0171v\u00e9szet \u00e9s festm\u00e9nyek v\u00e1szonra","item":"https:\/\/svetslik.si\/hu\/vaszonfestmenyek-svetslik-si-100-kezzel-festett-festoi-reprodukciok-es-vaszonfestmenyek\/"},{"@type":"ListItem","position":2,"name":"Festm\u00e9nyek elad\u00e1sa","item":"https:\/\/svetslik.si\/hu\/festmenyek-eladasa\/"},{"@type":"ListItem","position":3,"name":"Edvard Munch \u2013 Tavasz"}]},{"@type":"WebSite","@id":"https:\/\/svetslik.si\/hu\/#website","url":"https:\/\/svetslik.si\/hu\/","name":"SvetSlik.si","description":"K\u00e9zzel festett festm\u00e9nyek v\u00e1sznon \u2013 h\u00edres fest\u0151k reprodukci\u00f3i, absztrakt \u00e9s modern mot\u00edvumok, egyedi rendel\u00e9sre is.","publisher":{"@id":"https:\/\/svetslik.si\/hu\/#organization"},"potentialAction":[{"@type":"SearchAction","target":{"@type":"EntryPoint","urlTemplate":"https:\/\/svetslik.si\/hu\/?s={search_term_string}"},"query-input":{"@type":"PropertyValueSpecification","valueRequired":true,"valueName":"search_term_string"}}],"inLanguage":"hu","alternateName":"K\u00e9zzel festett festm\u00e9nyek online gal\u00e9ri\u00e1ja"},{"@type":["Organization","Store"],"@id":"https:\/\/svetslik.si\/hu\/#organization","name":"SvetSlik.si","url":"https:\/\/svetslik.si\/hu\/","logo":{"@type":"ImageObject","inLanguage":"hu","@id":"https:\/\/svetslik.si\/hu\/#\/schema\/logo\/image\/","url":"https:\/\/svetslik.si\/wp-content\/uploads\/2020\/12\/logo-512.png","contentUrl":"https:\/\/svetslik.si\/wp-content\/uploads\/2020\/12\/logo-512.png","width":512,"height":512,"caption":"SvetSlik.si"},"image":{"@id":"https:\/\/svetslik.si\/hu\/#\/schema\/logo\/image\/"},"sameAs":["https:\/\/www.facebook.com\/svetslik.si","https:\/\/x.com\/svetslik","https:\/\/www.instagram.com\/svetslik.si\/","https:\/\/www.linkedin.com\/company\/svetslik-si","https:\/\/www.google.com\/maps\/place\/?q=place_id:ChIJaybyg-XHekcRwZCqYrxOGjY"],"address":{"@type":"PostalAddress","streetAddress":"Zgornje Bitnje 146a","addressLocality":"\u017dabnica","postalCode":"4209","addressCountry":"SI"},"hasMap":"https:\/\/www.google.com\/maps\/place\/?q=place_id:ChIJaybyg-XHekcRwZCqYrxOGjY","telephone":"+38651675637","openingHoursSpecification":[{"@type":"OpeningHoursSpecification","dayOfWeek":["https:\/\/schema.org\/Monday","https:\/\/schema.org\/Tuesday","https:\/\/schema.org\/Wednesday","https:\/\/schema.org\/Thursday","https:\/\/schema.org\/Friday"],"opens":"09:00","closes":"20:00"}],"description":"K\u00e9zzel festett v\u00e1szonfestm\u00e9nyek \u2013 rendelje meg online vagy e-mailben. Megtekint\u00e9s el\u0151zetes egyeztet\u00e9s alapj\u00e1n lehets\u00e9ges.","knowsAbout":["v\u00e1szonfestm\u00e9ny","k\u00e9zzel festett v\u00e1szonfestm\u00e9nyek","festm\u00e9nyek reprodukci\u00f3i","olajfestm\u00e9ny v\u00e1szonon","akrilfestm\u00e9ny v\u00e1szonon","modern absztrakt m\u0171v\u00e9szet","festm\u00e9ny megrendel\u00e9sre","festm\u00e9nyek megrendel\u00e9sre","festm\u00e9nyek bekeretez\u00e9se","h\u00edres fest\u0151k alkot\u00e1sai","modern festm\u00e9nyek otthonra","festm\u00e9ny aj\u00e1nd\u00e9kba","egyedi v\u00e1szonfestm\u00e9nyek","festm\u00e9nyek h\u00e1zhozsz\u00e1ll\u00edt\u00e1sa","m\u0171v\u00e9szeti gal\u00e9ria"],"legalName":"Matemero d.o.o.","email":"info@svetslik.si","foundingDate":"2009","aggregateRating":{"@type":"AggregateRating","ratingValue":"5","reviewCount":103,"bestRating":"5","worstRating":"1"}}]},"og_availability":"backorder","product_availability":"available for order","product_retailer_item_id":"1407__","product_condition":"new"},"_links":{"self":[{"href":"https:\/\/svetslik.si\/hu\/wp-json\/wp\/v2\/product\/187057","targetHints":{"allow":["GET"]}}],"collection":[{"href":"https:\/\/svetslik.si\/hu\/wp-json\/wp\/v2\/product"}],"about":[{"href":"https:\/\/svetslik.si\/hu\/wp-json\/wp\/v2\/types\/product"}],"wp:featuredmedia":[{"embeddable":true,"href":"https:\/\/svetslik.si\/hu\/wp-json\/wp\/v2\/media\/187051"}],"wp:attachment":[{"href":"https:\/\/svetslik.si\/hu\/wp-json\/wp\/v2\/media?parent=187057"}],"wp:term":[{"taxonomy":"product_brand","embeddable":true,"href":"https:\/\/svetslik.si\/hu\/wp-json\/wp\/v2\/product_brand?post=187057"},{"taxonomy":"product_cat","embeddable":true,"href":"https:\/\/svetslik.si\/hu\/wp-json\/wp\/v2\/product_cat?post=187057"},{"taxonomy":"product_tag","embeddable":true,"href":"https:\/\/svetslik.si\/hu\/wp-json\/wp\/v2\/product_tag?post=187057"}],"curies":[{"name":"wp","href":"https:\/\/api.w.org\/{rel}","templated":true}]}}