{"id":187347,"date":"2026-08-14T11:00:56","date_gmt":"2026-08-14T09:00:56","guid":{"rendered":"https:\/\/svetslik.si\/nekategorizirano\/the-fairytale-forest-5\/"},"modified":"2026-09-04T13:37:19","modified_gmt":"2026-09-04T11:37:19","slug":"the-fairytale-forest","status":"publish","type":"product","link":"https:\/\/svetslik.si\/hu\/edvard-munch\/the-fairytale-forest\/","title":{"rendered":"Edvard Munch \u2013 A meseerd\u0151"},"content":{"rendered":"<div class=\"wpb-content-wrapper\">[vc_row][vc_column][vc_column_text]\n<p class=\"svs-keyfacts\">A meseerd\u0151 Edvard Munch expresszionista festm\u00e9nye 1901 ali 1902-b\u0151l, amelyet az osl\u00f3i <a href=\"https:\/\/www.nasjonalmuseet.no\/en\/collection\/object\/NG.M.02237\" rel=\"noopener\" target=\"_blank\">Nasjonalmuseet<\/a> \u0151riz NG.M.02237 lelt\u00e1ri sz\u00e1mon: A gyerekek f\u00fcves lejt\u0151 sz\u00e9l\u00e9n \u00e1llnak, \u00e9s egy s\u0171r\u0171 lucfenyvesbe n\u00e9znek. N\u00e1lunk k\u00e9zzel festett reprodukci\u00f3k\u00e9nt k\u00e9sz\u00fcl, ecsettel a v\u00e1szonra; a kik\u00fcld\u00e9s el\u0151tt megkapja az elk\u00e9sz\u00fclt m\u0171 fot\u00f3j\u00e1t j\u00f3v\u00e1hagy\u00e1sra, \u00e9s t\u00edz m\u00e9ret k\u00f6z\u00fcl vagy saj\u00e1t m\u00e9ret szerint v\u00e1laszthat.<\/p>\n<table style=\"width: 673px;\" border=\"0\" width=\"673\" cellspacing=\"0\" cellpadding=\"0\">\n<tbody>\n<tr>\n<td style=\"width: 180px; height: 21px;\" height=\"21\">C\u00edm:<\/td>\n<td style=\"width: 493px;\">A meseerd\u0151<\/td>\n<\/tr>\n<tr>\n<td style=\"width: 180px; height: 21px;\" height=\"21\">Tov\u00e1bbi c\u00edmek:<\/td>\n<td style=\"width: 493px;\">Pravlji\u010dni gozd \u00b7 Bajkovita \u0161uma \u00b7 Der M\u00e4rchenwald \u00b7 La foresta delle fiabe \u00b7 The Fairytale Forest<\/td>\n<\/tr>\n<tr>\n<td style=\"width: 180px; height: 21px;\" height=\"21\">Fest\u0151:<\/td>\n<td style=\"width: 493px;\">Edvard Munch (1863\u20131944)<\/td>\n<\/tr>\n<tr>\n<td style=\"width: 180px; height: 21px;\" height=\"21\">K\u00e9sz\u00edt\u00e9s \u00e9ve:<\/td>\n<td style=\"width: 493px;\">1901 ali 1902<\/td>\n<\/tr>\n<tr>\n<td style=\"width: 180px; height: 21px;\" height=\"21\">Eredeti m\u00e9ret:<\/td>\n<td style=\"width: 493px;\">106,5 cm x 79 cm<\/td>\n<\/tr>\n<tr>\n<td style=\"width: 180px; height: 21px;\" height=\"21\">Eredeti technika:<\/td>\n<td style=\"width: 493px;\">Olaj v\u00e1sznon<\/td>\n<\/tr>\n<tr>\n<td style=\"width: 180px; height: 21px;\" height=\"21\">Fest\u00e9szeti st\u00edlus:<\/td>\n<td style=\"width: 493px;\">Expresszionizmus<\/td>\n<\/tr>\n<tr>\n<td style=\"width: 180px; height: 21px;\" height=\"21\">Hol tal\u00e1lhat\u00f3:<\/td>\n<td style=\"width: 493px;\">osl\u00f3i Nemzeti M\u00fazeum (Nasjonalmuseet) (NG.M.02237)<\/td>\n<\/tr>\n<tr>\n<td style=\"width: 180px; height: 21px;\" height=\"21\">A mi reprodukci\u00f3nk:<\/td>\n<td style=\"width: 493px;\">k\u00e9zzel festett olajmunka, t\u00edz m\u00e9ret 50 x 37 cm-t\u0151l 216 x 165 cm-ig, vakr\u00e1m\u00e1ra fesz\u00edtve, keret n\u00e9lk\u00fcl<\/td>\n<\/tr>\n<\/tbody>\n<colgroup>\n<col \/>\n<col \/> <\/colgroup>\n<\/table>\n<h2>A meseerd\u0151 \u2013 Edvard Munch<\/h2>\n<h3>Mi l\u00e1that\u00f3 rajta?<\/h3>\n<p>Balra k\u00e9t sapk\u00e1s fi\u00fa \u00e1ll, k\u00f6z\u00e9pen sz\u00e9les feh\u00e9r kalapos alak, mellette kisebb gyermek vil\u00e1gos fejfed\u0151ben, jobbra pedig egy tov\u00e1bbi s\u00f6t\u00e9t alak. Senki nem fordul fel\u00e9nk; mindannyian kicsi, l\u00e1gyan megfestett form\u00e1k, arc n\u00e9lk\u00fcl. Az erd\u0151 \u00e9les, s\u00f6t\u00e9t cs\u00facsok sorozatak\u00e9nt emelkedik el\u0151tt\u00fck, amely a v\u00e1szon teljes sz\u00e9less\u00e9g\u00e9ben v\u00e9gigfut, \u00e9s falk\u00e9nt z\u00e1rja le a jelenetet. F\u00f6l\u00f6tte s\u00e1padt \u00e9g \u00e1ll h\u00fazott felh\u0151kkel, jobbra pedig vil\u00e1gos \u00f6sv\u00e9ny kanyarog el, az egyetlen ny\u00edl\u00e1s az egy\u00e9bk\u00e9nt z\u00e1rt jelenetben. A jelenet h\u00e1rom v\u00edzszintes s\u00e1vra oszlik \u2013 f\u0171, erd\u0151 \u00e9s \u00e9g -, amelyek k\u00f6z\u00f6tt nincs \u00e1tmenet; a f\u00e1k nem h\u00e1tr\u00e1lnak a m\u00e9lys\u00e9gbe, hanem egyetlen s\u00edkk\u00e9nt \u00e1llnak k\u00f6zvetlen\u00fcl a gyerekek m\u00f6g\u00f6tt.<\/p>\n<p>A c\u00edm elmondja, hogyan \u00e9rtette Munch a jelenetet: az erd\u0151 nincs botanikusan le\u00edrva, hanem egy mese h\u00e1tterek\u00e9nt, amelybe a gyerekek ben\u00e9znek, de ahov\u00e1 m\u00e9g nem l\u00e9ptek be. A f\u00e1k csaknem egyforma s\u00f6t\u00e9t h\u00e1romsz\u00f6gekre vannak visszavezetve, m\u00edg a gyerekek kicsire \u00e9s l\u00e1gyan festettek; a kett\u0151 k\u00f6z\u00f6tti ellent\u00e9t hordozza a m\u0171 eg\u00e9sz fesz\u00fclts\u00e9g\u00e9t. Munchn\u00e1l a gyerekek ritk\u00e1n j\u00e1t\u00e9kosak; itt mozdulatlanul \u00e1llnak \u00e9s n\u00e9znek, \u00e9s \u00e9ppen ez a mozdulatlans\u00e1g ad a jelenetnek v\u00e1rakoz\u00f3 jelleget. A k\u00e9t lehets\u00e9ges \u00e9v k\u00f6z\u00f6tt sem a m\u00fazeum, sem a szakirodalom nem d\u00f6nt, \u00e9s ezt a bizonytalans\u00e1got meghagyni pontosabb, mint egyetlen \u00e9vsz\u00e1mot v\u00e1lasztani helyette. A spekt\u00e1bla ez\u00e9rt ugyanazt a k\u00e9t \u00e9vet hozza, amelyet a m\u00fazeum is megad.<\/p>\n<p>A mi besorol\u00e1sunkban a m\u0171 megjel\u00f6l\u00e9se Expresszionizmus.<\/p>\n<h3>Hogyan k\u00e9sz\u00fcl a mi k\u00e9zzel festett v\u00e1ltozatunk?<\/h3>\n<p>Ez v\u00e1szonra k\u00e9sz\u00fclt festm\u00e9ny, ecsettel \u00e9s olajfest\u00e9kkel, nem nyomtat\u00f3val. A fest\u0151 nagy felbont\u00e1s\u00fa referencia alapj\u00e1n dolgozik, \u00e9s h\u00e1tulr\u00f3l el\u0151re \u00e9p\u00edti fel a jelenetet, r\u00e9teget r\u00e9tegre, hogy a t\u00f3nusok k\u00f6z\u00f6tti \u00e1tmenetek l\u00e1gyak maradjanak. Mivel minden k\u00e9zzel festett m\u00e1solat k\u00fcl\u00f6n a megrendel\u00e9sre k\u00e9sz\u00fcl, kett\u0151 sohasem egyezik a legapr\u00f3bb r\u00e9szletig; a felhord\u00e1s apr\u00f3 elt\u00e9r\u00e9sei az emberi k\u00e9z jelei \u00e9s nem hib\u00e1k. Ehhez a m\u0171h\u00f6z nincsenek saj\u00e1t m\u0171helyfot\u00f3ink, ez\u00e9rt ezen az oldalon nem is tal\u00e1l ilyet; az elk\u00e9sz\u00fclt v\u00e1szon fot\u00f3ja viszont a kik\u00fcld\u00e9s el\u0151tt mindig eljut \u00d6nh\u00f6z j\u00f3v\u00e1hagy\u00e1sra.<\/p>\n<h3>Melyik m\u00e9ret melyik falra?<\/h3>\n<p>Ha bizonytalan: 110 x 80 cm. A 175 x 130 cm m\u00e9ret \u00e1ll a legk\u00f6zelebb az eredeti ar\u00e1ny\u00e1hoz. A form\u00e1tum fekv\u0151, ez\u00e9rt sz\u00e9less\u00e9get k\u00edv\u00e1n, \u00e9s nem \u00e1ll j\u00f3l neki a keskeny fal. A legkisebb m\u00e9retek el\u0151szob\u00e1ba vagy t\u00f6bb kisebb m\u0171 k\u00f6z\u00e9 val\u00f3k, a k\u00f6z\u00e9ps\u0151k az igazi festm\u00e9ny a nappaliba vagy a h\u00e1l\u00f3szoba csendes sark\u00e1ba, a legnagyobbak nagy falakra \u00e9s el\u00e9g r\u00e1l\u00e1t\u00e1st ad\u00f3 terekbe. Mind a t\u00edz m\u00e9ret rendel\u00e9sre k\u00e9sz\u00fcl; egyik sincs rakt\u00e1ron m\u00e1r megfestett m\u0171k\u00e9nt. Ha egyik sem illik a fal\u00e1ra, az \u00d6n m\u00e9retei szerint festj\u00fck meg, megtartva a referencia ar\u00e1ny\u00e1t; ez a mi <a href=\"\/hu\/szemelyre-szabott-vaszonkepek\/\">m\u00e9retre festett v\u00e1szonmunk\u00e1nk<\/a>; ilyenkor a festm\u00e9ny m\u00e9retre k\u00e9sz\u00fcl.<\/p>\n<h3>Sz\u00e1ll\u00edt\u00e1s \u00e9s garancia<\/h3>\n<p>Minden p\u00e9ld\u00e1ny rendel\u00e9sre k\u00e9sz\u00fcl szlov\u00e9niai m\u0171term\u00fcnkben, ez\u00e9rt m\u00e9rett\u0151l f\u00fcgg\u0151en 15\u201345 nappal sz\u00e1moljon. Fa vakr\u00e1m\u00e1ra fesz\u00edtve \u00e9s sz\u00e1ll\u00edt\u00e1sra v\u00e9dve k\u00fcldj\u00fck, az Eur\u00f3pai Uni\u00f3n bel\u00fcl v\u00e1m n\u00e9lk\u00fcl; a keret nincs benne, azt k\u00fcl\u00f6n v\u00e1lasztja ki a 3D alkalmaz\u00e1sunkkal, amely kiz\u00e1r\u00f3lag a keretv\u00e1laszt\u00e1st szolg\u00e1lja. N\u00e1lunk minden festm\u00e9ny v\u00e1sznon ugyan\u00edgy k\u00e9sz\u00fcl, \u00e9s \u00edgy sz\u00fcletnek m\u00e1s korszakok ismert fest\u0151k festm\u00e9nyei is; Munch \u00fatj\u00e1r\u00f3l az <a href=\"\/hu\/edvard-munch-blog\/\">Edvard Munchr\u00f3l sz\u00f3l\u00f3 cikk\u00fcnkben<\/a> \u00edrunk. M\u0171v\u00e9szi festm\u00e9nyk\u00e9nt a m\u0171 aj\u00e1nd\u00e9k is, ez\u00e9rt rendelkez\u00e9sre \u00e1ll az <a href=\"\/hu\/ajandekutalvany\/ajandekutalvany\/\">aj\u00e1nd\u00e9kutalv\u00e1ny<\/a>. A teljes k\u00edn\u00e1lat <a href=\"\/hu\/edvard-munch\/\">Edvard Munch gal\u00e9ri\u00e1j\u00e1ban<\/a> tal\u00e1lhat\u00f3.<\/p>\n<ul>\n<li><strong>Mot\u00edvum:<\/strong> A gyerekek f\u00fcves lejt\u0151 sz\u00e9l\u00e9n \u00e1llnak, \u00e9s egy s\u0171r\u0171 lucfenyvesbe n\u00e9znek.<\/li>\n<li><strong>Eredeti:<\/strong> olaj v\u00e1sznon, 1901 ali 1902, 106,5 cm x 79 cm, osl\u00f3i Nemzeti M\u00fazeum (Nasjonalmuseet), lelt. sz. NG.M.02237<\/li>\n<li><strong>A mienk:<\/strong> k\u00e9zzel festett olajmunka, t\u00edz m\u00e9ret 50 x 37 cm-t\u0151l 216 x 165 cm-ig, vakr\u00e1m\u00e1ra fesz\u00edtve, keret n\u00e9lk\u00fcl<\/li>\n<li><strong>\u00c9rdemes tudni:<\/strong> az eredeti 106,5 cm x 79 cm, form\u00e1tuma fekv\u0151<\/li>\n<\/ul>\n[\/vc_column_text][\/vc_column][\/vc_row]\n<\/div>","protected":false},"excerpt":{"rendered":"<p>A jelenet erdei: h\u00e1tulr\u00f3l l\u00e1tott gyerekek \u00e1llnak f\u00fcves lejt\u0151n s\u00f6t\u00e9t lucfeny\u0151k sora el\u0151tt, jobbra vil\u00e1gos \u00f6sv\u00e9ny kanyarog. N\u00e1lunk k\u00e9zzel festett festm\u00e9ny k\u00e9sz\u00fcl bel\u0151le, olaj v\u00e1sznon.<\/p>\n","protected":false},"featured_media":187341,"template":"","meta":{"_acf_changed":false},"product_brand":[],"product_cat":[7140],"product_tag":[7183,11885,11886,11887],"class_list":["post-187347","product","type-product","status-publish","has-post-thumbnail","product_cat-edvard-munch","product_tag-munch-hu","product_tag-painter-hu","product_tag-reproduction","product_tag-reproductions-hu","pa_dimenzija-110-x-80-cm","pa_dimenzija-130-x-100-cm","pa_dimenzija-150-x-110-cm","pa_dimenzija-175-cm-x-130-cm","pa_dimenzija-216-cm-x-165-cm","pa_dimenzija-50-cm-x-37-cm","pa_dimenzija-60-x-45-cm","pa_dimenzija-70-x-50-cm","pa_dimenzija-80-x-60-cm","pa_dimenzija-90-x-70-cm","pa_oblika-vizszintes","pa_okvir-nincs-keret","pa_podokvir-igen","pa_podokvir-nem","first","onbackorder","purchasable","product-type-variable","has-default-attributes"],"acf":[],"yoast_head":"<!-- This site is optimized with the Yoast SEO Premium plugin v27.7 (Yoast SEO v27.7) - https:\/\/yoast.com\/product\/yoast-seo-premium-wordpress\/ -->\n<title>A meseerd\u0151 \u2013 Edvard Munch | h\u00edres festm\u00e9nyek<\/title>\n<meta name=\"description\" content=\"Edvard Munch A meseerd\u0151 (1901 ali 1902, Nasjonalmuseet) k\u00e9zzel festett festm\u00e9ny olajjal v\u00e1sznon. t\u00edz m\u00e9ret \u00e9s egyedi m\u00e9ret.\" \/>\n<meta name=\"robots\" content=\"index, follow, max-snippet:-1, max-image-preview:large, max-video-preview:-1\" \/>\n<link rel=\"canonical\" href=\"https:\/\/svetslik.si\/hu\/edvard-munch\/the-fairytale-forest\/\" \/>\n<meta property=\"og:locale\" content=\"hu_HU\" \/>\n<meta property=\"og:type\" content=\"article\" \/>\n<meta property=\"og:title\" content=\"Edvard Munch \u2013 A meseerd\u0151\" \/>\n<meta property=\"og:description\" content=\"A meseerd\u0151: A gyerekek f\u00fcves lejt\u0151 sz\u00e9l\u00e9n \u00e1llnak, \u00e9s egy s\u0171r\u0171 lucfenyvesbe n\u00e9znek.\" \/>\n<meta property=\"og:url\" content=\"https:\/\/svetslik.si\/hu\/edvard-munch\/the-fairytale-forest\/\" \/>\n<meta property=\"og:site_name\" content=\"SvetSlik.si\" \/>\n<meta property=\"article:publisher\" content=\"https:\/\/www.facebook.com\/svetslik.si\" \/>\n<meta property=\"article:modified_time\" content=\"2026-09-04T11:37:19+00:00\" \/>\n<meta property=\"og:image\" content=\"https:\/\/svetslik.si\/wp-content\/uploads\/2026\/08\/edvard-munch-pravljicni-gozd-the-fairytale-forest-nasjonalmuseet-ngm02237-1024x761.jpg\" \/>\n\t<meta property=\"og:image:width\" content=\"1024\" \/>\n\t<meta property=\"og:image:height\" content=\"761\" \/>\n\t<meta property=\"og:image:type\" content=\"image\/jpeg\" \/>\n<meta name=\"twitter:card\" content=\"summary_large_image\" \/>\n<meta name=\"twitter:description\" content=\"A meseerd\u0151: A gyerekek f\u00fcves lejt\u0151 sz\u00e9l\u00e9n \u00e1llnak, \u00e9s egy s\u0171r\u0171 lucfenyvesbe n\u00e9znek.\" \/>\n<meta name=\"twitter:site\" content=\"@svetslik\" \/>\n<meta name=\"twitter:label1\" content=\"El\u00e9rhet\u0151s\u00e9g\" \/>\n\t<meta name=\"twitter:data1\" content=\"Beszerz\u00e9s alatt\" \/>\n<script type=\"application\/ld+json\" class=\"yoast-schema-graph\">{\"@context\":\"https:\\\/\\\/schema.org\",\"@graph\":[{\"@type\":[\"WebPage\",\"ItemPage\"],\"@id\":\"https:\\\/\\\/svetslik.si\\\/hu\\\/edvard-munch\\\/the-fairytale-forest\\\/\",\"url\":\"https:\\\/\\\/svetslik.si\\\/hu\\\/edvard-munch\\\/the-fairytale-forest\\\/\",\"name\":\"A meseerd\u0151 \u2013 Edvard Munch | h\u00edres festm\u00e9nyek\",\"isPartOf\":{\"@id\":\"https:\\\/\\\/svetslik.si\\\/hu\\\/#website\"},\"primaryImageOfPage\":{\"@id\":\"https:\\\/\\\/svetslik.si\\\/hu\\\/edvard-munch\\\/the-fairytale-forest\\\/#primaryimage\"},\"image\":{\"@id\":\"https:\\\/\\\/svetslik.si\\\/hu\\\/edvard-munch\\\/the-fairytale-forest\\\/#primaryimage\"},\"thumbnailUrl\":\"https:\\\/\\\/svetslik.si\\\/wp-content\\\/uploads\\\/2026\\\/08\\\/edvard-munch-pravljicni-gozd-the-fairytale-forest-nasjonalmuseet-ngm02237.jpg\",\"datePublished\":\"2026-08-14T09:00:56+00:00\",\"dateModified\":\"2026-09-04T11:37:19+00:00\",\"description\":\"Edvard Munch A meseerd\u0151 (1901 ali 1902, Nasjonalmuseet) k\u00e9zzel festett festm\u00e9ny olajjal v\u00e1sznon. t\u00edz m\u00e9ret \u00e9s egyedi m\u00e9ret.\",\"breadcrumb\":{\"@id\":\"https:\\\/\\\/svetslik.si\\\/hu\\\/edvard-munch\\\/the-fairytale-forest\\\/#breadcrumb\"},\"inLanguage\":\"hu\",\"potentialAction\":[{\"@type\":\"ReadAction\",\"target\":[\"https:\\\/\\\/svetslik.si\\\/hu\\\/edvard-munch\\\/the-fairytale-forest\\\/\"]}]},{\"@type\":\"ImageObject\",\"inLanguage\":\"hu\",\"@id\":\"https:\\\/\\\/svetslik.si\\\/hu\\\/edvard-munch\\\/the-fairytale-forest\\\/#primaryimage\",\"url\":\"https:\\\/\\\/svetslik.si\\\/wp-content\\\/uploads\\\/2026\\\/08\\\/edvard-munch-pravljicni-gozd-the-fairytale-forest-nasjonalmuseet-ngm02237.jpg\",\"contentUrl\":\"https:\\\/\\\/svetslik.si\\\/wp-content\\\/uploads\\\/2026\\\/08\\\/edvard-munch-pravljicni-gozd-the-fairytale-forest-nasjonalmuseet-ngm02237.jpg\",\"width\":4000,\"height\":2973,\"caption\":\"Edvard Munch A meseerd\u0151 c\u00edm\u0171 m\u0171ve, 1901 vagy 1902: gyerekcsoport \u00e1ll a f\u00fcves lejt\u0151 sz\u00e9l\u00e9n, \u00e9s egy s\u0171r\u0171 lucfenyvesbe n\u00e9z, amely \u00e9les, s\u00f6t\u00e9t cs\u00facsok sorozatak\u00e9nt emelkedik el\u0151tt\u00fck \u2013 k\u00e9zzel festett olajfestm\u00e9ny v\u00e1sznon, t\u00edz m\u00e9retben. Az eredeti f\u00e9nyk\u00e9pe: Nasjonalmuseet, CC BY 4.0.\"},{\"@type\":\"BreadcrumbList\",\"@id\":\"https:\\\/\\\/svetslik.si\\\/hu\\\/edvard-munch\\\/the-fairytale-forest\\\/#breadcrumb\",\"itemListElement\":[{\"@type\":\"ListItem\",\"position\":1,\"name\":\"Fali m\u0171v\u00e9szet \u00e9s festm\u00e9nyek v\u00e1szonra\",\"item\":\"https:\\\/\\\/svetslik.si\\\/hu\\\/vaszonfestmenyek-svetslik-si-100-kezzel-festett-festoi-reprodukciok-es-vaszonfestmenyek\\\/\"},{\"@type\":\"ListItem\",\"position\":2,\"name\":\"Festm\u00e9nyek elad\u00e1sa\",\"item\":\"https:\\\/\\\/svetslik.si\\\/hu\\\/festmenyek-eladasa\\\/\"},{\"@type\":\"ListItem\",\"position\":3,\"name\":\"Edvard Munch \u2013 A meseerd\u0151\"}]},{\"@type\":\"WebSite\",\"@id\":\"https:\\\/\\\/svetslik.si\\\/hu\\\/#website\",\"url\":\"https:\\\/\\\/svetslik.si\\\/hu\\\/\",\"name\":\"SvetSlik.si\",\"description\":\"K\u00e9zzel festett festm\u00e9nyek v\u00e1sznon \u2013 h\u00edres fest\u0151k reprodukci\u00f3i, absztrakt \u00e9s modern mot\u00edvumok, egyedi rendel\u00e9sre is.\",\"publisher\":{\"@id\":\"https:\\\/\\\/svetslik.si\\\/hu\\\/#organization\"},\"potentialAction\":[{\"@type\":\"SearchAction\",\"target\":{\"@type\":\"EntryPoint\",\"urlTemplate\":\"https:\\\/\\\/svetslik.si\\\/hu\\\/?s={search_term_string}\"},\"query-input\":{\"@type\":\"PropertyValueSpecification\",\"valueRequired\":true,\"valueName\":\"search_term_string\"}}],\"inLanguage\":\"hu\",\"alternateName\":\"K\u00e9zzel festett festm\u00e9nyek online gal\u00e9ri\u00e1ja\"},{\"@type\":[\"Organization\",\"Store\"],\"@id\":\"https:\\\/\\\/svetslik.si\\\/hu\\\/#organization\",\"name\":\"SvetSlik.si\",\"url\":\"https:\\\/\\\/svetslik.si\\\/hu\\\/\",\"logo\":{\"@type\":\"ImageObject\",\"inLanguage\":\"hu\",\"@id\":\"https:\\\/\\\/svetslik.si\\\/hu\\\/#\\\/schema\\\/logo\\\/image\\\/\",\"url\":\"https:\\\/\\\/svetslik.si\\\/wp-content\\\/uploads\\\/2020\\\/12\\\/logo-512.png\",\"contentUrl\":\"https:\\\/\\\/svetslik.si\\\/wp-content\\\/uploads\\\/2020\\\/12\\\/logo-512.png\",\"width\":512,\"height\":512,\"caption\":\"SvetSlik.si\"},\"image\":{\"@id\":\"https:\\\/\\\/svetslik.si\\\/hu\\\/#\\\/schema\\\/logo\\\/image\\\/\"},\"sameAs\":[\"https:\\\/\\\/www.facebook.com\\\/svetslik.si\",\"https:\\\/\\\/x.com\\\/svetslik\",\"https:\\\/\\\/www.instagram.com\\\/svetslik.si\\\/\",\"https:\\\/\\\/www.linkedin.com\\\/company\\\/svetslik-si\",\"https:\\\/\\\/www.google.com\\\/maps\\\/place\\\/?q=place_id:ChIJaybyg-XHekcRwZCqYrxOGjY\"],\"address\":{\"@type\":\"PostalAddress\",\"streetAddress\":\"Zgornje Bitnje 146a\",\"addressLocality\":\"\u017dabnica\",\"postalCode\":\"4209\",\"addressCountry\":\"SI\"},\"hasMap\":\"https:\\\/\\\/www.google.com\\\/maps\\\/place\\\/?q=place_id:ChIJaybyg-XHekcRwZCqYrxOGjY\",\"telephone\":\"+38651675637\",\"openingHoursSpecification\":[{\"@type\":\"OpeningHoursSpecification\",\"dayOfWeek\":[\"https:\\\/\\\/schema.org\\\/Monday\",\"https:\\\/\\\/schema.org\\\/Tuesday\",\"https:\\\/\\\/schema.org\\\/Wednesday\",\"https:\\\/\\\/schema.org\\\/Thursday\",\"https:\\\/\\\/schema.org\\\/Friday\"],\"opens\":\"09:00\",\"closes\":\"20:00\"}],\"description\":\"K\u00e9zzel festett v\u00e1szonfestm\u00e9nyek \u2013 rendelje meg online vagy e-mailben. Megtekint\u00e9s el\u0151zetes egyeztet\u00e9s alapj\u00e1n lehets\u00e9ges.\",\"knowsAbout\":[\"v\u00e1szonfestm\u00e9ny\",\"k\u00e9zzel festett v\u00e1szonfestm\u00e9nyek\",\"festm\u00e9nyek reprodukci\u00f3i\",\"olajfestm\u00e9ny v\u00e1szonon\",\"akrilfestm\u00e9ny v\u00e1szonon\",\"modern absztrakt m\u0171v\u00e9szet\",\"festm\u00e9ny megrendel\u00e9sre\",\"festm\u00e9nyek megrendel\u00e9sre\",\"festm\u00e9nyek bekeretez\u00e9se\",\"h\u00edres fest\u0151k alkot\u00e1sai\",\"modern festm\u00e9nyek otthonra\",\"festm\u00e9ny aj\u00e1nd\u00e9kba\",\"egyedi v\u00e1szonfestm\u00e9nyek\",\"festm\u00e9nyek h\u00e1zhozsz\u00e1ll\u00edt\u00e1sa\",\"m\u0171v\u00e9szeti gal\u00e9ria\"],\"legalName\":\"Matemero d.o.o.\",\"email\":\"info@svetslik.si\",\"foundingDate\":\"2009\",\"aggregateRating\":{\"@type\":\"AggregateRating\",\"ratingValue\":\"5\",\"reviewCount\":103,\"bestRating\":\"5\",\"worstRating\":\"1\"}}]}<\/script>\n<meta property=\"og:availability\" content=\"backorder\" \/>\n<meta property=\"product:availability\" content=\"available for order\" \/>\n<meta property=\"product:retailer_item_id\" content=\"1409__\" \/>\n<meta property=\"product:condition\" content=\"new\" \/>\n<!-- \/ Yoast SEO Premium plugin. -->","yoast_head_json":{"title":"A meseerd\u0151 \u2013 Edvard Munch | h\u00edres festm\u00e9nyek","description":"Edvard Munch A meseerd\u0151 (1901 ali 1902, Nasjonalmuseet) k\u00e9zzel festett festm\u00e9ny olajjal v\u00e1sznon. t\u00edz m\u00e9ret \u00e9s egyedi m\u00e9ret.","robots":{"index":"index","follow":"follow","max-snippet":"max-snippet:-1","max-image-preview":"max-image-preview:large","max-video-preview":"max-video-preview:-1"},"canonical":"https:\/\/svetslik.si\/hu\/edvard-munch\/the-fairytale-forest\/","og_locale":"hu_HU","og_type":"article","og_title":"Edvard Munch \u2013 A meseerd\u0151","og_description":"A meseerd\u0151: A gyerekek f\u00fcves lejt\u0151 sz\u00e9l\u00e9n \u00e1llnak, \u00e9s egy s\u0171r\u0171 lucfenyvesbe n\u00e9znek.","og_url":"https:\/\/svetslik.si\/hu\/edvard-munch\/the-fairytale-forest\/","og_site_name":"SvetSlik.si","article_publisher":"https:\/\/www.facebook.com\/svetslik.si","article_modified_time":"2026-09-04T11:37:19+00:00","og_image":[{"width":1024,"height":761,"url":"https:\/\/svetslik.si\/wp-content\/uploads\/2026\/08\/edvard-munch-pravljicni-gozd-the-fairytale-forest-nasjonalmuseet-ngm02237-1024x761.jpg","type":"image\/jpeg"}],"twitter_card":"summary_large_image","twitter_description":"A meseerd\u0151: A gyerekek f\u00fcves lejt\u0151 sz\u00e9l\u00e9n \u00e1llnak, \u00e9s egy s\u0171r\u0171 lucfenyvesbe n\u00e9znek.","twitter_site":"@svetslik","twitter_misc":{"El\u00e9rhet\u0151s\u00e9g":"Beszerz\u00e9s alatt"},"schema":{"@context":"https:\/\/schema.org","@graph":[{"@type":["WebPage","ItemPage"],"@id":"https:\/\/svetslik.si\/hu\/edvard-munch\/the-fairytale-forest\/","url":"https:\/\/svetslik.si\/hu\/edvard-munch\/the-fairytale-forest\/","name":"A meseerd\u0151 \u2013 Edvard Munch | h\u00edres festm\u00e9nyek","isPartOf":{"@id":"https:\/\/svetslik.si\/hu\/#website"},"primaryImageOfPage":{"@id":"https:\/\/svetslik.si\/hu\/edvard-munch\/the-fairytale-forest\/#primaryimage"},"image":{"@id":"https:\/\/svetslik.si\/hu\/edvard-munch\/the-fairytale-forest\/#primaryimage"},"thumbnailUrl":"https:\/\/svetslik.si\/wp-content\/uploads\/2026\/08\/edvard-munch-pravljicni-gozd-the-fairytale-forest-nasjonalmuseet-ngm02237.jpg","datePublished":"2026-08-14T09:00:56+00:00","dateModified":"2026-09-04T11:37:19+00:00","description":"Edvard Munch A meseerd\u0151 (1901 ali 1902, Nasjonalmuseet) k\u00e9zzel festett festm\u00e9ny olajjal v\u00e1sznon. t\u00edz m\u00e9ret \u00e9s egyedi m\u00e9ret.","breadcrumb":{"@id":"https:\/\/svetslik.si\/hu\/edvard-munch\/the-fairytale-forest\/#breadcrumb"},"inLanguage":"hu","potentialAction":[{"@type":"ReadAction","target":["https:\/\/svetslik.si\/hu\/edvard-munch\/the-fairytale-forest\/"]}]},{"@type":"ImageObject","inLanguage":"hu","@id":"https:\/\/svetslik.si\/hu\/edvard-munch\/the-fairytale-forest\/#primaryimage","url":"https:\/\/svetslik.si\/wp-content\/uploads\/2026\/08\/edvard-munch-pravljicni-gozd-the-fairytale-forest-nasjonalmuseet-ngm02237.jpg","contentUrl":"https:\/\/svetslik.si\/wp-content\/uploads\/2026\/08\/edvard-munch-pravljicni-gozd-the-fairytale-forest-nasjonalmuseet-ngm02237.jpg","width":4000,"height":2973,"caption":"Edvard Munch A meseerd\u0151 c\u00edm\u0171 m\u0171ve, 1901 vagy 1902: gyerekcsoport \u00e1ll a f\u00fcves lejt\u0151 sz\u00e9l\u00e9n, \u00e9s egy s\u0171r\u0171 lucfenyvesbe n\u00e9z, amely \u00e9les, s\u00f6t\u00e9t cs\u00facsok sorozatak\u00e9nt emelkedik el\u0151tt\u00fck \u2013 k\u00e9zzel festett olajfestm\u00e9ny v\u00e1sznon, t\u00edz m\u00e9retben. Az eredeti f\u00e9nyk\u00e9pe: Nasjonalmuseet, CC BY 4.0."},{"@type":"BreadcrumbList","@id":"https:\/\/svetslik.si\/hu\/edvard-munch\/the-fairytale-forest\/#breadcrumb","itemListElement":[{"@type":"ListItem","position":1,"name":"Fali m\u0171v\u00e9szet \u00e9s festm\u00e9nyek v\u00e1szonra","item":"https:\/\/svetslik.si\/hu\/vaszonfestmenyek-svetslik-si-100-kezzel-festett-festoi-reprodukciok-es-vaszonfestmenyek\/"},{"@type":"ListItem","position":2,"name":"Festm\u00e9nyek elad\u00e1sa","item":"https:\/\/svetslik.si\/hu\/festmenyek-eladasa\/"},{"@type":"ListItem","position":3,"name":"Edvard Munch \u2013 A meseerd\u0151"}]},{"@type":"WebSite","@id":"https:\/\/svetslik.si\/hu\/#website","url":"https:\/\/svetslik.si\/hu\/","name":"SvetSlik.si","description":"K\u00e9zzel festett festm\u00e9nyek v\u00e1sznon \u2013 h\u00edres fest\u0151k reprodukci\u00f3i, absztrakt \u00e9s modern mot\u00edvumok, egyedi rendel\u00e9sre is.","publisher":{"@id":"https:\/\/svetslik.si\/hu\/#organization"},"potentialAction":[{"@type":"SearchAction","target":{"@type":"EntryPoint","urlTemplate":"https:\/\/svetslik.si\/hu\/?s={search_term_string}"},"query-input":{"@type":"PropertyValueSpecification","valueRequired":true,"valueName":"search_term_string"}}],"inLanguage":"hu","alternateName":"K\u00e9zzel festett festm\u00e9nyek online gal\u00e9ri\u00e1ja"},{"@type":["Organization","Store"],"@id":"https:\/\/svetslik.si\/hu\/#organization","name":"SvetSlik.si","url":"https:\/\/svetslik.si\/hu\/","logo":{"@type":"ImageObject","inLanguage":"hu","@id":"https:\/\/svetslik.si\/hu\/#\/schema\/logo\/image\/","url":"https:\/\/svetslik.si\/wp-content\/uploads\/2020\/12\/logo-512.png","contentUrl":"https:\/\/svetslik.si\/wp-content\/uploads\/2020\/12\/logo-512.png","width":512,"height":512,"caption":"SvetSlik.si"},"image":{"@id":"https:\/\/svetslik.si\/hu\/#\/schema\/logo\/image\/"},"sameAs":["https:\/\/www.facebook.com\/svetslik.si","https:\/\/x.com\/svetslik","https:\/\/www.instagram.com\/svetslik.si\/","https:\/\/www.linkedin.com\/company\/svetslik-si","https:\/\/www.google.com\/maps\/place\/?q=place_id:ChIJaybyg-XHekcRwZCqYrxOGjY"],"address":{"@type":"PostalAddress","streetAddress":"Zgornje Bitnje 146a","addressLocality":"\u017dabnica","postalCode":"4209","addressCountry":"SI"},"hasMap":"https:\/\/www.google.com\/maps\/place\/?q=place_id:ChIJaybyg-XHekcRwZCqYrxOGjY","telephone":"+38651675637","openingHoursSpecification":[{"@type":"OpeningHoursSpecification","dayOfWeek":["https:\/\/schema.org\/Monday","https:\/\/schema.org\/Tuesday","https:\/\/schema.org\/Wednesday","https:\/\/schema.org\/Thursday","https:\/\/schema.org\/Friday"],"opens":"09:00","closes":"20:00"}],"description":"K\u00e9zzel festett v\u00e1szonfestm\u00e9nyek \u2013 rendelje meg online vagy e-mailben. Megtekint\u00e9s el\u0151zetes egyeztet\u00e9s alapj\u00e1n lehets\u00e9ges.","knowsAbout":["v\u00e1szonfestm\u00e9ny","k\u00e9zzel festett v\u00e1szonfestm\u00e9nyek","festm\u00e9nyek reprodukci\u00f3i","olajfestm\u00e9ny v\u00e1szonon","akrilfestm\u00e9ny v\u00e1szonon","modern absztrakt m\u0171v\u00e9szet","festm\u00e9ny megrendel\u00e9sre","festm\u00e9nyek megrendel\u00e9sre","festm\u00e9nyek bekeretez\u00e9se","h\u00edres fest\u0151k alkot\u00e1sai","modern festm\u00e9nyek otthonra","festm\u00e9ny aj\u00e1nd\u00e9kba","egyedi v\u00e1szonfestm\u00e9nyek","festm\u00e9nyek h\u00e1zhozsz\u00e1ll\u00edt\u00e1sa","m\u0171v\u00e9szeti gal\u00e9ria"],"legalName":"Matemero d.o.o.","email":"info@svetslik.si","foundingDate":"2009","aggregateRating":{"@type":"AggregateRating","ratingValue":"5","reviewCount":103,"bestRating":"5","worstRating":"1"}}]},"og_availability":"backorder","product_availability":"available for order","product_retailer_item_id":"1409__","product_condition":"new"},"_links":{"self":[{"href":"https:\/\/svetslik.si\/hu\/wp-json\/wp\/v2\/product\/187347","targetHints":{"allow":["GET"]}}],"collection":[{"href":"https:\/\/svetslik.si\/hu\/wp-json\/wp\/v2\/product"}],"about":[{"href":"https:\/\/svetslik.si\/hu\/wp-json\/wp\/v2\/types\/product"}],"wp:featuredmedia":[{"embeddable":true,"href":"https:\/\/svetslik.si\/hu\/wp-json\/wp\/v2\/media\/187341"}],"wp:attachment":[{"href":"https:\/\/svetslik.si\/hu\/wp-json\/wp\/v2\/media?parent=187347"}],"wp:term":[{"taxonomy":"product_brand","embeddable":true,"href":"https:\/\/svetslik.si\/hu\/wp-json\/wp\/v2\/product_brand?post=187347"},{"taxonomy":"product_cat","embeddable":true,"href":"https:\/\/svetslik.si\/hu\/wp-json\/wp\/v2\/product_cat?post=187347"},{"taxonomy":"product_tag","embeddable":true,"href":"https:\/\/svetslik.si\/hu\/wp-json\/wp\/v2\/product_tag?post=187347"}],"curies":[{"name":"wp","href":"https:\/\/api.w.org\/{rel}","templated":true}]}}