{"id":187579,"date":"2026-08-14T11:08:36","date_gmt":"2026-08-14T09:08:36","guid":{"rendered":"https:\/\/svetslik.si\/nekategorizirano\/moonlight-5\/"},"modified":"2026-08-23T13:12:06","modified_gmt":"2026-08-23T11:12:06","slug":"moonlight","status":"publish","type":"product","link":"https:\/\/svetslik.si\/hu\/edvard-munch\/moonlight\/","title":{"rendered":"Edvard Munch \u2013 Holdf\u00e9ny"},"content":{"rendered":"<div class=\"wpb-content-wrapper\">[vc_row][vc_column][vc_column_text]\n<h2>Holdf\u00e9ny<\/h2>\n<p>Edvard Munch Holdf\u00e9ny c\u00edm\u0171 festm\u00e9nye 1895-ben k\u00e9sz\u00fclt, olaj, v\u00e1szon, \u00e9s az osl\u00f3i Nemzeti M\u00fazeum (Nasjonalmuseet) \u0151rzi NG.M.02815 lelt\u00e1ri sz\u00e1mon. Az eredeti 110 x 93 cm nagys\u00e1g\u00fa, \u00e1ll\u00f3 form\u00e1tum\u00fa. A jelenet \u00e9jszakai part: magasan az \u00e9gen halv\u00e1ny hold \u00e1ll, t\u00fckr\u00f6z\u0151d\u00e9se pedig hossz\u00fa, egyenes f\u00e9nyoszlopk\u00e9nt hull a teljesen mozdulatlan v\u00edzre.<\/p>\n<p>S\u00f6t\u00e9t fat\u00f6rzsek z\u00e1rj\u00e1k le a szerkezetet balra \u00e9s jobbra, a v\u00e1szon teljes magass\u00e1g\u00e1ban v\u00e9gigfutva. Balra k\u00e9t t\u00f6rzs \u00e1ll szorosan egym\u00e1s mellett, jobbra egyetlen, f\u00f6l\u00f6tte s\u00f6t\u00e9tz\u00f6ld lombkorona ter\u00fcl sz\u00e9t. Bal fent neh\u00e9z, s\u00f6t\u00e9t felh\u0151 h\u00faz\u00f3dik \u00e1t az \u00e9gen, form\u00e1j\u00e1ban megism\u00e9telve a tenger v\u00edzszintes\u00e9t. Az \u00e9g m\u00e9lyk\u00e9k \u00e9s z\u00f6ldesk\u00e9k, az alatta l\u00e9v\u0151 v\u00edz vil\u00e1gosabb \u00e9s sima, ak\u00e1r a f\u00e9m. E simas\u00e1g k\u00f6zep\u00e9n fekszik a holdoszlop: egyenes, a t\u00f6v\u00e9n\u00e9l kiss\u00e9 sz\u00e9lesebb, \u00e9s a t\u00f6rzseken k\u00edv\u00fcl az egyetlen f\u00fcgg\u0151leges. A part ment\u00e9n v\u00edzszintes s\u00e1v fut halv\u00e1ny, g\u00f6mb\u00f6lyded k\u00f6vekb\u0151l r\u00f3zsasz\u00ednben \u00e9s feh\u00e9rben, alul pedig s\u00f6t\u00e9tz\u00f6ld f\u0171 z\u00e1rja a jelenetet. Minden sz\u00e9les v\u00edzszintes s\u00e1vokra van visszavezetve: az \u00e9g, a tenger, a k\u00f6ves part \u00e9s a f\u0171 r\u00e9tegekk\u00e9nt rak\u00f3dnak egym\u00e1sra, \u00e9s csak a t\u00f6rzsek meg a holdoszlop t\u00f6ri meg ezt a r\u00e9tegz\u0151d\u00e9st. Nincs a jelenetben alak, sem cs\u00f3nak, sem h\u00e1z; \u00fcres, \u00e9s \u00e9ppen ez az \u00fcress\u00e9g teszi csendess\u00e9.<\/p>\n<p>A m\u0171 Munch szimbolista \u00e9veihez tartozik, az 1890-es \u00e9vek k\u00f6zep\u00e9n, abban az \u00e9vtizedben, amelyben legismertebb mot\u00edvumai megsz\u00fclettek. A m\u00fazeum 1895-\u00f6s Holdf\u00e9nyk\u00e9nt tartja nyilv\u00e1n NG.M.02815 sz\u00e1mon. A f\u00e9lre\u00e9rt\u00e9s elker\u00fcl\u00e9se v\u00e9gett vil\u00e1gosan kimondand\u00f3: ugyanez a m\u00fazeum \u0151riz egy m\u00e1sik, Holdf\u00e9ny c\u00edm\u0171 m\u0171vet NG.M.01914 sz\u00e1mon, valamint egy Holdf\u00e9ny a F\u00f6ldk\u00f6zi-tengern\u00e9l c\u00edm\u0171 alkot\u00e1st NG.M.00842 sz\u00e1mon. A mi forr\u00e1sunk az 1895-\u00f6s v\u00e1szon, az NG.M.02815, \u00e9s egyik m\u00e1sik sem. A hold t\u00fckr\u00f6z\u0151d\u00e9se a mozdulatlan v\u00edzen Munchn\u00e1l az \u00e9szaki ny\u00e1ri \u00e9jszak\u00e1k visszat\u00e9r\u0151 mot\u00edvuma, \u00e9s m\u00e1s partjelenetein is felbukkan; itt van a legszigor\u00fabban, csaknem m\u00e9rtanian megval\u00f3s\u00edtva.<\/p>\n<p>Az eredeti fest\u00e9kr\u00e9tege v\u00e9kony \u00e9s sima, fel\u00e9p\u00edtett fel\u00fcleti szerkezet n\u00e9lk\u00fcl. Munch sz\u00e9les v\u00edzszintes h\u00faz\u00e1sokkal viszi fel a sz\u00ednt, amelyek az \u00e9g \u00e9s a v\u00edz s\u00e1vjait k\u00f6vetik, a t\u00f6rzseket pedig n\u00e9h\u00e1ny s\u00f6t\u00e9t f\u00fcgg\u0151leges von\u00e1ssal teszi oda. \u00c9ppen ez a simas\u00e1g teszi, hogy a f\u00e9nyoszlop ink\u00e1bb a v\u00edzbe v\u00e1gottnak hat, mint r\u00e1 festettnek. A paletta sz\u0171k: az \u00e9g k\u00e9kjei, a v\u00edz hideg f\u00e9nye, a r\u00f3zsasz\u00edn-feh\u00e9r part \u00e9s az alul l\u00e9v\u0151 s\u00f6t\u00e9tz\u00f6ld. A s\u00e1vok k\u00f6z\u00f6tti \u00e1tmenetek nincsenek elmos\u00f3dva, hanem egym\u00e1s mell\u00e9 vannak t\u00e9ve, \u00edgy a m\u00e9lys\u00e9get a sz\u00edn hordozza, nem a t\u00e1vlat.<\/p>\n<p>A mi\u00e9nket a fest\u0151 k\u00e9zzel festi meg olajjal v\u00e1szonra, ecsetvon\u00e1sr\u00f3l ecsetvon\u00e1sra, rendel\u00e9sre, \u00e9s sohasem nyomat. Mivel mindegyik a saj\u00e1t megrendel\u00e9s\u00e9re k\u00e9sz\u00fcl, kett\u0151 sem egyezik az utols\u00f3 r\u00e9szletig, \u00e9s az apr\u00f3 elt\u00e9r\u00e9sek a k\u00e9z nyomai. A legnehezebb r\u00e9sz a holdoszlop, amelynek nyugodtnak \u00e9s egyenesnek kell maradnia an\u00e9lk\u00fcl, hogy kem\u00e9ny feh\u00e9r vonall\u00e1 merevedn\u00e9k. A fest\u0151 ezt a s\u00e1vot rendszerint utolj\u00e1ra viszi fel, amikor a v\u00edz k\u00e9kje m\u00e1r meg\u00fclt, mert nedves alapon sz\u00e9tfutna \u00e9s elvesz\u00edten\u00e9 az \u00e9l\u00e9t. Fali festm\u00e9nyk\u00e9nt ez a mot\u00edvum akkor a leger\u0151sebb, ha az \u00e9g k\u00e9kje eltal\u00e1lt.<\/p>\n<p>A form\u00e1tum \u00e1ll\u00f3, a hangulat csendes \u00e9s h\u0171v\u00f6s, ez\u00e9rt a festm\u00e9ny j\u00f3l illik h\u00e1l\u00f3szob\u00e1ba, az \u00e1gy melletti falra, a nappali egy nyugodt sark\u00e1ba vagy el\u0151szob\u00e1ba. Csendes, vil\u00e1gos fal szolg\u00e1lja a legjobban, hiszen maga a m\u0171 s\u00f6t\u00e9t; er\u0151sen sz\u00ednezett fal el\u0151tt az \u00e9g k\u00e9kje elvesz\u00edti m\u00e9lys\u00e9g\u00e9t. Szemmagass\u00e1gban helyezze el, l\u00e1gy, egyenletes f\u00e9nyben, ker\u00fclve a kem\u00e9ny szpotot, amely a sima fel\u00fcleten t\u00fckr\u00f6z\u0151d\u00e9st okozna. Faldekor\u00e1ci\u00f3k\u00e9nt olyan helyis\u00e9gbe val\u00f3, ahol este olvasnak vagy pihennek. Mivel a mot\u00edvum \u00e1ll\u00f3 \u00e9s keskeny, j\u00f3l mutat keskeny kom\u00f3d f\u00f6l\u00f6tt, ajt\u00f3 mellett vagy f\u00fclk\u00e9ben is, ahol sz\u00e9lesebb m\u0171nek nem volna helye.<\/p>\n<p>T\u00edz m\u00e9ret v\u00e1laszthat\u00f3, valamint egyedi m\u00e9ret is, \u00e9s minden v\u00e1szon megrendelhet\u0151 kerettel vagy keret n\u00e9lk\u00fcl. A keretet 3D alkalmaz\u00e1sunkban v\u00e1lasztja ki, ahol l\u00e9ceket \u00e9s sz\u00edneket pr\u00f3b\u00e1lhat ki ezen a mot\u00edvumon. A m\u0171v\u00e9sz tov\u00e1bbi munk\u00e1i az <a href=\"https:\/\/svetslik.si\/hu\/edvard-munch\/\">Edvard Munch gal\u00e9ri\u00e1ban<\/a> tal\u00e1lhat\u00f3k, \u00e9let\u00e9r\u0151l \u00e9s fest\u00e9szet\u00e9r\u0151l pedig az <a href=\"https:\/\/svetslik.si\/hu\/edvard-munch-blog\/\">Edvard Munch blogon<\/a> \u00edrunk.<\/p>\n<table style=\"width: 673px;\" border=\"0\" width=\"673\" cellspacing=\"0\" cellpadding=\"0\">\n<tbody>\n<tr>\n<td style=\"width: 180px; height: 21px;\" height=\"21\">Keletkez\u00e9s \u00e9ve:<\/td>\n<td style=\"width: 493px;\">1895<\/td>\n<\/tr>\n<tr>\n<td style=\"width: 180px; height: 21px;\" height=\"21\">Eredeti m\u00e9ret:<\/td>\n<td style=\"width: 493px;\">110 cm x 93 cm<\/td>\n<\/tr>\n<tr>\n<td style=\"width: 180px; height: 21px;\" height=\"21\">St\u00edlus:<\/td>\n<td style=\"width: 493px;\">Szimbolizmus<\/td>\n<\/tr>\n<tr>\n<td style=\"width: 180px; height: 21px;\" height=\"21\">Eredeti technika:<\/td>\n<td style=\"width: 493px;\">Olaj, v\u00e1szon<\/td>\n<\/tr>\n<tr>\n<td style=\"width: 180px; height: 21px;\" height=\"21\">Tal\u00e1lhat\u00f3:<\/td>\n<td style=\"width: 493px;\">Nemzeti M\u00fazeum (Nasjonalmuseet), Oslo<\/td>\n<\/tr>\n<\/tbody>\n<colgroup>\n<col \/>\n<col \/> <\/colgroup>\n<\/table>\n[\/vc_column_text][\/vc_column][\/vc_row]\n<\/div>","protected":false},"excerpt":{"rendered":"<p>A jelenet \u00e9jszakai part: magasan az \u00e9gen halv\u00e1ny hold \u00e1ll, t\u00fckr\u00f6z\u0151d\u00e9se pedig hossz\u00fa, egyenes f\u00e9nyoszlopk\u00e9nt hull a teljesen mozdulatlan v\u00edzre. N\u00e1lunk k\u00e9zzel festett festm\u00e9ny k\u00e9sz\u00fcl bel\u0151le, olaj v\u00e1sznon.<\/p>\n","protected":false},"featured_media":187573,"template":"","meta":{"_acf_changed":false},"product_brand":[],"product_cat":[7140],"product_tag":[7183,11885,11886,11887],"class_list":["post-187579","product","type-product","status-publish","has-post-thumbnail","product_cat-edvard-munch","product_tag-munch-hu","product_tag-painter-hu","product_tag-reproduction","product_tag-reproductions-hu","pa_dimenzija-110-cm-x-94-cm","pa_dimenzija-130-x-110-cm","pa_dimenzija-150-x-130-cm","pa_dimenzija-170-x-140-cm","pa_dimenzija-190-x-160-cm","pa_dimenzija-220-x-180-cm","pa_dimenzija-45-x-38-cm","pa_dimenzija-60-x-50-cm","pa_dimenzija-70-x-60-cm","pa_dimenzija-80-x-70-cm","pa_oblika-vizszintes","pa_okvir-nincs-keret","pa_podokvir-igen","pa_podokvir-nem","first","onbackorder","purchasable","product-type-variable","has-default-attributes"],"acf":[],"yoast_head":"<!-- This site is optimized with the Yoast SEO Premium plugin v27.7 (Yoast SEO v27.7) - https:\/\/yoast.com\/product\/yoast-seo-premium-wordpress\/ -->\n<title>Holdf\u00e9ny \u2013 Edvard Munch | fali festm\u00e9ny<\/title>\n<meta name=\"description\" content=\"Munch Holdf\u00e9ny (1895, Nasjonalmuseet): halv\u00e1ny hold a mozdulatlan v\u00edz f\u00f6l\u00f6tt. K\u00e9zzel festett olajfestm\u00e9ny v\u00e1sznon, t\u00edz m\u00e9ret \u00e9s egyedi m\u00e9ret, kerettel is.\" \/>\n<meta name=\"robots\" content=\"index, follow, max-snippet:-1, max-image-preview:large, max-video-preview:-1\" \/>\n<link rel=\"canonical\" href=\"https:\/\/svetslik.si\/hu\/edvard-munch\/moonlight\/\" \/>\n<meta property=\"og:locale\" content=\"hu_HU\" \/>\n<meta property=\"og:type\" content=\"article\" \/>\n<meta property=\"og:title\" content=\"Edvard Munch \u2013 Holdf\u00e9ny\" \/>\n<meta property=\"og:description\" content=\"Munch Holdf\u00e9ny (1895, Nasjonalmuseet): halv\u00e1ny hold a mozdulatlan v\u00edz f\u00f6l\u00f6tt. K\u00e9zzel festett olajfestm\u00e9ny v\u00e1sznon, t\u00edz m\u00e9ret \u00e9s egyedi m\u00e9ret, kerettel is.\" \/>\n<meta property=\"og:url\" content=\"https:\/\/svetslik.si\/hu\/edvard-munch\/moonlight\/\" \/>\n<meta property=\"og:site_name\" content=\"SvetSlik.si\" \/>\n<meta property=\"article:publisher\" content=\"https:\/\/www.facebook.com\/svetslik.si\" \/>\n<meta property=\"article:modified_time\" content=\"2026-08-23T11:12:06+00:00\" \/>\n<meta property=\"og:image\" content=\"https:\/\/svetslik.si\/wp-content\/uploads\/2026\/08\/edvard-munch-mesecina-moonlight-nasjonalmuseet-ngm02815.jpg\" \/>\n\t<meta property=\"og:image:width\" content=\"4000\" \/>\n\t<meta property=\"og:image:height\" content=\"3364\" \/>\n\t<meta property=\"og:image:type\" content=\"image\/jpeg\" \/>\n<meta name=\"twitter:card\" content=\"summary_large_image\" \/>\n<meta name=\"twitter:description\" content=\"100% ro\u010dno naslikane slike na platnu, reprodukcije znanih slikarjev in umetni\u0161ke slike po naro\u010dilu.\" \/>\n<meta name=\"twitter:site\" content=\"@svetslik\" \/>\n<meta name=\"twitter:label1\" content=\"El\u00e9rhet\u0151s\u00e9g\" \/>\n\t<meta name=\"twitter:data1\" content=\"Beszerz\u00e9s alatt\" \/>\n<script type=\"application\/ld+json\" class=\"yoast-schema-graph\">{\"@context\":\"https:\\\/\\\/schema.org\",\"@graph\":[{\"@type\":[\"WebPage\",\"ItemPage\"],\"@id\":\"https:\\\/\\\/svetslik.si\\\/hu\\\/edvard-munch\\\/moonlight\\\/\",\"url\":\"https:\\\/\\\/svetslik.si\\\/hu\\\/edvard-munch\\\/moonlight\\\/\",\"name\":\"Holdf\u00e9ny \u2013 Edvard Munch | fali festm\u00e9ny\",\"isPartOf\":{\"@id\":\"https:\\\/\\\/svetslik.si\\\/hu\\\/#website\"},\"primaryImageOfPage\":{\"@id\":\"https:\\\/\\\/svetslik.si\\\/hu\\\/edvard-munch\\\/moonlight\\\/#primaryimage\"},\"image\":{\"@id\":\"https:\\\/\\\/svetslik.si\\\/hu\\\/edvard-munch\\\/moonlight\\\/#primaryimage\"},\"thumbnailUrl\":\"https:\\\/\\\/svetslik.si\\\/wp-content\\\/uploads\\\/2026\\\/08\\\/edvard-munch-mesecina-moonlight-nasjonalmuseet-ngm02815.jpg\",\"datePublished\":\"2026-08-14T09:08:36+00:00\",\"dateModified\":\"2026-08-23T11:12:06+00:00\",\"description\":\"Munch Holdf\u00e9ny (1895, Nasjonalmuseet): halv\u00e1ny hold a mozdulatlan v\u00edz f\u00f6l\u00f6tt. K\u00e9zzel festett olajfestm\u00e9ny v\u00e1sznon, t\u00edz m\u00e9ret \u00e9s egyedi m\u00e9ret, kerettel is.\",\"breadcrumb\":{\"@id\":\"https:\\\/\\\/svetslik.si\\\/hu\\\/edvard-munch\\\/moonlight\\\/#breadcrumb\"},\"inLanguage\":\"hu\",\"potentialAction\":[{\"@type\":\"ReadAction\",\"target\":[\"https:\\\/\\\/svetslik.si\\\/hu\\\/edvard-munch\\\/moonlight\\\/\"]}]},{\"@type\":\"ImageObject\",\"inLanguage\":\"hu\",\"@id\":\"https:\\\/\\\/svetslik.si\\\/hu\\\/edvard-munch\\\/moonlight\\\/#primaryimage\",\"url\":\"https:\\\/\\\/svetslik.si\\\/wp-content\\\/uploads\\\/2026\\\/08\\\/edvard-munch-mesecina-moonlight-nasjonalmuseet-ngm02815.jpg\",\"contentUrl\":\"https:\\\/\\\/svetslik.si\\\/wp-content\\\/uploads\\\/2026\\\/08\\\/edvard-munch-mesecina-moonlight-nasjonalmuseet-ngm02815.jpg\",\"width\":4000,\"height\":3364,\"caption\":\"Edvard Munch Holdf\u00e9ny c\u00edm\u0171 m\u0171ve, 1895: s\u00e1padt hold \u00e1ll magasan az \u00e9gen, t\u00fckr\u00f6z\u0151d\u00e9se pedig hossz\u00fa, egyenes f\u00e9nyoszlopk\u00e9nt esik a teljesen mozdulatlan v\u00edzre, a jelenetet oldalt s\u00f6t\u00e9t fat\u00f6rzsek keretezik \u2013 k\u00e9zzel festett olajfestm\u00e9ny v\u00e1sznon, t\u00edz m\u00e9retben. Az eredeti f\u00e9nyk\u00e9pe: Nasjonalmuseet, CC BY 4.0.\"},{\"@type\":\"BreadcrumbList\",\"@id\":\"https:\\\/\\\/svetslik.si\\\/hu\\\/edvard-munch\\\/moonlight\\\/#breadcrumb\",\"itemListElement\":[{\"@type\":\"ListItem\",\"position\":1,\"name\":\"Fali m\u0171v\u00e9szet \u00e9s festm\u00e9nyek v\u00e1szonra\",\"item\":\"https:\\\/\\\/svetslik.si\\\/hu\\\/vaszonfestmenyek-svetslik-si-100-kezzel-festett-festoi-reprodukciok-es-vaszonfestmenyek\\\/\"},{\"@type\":\"ListItem\",\"position\":2,\"name\":\"Festm\u00e9nyek elad\u00e1sa\",\"item\":\"https:\\\/\\\/svetslik.si\\\/hu\\\/festmenyek-eladasa\\\/\"},{\"@type\":\"ListItem\",\"position\":3,\"name\":\"Edvard Munch \u2013 Holdf\u00e9ny\"}]},{\"@type\":\"WebSite\",\"@id\":\"https:\\\/\\\/svetslik.si\\\/hu\\\/#website\",\"url\":\"https:\\\/\\\/svetslik.si\\\/hu\\\/\",\"name\":\"SvetSlik.si\",\"description\":\"K\u00e9zzel festett festm\u00e9nyek v\u00e1sznon \u2013 h\u00edres fest\u0151k reprodukci\u00f3i, absztrakt \u00e9s modern mot\u00edvumok, egyedi rendel\u00e9sre is.\",\"publisher\":{\"@id\":\"https:\\\/\\\/svetslik.si\\\/hu\\\/#organization\"},\"potentialAction\":[{\"@type\":\"SearchAction\",\"target\":{\"@type\":\"EntryPoint\",\"urlTemplate\":\"https:\\\/\\\/svetslik.si\\\/hu\\\/?s={search_term_string}\"},\"query-input\":{\"@type\":\"PropertyValueSpecification\",\"valueRequired\":true,\"valueName\":\"search_term_string\"}}],\"inLanguage\":\"hu\",\"alternateName\":\"K\u00e9zzel festett festm\u00e9nyek online gal\u00e9ri\u00e1ja\"},{\"@type\":[\"Organization\",\"Store\"],\"@id\":\"https:\\\/\\\/svetslik.si\\\/hu\\\/#organization\",\"name\":\"SvetSlik.si\",\"url\":\"https:\\\/\\\/svetslik.si\\\/hu\\\/\",\"logo\":{\"@type\":\"ImageObject\",\"inLanguage\":\"hu\",\"@id\":\"https:\\\/\\\/svetslik.si\\\/hu\\\/#\\\/schema\\\/logo\\\/image\\\/\",\"url\":\"https:\\\/\\\/svetslik.si\\\/wp-content\\\/uploads\\\/2020\\\/12\\\/logo-512.png\",\"contentUrl\":\"https:\\\/\\\/svetslik.si\\\/wp-content\\\/uploads\\\/2020\\\/12\\\/logo-512.png\",\"width\":512,\"height\":512,\"caption\":\"SvetSlik.si\"},\"image\":{\"@id\":\"https:\\\/\\\/svetslik.si\\\/hu\\\/#\\\/schema\\\/logo\\\/image\\\/\"},\"sameAs\":[\"https:\\\/\\\/www.facebook.com\\\/svetslik.si\",\"https:\\\/\\\/x.com\\\/svetslik\",\"https:\\\/\\\/www.instagram.com\\\/svetslik.si\\\/\",\"https:\\\/\\\/www.linkedin.com\\\/company\\\/svetslik-si\",\"https:\\\/\\\/www.google.com\\\/maps\\\/place\\\/?q=place_id:ChIJaybyg-XHekcRwZCqYrxOGjY\"],\"address\":{\"@type\":\"PostalAddress\",\"streetAddress\":\"Zgornje Bitnje 146a\",\"addressLocality\":\"\u017dabnica\",\"postalCode\":\"4209\",\"addressCountry\":\"SI\"},\"hasMap\":\"https:\\\/\\\/www.google.com\\\/maps\\\/place\\\/?q=place_id:ChIJaybyg-XHekcRwZCqYrxOGjY\",\"telephone\":\"+38651675637\",\"openingHoursSpecification\":[{\"@type\":\"OpeningHoursSpecification\",\"dayOfWeek\":[\"https:\\\/\\\/schema.org\\\/Monday\",\"https:\\\/\\\/schema.org\\\/Tuesday\",\"https:\\\/\\\/schema.org\\\/Wednesday\",\"https:\\\/\\\/schema.org\\\/Thursday\",\"https:\\\/\\\/schema.org\\\/Friday\"],\"opens\":\"09:00\",\"closes\":\"20:00\"}],\"description\":\"K\u00e9zzel festett v\u00e1szonfestm\u00e9nyek \u2013 rendelje meg online vagy e-mailben. Megtekint\u00e9s el\u0151zetes egyeztet\u00e9s alapj\u00e1n lehets\u00e9ges.\",\"knowsAbout\":[\"v\u00e1szonfestm\u00e9ny\",\"k\u00e9zzel festett v\u00e1szonfestm\u00e9nyek\",\"festm\u00e9nyek reprodukci\u00f3i\",\"olajfestm\u00e9ny v\u00e1szonon\",\"akrilfestm\u00e9ny v\u00e1szonon\",\"modern absztrakt m\u0171v\u00e9szet\",\"festm\u00e9ny megrendel\u00e9sre\",\"festm\u00e9nyek megrendel\u00e9sre\",\"festm\u00e9nyek bekeretez\u00e9se\",\"h\u00edres fest\u0151k alkot\u00e1sai\",\"modern festm\u00e9nyek otthonra\",\"festm\u00e9ny aj\u00e1nd\u00e9kba\",\"egyedi v\u00e1szonfestm\u00e9nyek\",\"festm\u00e9nyek h\u00e1zhozsz\u00e1ll\u00edt\u00e1sa\",\"m\u0171v\u00e9szeti gal\u00e9ria\"],\"legalName\":\"Matemero d.o.o.\",\"email\":\"info@svetslik.si\",\"foundingDate\":\"2009\",\"aggregateRating\":{\"@type\":\"AggregateRating\",\"ratingValue\":\"5\",\"reviewCount\":103,\"bestRating\":\"5\",\"worstRating\":\"1\"}}]}<\/script>\n<meta property=\"og:availability\" content=\"backorder\" \/>\n<meta property=\"product:availability\" content=\"available for order\" \/>\n<meta property=\"product:retailer_item_id\" content=\"1410__\" \/>\n<meta property=\"product:condition\" content=\"new\" \/>\n<!-- \/ Yoast SEO Premium plugin. -->","yoast_head_json":{"title":"Holdf\u00e9ny \u2013 Edvard Munch | fali festm\u00e9ny","description":"Munch Holdf\u00e9ny (1895, Nasjonalmuseet): halv\u00e1ny hold a mozdulatlan v\u00edz f\u00f6l\u00f6tt. K\u00e9zzel festett olajfestm\u00e9ny v\u00e1sznon, t\u00edz m\u00e9ret \u00e9s egyedi m\u00e9ret, kerettel is.","robots":{"index":"index","follow":"follow","max-snippet":"max-snippet:-1","max-image-preview":"max-image-preview:large","max-video-preview":"max-video-preview:-1"},"canonical":"https:\/\/svetslik.si\/hu\/edvard-munch\/moonlight\/","og_locale":"hu_HU","og_type":"article","og_title":"Edvard Munch \u2013 Holdf\u00e9ny","og_description":"Munch Holdf\u00e9ny (1895, Nasjonalmuseet): halv\u00e1ny hold a mozdulatlan v\u00edz f\u00f6l\u00f6tt. K\u00e9zzel festett olajfestm\u00e9ny v\u00e1sznon, t\u00edz m\u00e9ret \u00e9s egyedi m\u00e9ret, kerettel is.","og_url":"https:\/\/svetslik.si\/hu\/edvard-munch\/moonlight\/","og_site_name":"SvetSlik.si","article_publisher":"https:\/\/www.facebook.com\/svetslik.si","article_modified_time":"2026-08-23T11:12:06+00:00","og_image":[{"width":4000,"height":3364,"url":"https:\/\/svetslik.si\/wp-content\/uploads\/2026\/08\/edvard-munch-mesecina-moonlight-nasjonalmuseet-ngm02815.jpg","type":"image\/jpeg"}],"twitter_card":"summary_large_image","twitter_description":"100% ro\u010dno naslikane slike na platnu, reprodukcije znanih slikarjev in umetni\u0161ke slike po naro\u010dilu.","twitter_site":"@svetslik","twitter_misc":{"El\u00e9rhet\u0151s\u00e9g":"Beszerz\u00e9s alatt"},"schema":{"@context":"https:\/\/schema.org","@graph":[{"@type":["WebPage","ItemPage"],"@id":"https:\/\/svetslik.si\/hu\/edvard-munch\/moonlight\/","url":"https:\/\/svetslik.si\/hu\/edvard-munch\/moonlight\/","name":"Holdf\u00e9ny \u2013 Edvard Munch | fali festm\u00e9ny","isPartOf":{"@id":"https:\/\/svetslik.si\/hu\/#website"},"primaryImageOfPage":{"@id":"https:\/\/svetslik.si\/hu\/edvard-munch\/moonlight\/#primaryimage"},"image":{"@id":"https:\/\/svetslik.si\/hu\/edvard-munch\/moonlight\/#primaryimage"},"thumbnailUrl":"https:\/\/svetslik.si\/wp-content\/uploads\/2026\/08\/edvard-munch-mesecina-moonlight-nasjonalmuseet-ngm02815.jpg","datePublished":"2026-08-14T09:08:36+00:00","dateModified":"2026-08-23T11:12:06+00:00","description":"Munch Holdf\u00e9ny (1895, Nasjonalmuseet): halv\u00e1ny hold a mozdulatlan v\u00edz f\u00f6l\u00f6tt. K\u00e9zzel festett olajfestm\u00e9ny v\u00e1sznon, t\u00edz m\u00e9ret \u00e9s egyedi m\u00e9ret, kerettel is.","breadcrumb":{"@id":"https:\/\/svetslik.si\/hu\/edvard-munch\/moonlight\/#breadcrumb"},"inLanguage":"hu","potentialAction":[{"@type":"ReadAction","target":["https:\/\/svetslik.si\/hu\/edvard-munch\/moonlight\/"]}]},{"@type":"ImageObject","inLanguage":"hu","@id":"https:\/\/svetslik.si\/hu\/edvard-munch\/moonlight\/#primaryimage","url":"https:\/\/svetslik.si\/wp-content\/uploads\/2026\/08\/edvard-munch-mesecina-moonlight-nasjonalmuseet-ngm02815.jpg","contentUrl":"https:\/\/svetslik.si\/wp-content\/uploads\/2026\/08\/edvard-munch-mesecina-moonlight-nasjonalmuseet-ngm02815.jpg","width":4000,"height":3364,"caption":"Edvard Munch Holdf\u00e9ny c\u00edm\u0171 m\u0171ve, 1895: s\u00e1padt hold \u00e1ll magasan az \u00e9gen, t\u00fckr\u00f6z\u0151d\u00e9se pedig hossz\u00fa, egyenes f\u00e9nyoszlopk\u00e9nt esik a teljesen mozdulatlan v\u00edzre, a jelenetet oldalt s\u00f6t\u00e9t fat\u00f6rzsek keretezik \u2013 k\u00e9zzel festett olajfestm\u00e9ny v\u00e1sznon, t\u00edz m\u00e9retben. Az eredeti f\u00e9nyk\u00e9pe: Nasjonalmuseet, CC BY 4.0."},{"@type":"BreadcrumbList","@id":"https:\/\/svetslik.si\/hu\/edvard-munch\/moonlight\/#breadcrumb","itemListElement":[{"@type":"ListItem","position":1,"name":"Fali m\u0171v\u00e9szet \u00e9s festm\u00e9nyek v\u00e1szonra","item":"https:\/\/svetslik.si\/hu\/vaszonfestmenyek-svetslik-si-100-kezzel-festett-festoi-reprodukciok-es-vaszonfestmenyek\/"},{"@type":"ListItem","position":2,"name":"Festm\u00e9nyek elad\u00e1sa","item":"https:\/\/svetslik.si\/hu\/festmenyek-eladasa\/"},{"@type":"ListItem","position":3,"name":"Edvard Munch \u2013 Holdf\u00e9ny"}]},{"@type":"WebSite","@id":"https:\/\/svetslik.si\/hu\/#website","url":"https:\/\/svetslik.si\/hu\/","name":"SvetSlik.si","description":"K\u00e9zzel festett festm\u00e9nyek v\u00e1sznon \u2013 h\u00edres fest\u0151k reprodukci\u00f3i, absztrakt \u00e9s modern mot\u00edvumok, egyedi rendel\u00e9sre is.","publisher":{"@id":"https:\/\/svetslik.si\/hu\/#organization"},"potentialAction":[{"@type":"SearchAction","target":{"@type":"EntryPoint","urlTemplate":"https:\/\/svetslik.si\/hu\/?s={search_term_string}"},"query-input":{"@type":"PropertyValueSpecification","valueRequired":true,"valueName":"search_term_string"}}],"inLanguage":"hu","alternateName":"K\u00e9zzel festett festm\u00e9nyek online gal\u00e9ri\u00e1ja"},{"@type":["Organization","Store"],"@id":"https:\/\/svetslik.si\/hu\/#organization","name":"SvetSlik.si","url":"https:\/\/svetslik.si\/hu\/","logo":{"@type":"ImageObject","inLanguage":"hu","@id":"https:\/\/svetslik.si\/hu\/#\/schema\/logo\/image\/","url":"https:\/\/svetslik.si\/wp-content\/uploads\/2020\/12\/logo-512.png","contentUrl":"https:\/\/svetslik.si\/wp-content\/uploads\/2020\/12\/logo-512.png","width":512,"height":512,"caption":"SvetSlik.si"},"image":{"@id":"https:\/\/svetslik.si\/hu\/#\/schema\/logo\/image\/"},"sameAs":["https:\/\/www.facebook.com\/svetslik.si","https:\/\/x.com\/svetslik","https:\/\/www.instagram.com\/svetslik.si\/","https:\/\/www.linkedin.com\/company\/svetslik-si","https:\/\/www.google.com\/maps\/place\/?q=place_id:ChIJaybyg-XHekcRwZCqYrxOGjY"],"address":{"@type":"PostalAddress","streetAddress":"Zgornje Bitnje 146a","addressLocality":"\u017dabnica","postalCode":"4209","addressCountry":"SI"},"hasMap":"https:\/\/www.google.com\/maps\/place\/?q=place_id:ChIJaybyg-XHekcRwZCqYrxOGjY","telephone":"+38651675637","openingHoursSpecification":[{"@type":"OpeningHoursSpecification","dayOfWeek":["https:\/\/schema.org\/Monday","https:\/\/schema.org\/Tuesday","https:\/\/schema.org\/Wednesday","https:\/\/schema.org\/Thursday","https:\/\/schema.org\/Friday"],"opens":"09:00","closes":"20:00"}],"description":"K\u00e9zzel festett v\u00e1szonfestm\u00e9nyek \u2013 rendelje meg online vagy e-mailben. Megtekint\u00e9s el\u0151zetes egyeztet\u00e9s alapj\u00e1n lehets\u00e9ges.","knowsAbout":["v\u00e1szonfestm\u00e9ny","k\u00e9zzel festett v\u00e1szonfestm\u00e9nyek","festm\u00e9nyek reprodukci\u00f3i","olajfestm\u00e9ny v\u00e1szonon","akrilfestm\u00e9ny v\u00e1szonon","modern absztrakt m\u0171v\u00e9szet","festm\u00e9ny megrendel\u00e9sre","festm\u00e9nyek megrendel\u00e9sre","festm\u00e9nyek bekeretez\u00e9se","h\u00edres fest\u0151k alkot\u00e1sai","modern festm\u00e9nyek otthonra","festm\u00e9ny aj\u00e1nd\u00e9kba","egyedi v\u00e1szonfestm\u00e9nyek","festm\u00e9nyek h\u00e1zhozsz\u00e1ll\u00edt\u00e1sa","m\u0171v\u00e9szeti gal\u00e9ria"],"legalName":"Matemero d.o.o.","email":"info@svetslik.si","foundingDate":"2009","aggregateRating":{"@type":"AggregateRating","ratingValue":"5","reviewCount":103,"bestRating":"5","worstRating":"1"}}]},"og_availability":"backorder","product_availability":"available for order","product_retailer_item_id":"1410__","product_condition":"new"},"_links":{"self":[{"href":"https:\/\/svetslik.si\/hu\/wp-json\/wp\/v2\/product\/187579","targetHints":{"allow":["GET"]}}],"collection":[{"href":"https:\/\/svetslik.si\/hu\/wp-json\/wp\/v2\/product"}],"about":[{"href":"https:\/\/svetslik.si\/hu\/wp-json\/wp\/v2\/types\/product"}],"wp:featuredmedia":[{"embeddable":true,"href":"https:\/\/svetslik.si\/hu\/wp-json\/wp\/v2\/media\/187573"}],"wp:attachment":[{"href":"https:\/\/svetslik.si\/hu\/wp-json\/wp\/v2\/media?parent=187579"}],"wp:term":[{"taxonomy":"product_brand","embeddable":true,"href":"https:\/\/svetslik.si\/hu\/wp-json\/wp\/v2\/product_brand?post=187579"},{"taxonomy":"product_cat","embeddable":true,"href":"https:\/\/svetslik.si\/hu\/wp-json\/wp\/v2\/product_cat?post=187579"},{"taxonomy":"product_tag","embeddable":true,"href":"https:\/\/svetslik.si\/hu\/wp-json\/wp\/v2\/product_tag?post=187579"}],"curies":[{"name":"wp","href":"https:\/\/api.w.org\/{rel}","templated":true}]}}