{"id":187791,"date":"2026-08-14T11:16:06","date_gmt":"2026-08-14T09:16:06","guid":{"rendered":"https:\/\/svetslik.si\/nekategorizirano\/winter-in-the-woods-nordstrand-5\/"},"modified":"2026-08-29T09:13:44","modified_gmt":"2026-08-29T07:13:44","slug":"winter-in-the-woods-nordstrand","status":"publish","type":"product","link":"https:\/\/svetslik.si\/hu\/edvard-munch\/winter-in-the-woods-nordstrand\/","title":{"rendered":"Edvard Munch \u2013 T\u00e9l az erd\u0151ben, Nordstrand"},"content":{"rendered":"<div class=\"wpb-content-wrapper\">[vc_row][vc_column][vc_column_text]\n<h2>T\u00e9l az erd\u0151ben, Nordstrand<\/h2>\n<p>Edvard Munch T\u00e9l az erd\u0151ben, Nordstrand c\u00edm\u0171 festm\u00e9nye 1899-ben k\u00e9sz\u00fclt, olaj, karton, \u00e9s az osl\u00f3i Nemzeti M\u00fazeum (Nasjonalmuseet) \u0151rzi NG.M.00570 lelt\u00e1ri sz\u00e1mon. Az eredeti 90 x 60,5 cm nagys\u00e1g\u00fa, fekv\u0151 form\u00e1tum\u00fa. A jelenet h\u00f3val bor\u00edtott fenyves: s\u00f6t\u00e9t t\u00f6rzsek emelkednek ki a m\u00e9ly h\u00f3b\u00f3l, a fels\u0151 fel\u00e9t pedig neh\u00e9z s\u00f6t\u00e9t lombs\u00e1tor t\u00f6lti ki.<\/p>\n<p>A t\u00f6rzsek csaknem feket\u00e9k, \u00e9s egyenesen felfel\u00e9 futnak, f\u00fcgg\u0151legesek sor\u00e1t alkotva, amely keskeny s\u00e1vokra osztja a jelenetet. F\u00f6l\u00f6tt\u00fck s\u0171r\u0171 t\u0171level\u0171 mennyezet z\u00e1rul \u00f6ssze, az \u00e1gakon pedig h\u00f3foltok \u00fclnek, a fels\u0151 f\u00e9l egyetlen vil\u00e1gos jelei. Lent sz\u00e9les feh\u00e9r h\u00f3torlasz h\u00faz\u00f3dik, bal \u00e9s jobb oldal\u00e1n g\u00f6mb\u00f6lyded h\u00f3buck\u00e1kkal, k\u00f6z\u00f6tt\u00fck pedig k\u00e9kesen \u00e1rny\u00e9kolt ker\u00e9knyom kanyarog el. A h\u00f3 v\u00edzszintese \u00e9s a t\u00f6rzsek f\u00fcgg\u0151legesei \u00e1tmenet n\u00e9lk\u00fcl tal\u00e1lkoznak; k\u00f6z\u00e9pt\u00f3nus alig van, \u00edgy az erd\u0151 vil\u00e1gos alapra ragasztott, kiv\u00e1gott sziluettk\u00e9nt olvashat\u00f3. M\u00e9lys\u00e9g alig van: az erd\u0151 nem h\u00e1tr\u00e1l, hanem falk\u00e9nt \u00e1ll k\u00f6zvetlen\u00fcl a n\u00e9z\u0151 el\u0151tt, \u00e9s csak a ker\u00e9knyom k\u00edn\u00e1l utat befel\u00e9. Nincs alak, nincs h\u00e1z \u00e9s nincs \u00e9g \u2013 csak f\u00e1k \u00e9s h\u00f3.<\/p>\n<p>A jelenet a f\u0151v\u00e1roshoz k\u00f6zeli Nordstrandb\u00f3l val\u00f3, ahol Munch akkoriban \u00e9lt. Az ellent\u00e9t sz\u00e9ls\u0151s\u00e9ges: csaknem fekete a csaknem feh\u00e9r ellen\u00e9ben, k\u00f6z\u00e9p n\u00e9lk\u00fcl. A h\u00f3 azonban nem lapos feh\u00e9r fel\u00fclet, hanem k\u00e9kes \u00e9s sz\u00fcrke \u00e1rny\u00e9kok lesz\u0171k\u00edtett h\u00e1l\u00f3ja, amely csak egy\u00fctt adja a f\u00e9ny benyom\u00e1s\u00e1t. \u00c9ppen ez a tart\u00f3zkod\u00e1s \u00f3vja meg a jelenetet att\u00f3l, hogy dekorat\u00edv t\u00e9li l\u00e1tv\u00e1ny legyen, \u00e9s teszi egy d\u00e9lut\u00e1n h\u0171v\u00f6s, pontos feljegyz\u00e9s\u00e9v\u00e9. T\u00e9li mot\u00edvumokat Munch gyakran festett, de ritk\u00e1n ilyen szigor\u00faan; ez a jelenet k\u00f6zelebb \u00e1ll a rajzhoz, mint az elbesz\u00e9l\u00e9shez. A c\u00edm a helyet is megnevezi: Nordstrand akkoriban a v\u00e1ros sz\u00e9l\u00e9n fekv\u0151 nyaral\u00f3hely volt, ahonnan az erd\u0151 n\u00e9h\u00e1ny l\u00e9p\u00e9sre kezd\u0151d\u00f6tt, \u00e9s Munch nem messzir\u0151l, hanem bel\u00fclr\u0151l festette meg.<\/p>\n<p>Az eredeti hordoz\u00f3ja nem v\u00e1szon, hanem karton. Munch gyakran haszn\u00e1lta gyorsan \u00e9s a szabadban festett munk\u00e1khoz, mert k\u00f6nny\u0171 volt \u00e9s mag\u00e1val lehetett vinni. A v\u00e1szonn\u00e1l merevebb, de olcs\u00f3bb \u00e9s gyorsabban sz\u00e1rad\u00f3 alap \u00e9ppen a szabadban v\u00e9gzett munk\u00e1hoz val\u00f3. A fest\u00e9ket sz\u00e1razon \u00e9s s\u00e1vokban vitte fel, \u00edgy a karton szemcs\u00e9je helyenk\u00e9nt \u00e1t\u00fct a fest\u00e9ken, \u00e9s r\u00e9szt vesz a h\u00f3 hat\u00e1s\u00e1ban. A mi reprodukci\u00f3nk olajjal v\u00e1szonra k\u00e9sz\u00fcl, mint minden ezen az oldalon; az eredeti technika az al\u00e1bbi t\u00e1bl\u00e1zatban szerepel. A karton egyben a jelenet saj\u00e1tos t\u00f3nus\u00e1nak oka is: barn\u00e1s alapja \u00e9pphogy megmeleg\u00edti a feh\u00e9reket, \u00edgy a h\u00f3 soha nem v\u00e1lik hidegen feh\u00e9rr\u00e9.<\/p>\n<p>A mi\u00e9nket a fest\u0151 k\u00e9zzel festi meg olajjal v\u00e1szonra, ecsetvon\u00e1sr\u00f3l ecsetvon\u00e1sra, rendel\u00e9sre, \u00e9s sohasem nyomat. Mivel minden v\u00e1szon egyenk\u00e9nt k\u00e9sz\u00fcl, a t\u00f3nusok \u00e9s a von\u00e1sok darabonk\u00e9nt kiss\u00e9 elt\u00e9rnek; ezek az apr\u00f3 k\u00fcl\u00f6nbs\u00e9gek a k\u00e9z nyomai. A legnehezebb r\u00e9sz a h\u00f3, amelynek hideg \u00e1rny\u00e9kokb\u00f3l \u00f6sszerakottnak kell maradnia, nem pedig \u00fcres feh\u00e9r fel\u00fclett\u00e9 v\u00e1lnia. K\u00e9zzel festett v\u00e1szonfestm\u00e9nyk\u00e9nt a mot\u00edvum mindenekel\u0151tt fegyelmet k\u00edv\u00e1n a vil\u00e1gos r\u00e9szekn\u00e9l.<\/p>\n<p>A form\u00e1tum fekv\u0151, a jelenet h\u0171v\u00f6s \u00e9s csendes, ez\u00e9rt a festm\u00e9ny j\u00f3l illik nappaliba, h\u00e1l\u00f3szob\u00e1ba, el\u0151t\u00e9rbe vagy vil\u00e1gos f\u00e1s helyis\u00e9gbe. Meleg, vil\u00e1gos fal szolg\u00e1lja a legjobban, \u00e9s ellenpontot \u00e1ll\u00edt a h\u00f3 hideg\u00e9nek; hideg sz\u00fcrke fal el\u0151tt a jelenet egybeolvad a k\u00f6rnyezettel. Szemmagass\u00e1gban helyezze el, egyenletes f\u00e9nyben; a sz\u00f3rt nappali f\u00e9ny t\u00f6bbet mutat bel\u0151le, mint az er\u0151s mesters\u00e9ges vil\u00e1g\u00edt\u00e1s. Fali festm\u00e9nyk\u00e9nt megnyugtat egy egy\u00e9bk\u00e9nt sz\u00ednes szob\u00e1t, hiszen eg\u00e9sz\u00e9ben k\u00e9t \u00e9rt\u00e9ken \u00e1ll. A fekv\u0151 form\u00e1tum j\u00f3l illik alacsony kom\u00f3d f\u00f6l\u00e9 vagy az \u00e1gy fejr\u00e9sz\u00e9hez, ahol a teljes sz\u00e9less\u00e9g rendelkez\u00e9s\u00e9re \u00e1ll.<\/p>\n<p>T\u00edz m\u00e9ret v\u00e1laszthat\u00f3, valamint egyedi m\u00e9ret is, \u00e9s minden v\u00e1szon megrendelhet\u0151 kerettel vagy keret n\u00e9lk\u00fcl. A keretet 3D alkalmaz\u00e1sunkban v\u00e1lasztja ki, ahol l\u00e9ceket \u00e9s sz\u00edneket pr\u00f3b\u00e1lhat ki ezen a mot\u00edvumon; keskeny s\u00f6t\u00e9t l\u00e9c megism\u00e9tli a t\u00f6rzsek ritmus\u00e1t. A m\u0171v\u00e9sz tov\u00e1bbi munk\u00e1i az <a href=\"https:\/\/svetslik.si\/hu\/edvard-munch\/\">Edvard Munch gal\u00e9ri\u00e1ban<\/a> tal\u00e1lhat\u00f3k, \u00e9let\u00e9r\u0151l \u00e9s fest\u00e9szet\u00e9r\u0151l pedig az <a href=\"https:\/\/svetslik.si\/hu\/edvard-munch-blog\/\">Edvard Munch blogon<\/a> \u00edrunk.<\/p>\n<table style=\"width: 673px;\" border=\"0\" width=\"673\" cellspacing=\"0\" cellpadding=\"0\">\n<tbody>\n<tr>\n<td style=\"width: 180px; height: 21px;\" height=\"21\">Keletkez\u00e9s \u00e9ve:<\/td>\n<td style=\"width: 493px;\">1899<\/td>\n<\/tr>\n<tr>\n<td style=\"width: 180px; height: 21px;\" height=\"21\">Eredeti m\u00e9ret:<\/td>\n<td style=\"width: 493px;\">90 cm x 60,5 cm<\/td>\n<\/tr>\n<tr>\n<td style=\"width: 180px; height: 21px;\" height=\"21\">St\u00edlus:<\/td>\n<td style=\"width: 493px;\">Expresszionizmus<\/td>\n<\/tr>\n<tr>\n<td style=\"width: 180px; height: 21px;\" height=\"21\">Eredeti technika:<\/td>\n<td style=\"width: 493px;\">Olaj, karton<\/td>\n<\/tr>\n<tr>\n<td style=\"width: 180px; height: 21px;\" height=\"21\">Tal\u00e1lhat\u00f3:<\/td>\n<td style=\"width: 493px;\">Nemzeti M\u00fazeum (Nasjonalmuseet), Oslo<\/td>\n<\/tr>\n<\/tbody>\n<colgroup>\n<col \/>\n<col \/> <\/colgroup>\n<\/table>\n[\/vc_column_text][\/vc_column][\/vc_row]\n<\/div>","protected":false},"excerpt":{"rendered":"<p>A jelenet h\u00f3val bor\u00edtott fenyves: s\u00f6t\u00e9t t\u00f6rzsek emelkednek ki a m\u00e9ly h\u00f3b\u00f3l, a fels\u0151 fel\u00e9t pedig neh\u00e9z s\u00f6t\u00e9t lombs\u00e1tor t\u00f6lti ki. N\u00e1lunk k\u00e9zzel festett festm\u00e9ny k\u00e9sz\u00fcl bel\u0151le, olaj v\u00e1sznon.<\/p>\n","protected":false},"featured_media":187785,"template":"","meta":{"_acf_changed":false},"product_brand":[],"product_cat":[7140],"product_tag":[7183,11885,11886,11887],"class_list":["post-187791","product","type-product","status-publish","has-post-thumbnail","product_cat-edvard-munch","product_tag-munch-hu","product_tag-painter-hu","product_tag-reproduction","product_tag-reproductions-hu","pa_dimenzija-105-x-70-cm","pa_dimenzija-130-x-90-cm","pa_dimenzija-150-x-100-cm","pa_dimenzija-180-x-120-cm","pa_dimenzija-195-x-130-cm","pa_dimenzija-240-x-160-cm","pa_dimenzija-47-x-32-cm","pa_dimenzija-60-x-40-cm","pa_dimenzija-70-cm-x-47-cm","pa_dimenzija-90-x-60-cm","pa_oblika-vizszintes","pa_okvir-nincs-keret","pa_podokvir-igen","pa_podokvir-nem","first","onbackorder","purchasable","product-type-variable","has-default-attributes"],"acf":[],"yoast_head":"<!-- This site is optimized with the Yoast SEO Premium plugin v27.7 (Yoast SEO v27.7) - https:\/\/yoast.com\/product\/yoast-seo-premium-wordpress\/ -->\n<title>T\u00e9l az erd\u0151ben, Nordstrand - Edvard Munch, k\u00e9zzel festett<\/title>\n<meta name=\"description\" content=\"Munch T\u00e9l az erd\u0151ben (1899, Nasjonalmuseet): s\u00f6t\u00e9t t\u00f6rzsek a m\u00e9ly h\u00f3ban. K\u00e9zzel festett olajfestm\u00e9ny v\u00e1sznon, t\u00edz m\u00e9ret \u00e9s egyedi m\u00e9ret, kerettel is.\" \/>\n<meta name=\"robots\" content=\"index, follow, max-snippet:-1, max-image-preview:large, max-video-preview:-1\" \/>\n<link rel=\"canonical\" href=\"https:\/\/svetslik.si\/hu\/edvard-munch\/winter-in-the-woods-nordstrand\/\" \/>\n<meta property=\"og:locale\" content=\"hu_HU\" \/>\n<meta property=\"og:type\" content=\"article\" \/>\n<meta property=\"og:title\" content=\"Edvard Munch \u2013 T\u00e9l az erd\u0151ben, Nordstrand\" \/>\n<meta property=\"og:description\" content=\"K\u00e9zzel festett festm\u00e9nyek v\u00e1sznon \u2013 h\u00edres fest\u0151k reprodukci\u00f3i, absztrakt \u00e9s modern mot\u00edvumok, egyedi rendel\u00e9sre is.\" \/>\n<meta property=\"og:url\" content=\"https:\/\/svetslik.si\/hu\/edvard-munch\/winter-in-the-woods-nordstrand\/\" \/>\n<meta property=\"og:site_name\" content=\"SvetSlik.si\" \/>\n<meta property=\"article:publisher\" content=\"https:\/\/www.facebook.com\/svetslik.si\" \/>\n<meta property=\"article:modified_time\" content=\"2026-08-29T07:13:44+00:00\" \/>\n<meta property=\"og:image\" content=\"https:\/\/svetslik.si\/wp-content\/uploads\/2026\/08\/edvard-munch-zima-v-gozdu-winter-in-the-woods-nasjonalmuseet-ngm00570-1024x690.jpg\" \/>\n\t<meta property=\"og:image:width\" content=\"1024\" \/>\n\t<meta property=\"og:image:height\" content=\"690\" \/>\n\t<meta property=\"og:image:type\" content=\"image\/jpeg\" \/>\n<meta name=\"twitter:card\" content=\"summary_large_image\" \/>\n<meta name=\"twitter:site\" content=\"@svetslik\" \/>\n<meta name=\"twitter:label1\" content=\"El\u00e9rhet\u0151s\u00e9g\" \/>\n\t<meta name=\"twitter:data1\" content=\"Beszerz\u00e9s alatt\" \/>\n<script type=\"application\/ld+json\" class=\"yoast-schema-graph\">{\"@context\":\"https:\\\/\\\/schema.org\",\"@graph\":[{\"@type\":[\"WebPage\",\"ItemPage\"],\"@id\":\"https:\\\/\\\/svetslik.si\\\/hu\\\/edvard-munch\\\/winter-in-the-woods-nordstrand\\\/\",\"url\":\"https:\\\/\\\/svetslik.si\\\/hu\\\/edvard-munch\\\/winter-in-the-woods-nordstrand\\\/\",\"name\":\"T\u00e9l az erd\u0151ben, Nordstrand - Edvard Munch, k\u00e9zzel festett\",\"isPartOf\":{\"@id\":\"https:\\\/\\\/svetslik.si\\\/hu\\\/#website\"},\"primaryImageOfPage\":{\"@id\":\"https:\\\/\\\/svetslik.si\\\/hu\\\/edvard-munch\\\/winter-in-the-woods-nordstrand\\\/#primaryimage\"},\"image\":{\"@id\":\"https:\\\/\\\/svetslik.si\\\/hu\\\/edvard-munch\\\/winter-in-the-woods-nordstrand\\\/#primaryimage\"},\"thumbnailUrl\":\"https:\\\/\\\/svetslik.si\\\/wp-content\\\/uploads\\\/2026\\\/08\\\/edvard-munch-zima-v-gozdu-winter-in-the-woods-nasjonalmuseet-ngm00570.jpg\",\"datePublished\":\"2026-08-14T09:16:06+00:00\",\"dateModified\":\"2026-08-29T07:13:44+00:00\",\"description\":\"Munch T\u00e9l az erd\u0151ben (1899, Nasjonalmuseet): s\u00f6t\u00e9t t\u00f6rzsek a m\u00e9ly h\u00f3ban. K\u00e9zzel festett olajfestm\u00e9ny v\u00e1sznon, t\u00edz m\u00e9ret \u00e9s egyedi m\u00e9ret, kerettel is.\",\"breadcrumb\":{\"@id\":\"https:\\\/\\\/svetslik.si\\\/hu\\\/edvard-munch\\\/winter-in-the-woods-nordstrand\\\/#breadcrumb\"},\"inLanguage\":\"hu\",\"potentialAction\":[{\"@type\":\"ReadAction\",\"target\":[\"https:\\\/\\\/svetslik.si\\\/hu\\\/edvard-munch\\\/winter-in-the-woods-nordstrand\\\/\"]}]},{\"@type\":\"ImageObject\",\"inLanguage\":\"hu\",\"@id\":\"https:\\\/\\\/svetslik.si\\\/hu\\\/edvard-munch\\\/winter-in-the-woods-nordstrand\\\/#primaryimage\",\"url\":\"https:\\\/\\\/svetslik.si\\\/wp-content\\\/uploads\\\/2026\\\/08\\\/edvard-munch-zima-v-gozdu-winter-in-the-woods-nasjonalmuseet-ngm00570.jpg\",\"contentUrl\":\"https:\\\/\\\/svetslik.si\\\/wp-content\\\/uploads\\\/2026\\\/08\\\/edvard-munch-zima-v-gozdu-winter-in-the-woods-nasjonalmuseet-ngm00570.jpg\",\"width\":4000,\"height\":2696,\"caption\":\"Edvard Munch T\u00e9l az erd\u0151ben, Nordstrand c\u00edm\u0171 m\u0171ve, 1899: s\u00f6t\u00e9t feny\u0151t\u00f6rzsek emelkednek ki a m\u00e9ly h\u00f3b\u00f3l egy neh\u00e9z, h\u00f3foltos lombkorona alatt, lent pedig sz\u00e9les feh\u00e9r h\u00f3torlasz ter\u00fcl el \u2013 k\u00e9zzel festett olajfestm\u00e9ny v\u00e1sznon, t\u00edz m\u00e9retben. Az eredeti f\u00e9nyk\u00e9pe: Nasjonalmuseet, CC BY 4.0.\"},{\"@type\":\"BreadcrumbList\",\"@id\":\"https:\\\/\\\/svetslik.si\\\/hu\\\/edvard-munch\\\/winter-in-the-woods-nordstrand\\\/#breadcrumb\",\"itemListElement\":[{\"@type\":\"ListItem\",\"position\":1,\"name\":\"Fali m\u0171v\u00e9szet \u00e9s festm\u00e9nyek v\u00e1szonra\",\"item\":\"https:\\\/\\\/svetslik.si\\\/hu\\\/vaszonfestmenyek-svetslik-si-100-kezzel-festett-festoi-reprodukciok-es-vaszonfestmenyek\\\/\"},{\"@type\":\"ListItem\",\"position\":2,\"name\":\"Festm\u00e9nyek elad\u00e1sa\",\"item\":\"https:\\\/\\\/svetslik.si\\\/hu\\\/festmenyek-eladasa\\\/\"},{\"@type\":\"ListItem\",\"position\":3,\"name\":\"Edvard Munch \u2013 T\u00e9l az erd\u0151ben, Nordstrand\"}]},{\"@type\":\"WebSite\",\"@id\":\"https:\\\/\\\/svetslik.si\\\/hu\\\/#website\",\"url\":\"https:\\\/\\\/svetslik.si\\\/hu\\\/\",\"name\":\"SvetSlik.si\",\"description\":\"K\u00e9zzel festett festm\u00e9nyek v\u00e1sznon \u2013 h\u00edres fest\u0151k reprodukci\u00f3i, absztrakt \u00e9s modern mot\u00edvumok, egyedi rendel\u00e9sre is.\",\"publisher\":{\"@id\":\"https:\\\/\\\/svetslik.si\\\/hu\\\/#organization\"},\"potentialAction\":[{\"@type\":\"SearchAction\",\"target\":{\"@type\":\"EntryPoint\",\"urlTemplate\":\"https:\\\/\\\/svetslik.si\\\/hu\\\/?s={search_term_string}\"},\"query-input\":{\"@type\":\"PropertyValueSpecification\",\"valueRequired\":true,\"valueName\":\"search_term_string\"}}],\"inLanguage\":\"hu\",\"alternateName\":\"K\u00e9zzel festett festm\u00e9nyek online gal\u00e9ri\u00e1ja\"},{\"@type\":[\"Organization\",\"Store\"],\"@id\":\"https:\\\/\\\/svetslik.si\\\/hu\\\/#organization\",\"name\":\"SvetSlik.si\",\"url\":\"https:\\\/\\\/svetslik.si\\\/hu\\\/\",\"logo\":{\"@type\":\"ImageObject\",\"inLanguage\":\"hu\",\"@id\":\"https:\\\/\\\/svetslik.si\\\/hu\\\/#\\\/schema\\\/logo\\\/image\\\/\",\"url\":\"https:\\\/\\\/svetslik.si\\\/wp-content\\\/uploads\\\/2020\\\/12\\\/logo-512.png\",\"contentUrl\":\"https:\\\/\\\/svetslik.si\\\/wp-content\\\/uploads\\\/2020\\\/12\\\/logo-512.png\",\"width\":512,\"height\":512,\"caption\":\"SvetSlik.si\"},\"image\":{\"@id\":\"https:\\\/\\\/svetslik.si\\\/hu\\\/#\\\/schema\\\/logo\\\/image\\\/\"},\"sameAs\":[\"https:\\\/\\\/www.facebook.com\\\/svetslik.si\",\"https:\\\/\\\/x.com\\\/svetslik\",\"https:\\\/\\\/www.instagram.com\\\/svetslik.si\\\/\",\"https:\\\/\\\/www.linkedin.com\\\/company\\\/svetslik-si\",\"https:\\\/\\\/www.google.com\\\/maps\\\/place\\\/?q=place_id:ChIJaybyg-XHekcRwZCqYrxOGjY\"],\"address\":{\"@type\":\"PostalAddress\",\"streetAddress\":\"Zgornje Bitnje 146a\",\"addressLocality\":\"\u017dabnica\",\"postalCode\":\"4209\",\"addressCountry\":\"SI\"},\"hasMap\":\"https:\\\/\\\/www.google.com\\\/maps\\\/place\\\/?q=place_id:ChIJaybyg-XHekcRwZCqYrxOGjY\",\"telephone\":\"+38651675637\",\"openingHoursSpecification\":[{\"@type\":\"OpeningHoursSpecification\",\"dayOfWeek\":[\"https:\\\/\\\/schema.org\\\/Monday\",\"https:\\\/\\\/schema.org\\\/Tuesday\",\"https:\\\/\\\/schema.org\\\/Wednesday\",\"https:\\\/\\\/schema.org\\\/Thursday\",\"https:\\\/\\\/schema.org\\\/Friday\"],\"opens\":\"09:00\",\"closes\":\"20:00\"}],\"description\":\"K\u00e9zzel festett v\u00e1szonfestm\u00e9nyek \u2013 rendelje meg online vagy e-mailben. Megtekint\u00e9s el\u0151zetes egyeztet\u00e9s alapj\u00e1n lehets\u00e9ges.\",\"knowsAbout\":[\"v\u00e1szonfestm\u00e9ny\",\"k\u00e9zzel festett v\u00e1szonfestm\u00e9nyek\",\"festm\u00e9nyek reprodukci\u00f3i\",\"olajfestm\u00e9ny v\u00e1szonon\",\"akrilfestm\u00e9ny v\u00e1szonon\",\"modern absztrakt m\u0171v\u00e9szet\",\"festm\u00e9ny megrendel\u00e9sre\",\"festm\u00e9nyek megrendel\u00e9sre\",\"festm\u00e9nyek bekeretez\u00e9se\",\"h\u00edres fest\u0151k alkot\u00e1sai\",\"modern festm\u00e9nyek otthonra\",\"festm\u00e9ny aj\u00e1nd\u00e9kba\",\"egyedi v\u00e1szonfestm\u00e9nyek\",\"festm\u00e9nyek h\u00e1zhozsz\u00e1ll\u00edt\u00e1sa\",\"m\u0171v\u00e9szeti gal\u00e9ria\"],\"legalName\":\"Matemero d.o.o.\",\"email\":\"info@svetslik.si\",\"foundingDate\":\"2009\",\"aggregateRating\":{\"@type\":\"AggregateRating\",\"ratingValue\":\"5\",\"reviewCount\":103,\"bestRating\":\"5\",\"worstRating\":\"1\"}}]}<\/script>\n<meta property=\"og:availability\" content=\"backorder\" \/>\n<meta property=\"product:availability\" content=\"available for order\" \/>\n<meta property=\"product:retailer_item_id\" content=\"1411__\" \/>\n<meta property=\"product:condition\" content=\"new\" \/>\n<!-- \/ Yoast SEO Premium plugin. -->","yoast_head_json":{"title":"T\u00e9l az erd\u0151ben, Nordstrand - Edvard Munch, k\u00e9zzel festett","description":"Munch T\u00e9l az erd\u0151ben (1899, Nasjonalmuseet): s\u00f6t\u00e9t t\u00f6rzsek a m\u00e9ly h\u00f3ban. K\u00e9zzel festett olajfestm\u00e9ny v\u00e1sznon, t\u00edz m\u00e9ret \u00e9s egyedi m\u00e9ret, kerettel is.","robots":{"index":"index","follow":"follow","max-snippet":"max-snippet:-1","max-image-preview":"max-image-preview:large","max-video-preview":"max-video-preview:-1"},"canonical":"https:\/\/svetslik.si\/hu\/edvard-munch\/winter-in-the-woods-nordstrand\/","og_locale":"hu_HU","og_type":"article","og_title":"Edvard Munch \u2013 T\u00e9l az erd\u0151ben, Nordstrand","og_description":"K\u00e9zzel festett festm\u00e9nyek v\u00e1sznon \u2013 h\u00edres fest\u0151k reprodukci\u00f3i, absztrakt \u00e9s modern mot\u00edvumok, egyedi rendel\u00e9sre is.","og_url":"https:\/\/svetslik.si\/hu\/edvard-munch\/winter-in-the-woods-nordstrand\/","og_site_name":"SvetSlik.si","article_publisher":"https:\/\/www.facebook.com\/svetslik.si","article_modified_time":"2026-08-29T07:13:44+00:00","og_image":[{"width":1024,"height":690,"url":"https:\/\/svetslik.si\/wp-content\/uploads\/2026\/08\/edvard-munch-zima-v-gozdu-winter-in-the-woods-nasjonalmuseet-ngm00570-1024x690.jpg","type":"image\/jpeg"}],"twitter_card":"summary_large_image","twitter_site":"@svetslik","twitter_misc":{"El\u00e9rhet\u0151s\u00e9g":"Beszerz\u00e9s alatt"},"schema":{"@context":"https:\/\/schema.org","@graph":[{"@type":["WebPage","ItemPage"],"@id":"https:\/\/svetslik.si\/hu\/edvard-munch\/winter-in-the-woods-nordstrand\/","url":"https:\/\/svetslik.si\/hu\/edvard-munch\/winter-in-the-woods-nordstrand\/","name":"T\u00e9l az erd\u0151ben, Nordstrand - Edvard Munch, k\u00e9zzel festett","isPartOf":{"@id":"https:\/\/svetslik.si\/hu\/#website"},"primaryImageOfPage":{"@id":"https:\/\/svetslik.si\/hu\/edvard-munch\/winter-in-the-woods-nordstrand\/#primaryimage"},"image":{"@id":"https:\/\/svetslik.si\/hu\/edvard-munch\/winter-in-the-woods-nordstrand\/#primaryimage"},"thumbnailUrl":"https:\/\/svetslik.si\/wp-content\/uploads\/2026\/08\/edvard-munch-zima-v-gozdu-winter-in-the-woods-nasjonalmuseet-ngm00570.jpg","datePublished":"2026-08-14T09:16:06+00:00","dateModified":"2026-08-29T07:13:44+00:00","description":"Munch T\u00e9l az erd\u0151ben (1899, Nasjonalmuseet): s\u00f6t\u00e9t t\u00f6rzsek a m\u00e9ly h\u00f3ban. K\u00e9zzel festett olajfestm\u00e9ny v\u00e1sznon, t\u00edz m\u00e9ret \u00e9s egyedi m\u00e9ret, kerettel is.","breadcrumb":{"@id":"https:\/\/svetslik.si\/hu\/edvard-munch\/winter-in-the-woods-nordstrand\/#breadcrumb"},"inLanguage":"hu","potentialAction":[{"@type":"ReadAction","target":["https:\/\/svetslik.si\/hu\/edvard-munch\/winter-in-the-woods-nordstrand\/"]}]},{"@type":"ImageObject","inLanguage":"hu","@id":"https:\/\/svetslik.si\/hu\/edvard-munch\/winter-in-the-woods-nordstrand\/#primaryimage","url":"https:\/\/svetslik.si\/wp-content\/uploads\/2026\/08\/edvard-munch-zima-v-gozdu-winter-in-the-woods-nasjonalmuseet-ngm00570.jpg","contentUrl":"https:\/\/svetslik.si\/wp-content\/uploads\/2026\/08\/edvard-munch-zima-v-gozdu-winter-in-the-woods-nasjonalmuseet-ngm00570.jpg","width":4000,"height":2696,"caption":"Edvard Munch T\u00e9l az erd\u0151ben, Nordstrand c\u00edm\u0171 m\u0171ve, 1899: s\u00f6t\u00e9t feny\u0151t\u00f6rzsek emelkednek ki a m\u00e9ly h\u00f3b\u00f3l egy neh\u00e9z, h\u00f3foltos lombkorona alatt, lent pedig sz\u00e9les feh\u00e9r h\u00f3torlasz ter\u00fcl el \u2013 k\u00e9zzel festett olajfestm\u00e9ny v\u00e1sznon, t\u00edz m\u00e9retben. Az eredeti f\u00e9nyk\u00e9pe: Nasjonalmuseet, CC BY 4.0."},{"@type":"BreadcrumbList","@id":"https:\/\/svetslik.si\/hu\/edvard-munch\/winter-in-the-woods-nordstrand\/#breadcrumb","itemListElement":[{"@type":"ListItem","position":1,"name":"Fali m\u0171v\u00e9szet \u00e9s festm\u00e9nyek v\u00e1szonra","item":"https:\/\/svetslik.si\/hu\/vaszonfestmenyek-svetslik-si-100-kezzel-festett-festoi-reprodukciok-es-vaszonfestmenyek\/"},{"@type":"ListItem","position":2,"name":"Festm\u00e9nyek elad\u00e1sa","item":"https:\/\/svetslik.si\/hu\/festmenyek-eladasa\/"},{"@type":"ListItem","position":3,"name":"Edvard Munch \u2013 T\u00e9l az erd\u0151ben, Nordstrand"}]},{"@type":"WebSite","@id":"https:\/\/svetslik.si\/hu\/#website","url":"https:\/\/svetslik.si\/hu\/","name":"SvetSlik.si","description":"K\u00e9zzel festett festm\u00e9nyek v\u00e1sznon \u2013 h\u00edres fest\u0151k reprodukci\u00f3i, absztrakt \u00e9s modern mot\u00edvumok, egyedi rendel\u00e9sre is.","publisher":{"@id":"https:\/\/svetslik.si\/hu\/#organization"},"potentialAction":[{"@type":"SearchAction","target":{"@type":"EntryPoint","urlTemplate":"https:\/\/svetslik.si\/hu\/?s={search_term_string}"},"query-input":{"@type":"PropertyValueSpecification","valueRequired":true,"valueName":"search_term_string"}}],"inLanguage":"hu","alternateName":"K\u00e9zzel festett festm\u00e9nyek online gal\u00e9ri\u00e1ja"},{"@type":["Organization","Store"],"@id":"https:\/\/svetslik.si\/hu\/#organization","name":"SvetSlik.si","url":"https:\/\/svetslik.si\/hu\/","logo":{"@type":"ImageObject","inLanguage":"hu","@id":"https:\/\/svetslik.si\/hu\/#\/schema\/logo\/image\/","url":"https:\/\/svetslik.si\/wp-content\/uploads\/2020\/12\/logo-512.png","contentUrl":"https:\/\/svetslik.si\/wp-content\/uploads\/2020\/12\/logo-512.png","width":512,"height":512,"caption":"SvetSlik.si"},"image":{"@id":"https:\/\/svetslik.si\/hu\/#\/schema\/logo\/image\/"},"sameAs":["https:\/\/www.facebook.com\/svetslik.si","https:\/\/x.com\/svetslik","https:\/\/www.instagram.com\/svetslik.si\/","https:\/\/www.linkedin.com\/company\/svetslik-si","https:\/\/www.google.com\/maps\/place\/?q=place_id:ChIJaybyg-XHekcRwZCqYrxOGjY"],"address":{"@type":"PostalAddress","streetAddress":"Zgornje Bitnje 146a","addressLocality":"\u017dabnica","postalCode":"4209","addressCountry":"SI"},"hasMap":"https:\/\/www.google.com\/maps\/place\/?q=place_id:ChIJaybyg-XHekcRwZCqYrxOGjY","telephone":"+38651675637","openingHoursSpecification":[{"@type":"OpeningHoursSpecification","dayOfWeek":["https:\/\/schema.org\/Monday","https:\/\/schema.org\/Tuesday","https:\/\/schema.org\/Wednesday","https:\/\/schema.org\/Thursday","https:\/\/schema.org\/Friday"],"opens":"09:00","closes":"20:00"}],"description":"K\u00e9zzel festett v\u00e1szonfestm\u00e9nyek \u2013 rendelje meg online vagy e-mailben. Megtekint\u00e9s el\u0151zetes egyeztet\u00e9s alapj\u00e1n lehets\u00e9ges.","knowsAbout":["v\u00e1szonfestm\u00e9ny","k\u00e9zzel festett v\u00e1szonfestm\u00e9nyek","festm\u00e9nyek reprodukci\u00f3i","olajfestm\u00e9ny v\u00e1szonon","akrilfestm\u00e9ny v\u00e1szonon","modern absztrakt m\u0171v\u00e9szet","festm\u00e9ny megrendel\u00e9sre","festm\u00e9nyek megrendel\u00e9sre","festm\u00e9nyek bekeretez\u00e9se","h\u00edres fest\u0151k alkot\u00e1sai","modern festm\u00e9nyek otthonra","festm\u00e9ny aj\u00e1nd\u00e9kba","egyedi v\u00e1szonfestm\u00e9nyek","festm\u00e9nyek h\u00e1zhozsz\u00e1ll\u00edt\u00e1sa","m\u0171v\u00e9szeti gal\u00e9ria"],"legalName":"Matemero d.o.o.","email":"info@svetslik.si","foundingDate":"2009","aggregateRating":{"@type":"AggregateRating","ratingValue":"5","reviewCount":103,"bestRating":"5","worstRating":"1"}}]},"og_availability":"backorder","product_availability":"available for order","product_retailer_item_id":"1411__","product_condition":"new"},"_links":{"self":[{"href":"https:\/\/svetslik.si\/hu\/wp-json\/wp\/v2\/product\/187791","targetHints":{"allow":["GET"]}}],"collection":[{"href":"https:\/\/svetslik.si\/hu\/wp-json\/wp\/v2\/product"}],"about":[{"href":"https:\/\/svetslik.si\/hu\/wp-json\/wp\/v2\/types\/product"}],"wp:featuredmedia":[{"embeddable":true,"href":"https:\/\/svetslik.si\/hu\/wp-json\/wp\/v2\/media\/187785"}],"wp:attachment":[{"href":"https:\/\/svetslik.si\/hu\/wp-json\/wp\/v2\/media?parent=187791"}],"wp:term":[{"taxonomy":"product_brand","embeddable":true,"href":"https:\/\/svetslik.si\/hu\/wp-json\/wp\/v2\/product_brand?post=187791"},{"taxonomy":"product_cat","embeddable":true,"href":"https:\/\/svetslik.si\/hu\/wp-json\/wp\/v2\/product_cat?post=187791"},{"taxonomy":"product_tag","embeddable":true,"href":"https:\/\/svetslik.si\/hu\/wp-json\/wp\/v2\/product_tag?post=187791"}],"curies":[{"name":"wp","href":"https:\/\/api.w.org\/{rel}","templated":true}]}}