{"id":187863,"date":"2026-08-14T11:25:43","date_gmt":"2026-08-14T09:25:43","guid":{"rendered":"https:\/\/svetslik.si\/nekategorizirano\/night-in-nice-5\/"},"modified":"2026-08-23T13:12:09","modified_gmt":"2026-08-23T11:12:09","slug":"night-in-nice","status":"publish","type":"product","link":"https:\/\/svetslik.si\/hu\/edvard-munch\/night-in-nice\/","title":{"rendered":"Edvard Munch \u2013 \u00c9jszaka Nizz\u00e1ban"},"content":{"rendered":"<div class=\"wpb-content-wrapper\">[vc_row][vc_column][vc_column_text]\n<h2>\u00c9jszaka Nizz\u00e1ban<\/h2>\n<p>Edvard Munch \u00c9jszaka Nizz\u00e1ban c\u00edm\u0171 festm\u00e9nye 1891-ben k\u00e9sz\u00fclt, olaj, v\u00e1szon, \u00e9s az osl\u00f3i Nemzeti M\u00fazeum (Nasjonalmuseet) \u0151rzi NG.M.00394 lelt\u00e1ri sz\u00e1mon. Az eredeti 54 x 48 cm nagys\u00e1g\u00fa, \u00e1ll\u00f3 form\u00e1tum\u00fa. A jelenet magasb\u00f3l n\u00e9z egy mediterr\u00e1n v\u00e1rosra \u00e9jjel: halv\u00e1ny, s\u00edk homlokzat\u00fa h\u00e1zak l\u00e9pcs\u0151znek le a lejt\u0151n, f\u00f6l\u00f6tt\u00fck pedig sz\u00e9les \u00e9g ter\u00fcl el.<\/p>\n<p>A h\u00e1zak lapos vil\u00e1gos fel\u00fcletekk\u00e9nt vannak megadva s\u00f6t\u00e9t tet\u0151kkel, d\u00edsz \u00e9s rajzolt \u00e9p\u00edt\u00e9szet n\u00e9lk\u00fcl; az ablakok nem t\u00f6bbek s\u00f6t\u00e9t foltokn\u00e1l. K\u00f6z\u00f6tt\u00fck s\u00f6t\u00e9t ciprusok \u00e9s cserj\u00e9k n\u0151nek, \u00e9s ezek adj\u00e1k az als\u00f3 f\u00e9l egyetlen f\u00fcgg\u0151legeseit. A k\u00f6z\u00e9pen s\u00f6t\u00e9t dombgerinc fekszik keresztben, amely elv\u00e1lasztja a v\u00e1rost az \u00e9gt\u0151l. Az \u00e9g a teljes fels\u0151 harmadot elfoglalja, \u00e9s l\u00e1that\u00f3 von\u00e1sokkal van megdolgozva, amelyek v\u00edzszintesen futnak \u00e9s soha nem olvadnak \u00f6ssze. El\u00f6l jobbra a talaj s\u00f6t\u00e9t lejt\u0151be bukik, amely lez\u00e1rja a jelenetet, \u00e9s a n\u00e9z\u0151t a v\u00e1ros f\u00f6l\u00e9 helyezi, nem pedig bele. Egyetlen alak sincs. A jelenet h\u00e1rom s\u00e1vb\u00f3l \u00e9p\u00fcl \u2013 tet\u0151k, gerinc \u00e9s \u00e9g -, amelyek t\u00e1vlat n\u00e9lk\u00fcl vannak egym\u00e1s f\u00f6l\u00e9 helyezve; a m\u00e9lys\u00e9get egyed\u00fcl a s\u00f6t\u00e9ts\u00e9g k\u00fcl\u00f6nbs\u00e9ge hordozza.<\/p>\n<p>Munch az 1891-es telet a francia Rivi\u00e9r\u00e1n t\u00f6lt\u00f6tte, ahov\u00e1 eg\u00e9szs\u00e9ge miatt utazott, \u00e9s ahol Nizz\u00e1r\u00f3l \u00e9s k\u00f6rny\u00e9k\u00e9r\u0151l kis m\u00e9ret\u0171 l\u00e1tk\u00e9pek sora sz\u00fcletett. Az ilyen jelenetek ritk\u00e1k munk\u00e1ss\u00e1g\u00e1ban: a nyugtalan \u00e9szaki mot\u00edvumok helyett itt egy v\u00e1ros nyugodt, csaknem rendezett megfigyel\u00e9se \u00e1ll. K\u00e9peslap azonban m\u00e9gsem. A form\u00e1k nagy fel\u00fcletekre vannak visszavezetve, a kezel\u00e9sm\u00f3d pedig sz\u00e1raz \u00e9s takar\u00e9kos, \u00edgy a v\u00e1szon sz\u00f6v\u00e9se helyenk\u00e9nt \u00e1tdereng a fest\u00e9ken. Munch ekkor huszonh\u00e9t \u00e9ves volt, \u00e9s el\u0151sz\u00f6r j\u00e1rt d\u00e9len; ez a l\u00e1tv\u00e1ny olyasvalaki feljegyz\u00e9se, aki idegen v\u00e1rost n\u00e9z, an\u00e9lk\u00fcl hogy sz\u00e9p\u00edteni akarn\u00e1. A d\u00e9li f\u00e9ny nem oldotta fel a szigor\u00e1t: a h\u00e1zak ugyanolyan sz\u0171kszav\u00faan vannak megadva, mint az \u00e9szaki mot\u00edvumokon, csak a paletta lett vil\u00e1gosabb. A sorozat t\u00f6bbi darabj\u00e1hoz hasonl\u00f3an ez is kis m\u00e9ret\u0171: olyan m\u0171, amelyet egy \u00fcl\u00e9sben, k\u00f6zvetlen\u00fcl a l\u00e1tv\u00e1ny el\u0151tt lehetett befejezni.<\/p>\n<p>Az \u00e9jszakai f\u00e9ny nincs er\u0151s ellent\u00e9tekkel megfestve, hanem tomp\u00edtott, letomp\u00edtott t\u00f3nusokban, amelyek az eg\u00e9sz jelenetet csendbe tolj\u00e1k. A paletta sz\u0171k: k\u00e9kessz\u00fcrke, ol\u00edva, halv\u00e1ny homoksz\u00edn \u00e9s n\u00e9h\u00e1ny melegebb folt a falakon. Fekete sehol nincs; a legs\u00f6t\u00e9tebb r\u00e9szek m\u00e9lyk\u00e9kek. Ez\u00e9rt nem alv\u00f3nak hat a v\u00e1ros, hanem csup\u00e1n hallgatagnak, mintha k\u00f6zvetlen\u00fcl hajnal el\u0151tt l\u00e1tn\u00e1nk. A von\u00e1sok r\u00f6videk \u00e9s egym\u00e1s mell\u00e9 tettek, nem elmosottak, ett\u0151l \u00fagy t\u0171nik, mintha az \u00e9g enyh\u00e9n remegne, j\u00f3llehet val\u00f3j\u00e1ban teljesen mozdulatlan.<\/p>\n<p>A mi\u00e9nket a fest\u0151 k\u00e9zzel festi meg olajjal v\u00e1szonra, ecsetvon\u00e1sr\u00f3l ecsetvon\u00e1sra, rendel\u00e9sre, \u00e9s sohasem nyomat. Mivel minden v\u00e1szon egyenk\u00e9nt k\u00e9sz\u00fcl, a t\u00f3nusok \u00e9s a von\u00e1sok darabonk\u00e9nt kiss\u00e9 elt\u00e9rnek; ezek az apr\u00f3 k\u00fcl\u00f6nbs\u00e9gek a k\u00e9z nyomai. A legnehezebb r\u00e9sz az \u00e9g, amelynek k\u00fcl\u00f6n\u00e1ll\u00f3 von\u00e1sokb\u00f3l \u00f6sszerakottnak kell maradnia, nem pedig sima fel\u00fclett\u00e9 v\u00e1lnia. H\u00edres festm\u00e9nyek k\u00f6z\u00fcl ez azok k\u00f6z\u00e9 tartozik, amelyek mindenekel\u0151tt a szomsz\u00e9dos tompa t\u00f3nusok k\u00fcl\u00f6nbs\u00e9g\u00e9re val\u00f3 \u00e9rz\u00e9ket k\u00edv\u00e1nj\u00e1k.<\/p>\n<p>A form\u00e1tum \u00e1ll\u00f3, a jelenet csendes \u00e9s h\u0171v\u00f6s, ez\u00e9rt a festm\u00e9ny j\u00f3l illik h\u00e1l\u00f3szob\u00e1ba, munkasarokba vagy el\u0151szob\u00e1ba, ahol nem versenyez m\u00e1s sz\u00ednekkel. Vil\u00e1gos, semleges fal szolg\u00e1lja a legjobban; er\u0151sen sz\u00ednezett fal el\u0151tt a tomp\u00edtott t\u00f3nusok elvesz\u00edtik egym\u00e1shoz m\u00e9rt k\u00fcl\u00f6nbs\u00e9g\u00fcket. Szemmagass\u00e1gban helyezze el, l\u00e1gy f\u00e9nyben. Olaj v\u00e1szon festm\u00e9nyk\u00e9nt oda val\u00f3, ahol k\u00f6zelr\u0151l n\u00e9zik, hiszen csak k\u00f6zelr\u0151l mutatja meg a l\u00e1tsz\u00f3lag egyenletes \u00e9g, h\u00e1ny t\u00f3nust hordoz. Mivel a form\u00e1tum \u00e1ll\u00f3 \u00e9s nem nagy, keskeny f\u00fclk\u00e9ben vagy k\u00e9t k\u00f6nyvespolc k\u00f6z\u00f6tt is j\u00f3l meg\u00e1ll.<\/p>\n<p>T\u00edz m\u00e9ret v\u00e1laszthat\u00f3, valamint egyedi m\u00e9ret is, \u00e9s minden v\u00e1szon megrendelhet\u0151 kerettel vagy keret n\u00e9lk\u00fcl. A keretet 3D alkalmaz\u00e1sunkban v\u00e1lasztja ki, ahol l\u00e9ceket \u00e9s sz\u00edneket pr\u00f3b\u00e1lhat ki ezen a mot\u00edvumon; semleges sz\u00fcrke vagy vil\u00e1gos fa l\u00e9c itt jobban hat, mint az aranyozott. A m\u0171v\u00e9sz tov\u00e1bbi munk\u00e1i az <a href=\"https:\/\/svetslik.si\/hu\/edvard-munch\/\">Edvard Munch gal\u00e9ri\u00e1ban<\/a> tal\u00e1lhat\u00f3k, \u00e9let\u00e9r\u0151l \u00e9s fest\u00e9szet\u00e9r\u0151l pedig az <a href=\"https:\/\/svetslik.si\/hu\/edvard-munch-blog\/\">Edvard Munch blogon<\/a> \u00edrunk.<\/p>\n<table style=\"width: 673px;\" border=\"0\" width=\"673\" cellspacing=\"0\" cellpadding=\"0\">\n<tbody>\n<tr>\n<td style=\"width: 180px; height: 21px;\" height=\"21\">Keletkez\u00e9s \u00e9ve:<\/td>\n<td style=\"width: 493px;\">1891<\/td>\n<\/tr>\n<tr>\n<td style=\"width: 180px; height: 21px;\" height=\"21\">Eredeti m\u00e9ret:<\/td>\n<td style=\"width: 493px;\">54 cm x 48 cm<\/td>\n<\/tr>\n<tr>\n<td style=\"width: 180px; height: 21px;\" height=\"21\">St\u00edlus:<\/td>\n<td style=\"width: 493px;\">Impresszionizmus<\/td>\n<\/tr>\n<tr>\n<td style=\"width: 180px; height: 21px;\" height=\"21\">Eredeti technika:<\/td>\n<td style=\"width: 493px;\">Olaj, v\u00e1szon<\/td>\n<\/tr>\n<tr>\n<td style=\"width: 180px; height: 21px;\" height=\"21\">Tal\u00e1lhat\u00f3:<\/td>\n<td style=\"width: 493px;\">Nemzeti M\u00fazeum (Nasjonalmuseet), Oslo<\/td>\n<\/tr>\n<\/tbody>\n<colgroup>\n<col \/>\n<col \/> <\/colgroup>\n<\/table>\n[\/vc_column_text][\/vc_column][\/vc_row]\n<\/div>","protected":false},"excerpt":{"rendered":"<p>A jelenet magasb\u00f3l n\u00e9z egy mediterr\u00e1n v\u00e1rosra \u00e9jjel: halv\u00e1ny, s\u00edk homlokzat\u00fa h\u00e1zak l\u00e9pcs\u0151znek le a lejt\u0151n, f\u00f6l\u00f6tt\u00fck pedig sz\u00e9les \u00e9g ter\u00fcl el. N\u00e1lunk k\u00e9zzel festett festm\u00e9ny k\u00e9sz\u00fcl bel\u0151le, olaj v\u00e1sznon.<\/p>\n","protected":false},"featured_media":187857,"template":"","meta":{"_acf_changed":false},"product_brand":[],"product_cat":[7140],"product_tag":[7183,11885,11886,11887],"class_list":["post-187863","product","type-product","status-publish","has-post-thumbnail","product_cat-edvard-munch","product_tag-munch-hu","product_tag-painter-hu","product_tag-reproduction","product_tag-reproductions-hu","pa_dimenzija-110-cm-x-94-cm","pa_dimenzija-130-x-115-cm","pa_dimenzija-150-x-130-cm","pa_dimenzija-175-cm-x-156-cm","pa_dimenzija-190-x-175-cm","pa_dimenzija-215-cm-x-190-cm","pa_dimenzija-40-cm-x-36-cm","pa_dimenzija-56-x-48-cm","pa_dimenzija-70-x-60-cm","pa_dimenzija-90-x-80-cm","pa_oblika-vizszintes","pa_okvir-nincs-keret","pa_podokvir-igen","pa_podokvir-nem","first","onbackorder","purchasable","product-type-variable","has-default-attributes"],"acf":[],"yoast_head":"<!-- This site is optimized with the Yoast SEO Premium plugin v27.7 (Yoast SEO v27.7) - https:\/\/yoast.com\/product\/yoast-seo-premium-wordpress\/ -->\n<title>\u00c9jszaka Nizz\u00e1ban \u2013 Edvard Munch | h\u00edres festm\u00e9nyek<\/title>\n<meta name=\"description\" content=\"Munch \u00c9jszaka Nizz\u00e1ban (1891, Nasjonalmuseet): mediterr\u00e1n v\u00e1ros az \u00e9jszak\u00e1ban. K\u00e9zzel festett olajfestm\u00e9ny v\u00e1sznon, t\u00edz m\u00e9ret \u00e9s egyedi m\u00e9ret, kerettel is.\" \/>\n<meta name=\"robots\" content=\"index, follow, max-snippet:-1, max-image-preview:large, max-video-preview:-1\" \/>\n<link rel=\"canonical\" href=\"https:\/\/svetslik.si\/hu\/edvard-munch\/night-in-nice\/\" \/>\n<meta property=\"og:locale\" content=\"hu_HU\" \/>\n<meta property=\"og:type\" content=\"article\" \/>\n<meta property=\"og:title\" content=\"Edvard Munch \u2013 \u00c9jszaka Nizz\u00e1ban\" \/>\n<meta property=\"og:description\" content=\"Munch \u00c9jszaka Nizz\u00e1ban (1891, Nasjonalmuseet): mediterr\u00e1n v\u00e1ros az \u00e9jszak\u00e1ban. K\u00e9zzel festett olajfestm\u00e9ny v\u00e1sznon, t\u00edz m\u00e9ret \u00e9s egyedi m\u00e9ret, kerettel is.\" \/>\n<meta property=\"og:url\" content=\"https:\/\/svetslik.si\/hu\/edvard-munch\/night-in-nice\/\" \/>\n<meta property=\"og:site_name\" content=\"SvetSlik.si\" \/>\n<meta property=\"article:publisher\" content=\"https:\/\/www.facebook.com\/svetslik.si\" \/>\n<meta property=\"article:modified_time\" content=\"2026-08-23T11:12:09+00:00\" \/>\n<meta property=\"og:image\" content=\"https:\/\/svetslik.si\/wp-content\/uploads\/2026\/08\/edvard-munch-noc-v-nici-night-in-nice-nasjonalmuseet-ngm00394.jpg\" \/>\n\t<meta property=\"og:image:width\" content=\"4000\" \/>\n\t<meta property=\"og:image:height\" content=\"3572\" \/>\n\t<meta property=\"og:image:type\" content=\"image\/jpeg\" \/>\n<meta name=\"twitter:card\" content=\"summary_large_image\" \/>\n<meta name=\"twitter:description\" content=\"100% ro\u010dno naslikane slike na platnu, reprodukcije znanih slikarjev in umetni\u0161ke slike po naro\u010dilu.\" \/>\n<meta name=\"twitter:site\" content=\"@svetslik\" \/>\n<meta name=\"twitter:label1\" content=\"El\u00e9rhet\u0151s\u00e9g\" \/>\n\t<meta name=\"twitter:data1\" content=\"Beszerz\u00e9s alatt\" \/>\n<script type=\"application\/ld+json\" class=\"yoast-schema-graph\">{\"@context\":\"https:\\\/\\\/schema.org\",\"@graph\":[{\"@type\":[\"WebPage\",\"ItemPage\"],\"@id\":\"https:\\\/\\\/svetslik.si\\\/hu\\\/edvard-munch\\\/night-in-nice\\\/\",\"url\":\"https:\\\/\\\/svetslik.si\\\/hu\\\/edvard-munch\\\/night-in-nice\\\/\",\"name\":\"\u00c9jszaka Nizz\u00e1ban \u2013 Edvard Munch | h\u00edres festm\u00e9nyek\",\"isPartOf\":{\"@id\":\"https:\\\/\\\/svetslik.si\\\/hu\\\/#website\"},\"primaryImageOfPage\":{\"@id\":\"https:\\\/\\\/svetslik.si\\\/hu\\\/edvard-munch\\\/night-in-nice\\\/#primaryimage\"},\"image\":{\"@id\":\"https:\\\/\\\/svetslik.si\\\/hu\\\/edvard-munch\\\/night-in-nice\\\/#primaryimage\"},\"thumbnailUrl\":\"https:\\\/\\\/svetslik.si\\\/wp-content\\\/uploads\\\/2026\\\/08\\\/edvard-munch-noc-v-nici-night-in-nice-nasjonalmuseet-ngm00394.jpg\",\"datePublished\":\"2026-08-14T09:25:43+00:00\",\"dateModified\":\"2026-08-23T11:12:09+00:00\",\"description\":\"Munch \u00c9jszaka Nizz\u00e1ban (1891, Nasjonalmuseet): mediterr\u00e1n v\u00e1ros az \u00e9jszak\u00e1ban. K\u00e9zzel festett olajfestm\u00e9ny v\u00e1sznon, t\u00edz m\u00e9ret \u00e9s egyedi m\u00e9ret, kerettel is.\",\"breadcrumb\":{\"@id\":\"https:\\\/\\\/svetslik.si\\\/hu\\\/edvard-munch\\\/night-in-nice\\\/#breadcrumb\"},\"inLanguage\":\"hu\",\"potentialAction\":[{\"@type\":\"ReadAction\",\"target\":[\"https:\\\/\\\/svetslik.si\\\/hu\\\/edvard-munch\\\/night-in-nice\\\/\"]}]},{\"@type\":\"ImageObject\",\"inLanguage\":\"hu\",\"@id\":\"https:\\\/\\\/svetslik.si\\\/hu\\\/edvard-munch\\\/night-in-nice\\\/#primaryimage\",\"url\":\"https:\\\/\\\/svetslik.si\\\/wp-content\\\/uploads\\\/2026\\\/08\\\/edvard-munch-noc-v-nici-night-in-nice-nasjonalmuseet-ngm00394.jpg\",\"contentUrl\":\"https:\\\/\\\/svetslik.si\\\/wp-content\\\/uploads\\\/2026\\\/08\\\/edvard-munch-noc-v-nici-night-in-nice-nasjonalmuseet-ngm00394.jpg\",\"width\":4000,\"height\":3572,\"caption\":\"Edvard Munch \u00c9jszaka Nizz\u00e1ban c\u00edm\u0171 m\u0171ve, 1891: fel\u00fcln\u00e9zet egy mediterr\u00e1n v\u00e1rosra \u00e9jjel, ahol vil\u00e1gos, s\u00f6t\u00e9t tet\u0151s h\u00e1zak l\u00e9pcs\u0151znek le a lejt\u0151n a ciprusok k\u00f6z\u00f6tt \u2013 k\u00e9zzel festett olajfestm\u00e9ny v\u00e1sznon, t\u00edz m\u00e9retben. Az eredeti f\u00e9nyk\u00e9pe: Nasjonalmuseet, CC BY 4.0.\"},{\"@type\":\"BreadcrumbList\",\"@id\":\"https:\\\/\\\/svetslik.si\\\/hu\\\/edvard-munch\\\/night-in-nice\\\/#breadcrumb\",\"itemListElement\":[{\"@type\":\"ListItem\",\"position\":1,\"name\":\"Fali m\u0171v\u00e9szet \u00e9s festm\u00e9nyek v\u00e1szonra\",\"item\":\"https:\\\/\\\/svetslik.si\\\/hu\\\/vaszonfestmenyek-svetslik-si-100-kezzel-festett-festoi-reprodukciok-es-vaszonfestmenyek\\\/\"},{\"@type\":\"ListItem\",\"position\":2,\"name\":\"Festm\u00e9nyek elad\u00e1sa\",\"item\":\"https:\\\/\\\/svetslik.si\\\/hu\\\/festmenyek-eladasa\\\/\"},{\"@type\":\"ListItem\",\"position\":3,\"name\":\"Edvard Munch \u2013 \u00c9jszaka Nizz\u00e1ban\"}]},{\"@type\":\"WebSite\",\"@id\":\"https:\\\/\\\/svetslik.si\\\/hu\\\/#website\",\"url\":\"https:\\\/\\\/svetslik.si\\\/hu\\\/\",\"name\":\"SvetSlik.si\",\"description\":\"K\u00e9zzel festett festm\u00e9nyek v\u00e1sznon \u2013 h\u00edres fest\u0151k reprodukci\u00f3i, absztrakt \u00e9s modern mot\u00edvumok, egyedi rendel\u00e9sre is.\",\"publisher\":{\"@id\":\"https:\\\/\\\/svetslik.si\\\/hu\\\/#organization\"},\"potentialAction\":[{\"@type\":\"SearchAction\",\"target\":{\"@type\":\"EntryPoint\",\"urlTemplate\":\"https:\\\/\\\/svetslik.si\\\/hu\\\/?s={search_term_string}\"},\"query-input\":{\"@type\":\"PropertyValueSpecification\",\"valueRequired\":true,\"valueName\":\"search_term_string\"}}],\"inLanguage\":\"hu\",\"alternateName\":\"K\u00e9zzel festett festm\u00e9nyek online gal\u00e9ri\u00e1ja\"},{\"@type\":[\"Organization\",\"Store\"],\"@id\":\"https:\\\/\\\/svetslik.si\\\/hu\\\/#organization\",\"name\":\"SvetSlik.si\",\"url\":\"https:\\\/\\\/svetslik.si\\\/hu\\\/\",\"logo\":{\"@type\":\"ImageObject\",\"inLanguage\":\"hu\",\"@id\":\"https:\\\/\\\/svetslik.si\\\/hu\\\/#\\\/schema\\\/logo\\\/image\\\/\",\"url\":\"https:\\\/\\\/svetslik.si\\\/wp-content\\\/uploads\\\/2020\\\/12\\\/logo-512.png\",\"contentUrl\":\"https:\\\/\\\/svetslik.si\\\/wp-content\\\/uploads\\\/2020\\\/12\\\/logo-512.png\",\"width\":512,\"height\":512,\"caption\":\"SvetSlik.si\"},\"image\":{\"@id\":\"https:\\\/\\\/svetslik.si\\\/hu\\\/#\\\/schema\\\/logo\\\/image\\\/\"},\"sameAs\":[\"https:\\\/\\\/www.facebook.com\\\/svetslik.si\",\"https:\\\/\\\/x.com\\\/svetslik\",\"https:\\\/\\\/www.instagram.com\\\/svetslik.si\\\/\",\"https:\\\/\\\/www.linkedin.com\\\/company\\\/svetslik-si\",\"https:\\\/\\\/www.google.com\\\/maps\\\/place\\\/?q=place_id:ChIJaybyg-XHekcRwZCqYrxOGjY\"],\"address\":{\"@type\":\"PostalAddress\",\"streetAddress\":\"Zgornje Bitnje 146a\",\"addressLocality\":\"\u017dabnica\",\"postalCode\":\"4209\",\"addressCountry\":\"SI\"},\"hasMap\":\"https:\\\/\\\/www.google.com\\\/maps\\\/place\\\/?q=place_id:ChIJaybyg-XHekcRwZCqYrxOGjY\",\"telephone\":\"+38651675637\",\"openingHoursSpecification\":[{\"@type\":\"OpeningHoursSpecification\",\"dayOfWeek\":[\"https:\\\/\\\/schema.org\\\/Monday\",\"https:\\\/\\\/schema.org\\\/Tuesday\",\"https:\\\/\\\/schema.org\\\/Wednesday\",\"https:\\\/\\\/schema.org\\\/Thursday\",\"https:\\\/\\\/schema.org\\\/Friday\"],\"opens\":\"09:00\",\"closes\":\"20:00\"}],\"description\":\"K\u00e9zzel festett v\u00e1szonfestm\u00e9nyek \u2013 rendelje meg online vagy e-mailben. Megtekint\u00e9s el\u0151zetes egyeztet\u00e9s alapj\u00e1n lehets\u00e9ges.\",\"knowsAbout\":[\"v\u00e1szonfestm\u00e9ny\",\"k\u00e9zzel festett v\u00e1szonfestm\u00e9nyek\",\"festm\u00e9nyek reprodukci\u00f3i\",\"olajfestm\u00e9ny v\u00e1szonon\",\"akrilfestm\u00e9ny v\u00e1szonon\",\"modern absztrakt m\u0171v\u00e9szet\",\"festm\u00e9ny megrendel\u00e9sre\",\"festm\u00e9nyek megrendel\u00e9sre\",\"festm\u00e9nyek bekeretez\u00e9se\",\"h\u00edres fest\u0151k alkot\u00e1sai\",\"modern festm\u00e9nyek otthonra\",\"festm\u00e9ny aj\u00e1nd\u00e9kba\",\"egyedi v\u00e1szonfestm\u00e9nyek\",\"festm\u00e9nyek h\u00e1zhozsz\u00e1ll\u00edt\u00e1sa\",\"m\u0171v\u00e9szeti gal\u00e9ria\"],\"legalName\":\"Matemero d.o.o.\",\"email\":\"info@svetslik.si\",\"foundingDate\":\"2009\",\"aggregateRating\":{\"@type\":\"AggregateRating\",\"ratingValue\":\"5\",\"reviewCount\":103,\"bestRating\":\"5\",\"worstRating\":\"1\"}}]}<\/script>\n<meta property=\"og:availability\" content=\"backorder\" \/>\n<meta property=\"product:availability\" content=\"available for order\" \/>\n<meta property=\"product:retailer_item_id\" content=\"1412__\" \/>\n<meta property=\"product:condition\" content=\"new\" \/>\n<!-- \/ Yoast SEO Premium plugin. -->","yoast_head_json":{"title":"\u00c9jszaka Nizz\u00e1ban \u2013 Edvard Munch | h\u00edres festm\u00e9nyek","description":"Munch \u00c9jszaka Nizz\u00e1ban (1891, Nasjonalmuseet): mediterr\u00e1n v\u00e1ros az \u00e9jszak\u00e1ban. K\u00e9zzel festett olajfestm\u00e9ny v\u00e1sznon, t\u00edz m\u00e9ret \u00e9s egyedi m\u00e9ret, kerettel is.","robots":{"index":"index","follow":"follow","max-snippet":"max-snippet:-1","max-image-preview":"max-image-preview:large","max-video-preview":"max-video-preview:-1"},"canonical":"https:\/\/svetslik.si\/hu\/edvard-munch\/night-in-nice\/","og_locale":"hu_HU","og_type":"article","og_title":"Edvard Munch \u2013 \u00c9jszaka Nizz\u00e1ban","og_description":"Munch \u00c9jszaka Nizz\u00e1ban (1891, Nasjonalmuseet): mediterr\u00e1n v\u00e1ros az \u00e9jszak\u00e1ban. K\u00e9zzel festett olajfestm\u00e9ny v\u00e1sznon, t\u00edz m\u00e9ret \u00e9s egyedi m\u00e9ret, kerettel is.","og_url":"https:\/\/svetslik.si\/hu\/edvard-munch\/night-in-nice\/","og_site_name":"SvetSlik.si","article_publisher":"https:\/\/www.facebook.com\/svetslik.si","article_modified_time":"2026-08-23T11:12:09+00:00","og_image":[{"width":4000,"height":3572,"url":"https:\/\/svetslik.si\/wp-content\/uploads\/2026\/08\/edvard-munch-noc-v-nici-night-in-nice-nasjonalmuseet-ngm00394.jpg","type":"image\/jpeg"}],"twitter_card":"summary_large_image","twitter_description":"100% ro\u010dno naslikane slike na platnu, reprodukcije znanih slikarjev in umetni\u0161ke slike po naro\u010dilu.","twitter_site":"@svetslik","twitter_misc":{"El\u00e9rhet\u0151s\u00e9g":"Beszerz\u00e9s alatt"},"schema":{"@context":"https:\/\/schema.org","@graph":[{"@type":["WebPage","ItemPage"],"@id":"https:\/\/svetslik.si\/hu\/edvard-munch\/night-in-nice\/","url":"https:\/\/svetslik.si\/hu\/edvard-munch\/night-in-nice\/","name":"\u00c9jszaka Nizz\u00e1ban \u2013 Edvard Munch | h\u00edres festm\u00e9nyek","isPartOf":{"@id":"https:\/\/svetslik.si\/hu\/#website"},"primaryImageOfPage":{"@id":"https:\/\/svetslik.si\/hu\/edvard-munch\/night-in-nice\/#primaryimage"},"image":{"@id":"https:\/\/svetslik.si\/hu\/edvard-munch\/night-in-nice\/#primaryimage"},"thumbnailUrl":"https:\/\/svetslik.si\/wp-content\/uploads\/2026\/08\/edvard-munch-noc-v-nici-night-in-nice-nasjonalmuseet-ngm00394.jpg","datePublished":"2026-08-14T09:25:43+00:00","dateModified":"2026-08-23T11:12:09+00:00","description":"Munch \u00c9jszaka Nizz\u00e1ban (1891, Nasjonalmuseet): mediterr\u00e1n v\u00e1ros az \u00e9jszak\u00e1ban. K\u00e9zzel festett olajfestm\u00e9ny v\u00e1sznon, t\u00edz m\u00e9ret \u00e9s egyedi m\u00e9ret, kerettel is.","breadcrumb":{"@id":"https:\/\/svetslik.si\/hu\/edvard-munch\/night-in-nice\/#breadcrumb"},"inLanguage":"hu","potentialAction":[{"@type":"ReadAction","target":["https:\/\/svetslik.si\/hu\/edvard-munch\/night-in-nice\/"]}]},{"@type":"ImageObject","inLanguage":"hu","@id":"https:\/\/svetslik.si\/hu\/edvard-munch\/night-in-nice\/#primaryimage","url":"https:\/\/svetslik.si\/wp-content\/uploads\/2026\/08\/edvard-munch-noc-v-nici-night-in-nice-nasjonalmuseet-ngm00394.jpg","contentUrl":"https:\/\/svetslik.si\/wp-content\/uploads\/2026\/08\/edvard-munch-noc-v-nici-night-in-nice-nasjonalmuseet-ngm00394.jpg","width":4000,"height":3572,"caption":"Edvard Munch \u00c9jszaka Nizz\u00e1ban c\u00edm\u0171 m\u0171ve, 1891: fel\u00fcln\u00e9zet egy mediterr\u00e1n v\u00e1rosra \u00e9jjel, ahol vil\u00e1gos, s\u00f6t\u00e9t tet\u0151s h\u00e1zak l\u00e9pcs\u0151znek le a lejt\u0151n a ciprusok k\u00f6z\u00f6tt \u2013 k\u00e9zzel festett olajfestm\u00e9ny v\u00e1sznon, t\u00edz m\u00e9retben. Az eredeti f\u00e9nyk\u00e9pe: Nasjonalmuseet, CC BY 4.0."},{"@type":"BreadcrumbList","@id":"https:\/\/svetslik.si\/hu\/edvard-munch\/night-in-nice\/#breadcrumb","itemListElement":[{"@type":"ListItem","position":1,"name":"Fali m\u0171v\u00e9szet \u00e9s festm\u00e9nyek v\u00e1szonra","item":"https:\/\/svetslik.si\/hu\/vaszonfestmenyek-svetslik-si-100-kezzel-festett-festoi-reprodukciok-es-vaszonfestmenyek\/"},{"@type":"ListItem","position":2,"name":"Festm\u00e9nyek elad\u00e1sa","item":"https:\/\/svetslik.si\/hu\/festmenyek-eladasa\/"},{"@type":"ListItem","position":3,"name":"Edvard Munch \u2013 \u00c9jszaka Nizz\u00e1ban"}]},{"@type":"WebSite","@id":"https:\/\/svetslik.si\/hu\/#website","url":"https:\/\/svetslik.si\/hu\/","name":"SvetSlik.si","description":"K\u00e9zzel festett festm\u00e9nyek v\u00e1sznon \u2013 h\u00edres fest\u0151k reprodukci\u00f3i, absztrakt \u00e9s modern mot\u00edvumok, egyedi rendel\u00e9sre is.","publisher":{"@id":"https:\/\/svetslik.si\/hu\/#organization"},"potentialAction":[{"@type":"SearchAction","target":{"@type":"EntryPoint","urlTemplate":"https:\/\/svetslik.si\/hu\/?s={search_term_string}"},"query-input":{"@type":"PropertyValueSpecification","valueRequired":true,"valueName":"search_term_string"}}],"inLanguage":"hu","alternateName":"K\u00e9zzel festett festm\u00e9nyek online gal\u00e9ri\u00e1ja"},{"@type":["Organization","Store"],"@id":"https:\/\/svetslik.si\/hu\/#organization","name":"SvetSlik.si","url":"https:\/\/svetslik.si\/hu\/","logo":{"@type":"ImageObject","inLanguage":"hu","@id":"https:\/\/svetslik.si\/hu\/#\/schema\/logo\/image\/","url":"https:\/\/svetslik.si\/wp-content\/uploads\/2020\/12\/logo-512.png","contentUrl":"https:\/\/svetslik.si\/wp-content\/uploads\/2020\/12\/logo-512.png","width":512,"height":512,"caption":"SvetSlik.si"},"image":{"@id":"https:\/\/svetslik.si\/hu\/#\/schema\/logo\/image\/"},"sameAs":["https:\/\/www.facebook.com\/svetslik.si","https:\/\/x.com\/svetslik","https:\/\/www.instagram.com\/svetslik.si\/","https:\/\/www.linkedin.com\/company\/svetslik-si","https:\/\/www.google.com\/maps\/place\/?q=place_id:ChIJaybyg-XHekcRwZCqYrxOGjY"],"address":{"@type":"PostalAddress","streetAddress":"Zgornje Bitnje 146a","addressLocality":"\u017dabnica","postalCode":"4209","addressCountry":"SI"},"hasMap":"https:\/\/www.google.com\/maps\/place\/?q=place_id:ChIJaybyg-XHekcRwZCqYrxOGjY","telephone":"+38651675637","openingHoursSpecification":[{"@type":"OpeningHoursSpecification","dayOfWeek":["https:\/\/schema.org\/Monday","https:\/\/schema.org\/Tuesday","https:\/\/schema.org\/Wednesday","https:\/\/schema.org\/Thursday","https:\/\/schema.org\/Friday"],"opens":"09:00","closes":"20:00"}],"description":"K\u00e9zzel festett v\u00e1szonfestm\u00e9nyek \u2013 rendelje meg online vagy e-mailben. Megtekint\u00e9s el\u0151zetes egyeztet\u00e9s alapj\u00e1n lehets\u00e9ges.","knowsAbout":["v\u00e1szonfestm\u00e9ny","k\u00e9zzel festett v\u00e1szonfestm\u00e9nyek","festm\u00e9nyek reprodukci\u00f3i","olajfestm\u00e9ny v\u00e1szonon","akrilfestm\u00e9ny v\u00e1szonon","modern absztrakt m\u0171v\u00e9szet","festm\u00e9ny megrendel\u00e9sre","festm\u00e9nyek megrendel\u00e9sre","festm\u00e9nyek bekeretez\u00e9se","h\u00edres fest\u0151k alkot\u00e1sai","modern festm\u00e9nyek otthonra","festm\u00e9ny aj\u00e1nd\u00e9kba","egyedi v\u00e1szonfestm\u00e9nyek","festm\u00e9nyek h\u00e1zhozsz\u00e1ll\u00edt\u00e1sa","m\u0171v\u00e9szeti gal\u00e9ria"],"legalName":"Matemero d.o.o.","email":"info@svetslik.si","foundingDate":"2009","aggregateRating":{"@type":"AggregateRating","ratingValue":"5","reviewCount":103,"bestRating":"5","worstRating":"1"}}]},"og_availability":"backorder","product_availability":"available for order","product_retailer_item_id":"1412__","product_condition":"new"},"_links":{"self":[{"href":"https:\/\/svetslik.si\/hu\/wp-json\/wp\/v2\/product\/187863","targetHints":{"allow":["GET"]}}],"collection":[{"href":"https:\/\/svetslik.si\/hu\/wp-json\/wp\/v2\/product"}],"about":[{"href":"https:\/\/svetslik.si\/hu\/wp-json\/wp\/v2\/types\/product"}],"wp:featuredmedia":[{"embeddable":true,"href":"https:\/\/svetslik.si\/hu\/wp-json\/wp\/v2\/media\/187857"}],"wp:attachment":[{"href":"https:\/\/svetslik.si\/hu\/wp-json\/wp\/v2\/media?parent=187863"}],"wp:term":[{"taxonomy":"product_brand","embeddable":true,"href":"https:\/\/svetslik.si\/hu\/wp-json\/wp\/v2\/product_brand?post=187863"},{"taxonomy":"product_cat","embeddable":true,"href":"https:\/\/svetslik.si\/hu\/wp-json\/wp\/v2\/product_cat?post=187863"},{"taxonomy":"product_tag","embeddable":true,"href":"https:\/\/svetslik.si\/hu\/wp-json\/wp\/v2\/product_tag?post=187863"}],"curies":[{"name":"wp","href":"https:\/\/api.w.org\/{rel}","templated":true}]}}