{"id":188478,"date":"2026-08-14T12:11:22","date_gmt":"2026-08-14T10:11:22","guid":{"rendered":"https:\/\/svetslik.si\/?post_type=product&#038;p=188478"},"modified":"2026-08-22T13:17:04","modified_gmt":"2026-08-22T11:17:04","slug":"csendelet-almaval","status":"publish","type":"product","link":"https:\/\/svetslik.si\/hu\/pierre-a-renoir\/csendelet-almaval\/","title":{"rendered":"Pierre-Auguste Renoir \u2013 Csend\u00e9let alm\u00e1val \u00e9s mandul\u00e1val"},"content":{"rendered":"<h2>Csend\u00e9let alm\u00e1kkal \u00e9s mandul\u00e1val \u2013 keskeny v\u00e1szon, csaknem k\u00e9tszer olyan sz\u00e9les, mint magas<\/h2>\n<table border=\"0\" cellpadding=\"0\" cellspacing=\"0\" style=\"width: 632px\" width=\"632\" x_str=\"\">\n<tbody>\n<tr height=\"21\">\n<td height=\"21\" style=\"width: 180px; height: 21px\">\nL\u00e9trehoz\u00e1s \u00e9ve:<\/td>\n<td style=\"width: 452px\">\ndat\u00e1latlan<\/td>\n<\/tr>\n<tr height=\"21\">\n<td height=\"21\" style=\"width: 180px; height: 21px\">\nEredeti m\u00e9ret:<\/td>\n<td style=\"width: 452px\">\n43,5 cm x 20,5 cm<\/td>\n<\/tr>\n<tr height=\"21\">\n<td height=\"21\" style=\"width: 180px; height: 21px\">\nFest\u00e9si st\u00edlus:<\/td>\n<td style=\"width: 452px\">\nimpresszionizmus<\/td>\n<\/tr>\n<tr height=\"21\">\n<td height=\"21\" style=\"width: 180px; height: 21px\">\nEredeti technika:<\/td>\n<td style=\"width: 452px\">\nOlaj, v\u00e1szon<\/td>\n<\/tr>\n<tr height=\"21\">\n<td height=\"21\" style=\"width: 180px; height: 21px\">\nHelysz\u00edn:<\/td>\n<td style=\"width: 452px\">\na Mus\u00e9e d\u2019Orsay (MNR) \u0151rizet\u00e9ben, a cagnes-sur-meri mus\u00e9e Renoir-ban ki\u00e1ll\u00edtva<\/td>\n<\/tr>\n<p><!--LICENCE-CREDIT--><\/p>\n<tr height=\"21\">\n<td height=\"21\" style=\"width: 180px; height: 21px\">\nK\u00e9pforr\u00e1s:<\/td>\n<td style=\"width: 452px\">\n<a href=\"https:\/\/commons.wikimedia.org\/wiki\/File:Renoir_-_Nature_morte_aux_pommes_et_aux_amandes,_non_dat%C3%A9.jpg\" rel=\"nofollow\">Pierre-Auguste Renoir<\/a> \/ Wikimedia Commons, <a href=\"https:\/\/creativecommons.org\/licenses\/by-sa\/4.0\" rel=\"nofollow\">CC BY-SA 4.0<\/a>, m\u00f3dos\u00edtva (lev\u00e1gva \u00e9s kicsiny\u00edtve)<\/td>\n<\/tr>\n<\/tbody>\n<colgroup>\n<col \/>\n<col \/>\n<\/colgroup>\n<\/table>\n<p>A Csend\u00e9let alm\u00e1val \u00e9s mandul\u00e1val Pierre-Auguste Renoir dat\u00e1latlan olajfestm\u00e9nye. Az eredeti 43,5 cm x 20,5 cm m\u00e9ret\u0171, lelt\u00e1ri sz\u00e1ma MNR 683, a Mus\u00e9e d\u2019Orsay \u0151rizet\u00e9ben van, \u00e9s a cagnes-sur-meri mus\u00e9e Renoir-ban van ki\u00e1ll\u00edtva. A mi v\u00e1szonra festett festm\u00e9ny Csend\u00e9let alm\u00e1val \u00e9s mandul\u00e1val v\u00e1ltozatunk k\u00e9zzel, olajjal k\u00e9sz\u00fcl, nyolc m\u00e9retben 100 x 45-t\u0151l 200 x 90 cm-ig.<\/p>\n<h3>\u00d6t alma, mandul\u00e1k \u00e9s egy z\u00f6ld lev\u00e9l<\/h3>\n<p>A keskeny, csaknem k\u00e9tszer olyan sz\u00e9les, mint amilyen magas v\u00e1sznon gy\u00fcm\u00f6lcscsoport hever az asztalon. \u00d6t v\u00f6r\u00f6sesnarancs alma sorakozik k\u00f6z\u00e9pen, k\u00f6z\u00f6tt\u00fck \u00e9s k\u00f6r\u00fcl\u00f6tt\u00fck halv\u00e1nyz\u00f6ld mandul\u00e1k. Jobbra z\u00f6ld lev\u00e9l ny\u00falik t\u00fal a peremen. A h\u00e1tt\u00e9r egyetlen meleg okker fel\u00fclet, r\u00e9szletek n\u00e9lk\u00fcl, az al\u00e1\u00edr\u00e1s pedig a jobb als\u00f3 sarokban l\u00e1that\u00f3.<\/p>\n<h3>Mi\u00e9rt k\u00e9zzel festett \u00e9s nem nyomat<\/h3>\n<p>A mi kivitel\u00fcnk nem nyomat. A fest\u00e9k v\u00e9konyan van felvive, \u00edgy helyenk\u00e9nt \u00e1t\u00fct a v\u00e1szon sz\u00f6vete \u00e9s a meleg alapoz\u00e1s \u2013 \u00e9ppen ez a l\u00e9nyeg enn\u00e9l a m\u0171n\u00e9l, mert az \u00e1ttetsz\u0151s\u00e9g adja a gy\u00fcm\u00f6lcs\u00f6knek a s\u00falyt, k\u00f6rvonal n\u00e9lk\u00fcl. A k\u00e9zzel festett v\u00e1szon helyenk\u00e9nt l\u00e1that\u00f3an hagyhatja mag\u00e1t a v\u00e1sznat; a nyomat egyenletes r\u00e9teget fektet mindenre, \u00e9s az alapoz\u00e1s elt\u0171nik.<\/p>\n<h3>A t\u00e9rben<\/h3>\n<p>A form\u00e1tum felt\u0171n\u0151en alacsony \u00e9s hossz\u00fa, ez\u00e9rt a festm\u00e9ny v\u00edzszintes falat k\u00edv\u00e1n, ahol f\u00f6l\u00f6tte sincs semmi \u00e9s alatta sincs semmi \u2013 hossz\u00fa kom\u00f3d f\u00f6l\u00e9, \u00e1gy fejt\u00e1ml\u00e1ja f\u00f6l\u00e9 vagy folyos\u00f3ra, ahol az \u00fat ment\u00e9n ny\u00falik el. \u00c9ppen az ar\u00e1ny miatt ez azon kev\u00e9s t\u00e9m\u00e1k egyike, amely megmenti azt a falat, amelyen egy szok\u00e1sos festm\u00e9ny elveszettnek l\u00e1tszik. Szok\u00e1sos falra a 120 x 55 cm-t aj\u00e1nljuk, igaz\u00e1n hossz\u00fara a 160 x 75 cm-t; sz\u00e9les b\u00fator f\u00f6l\u00f6tt a 180 x 85 cm is m\u0171k\u00f6dik. A legkisebb, a 100 x 45 cm, keskeny polc f\u00f6l\u00e9 vagy konyh\u00e1ba val\u00f3, ahol a festm\u00e9nyt k\u00f6zelr\u0151l n\u00e9zik.<\/p>\n<h3>Amit k\u00e9zhez kap<\/h3>\n<p>A v\u00e1sznat rendel\u00e9sre festj\u00fck, k\u00e9zzel \u00e9s kiz\u00e1r\u00f3lag \u00d6nnek, \u00edgy minden p\u00e9ld\u00e1ny k\u00fcl\u00f6n k\u00e9sz\u00fcl; a v\u00e1szon rendszerint h\u00e1rom-n\u00e9gy h\u00e9t alatt elk\u00e9sz\u00fcl \u00e9s megsz\u00e1rad. K\u00e9r\u00e9sre olyan m\u00e9retben is megfestj\u00fck, amely nem szerepel a list\u00e1n, \u00e9s a keret ar\u00e1ny\u00e1t ehhez igaz\u00edtjuk. Sz\u00e1ll\u00edt\u00e1s el\u0151tt f\u00e9nyk\u00e9pet k\u00fcld\u00fcnk az elk\u00e9sz\u00fclt v\u00e1szonr\u00f3l j\u00f3v\u00e1hagy\u00e1sra, \u00edgy a festm\u00e9ny csak akkor indul \u00fatnak, ha \u00d6n is el\u00e9gedett vele. A(z) Csend\u00e9let alm\u00e1val \u00e9s mandul\u00e1val fakeretre fesz\u00edtve, akaszt\u00e1sra k\u00e9szen \u00e9rkezik, v\u00e9d\u0151f\u00f3li\u00e1ba csomagolva \u00e9s szil\u00e1rd, sarokv\u00e9d\u0151s csomagol\u00e1sban, tov\u00e1bbi fesz\u00edt\u00e9s vagy ut\u00f3munka n\u00e9lk\u00fcl.<\/p>\n<ul>\n<li>T\u00e9ma: \u00f6t alma \u00e9s halv\u00e1nyz\u00f6ld mandul\u00e1k az asztalon, keskeny fekv\u0151 v\u00e1sznon, Pierre-Auguste Renoir<\/li>\n<li>Technika: k\u00e9zzel festett olajfestm\u00e9ny v\u00e1sznon, fakeretre fesz\u00edtve<\/li>\n<li>M\u00e9retek: 8 m\u00e9ret, 100 x 45 cm-t\u00f3l 200 x 90 cm-ig, k\u00e9r\u00e9sre m\u00e1s m\u00e9ret is<\/li>\n<li>\u00c9rdekess\u00e9g: a v\u00e1szon ar\u00e1nya csaknem kett\u0151 az egyhez, ami csend\u00e9letn\u00e9l szokatlan, \u00e9s sorba rendezi a gy\u00fcm\u00f6lcs\u00f6ket halom helyett<\/li>\n<\/ul>\n<p>N\u00e9zze meg m\u00e9g:<\/p>\n<ul>\n<li><a href=\"https:\/\/svetslik.si\/hu\/pierre-a-renoir\/viragok-vazaban\/\">Vir\u00e1gok v\u00e1z\u00e1ban<\/a><\/li>\n<li><a href=\"https:\/\/svetslik.si\/hu\/pierre-a-renoir\/csendelet-viragokkal\/\">Csend\u00e9let vir\u00e1gokkal<\/a><\/li>\n<li><a href=\"https:\/\/svetslik.si\/hu\/pierre-a-renoir\/csendelet-legyezovel\/\">Csend\u00e9let csokorral \u00e9s legyez\u0151vel<\/a><\/li>\n<\/ul>\n","protected":false},"excerpt":{"rendered":"<p>Csend\u00e9let alm\u00e1kkal \u00e9s mandul\u00e1val \u2013 keskeny v\u00e1szon, csaknem k\u00e9tszer olyan sz\u00e9les, mint magas. A Csend\u00e9let alm\u00e1val \u00e9s mandul\u00e1val Pierre-Auguste Renoir dat\u00e1latlan olajfestm\u00e9nye.<\/p>\n","protected":false},"featured_media":188472,"template":"","meta":{"_acf_changed":false},"product_brand":[],"product_cat":[7148],"product_tag":[11885,7194,11886,11887],"class_list":["post-188478","product","type-product","status-publish","has-post-thumbnail","product_cat-pierre-a-renoir","product_tag-painter-hu","product_tag-renoir-hu","product_tag-reproduction","product_tag-reproductions-hu","pa_dimenzija-100-cm-x-45-cm","pa_dimenzija-110-cm-x-50-cm","pa_dimenzija-120-x-55-cm","pa_dimenzija-130-x-60-cm","pa_dimenzija-150-x-70-cm","pa_dimenzija-160-cm-x-75-cm","pa_dimenzija-180-cm-x-85-cm","pa_dimenzija-200-x-90-cm","pa_oblika-vizszintes","pa_okvir-nincs-keret","pa_podokvir-igen","pa_podokvir-nem","first","onbackorder","purchasable","product-type-variable"],"acf":[],"yoast_head":"<!-- This site is optimized with the Yoast SEO Premium plugin v27.7 (Yoast SEO v27.7) - https:\/\/yoast.com\/product\/yoast-seo-premium-wordpress\/ -->\n<title>Csend\u00e9let alm\u00e1val \u00e9s mandul\u00e1val \u2013 Renoir | olaj, v\u00e1szon<\/title>\n<meta name=\"description\" content=\"Csend\u00e9let alm\u00e1val \u00e9s mandul\u00e1val, Renoir. K\u00e9zzel festett olajreprodukci\u00f3 v\u00e1sznon, 100 x 45-t\u00f3l 200 x 90 cm-ig. Az eredeti MNR 683 jelzeten.\" \/>\n<meta name=\"robots\" content=\"index, follow, max-snippet:-1, max-image-preview:large, max-video-preview:-1\" \/>\n<link rel=\"canonical\" href=\"https:\/\/svetslik.si\/hu\/pierre-a-renoir\/csendelet-almaval\/\" \/>\n<meta property=\"og:locale\" content=\"hu_HU\" \/>\n<meta property=\"og:type\" content=\"article\" \/>\n<meta property=\"og:title\" content=\"Pierre-Auguste Renoir \u2013 Csend\u00e9let alm\u00e1val \u00e9s mandul\u00e1val\" \/>\n<meta property=\"og:description\" content=\"K\u00e9zzel festett festm\u00e9nyek v\u00e1sznon \u2013 h\u00edres fest\u0151k reprodukci\u00f3i, absztrakt \u00e9s modern mot\u00edvumok, egyedi rendel\u00e9sre is.\" \/>\n<meta property=\"og:url\" content=\"https:\/\/svetslik.si\/hu\/pierre-a-renoir\/csendelet-almaval\/\" \/>\n<meta property=\"og:site_name\" content=\"SvetSlik.si\" \/>\n<meta property=\"article:publisher\" content=\"https:\/\/www.facebook.com\/svetslik.si\" \/>\n<meta property=\"article:modified_time\" content=\"2026-08-22T11:17:04+00:00\" \/>\n<meta property=\"og:image\" content=\"https:\/\/svetslik.si\/wp-content\/uploads\/2026\/08\/still-life-with-apples-and-almonds-pierre-auguste-renoir.jpg\" \/>\n\t<meta property=\"og:image:width\" content=\"2209\" \/>\n\t<meta property=\"og:image:height\" content=\"960\" \/>\n\t<meta property=\"og:image:type\" content=\"image\/jpeg\" \/>\n<meta name=\"twitter:card\" content=\"summary_large_image\" \/>\n<meta name=\"twitter:site\" content=\"@svetslik\" \/>\n<meta name=\"twitter:label1\" content=\"El\u00e9rhet\u0151s\u00e9g\" \/>\n\t<meta name=\"twitter:data1\" content=\"Beszerz\u00e9s alatt\" \/>\n<script type=\"application\/ld+json\" class=\"yoast-schema-graph\">{\"@context\":\"https:\\\/\\\/schema.org\",\"@graph\":[{\"@type\":[\"WebPage\",\"ItemPage\"],\"@id\":\"https:\\\/\\\/svetslik.si\\\/hu\\\/pierre-a-renoir\\\/csendelet-almaval\\\/\",\"url\":\"https:\\\/\\\/svetslik.si\\\/hu\\\/pierre-a-renoir\\\/csendelet-almaval\\\/\",\"name\":\"Csend\u00e9let alm\u00e1val \u00e9s mandul\u00e1val \u2013 Renoir | olaj, v\u00e1szon\",\"isPartOf\":{\"@id\":\"https:\\\/\\\/svetslik.si\\\/hu\\\/#website\"},\"primaryImageOfPage\":{\"@id\":\"https:\\\/\\\/svetslik.si\\\/hu\\\/pierre-a-renoir\\\/csendelet-almaval\\\/#primaryimage\"},\"image\":{\"@id\":\"https:\\\/\\\/svetslik.si\\\/hu\\\/pierre-a-renoir\\\/csendelet-almaval\\\/#primaryimage\"},\"thumbnailUrl\":\"https:\\\/\\\/svetslik.si\\\/wp-content\\\/uploads\\\/2026\\\/08\\\/still-life-with-apples-and-almonds-pierre-auguste-renoir.jpg\",\"datePublished\":\"2026-08-14T10:11:22+00:00\",\"dateModified\":\"2026-08-22T11:17:04+00:00\",\"description\":\"Csend\u00e9let alm\u00e1val \u00e9s mandul\u00e1val, Renoir. K\u00e9zzel festett olajreprodukci\u00f3 v\u00e1sznon, 100 x 45-t\u00f3l 200 x 90 cm-ig. Az eredeti MNR 683 jelzeten.\",\"breadcrumb\":{\"@id\":\"https:\\\/\\\/svetslik.si\\\/hu\\\/pierre-a-renoir\\\/csendelet-almaval\\\/#breadcrumb\"},\"inLanguage\":\"hu\",\"potentialAction\":[{\"@type\":\"ReadAction\",\"target\":[\"https:\\\/\\\/svetslik.si\\\/hu\\\/pierre-a-renoir\\\/csendelet-almaval\\\/\"]}]},{\"@type\":\"ImageObject\",\"inLanguage\":\"hu\",\"@id\":\"https:\\\/\\\/svetslik.si\\\/hu\\\/pierre-a-renoir\\\/csendelet-almaval\\\/#primaryimage\",\"url\":\"https:\\\/\\\/svetslik.si\\\/wp-content\\\/uploads\\\/2026\\\/08\\\/still-life-with-apples-and-almonds-pierre-auguste-renoir.jpg\",\"contentUrl\":\"https:\\\/\\\/svetslik.si\\\/wp-content\\\/uploads\\\/2026\\\/08\\\/still-life-with-apples-and-almonds-pierre-auguste-renoir.jpg\",\"width\":2209,\"height\":960,\"caption\":\"Csend\u00e9let alm\u00e1val \u00e9s mandul\u00e1val Renoir ut\u00e1n: \u00f6t v\u00f6r\u00f6sesnarancs alma \u00e9s halv\u00e1nyz\u00f6ld mandul\u00e1k keskeny v\u00e1sznon. K\u00e9zzel festett festm\u00e9ny v\u00e1sznon.\"},{\"@type\":\"BreadcrumbList\",\"@id\":\"https:\\\/\\\/svetslik.si\\\/hu\\\/pierre-a-renoir\\\/csendelet-almaval\\\/#breadcrumb\",\"itemListElement\":[{\"@type\":\"ListItem\",\"position\":1,\"name\":\"Fali m\u0171v\u00e9szet \u00e9s festm\u00e9nyek v\u00e1szonra\",\"item\":\"https:\\\/\\\/svetslik.si\\\/hu\\\/vaszonfestmenyek-svetslik-si-100-kezzel-festett-festoi-reprodukciok-es-vaszonfestmenyek\\\/\"},{\"@type\":\"ListItem\",\"position\":2,\"name\":\"Festm\u00e9nyek elad\u00e1sa\",\"item\":\"https:\\\/\\\/svetslik.si\\\/hu\\\/festmenyek-eladasa\\\/\"},{\"@type\":\"ListItem\",\"position\":3,\"name\":\"Pierre-Auguste Renoir \u2013 Csend\u00e9let alm\u00e1val \u00e9s mandul\u00e1val\"}]},{\"@type\":\"WebSite\",\"@id\":\"https:\\\/\\\/svetslik.si\\\/hu\\\/#website\",\"url\":\"https:\\\/\\\/svetslik.si\\\/hu\\\/\",\"name\":\"SvetSlik.si\",\"description\":\"K\u00e9zzel festett festm\u00e9nyek v\u00e1sznon \u2013 h\u00edres fest\u0151k reprodukci\u00f3i, absztrakt \u00e9s modern mot\u00edvumok, egyedi rendel\u00e9sre is.\",\"publisher\":{\"@id\":\"https:\\\/\\\/svetslik.si\\\/hu\\\/#organization\"},\"potentialAction\":[{\"@type\":\"SearchAction\",\"target\":{\"@type\":\"EntryPoint\",\"urlTemplate\":\"https:\\\/\\\/svetslik.si\\\/hu\\\/?s={search_term_string}\"},\"query-input\":{\"@type\":\"PropertyValueSpecification\",\"valueRequired\":true,\"valueName\":\"search_term_string\"}}],\"inLanguage\":\"hu\",\"alternateName\":\"K\u00e9zzel festett festm\u00e9nyek online gal\u00e9ri\u00e1ja\"},{\"@type\":[\"Organization\",\"Store\"],\"@id\":\"https:\\\/\\\/svetslik.si\\\/hu\\\/#organization\",\"name\":\"SvetSlik.si\",\"url\":\"https:\\\/\\\/svetslik.si\\\/hu\\\/\",\"logo\":{\"@type\":\"ImageObject\",\"inLanguage\":\"hu\",\"@id\":\"https:\\\/\\\/svetslik.si\\\/hu\\\/#\\\/schema\\\/logo\\\/image\\\/\",\"url\":\"https:\\\/\\\/svetslik.si\\\/wp-content\\\/uploads\\\/2020\\\/12\\\/logo-512.png\",\"contentUrl\":\"https:\\\/\\\/svetslik.si\\\/wp-content\\\/uploads\\\/2020\\\/12\\\/logo-512.png\",\"width\":512,\"height\":512,\"caption\":\"SvetSlik.si\"},\"image\":{\"@id\":\"https:\\\/\\\/svetslik.si\\\/hu\\\/#\\\/schema\\\/logo\\\/image\\\/\"},\"sameAs\":[\"https:\\\/\\\/www.facebook.com\\\/svetslik.si\",\"https:\\\/\\\/x.com\\\/svetslik\",\"https:\\\/\\\/www.instagram.com\\\/svetslik.si\\\/\",\"https:\\\/\\\/www.linkedin.com\\\/company\\\/svetslik-si\",\"https:\\\/\\\/www.google.com\\\/maps\\\/place\\\/?q=place_id:ChIJaybyg-XHekcRwZCqYrxOGjY\"],\"address\":{\"@type\":\"PostalAddress\",\"streetAddress\":\"Zgornje Bitnje 146a\",\"addressLocality\":\"\u017dabnica\",\"postalCode\":\"4209\",\"addressCountry\":\"SI\"},\"hasMap\":\"https:\\\/\\\/www.google.com\\\/maps\\\/place\\\/?q=place_id:ChIJaybyg-XHekcRwZCqYrxOGjY\",\"telephone\":\"+38651675637\",\"openingHoursSpecification\":[{\"@type\":\"OpeningHoursSpecification\",\"dayOfWeek\":[\"https:\\\/\\\/schema.org\\\/Monday\",\"https:\\\/\\\/schema.org\\\/Tuesday\",\"https:\\\/\\\/schema.org\\\/Wednesday\",\"https:\\\/\\\/schema.org\\\/Thursday\",\"https:\\\/\\\/schema.org\\\/Friday\"],\"opens\":\"09:00\",\"closes\":\"20:00\"}],\"description\":\"K\u00e9zzel festett v\u00e1szonfestm\u00e9nyek \u2013 rendelje meg online vagy e-mailben. Megtekint\u00e9s el\u0151zetes egyeztet\u00e9s alapj\u00e1n lehets\u00e9ges.\",\"knowsAbout\":[\"v\u00e1szonfestm\u00e9ny\",\"k\u00e9zzel festett v\u00e1szonfestm\u00e9nyek\",\"festm\u00e9nyek reprodukci\u00f3i\",\"olajfestm\u00e9ny v\u00e1szonon\",\"akrilfestm\u00e9ny v\u00e1szonon\",\"modern absztrakt m\u0171v\u00e9szet\",\"festm\u00e9ny megrendel\u00e9sre\",\"festm\u00e9nyek megrendel\u00e9sre\",\"festm\u00e9nyek bekeretez\u00e9se\",\"h\u00edres fest\u0151k alkot\u00e1sai\",\"modern festm\u00e9nyek otthonra\",\"festm\u00e9ny aj\u00e1nd\u00e9kba\",\"egyedi v\u00e1szonfestm\u00e9nyek\",\"festm\u00e9nyek h\u00e1zhozsz\u00e1ll\u00edt\u00e1sa\",\"m\u0171v\u00e9szeti gal\u00e9ria\"],\"legalName\":\"Matemero d.o.o.\",\"email\":\"info@svetslik.si\",\"foundingDate\":\"2009\",\"aggregateRating\":{\"@type\":\"AggregateRating\",\"ratingValue\":\"5\",\"reviewCount\":103,\"bestRating\":\"5\",\"worstRating\":\"1\"}}]}<\/script>\n<meta property=\"og:availability\" content=\"backorder\" \/>\n<meta property=\"product:availability\" content=\"available for order\" \/>\n<meta property=\"product:condition\" content=\"new\" \/>\n<!-- \/ Yoast SEO Premium plugin. -->","yoast_head_json":{"title":"Csend\u00e9let alm\u00e1val \u00e9s mandul\u00e1val \u2013 Renoir | olaj, v\u00e1szon","description":"Csend\u00e9let alm\u00e1val \u00e9s mandul\u00e1val, Renoir. K\u00e9zzel festett olajreprodukci\u00f3 v\u00e1sznon, 100 x 45-t\u00f3l 200 x 90 cm-ig. Az eredeti MNR 683 jelzeten.","robots":{"index":"index","follow":"follow","max-snippet":"max-snippet:-1","max-image-preview":"max-image-preview:large","max-video-preview":"max-video-preview:-1"},"canonical":"https:\/\/svetslik.si\/hu\/pierre-a-renoir\/csendelet-almaval\/","og_locale":"hu_HU","og_type":"article","og_title":"Pierre-Auguste Renoir \u2013 Csend\u00e9let alm\u00e1val \u00e9s mandul\u00e1val","og_description":"K\u00e9zzel festett festm\u00e9nyek v\u00e1sznon \u2013 h\u00edres fest\u0151k reprodukci\u00f3i, absztrakt \u00e9s modern mot\u00edvumok, egyedi rendel\u00e9sre is.","og_url":"https:\/\/svetslik.si\/hu\/pierre-a-renoir\/csendelet-almaval\/","og_site_name":"SvetSlik.si","article_publisher":"https:\/\/www.facebook.com\/svetslik.si","article_modified_time":"2026-08-22T11:17:04+00:00","og_image":[{"width":2209,"height":960,"url":"https:\/\/svetslik.si\/wp-content\/uploads\/2026\/08\/still-life-with-apples-and-almonds-pierre-auguste-renoir.jpg","type":"image\/jpeg"}],"twitter_card":"summary_large_image","twitter_site":"@svetslik","twitter_misc":{"El\u00e9rhet\u0151s\u00e9g":"Beszerz\u00e9s alatt"},"schema":{"@context":"https:\/\/schema.org","@graph":[{"@type":["WebPage","ItemPage"],"@id":"https:\/\/svetslik.si\/hu\/pierre-a-renoir\/csendelet-almaval\/","url":"https:\/\/svetslik.si\/hu\/pierre-a-renoir\/csendelet-almaval\/","name":"Csend\u00e9let alm\u00e1val \u00e9s mandul\u00e1val \u2013 Renoir | olaj, v\u00e1szon","isPartOf":{"@id":"https:\/\/svetslik.si\/hu\/#website"},"primaryImageOfPage":{"@id":"https:\/\/svetslik.si\/hu\/pierre-a-renoir\/csendelet-almaval\/#primaryimage"},"image":{"@id":"https:\/\/svetslik.si\/hu\/pierre-a-renoir\/csendelet-almaval\/#primaryimage"},"thumbnailUrl":"https:\/\/svetslik.si\/wp-content\/uploads\/2026\/08\/still-life-with-apples-and-almonds-pierre-auguste-renoir.jpg","datePublished":"2026-08-14T10:11:22+00:00","dateModified":"2026-08-22T11:17:04+00:00","description":"Csend\u00e9let alm\u00e1val \u00e9s mandul\u00e1val, Renoir. K\u00e9zzel festett olajreprodukci\u00f3 v\u00e1sznon, 100 x 45-t\u00f3l 200 x 90 cm-ig. Az eredeti MNR 683 jelzeten.","breadcrumb":{"@id":"https:\/\/svetslik.si\/hu\/pierre-a-renoir\/csendelet-almaval\/#breadcrumb"},"inLanguage":"hu","potentialAction":[{"@type":"ReadAction","target":["https:\/\/svetslik.si\/hu\/pierre-a-renoir\/csendelet-almaval\/"]}]},{"@type":"ImageObject","inLanguage":"hu","@id":"https:\/\/svetslik.si\/hu\/pierre-a-renoir\/csendelet-almaval\/#primaryimage","url":"https:\/\/svetslik.si\/wp-content\/uploads\/2026\/08\/still-life-with-apples-and-almonds-pierre-auguste-renoir.jpg","contentUrl":"https:\/\/svetslik.si\/wp-content\/uploads\/2026\/08\/still-life-with-apples-and-almonds-pierre-auguste-renoir.jpg","width":2209,"height":960,"caption":"Csend\u00e9let alm\u00e1val \u00e9s mandul\u00e1val Renoir ut\u00e1n: \u00f6t v\u00f6r\u00f6sesnarancs alma \u00e9s halv\u00e1nyz\u00f6ld mandul\u00e1k keskeny v\u00e1sznon. K\u00e9zzel festett festm\u00e9ny v\u00e1sznon."},{"@type":"BreadcrumbList","@id":"https:\/\/svetslik.si\/hu\/pierre-a-renoir\/csendelet-almaval\/#breadcrumb","itemListElement":[{"@type":"ListItem","position":1,"name":"Fali m\u0171v\u00e9szet \u00e9s festm\u00e9nyek v\u00e1szonra","item":"https:\/\/svetslik.si\/hu\/vaszonfestmenyek-svetslik-si-100-kezzel-festett-festoi-reprodukciok-es-vaszonfestmenyek\/"},{"@type":"ListItem","position":2,"name":"Festm\u00e9nyek elad\u00e1sa","item":"https:\/\/svetslik.si\/hu\/festmenyek-eladasa\/"},{"@type":"ListItem","position":3,"name":"Pierre-Auguste Renoir \u2013 Csend\u00e9let alm\u00e1val \u00e9s mandul\u00e1val"}]},{"@type":"WebSite","@id":"https:\/\/svetslik.si\/hu\/#website","url":"https:\/\/svetslik.si\/hu\/","name":"SvetSlik.si","description":"K\u00e9zzel festett festm\u00e9nyek v\u00e1sznon \u2013 h\u00edres fest\u0151k reprodukci\u00f3i, absztrakt \u00e9s modern mot\u00edvumok, egyedi rendel\u00e9sre is.","publisher":{"@id":"https:\/\/svetslik.si\/hu\/#organization"},"potentialAction":[{"@type":"SearchAction","target":{"@type":"EntryPoint","urlTemplate":"https:\/\/svetslik.si\/hu\/?s={search_term_string}"},"query-input":{"@type":"PropertyValueSpecification","valueRequired":true,"valueName":"search_term_string"}}],"inLanguage":"hu","alternateName":"K\u00e9zzel festett festm\u00e9nyek online gal\u00e9ri\u00e1ja"},{"@type":["Organization","Store"],"@id":"https:\/\/svetslik.si\/hu\/#organization","name":"SvetSlik.si","url":"https:\/\/svetslik.si\/hu\/","logo":{"@type":"ImageObject","inLanguage":"hu","@id":"https:\/\/svetslik.si\/hu\/#\/schema\/logo\/image\/","url":"https:\/\/svetslik.si\/wp-content\/uploads\/2020\/12\/logo-512.png","contentUrl":"https:\/\/svetslik.si\/wp-content\/uploads\/2020\/12\/logo-512.png","width":512,"height":512,"caption":"SvetSlik.si"},"image":{"@id":"https:\/\/svetslik.si\/hu\/#\/schema\/logo\/image\/"},"sameAs":["https:\/\/www.facebook.com\/svetslik.si","https:\/\/x.com\/svetslik","https:\/\/www.instagram.com\/svetslik.si\/","https:\/\/www.linkedin.com\/company\/svetslik-si","https:\/\/www.google.com\/maps\/place\/?q=place_id:ChIJaybyg-XHekcRwZCqYrxOGjY"],"address":{"@type":"PostalAddress","streetAddress":"Zgornje Bitnje 146a","addressLocality":"\u017dabnica","postalCode":"4209","addressCountry":"SI"},"hasMap":"https:\/\/www.google.com\/maps\/place\/?q=place_id:ChIJaybyg-XHekcRwZCqYrxOGjY","telephone":"+38651675637","openingHoursSpecification":[{"@type":"OpeningHoursSpecification","dayOfWeek":["https:\/\/schema.org\/Monday","https:\/\/schema.org\/Tuesday","https:\/\/schema.org\/Wednesday","https:\/\/schema.org\/Thursday","https:\/\/schema.org\/Friday"],"opens":"09:00","closes":"20:00"}],"description":"K\u00e9zzel festett v\u00e1szonfestm\u00e9nyek \u2013 rendelje meg online vagy e-mailben. Megtekint\u00e9s el\u0151zetes egyeztet\u00e9s alapj\u00e1n lehets\u00e9ges.","knowsAbout":["v\u00e1szonfestm\u00e9ny","k\u00e9zzel festett v\u00e1szonfestm\u00e9nyek","festm\u00e9nyek reprodukci\u00f3i","olajfestm\u00e9ny v\u00e1szonon","akrilfestm\u00e9ny v\u00e1szonon","modern absztrakt m\u0171v\u00e9szet","festm\u00e9ny megrendel\u00e9sre","festm\u00e9nyek megrendel\u00e9sre","festm\u00e9nyek bekeretez\u00e9se","h\u00edres fest\u0151k alkot\u00e1sai","modern festm\u00e9nyek otthonra","festm\u00e9ny aj\u00e1nd\u00e9kba","egyedi v\u00e1szonfestm\u00e9nyek","festm\u00e9nyek h\u00e1zhozsz\u00e1ll\u00edt\u00e1sa","m\u0171v\u00e9szeti gal\u00e9ria"],"legalName":"Matemero d.o.o.","email":"info@svetslik.si","foundingDate":"2009","aggregateRating":{"@type":"AggregateRating","ratingValue":"5","reviewCount":103,"bestRating":"5","worstRating":"1"}}]},"og_availability":"backorder","product_availability":"available for order","product_condition":"new"},"_links":{"self":[{"href":"https:\/\/svetslik.si\/hu\/wp-json\/wp\/v2\/product\/188478","targetHints":{"allow":["GET"]}}],"collection":[{"href":"https:\/\/svetslik.si\/hu\/wp-json\/wp\/v2\/product"}],"about":[{"href":"https:\/\/svetslik.si\/hu\/wp-json\/wp\/v2\/types\/product"}],"wp:featuredmedia":[{"embeddable":true,"href":"https:\/\/svetslik.si\/hu\/wp-json\/wp\/v2\/media\/188472"}],"wp:attachment":[{"href":"https:\/\/svetslik.si\/hu\/wp-json\/wp\/v2\/media?parent=188478"}],"wp:term":[{"taxonomy":"product_brand","embeddable":true,"href":"https:\/\/svetslik.si\/hu\/wp-json\/wp\/v2\/product_brand?post=188478"},{"taxonomy":"product_cat","embeddable":true,"href":"https:\/\/svetslik.si\/hu\/wp-json\/wp\/v2\/product_cat?post=188478"},{"taxonomy":"product_tag","embeddable":true,"href":"https:\/\/svetslik.si\/hu\/wp-json\/wp\/v2\/product_tag?post=188478"}],"curies":[{"name":"wp","href":"https:\/\/api.w.org\/{rel}","templated":true}]}}