{"id":52975,"date":"2021-09-02T17:48:42","date_gmt":"2021-09-02T15:48:42","guid":{"rendered":"https:\/\/svetslik.si\/nem-kategorizalt\/bedroom-in-arles\/"},"modified":"2026-03-22T21:22:30","modified_gmt":"2026-03-22T20:22:30","slug":"bedroom-in-arles","status":"publish","type":"product","link":"https:\/\/svetslik.si\/hu\/vincent-van-gogh-hu\/bedroom-in-arles\/","title":{"rendered":"Vincent van Gogh &#8211; Bedroom in Arles"},"content":{"rendered":"<h1>Vincent Van Gogh \u2013 H\u00e1l\u00f3szoba Arles-ban<\/h1>\n<p>&nbsp;<\/p>\n<table id=\"imageinfo\" border=\"0\" width=\"96%\" cellpadding=\"2\">\n<tbody>\n<tr>\n<td width=\"120\">L\u00e9trehoz\u00e1s \u00e9ve:<\/td>\n<td>1888<\/td>\n<\/tr>\n<tr>\n<td>Eredeti m\u00e9ret:<\/td>\n<td>90 x 72 cm<\/td>\n<\/tr>\n<tr>\n<td>Fest\u00e9si st\u00edlus:<\/td>\n<td>Posztimpresszionizmus<\/td>\n<\/tr>\n<tr>\n<td>Eredeti technika:<\/td>\n<td>Olaj, v\u00e1szon<\/td>\n<\/tr>\n<tr>\n<td>Helysz\u00edn:<\/td>\n<td>Van Gogh M\u00fazeum<\/td>\n<\/tr>\n<\/tbody>\n<\/table>\n<p>A <em>H\u00e1l\u00f3szoba Arles-ban<\/em> h\u00e1rom hasonl\u00f3 olajfestm\u00e9ny c\u00edme, amelyeken Van Gogh az arles-i S\u00e1rga H\u00e1zban l\u00e9v\u0151 h\u00e1l\u00f3szob\u00e1j\u00e1t \u00e1br\u00e1zolta. A jobb oldali ajt\u00f3 a fels\u0151 emeletre, a bal oldali pedig a vend\u00e9gszob\u00e1ba vezet, amelyet a fest\u0151 Gauguin sz\u00e1m\u00e1ra k\u00e9sz\u00edtett. Az el\u00fcls\u0151 falon l\u00e9v\u0151 ablak a Lamartine t\u00e9rre \u00e9s a nyilv\u00e1nos kertekre n\u00e9z. A szoba nem n\u00e9gyzet alak\u00fa volt, hanem trap\u00e9z alak\u00fa volt, de Van Gogh ebben az olajfestm\u00e9nyben nem nagyon figyelt erre, mivel a k\u00e9pen csak hom\u00e1lyosan jelezte, hogy van egy tov\u00e1bbi sarok.<\/p>\n<p>Az &#8220;A Bedroom in Arles&#8221; Vincent van Gogh holland m\u0171v\u00e9sz h\u00e1rom festm\u00e9ny\u00e9b\u0151l \u00e1ll\u00f3 sorozat, amelyet 1888-1889 k\u00f6z\u00f6tt k\u00e9sz\u00edtettek. Ezeket a festm\u00e9nyeket Van Gogh legikonikusabb \u00e9s leger\u0151sebb alkot\u00e1sai k\u00f6z\u00f6tt tartj\u00e1k sz\u00e1mon, amelyek bizony\u00edtj\u00e1k, hogy k\u00e9szs\u00e9gesen megragadja a mindennapi \u00e9let l\u00e9nyeg\u00e9t \u00e9s szem\u00e9lyes \u00e9lm\u00e9nyeit. A festm\u00e9nyek h\u00e1rom k\u00fcl\u00f6nb\u00f6z\u0151 v\u00e1ltozatban mutatj\u00e1k be Van Gogh h\u00e1l\u00f3szob\u00e1j\u00e1t a franciaorsz\u00e1gi Arles-ban. Mindegyik festm\u00e9ny sz\u00e9les k\u00f6rben elismert mer\u00e9sz ecsetvon\u00e1sair\u00f3l, \u00e9rzelmess\u00e9g\u00e9r\u0151l \u00e9s er\u0151s szimbolik\u00e1j\u00e1r\u00f3l.<\/p>\n<p>A festm\u00e9nyek kompoz\u00edci\u00f3ja egyszer\u0171, de hat\u00e1sos, hiszen a h\u00e1l\u00f3szoba foglalja el a legt\u00f6bb helyet a v\u00e1sznon. A festm\u00e9nyek sz\u00ednhaszn\u00e1lata is figyelemre m\u00e9lt\u00f3, mivel Van Gogh mer\u00e9sz, kontrasztos sz\u00edneket haszn\u00e1l, amelyek mozg\u00e1s- \u00e9s energia\u00e9rzetet keltenek. A h\u00e1l\u00f3szoba s\u00e1rga, k\u00e9k \u00e9s z\u00f6ld \u00e1rnyalatokba \u00f6lt\u00f6z\u00f6tt, ami melegs\u00e9get \u00e9s energi\u00e1t kelt. A festm\u00e9nyek ecsetvon\u00e1sai s\u0171r\u0171ek \u00e9s j\u00f3l l\u00e1that\u00f3ak, mozg\u00e1s- \u00e9s energia\u00e9rzetet adva a festm\u00e9nyeknek.<\/p>\n<p>A festm\u00e9nyek szimbolik\u00e1ja is gazdag, hiszen a h\u00e1l\u00f3szoba az otthon \u00e9s a k\u00e9nyelem gondolat\u00e1t, valamint a m\u0171v\u00e9sz szem\u00e9lyes mened\u00e9k\u00e9t k\u00e9pviseli. A festm\u00e9nyeken Van Gogh akkori \u00e9rzelmi \u00e1llapot\u00e1t is bemutatj\u00e1k. A festm\u00e9nyeket akkor k\u00e9sz\u00edtettek, amikor Van Gogh a franciaorsz\u00e1gi Arles-ban \u00e9lt, \u00e9s \u00fagy gondolj\u00e1k, hogy a m\u0171v\u00e9sz \u00e9rz\u00e9seit t\u00fckr\u00f6zik, hogy egy stabil otthon \u00e9s a term\u00e9szettel val\u00f3 kapcsolat ut\u00e1n v\u00e1gynak a gy\u00f3gy\u00edt\u00e1s egyik form\u00e1jak\u00e9nt.<\/p>\n<p>A &#8220;H\u00e1l\u00f3szoba Arles-ban&#8221; Van Gogh egyik legikonikusabb \u00e9s leger\u0151sebb alkot\u00e1sa, \u00e9s vil\u00e1gszerte sz\u00e1mos m\u00fazeumban megtal\u00e1lhat\u00f3. A posztimpresszionizmus fontos alkot\u00e1sa, amelyet m\u00e1ig csod\u00e1lnak \u00e9s tanulm\u00e1nyoznak mind amat\u0151r\u00f6k, mind szak\u00e9rt\u0151k. Az er\u0151teljes k\u00e9palkot\u00e1s, az \u00e9rzelmess\u00e9g \u00e9s a gazdag szimbolika a festm\u00e9nyt minden m\u0171v\u00e9szetkedvel\u0151 vagy Vincent van Gogh munk\u00e1i ir\u00e1nt \u00e9rdekl\u0151d\u0151 sz\u00e1m\u00e1ra k\u00f6telez\u0151v\u00e9 teszi.<\/p>\n","protected":false},"excerpt":{"rendered":"<p>Vincent Van Gogh \u2013 H\u00e1l\u00f3szoba Arles-ban &nbsp; L\u00e9trehoz\u00e1s \u00e9ve: 1888 Eredeti m\u00e9ret: 90 x 72 cm Fest\u00e9si st\u00edlus: Posztimpresszionizmus Eredeti technika: Olaj, v\u00e1szon Helysz\u00edn: Van Gogh M\u00fazeum A H\u00e1l\u00f3szoba Arles-ban h\u00e1rom hasonl\u00f3 olajfestm\u00e9ny c\u00edme, amelyeken Van Gogh az arles-i S\u00e1rga H\u00e1zban l\u00e9v\u0151 h\u00e1l\u00f3szob\u00e1j\u00e1t \u00e1br\u00e1zolta. A jobb oldali ajt\u00f3 a fels\u0151 [&hellip;]<\/p>\n","protected":false},"featured_media":50310,"template":"","meta":{"_acf_changed":false},"product_brand":[],"product_cat":[7150],"product_tag":[11885,11886,11887,7215],"class_list":{"0":"post-52975","1":"product","2":"type-product","3":"status-publish","4":"has-post-thumbnail","6":"product_cat-vincent-van-gogh-hu","7":"product_tag-painter-hu","8":"product_tag-reproduction","9":"product_tag-reproductions-hu","10":"product_tag-van-gogh-hu","11":"pa_dimenzija-100-x-120-cm-hu","12":"pa_dimenzija-40-x-50-cm-hu","13":"pa_dimenzija-50-x-60-cm-hu","14":"pa_dimenzija-55-x-70-cm-hu","15":"pa_dimenzija-65-x-80-cm-hu","16":"pa_dimenzija-72-x-91-cm-hu","17":"pa_dimenzija-80-x-100-cm-hu","18":"pa_oblika-vizszintes","19":"pa_okvir-nincs-keret","20":"pa_podokvir-igen","21":"pa_podokvir-nem","23":"first","24":"onbackorder","25":"purchasable","26":"product-type-variable","27":"has-default-attributes"},"acf":[],"yoast_head":"<!-- This site is optimized with the Yoast SEO Premium plugin v26.0 (Yoast SEO v27.2) - https:\/\/yoast.com\/product\/yoast-seo-premium-wordpress\/ -->\n<title>Vincent van Gogh - Bedroom in Arles - SVETSLIK.SI - 100% k\u00e9zzel festett<\/title>\n<meta name=\"description\" content=\"Vincent van Gogh - Bedroom in Arles - 100% k\u00e9zzel festett h\u00edres festm\u00e9nyek reprodukci\u00f3i. Festm\u00e9nyek keretez\u00e9se, elad\u00e1sa \u00e9s egyedi rendel\u00e9sre t\u00f6rt\u00e9n\u0151 v\u00e1szonk\u00e9pek k\u00e9sz\u00edt\u00e9se.\" \/>\n<meta name=\"robots\" content=\"index, follow, max-snippet:-1, max-image-preview:large, max-video-preview:-1\" \/>\n<link rel=\"canonical\" href=\"https:\/\/svetslik.si\/hu\/vincent-van-gogh-hu\/bedroom-in-arles\/\" \/>\n<meta property=\"og:locale\" content=\"hu_HU\" \/>\n<meta property=\"og:type\" content=\"article\" \/>\n<meta property=\"og:title\" content=\"Vincent van Gogh - Bedroom in Arles\" \/>\n<meta property=\"og:description\" content=\"100% ro\u010dno naslikane slike na platnu, reprodukcije znanih slikarjev in umetni\u0161ke slike po naro\u010dilu.\" \/>\n<meta property=\"og:url\" content=\"https:\/\/svetslik.si\/hu\/vincent-van-gogh-hu\/bedroom-in-arles\/\" \/>\n<meta property=\"og:site_name\" content=\"SVETSLIK.SI\" \/>\n<meta property=\"article:publisher\" content=\"https:\/\/www.facebook.com\/svetslik.si\" \/>\n<meta property=\"article:modified_time\" content=\"2026-03-22T20:22:30+00:00\" \/>\n<meta property=\"og:image\" content=\"https:\/\/svetslik.si\/wp-content\/uploads\/2021\/08\/image_Vincent-Van-Gogh-reprodukcija-slike-Bedroom-in-Arles_680.jpg\" \/>\n\t<meta property=\"og:image:width\" content=\"1280\" \/>\n\t<meta property=\"og:image:height\" content=\"1016\" \/>\n\t<meta property=\"og:image:type\" content=\"image\/jpeg\" \/>\n<meta name=\"twitter:card\" content=\"summary_large_image\" \/>\n<meta name=\"twitter:site\" content=\"@svetslik\" \/>\n<meta name=\"twitter:label1\" content=\"El\u00e9rhet\u0151s\u00e9g\" \/>\n\t<meta name=\"twitter:data1\" content=\"Beszerz\u00e9s alatt\" \/>\n<script type=\"application\/ld+json\" class=\"yoast-schema-graph\">{\"@context\":\"https:\/\/schema.org\",\"@graph\":[{\"@type\":[\"WebPage\",\"ItemPage\"],\"@id\":\"https:\/\/svetslik.si\/hu\/vincent-van-gogh-hu\/bedroom-in-arles\/\",\"url\":\"https:\/\/svetslik.si\/hu\/vincent-van-gogh-hu\/bedroom-in-arles\/\",\"name\":\"Vincent van Gogh - Bedroom in Arles - SVETSLIK.SI - 100% k\u00e9zzel festett\",\"isPartOf\":{\"@id\":\"https:\/\/svetslik.si\/hu\/#website\"},\"primaryImageOfPage\":{\"@id\":\"https:\/\/svetslik.si\/hu\/vincent-van-gogh-hu\/bedroom-in-arles\/#primaryimage\"},\"image\":{\"@id\":\"https:\/\/svetslik.si\/hu\/vincent-van-gogh-hu\/bedroom-in-arles\/#primaryimage\"},\"thumbnailUrl\":\"https:\/\/svetslik.si\/wp-content\/uploads\/2021\/08\/image_Vincent-Van-Gogh-reprodukcija-slike-Bedroom-in-Arles_680.jpg\",\"datePublished\":\"2021-09-02T15:48:42+00:00\",\"dateModified\":\"2026-03-22T20:22:30+00:00\",\"description\":\"Vincent van Gogh - Bedroom in Arles - 100% k\u00e9zzel festett h\u00edres festm\u00e9nyek reprodukci\u00f3i. Festm\u00e9nyek keretez\u00e9se, elad\u00e1sa \u00e9s egyedi rendel\u00e9sre t\u00f6rt\u00e9n\u0151 v\u00e1szonk\u00e9pek k\u00e9sz\u00edt\u00e9se.\",\"breadcrumb\":{\"@id\":\"https:\/\/svetslik.si\/hu\/vincent-van-gogh-hu\/bedroom-in-arles\/#breadcrumb\"},\"inLanguage\":\"hu\",\"potentialAction\":[{\"@type\":\"ReadAction\",\"target\":[\"https:\/\/svetslik.si\/hu\/vincent-van-gogh-hu\/bedroom-in-arles\/\"]}]},{\"@type\":\"ImageObject\",\"inLanguage\":\"hu\",\"@id\":\"https:\/\/svetslik.si\/hu\/vincent-van-gogh-hu\/bedroom-in-arles\/#primaryimage\",\"url\":\"https:\/\/svetslik.si\/wp-content\/uploads\/2021\/08\/image_Vincent-Van-Gogh-reprodukcija-slike-Bedroom-in-Arles_680.jpg\",\"contentUrl\":\"https:\/\/svetslik.si\/wp-content\/uploads\/2021\/08\/image_Vincent-Van-Gogh-reprodukcija-slike-Bedroom-in-Arles_680.jpg\",\"width\":1280,\"height\":1016,\"caption\":\"Vincent-Van-Gogh-reprodukcija-slike-Bedroom-in-Arles K\u00e9zzel festett h\u00edres fest\u0151k reprodukci\u00f3i, modern fali k\u00e9pek, m\u0171v\u00e9szeti festm\u00e9nyek falra\"},{\"@type\":\"BreadcrumbList\",\"@id\":\"https:\/\/svetslik.si\/hu\/vincent-van-gogh-hu\/bedroom-in-arles\/#breadcrumb\",\"itemListElement\":[{\"@type\":\"ListItem\",\"position\":1,\"name\":\"Wall art and paintings on canvas\",\"item\":\"https:\/\/svetslik.si\/hu\/\"},{\"@type\":\"ListItem\",\"position\":2,\"name\":\"Festm\u00e9nyek elad\u00e1sa\",\"item\":\"https:\/\/svetslik.si\/prodaja-slik\/\"},{\"@type\":\"ListItem\",\"position\":3,\"name\":\"Vincent van Gogh &#8211; Bedroom in Arles\"}]},{\"@type\":\"WebSite\",\"@id\":\"https:\/\/svetslik.si\/hu\/#website\",\"url\":\"https:\/\/svetslik.si\/hu\/\",\"name\":\"SVETSLIK.SI\",\"description\":\"100%-ban k\u00e9zzel festett reprodukci\u00f3k h\u00edres fest\u0151k festm\u00e9nyeir\u0151l \u00e9s festm\u00e9nyekr\u0151l v\u00e1szonra.\",\"publisher\":{\"@id\":\"https:\/\/svetslik.si\/hu\/#organization\"},\"potentialAction\":[{\"@type\":\"SearchAction\",\"target\":{\"@type\":\"EntryPoint\",\"urlTemplate\":\"https:\/\/svetslik.si\/hu\/?s={search_term_string}\"},\"query-input\":{\"@type\":\"PropertyValueSpecification\",\"valueRequired\":true,\"valueName\":\"search_term_string\"}}],\"inLanguage\":\"hu\"},{\"@type\":\"Organization\",\"@id\":\"https:\/\/svetslik.si\/hu\/#organization\",\"name\":\"SvetSlik.si\",\"url\":\"https:\/\/svetslik.si\/hu\/\",\"logo\":{\"@type\":\"ImageObject\",\"inLanguage\":\"hu\",\"@id\":\"https:\/\/svetslik.si\/hu\/#\/schema\/logo\/image\/\",\"url\":\"https:\/\/svetslik.si\/wp-content\/uploads\/2020\/12\/logo-512.png\",\"contentUrl\":\"https:\/\/svetslik.si\/wp-content\/uploads\/2020\/12\/logo-512.png\",\"width\":512,\"height\":512,\"caption\":\"SvetSlik.si\"},\"image\":{\"@id\":\"https:\/\/svetslik.si\/hu\/#\/schema\/logo\/image\/\"},\"sameAs\":[\"https:\/\/www.facebook.com\/svetslik.si\",\"https:\/\/x.com\/svetslik\",\"https:\/\/www.instagram.com\/svetslik.si\/\",\"https:\/\/www.linkedin.com\/company\/svetslik-si\"]}]}<\/script>\n<meta property=\"og:availability\" content=\"backorder\" \/>\n<meta property=\"product:availability\" content=\"available for order\" \/>\n<meta property=\"product:retailer_item_id\" content=\"192__\" \/>\n<meta property=\"product:condition\" content=\"new\" \/>\n<!-- \/ Yoast SEO Premium plugin. -->","yoast_head_json":{"title":"Vincent van Gogh - Bedroom in Arles - SVETSLIK.SI - 100% k\u00e9zzel festett","description":"Vincent van Gogh - Bedroom in Arles - 100% k\u00e9zzel festett h\u00edres festm\u00e9nyek reprodukci\u00f3i. Festm\u00e9nyek keretez\u00e9se, elad\u00e1sa \u00e9s egyedi rendel\u00e9sre t\u00f6rt\u00e9n\u0151 v\u00e1szonk\u00e9pek k\u00e9sz\u00edt\u00e9se.","robots":{"index":"index","follow":"follow","max-snippet":"max-snippet:-1","max-image-preview":"max-image-preview:large","max-video-preview":"max-video-preview:-1"},"canonical":"https:\/\/svetslik.si\/hu\/vincent-van-gogh-hu\/bedroom-in-arles\/","og_locale":"hu_HU","og_type":"article","og_title":"Vincent van Gogh - Bedroom in Arles","og_description":"100% ro\u010dno naslikane slike na platnu, reprodukcije znanih slikarjev in umetni\u0161ke slike po naro\u010dilu.","og_url":"https:\/\/svetslik.si\/hu\/vincent-van-gogh-hu\/bedroom-in-arles\/","og_site_name":"SVETSLIK.SI","article_publisher":"https:\/\/www.facebook.com\/svetslik.si","article_modified_time":"2026-03-22T20:22:30+00:00","og_image":[{"width":1280,"height":1016,"url":"https:\/\/svetslik.si\/wp-content\/uploads\/2021\/08\/image_Vincent-Van-Gogh-reprodukcija-slike-Bedroom-in-Arles_680.jpg","type":"image\/jpeg"}],"twitter_card":"summary_large_image","twitter_site":"@svetslik","twitter_misc":{"El\u00e9rhet\u0151s\u00e9g":"Beszerz\u00e9s alatt"},"schema":{"@context":"https:\/\/schema.org","@graph":[{"@type":["WebPage","ItemPage"],"@id":"https:\/\/svetslik.si\/hu\/vincent-van-gogh-hu\/bedroom-in-arles\/","url":"https:\/\/svetslik.si\/hu\/vincent-van-gogh-hu\/bedroom-in-arles\/","name":"Vincent van Gogh - Bedroom in Arles - SVETSLIK.SI - 100% k\u00e9zzel festett","isPartOf":{"@id":"https:\/\/svetslik.si\/hu\/#website"},"primaryImageOfPage":{"@id":"https:\/\/svetslik.si\/hu\/vincent-van-gogh-hu\/bedroom-in-arles\/#primaryimage"},"image":{"@id":"https:\/\/svetslik.si\/hu\/vincent-van-gogh-hu\/bedroom-in-arles\/#primaryimage"},"thumbnailUrl":"https:\/\/svetslik.si\/wp-content\/uploads\/2021\/08\/image_Vincent-Van-Gogh-reprodukcija-slike-Bedroom-in-Arles_680.jpg","datePublished":"2021-09-02T15:48:42+00:00","dateModified":"2026-03-22T20:22:30+00:00","description":"Vincent van Gogh - Bedroom in Arles - 100% k\u00e9zzel festett h\u00edres festm\u00e9nyek reprodukci\u00f3i. Festm\u00e9nyek keretez\u00e9se, elad\u00e1sa \u00e9s egyedi rendel\u00e9sre t\u00f6rt\u00e9n\u0151 v\u00e1szonk\u00e9pek k\u00e9sz\u00edt\u00e9se.","breadcrumb":{"@id":"https:\/\/svetslik.si\/hu\/vincent-van-gogh-hu\/bedroom-in-arles\/#breadcrumb"},"inLanguage":"hu","potentialAction":[{"@type":"ReadAction","target":["https:\/\/svetslik.si\/hu\/vincent-van-gogh-hu\/bedroom-in-arles\/"]}]},{"@type":"ImageObject","inLanguage":"hu","@id":"https:\/\/svetslik.si\/hu\/vincent-van-gogh-hu\/bedroom-in-arles\/#primaryimage","url":"https:\/\/svetslik.si\/wp-content\/uploads\/2021\/08\/image_Vincent-Van-Gogh-reprodukcija-slike-Bedroom-in-Arles_680.jpg","contentUrl":"https:\/\/svetslik.si\/wp-content\/uploads\/2021\/08\/image_Vincent-Van-Gogh-reprodukcija-slike-Bedroom-in-Arles_680.jpg","width":1280,"height":1016,"caption":"Vincent-Van-Gogh-reprodukcija-slike-Bedroom-in-Arles K\u00e9zzel festett h\u00edres fest\u0151k reprodukci\u00f3i, modern fali k\u00e9pek, m\u0171v\u00e9szeti festm\u00e9nyek falra"},{"@type":"BreadcrumbList","@id":"https:\/\/svetslik.si\/hu\/vincent-van-gogh-hu\/bedroom-in-arles\/#breadcrumb","itemListElement":[{"@type":"ListItem","position":1,"name":"Wall art and paintings on canvas","item":"https:\/\/svetslik.si\/hu\/"},{"@type":"ListItem","position":2,"name":"Festm\u00e9nyek elad\u00e1sa","item":"https:\/\/svetslik.si\/prodaja-slik\/"},{"@type":"ListItem","position":3,"name":"Vincent van Gogh &#8211; Bedroom in Arles"}]},{"@type":"WebSite","@id":"https:\/\/svetslik.si\/hu\/#website","url":"https:\/\/svetslik.si\/hu\/","name":"SVETSLIK.SI","description":"100%-ban k\u00e9zzel festett reprodukci\u00f3k h\u00edres fest\u0151k festm\u00e9nyeir\u0151l \u00e9s festm\u00e9nyekr\u0151l v\u00e1szonra.","publisher":{"@id":"https:\/\/svetslik.si\/hu\/#organization"},"potentialAction":[{"@type":"SearchAction","target":{"@type":"EntryPoint","urlTemplate":"https:\/\/svetslik.si\/hu\/?s={search_term_string}"},"query-input":{"@type":"PropertyValueSpecification","valueRequired":true,"valueName":"search_term_string"}}],"inLanguage":"hu"},{"@type":"Organization","@id":"https:\/\/svetslik.si\/hu\/#organization","name":"SvetSlik.si","url":"https:\/\/svetslik.si\/hu\/","logo":{"@type":"ImageObject","inLanguage":"hu","@id":"https:\/\/svetslik.si\/hu\/#\/schema\/logo\/image\/","url":"https:\/\/svetslik.si\/wp-content\/uploads\/2020\/12\/logo-512.png","contentUrl":"https:\/\/svetslik.si\/wp-content\/uploads\/2020\/12\/logo-512.png","width":512,"height":512,"caption":"SvetSlik.si"},"image":{"@id":"https:\/\/svetslik.si\/hu\/#\/schema\/logo\/image\/"},"sameAs":["https:\/\/www.facebook.com\/svetslik.si","https:\/\/x.com\/svetslik","https:\/\/www.instagram.com\/svetslik.si\/","https:\/\/www.linkedin.com\/company\/svetslik-si"]}]},"og_availability":"backorder","product_availability":"available for order","product_retailer_item_id":"192__","product_condition":"new"},"jetpack_sharing_enabled":true,"_links":{"self":[{"href":"https:\/\/svetslik.si\/hu\/wp-json\/wp\/v2\/product\/52975","targetHints":{"allow":["GET"]}}],"collection":[{"href":"https:\/\/svetslik.si\/hu\/wp-json\/wp\/v2\/product"}],"about":[{"href":"https:\/\/svetslik.si\/hu\/wp-json\/wp\/v2\/types\/product"}],"wp:featuredmedia":[{"embeddable":true,"href":"https:\/\/svetslik.si\/hu\/wp-json\/wp\/v2\/media\/50310"}],"wp:attachment":[{"href":"https:\/\/svetslik.si\/hu\/wp-json\/wp\/v2\/media?parent=52975"}],"wp:term":[{"taxonomy":"product_brand","embeddable":true,"href":"https:\/\/svetslik.si\/hu\/wp-json\/wp\/v2\/product_brand?post=52975"},{"taxonomy":"product_cat","embeddable":true,"href":"https:\/\/svetslik.si\/hu\/wp-json\/wp\/v2\/product_cat?post=52975"},{"taxonomy":"product_tag","embeddable":true,"href":"https:\/\/svetslik.si\/hu\/wp-json\/wp\/v2\/product_tag?post=52975"}],"curies":[{"name":"wp","href":"https:\/\/api.w.org\/{rel}","templated":true}]}}