{"id":60087,"date":"2022-12-13T18:00:33","date_gmt":"2022-12-13T17:00:33","guid":{"rendered":"https:\/\/svetslik.si\/nem-kategorizalt\/amedeo-modigliani-nude-with-loose-hair\/"},"modified":"2026-03-22T15:06:02","modified_gmt":"2026-03-22T14:06:02","slug":"amedeo-modigliani-nude-with-loose-hair","status":"publish","type":"product","link":"https:\/\/svetslik.si\/hu\/amedeo-modigliani-hu\/amedeo-modigliani-nude-with-loose-hair\/","title":{"rendered":"Amedeo Modigliani &#8211; Nude with Loose Hair"},"content":{"rendered":"<div class=\"wpb-content-wrapper\">[vc_row css=&#8221;.vc_custom_1670951281978{margin-bottom: 10px !important;}&#8221;][vc_column]\t<div class=\"et-image-431 et-image     et_image_link\">\n\t\t<div class=\"et-image-inner \">\n\t\t\t\t\t\t\t<div class=\"et-image-thumb \">\n\t\t\t\t\t<img decoding=\"async\" width=\"2560\" height=\"1991\" src=\"https:\/\/svetslik.si\/wp-content\/uploads\/2022\/12\/Amedeo-Modigliani-Nude-with-Loose-Hair-scaled.jpg\" class=\"attachment-full\" alt=\"Amedeo Modigliani - Nude with Loose Hair - Amedeo Modigliani - Meztelen laza hajjal festm\u00e9nyek\" title=\"Amedeo Modigliani - Nude with Loose Hair - Amedeo Modigliani - Meztelen laza hajjal festm\u00e9nyek\" srcset=\"https:\/\/svetslik.si\/wp-content\/uploads\/2022\/12\/Amedeo-Modigliani-Nude-with-Loose-Hair-scaled.jpg 2560w, https:\/\/svetslik.si\/wp-content\/uploads\/2022\/12\/Amedeo-Modigliani-Nude-with-Loose-Hair-scaled-600x467.jpg 600w, https:\/\/svetslik.si\/wp-content\/uploads\/2022\/12\/Amedeo-Modigliani-Nude-with-Loose-Hair-scaled-1200x933.jpg 1200w, https:\/\/svetslik.si\/wp-content\/uploads\/2022\/12\/Amedeo-Modigliani-Nude-with-Loose-Hair-300x233.jpg 300w, https:\/\/svetslik.si\/wp-content\/uploads\/2022\/12\/Amedeo-Modigliani-Nude-with-Loose-Hair-1024x796.jpg 1024w, https:\/\/svetslik.si\/wp-content\/uploads\/2022\/12\/Amedeo-Modigliani-Nude-with-Loose-Hair-768x597.jpg 768w, https:\/\/svetslik.si\/wp-content\/uploads\/2022\/12\/Amedeo-Modigliani-Nude-with-Loose-Hair-1536x1194.jpg 1536w, https:\/\/svetslik.si\/wp-content\/uploads\/2022\/12\/Amedeo-Modigliani-Nude-with-Loose-Hair-2048x1593.jpg 2048w, https:\/\/svetslik.si\/wp-content\/uploads\/2022\/12\/Amedeo-Modigliani-Nude-with-Loose-Hair-15x12.jpg 15w, https:\/\/svetslik.si\/wp-content\/uploads\/2022\/12\/Amedeo-Modigliani-Nude-with-Loose-Hair-150x117.jpg 150w, https:\/\/svetslik.si\/wp-content\/uploads\/2022\/12\/Amedeo-Modigliani-Nude-with-Loose-Hair-1320x1026.jpg 1320w\" sizes=\"(max-width: 2560px) 100vw, 2560px\" \/>\t\t\t\t<\/div>\n\t\t\t\t\t\t\t\t\t\t\t<\/div>\n\t<\/div>\n  [\/vc_column][\/vc_row][vc_row css=&#8221;.vc_custom_1670951281978{margin-bottom: 10px !important;}&#8221;][vc_column]\t<div class=\"et-image-950 et-image     et_image_link\">\n\t\t<div class=\"et-image-inner \">\n\t\t\t\t\t\t\t<div class=\"et-image-thumb \">\n\t\t\t\t\t<img decoding=\"async\" width=\"2417\" height=\"2252\" src=\"https:\/\/svetslik.si\/wp-content\/uploads\/2022\/12\/Amedeo-Modigliani-Nude-with-Loose-Hair-2.jpg\" class=\"attachment-full\" alt=\"Amedeo Modigliani - Nude with Loose Hair - Amedeo Modigliani - Meztelen laza hajjal festm\u00e9nyek\" title=\"Amedeo Modigliani - Nude with Loose Hair - Amedeo Modigliani - Meztelen laza hajjal festm\u00e9nyek\" srcset=\"https:\/\/svetslik.si\/wp-content\/uploads\/2022\/12\/Amedeo-Modigliani-Nude-with-Loose-Hair-2.jpg 2417w, https:\/\/svetslik.si\/wp-content\/uploads\/2022\/12\/Amedeo-Modigliani-Nude-with-Loose-Hair-2-600x559.jpg 600w, https:\/\/svetslik.si\/wp-content\/uploads\/2022\/12\/Amedeo-Modigliani-Nude-with-Loose-Hair-2-1200x1118.jpg 1200w, https:\/\/svetslik.si\/wp-content\/uploads\/2022\/12\/Amedeo-Modigliani-Nude-with-Loose-Hair-2-300x280.jpg 300w, https:\/\/svetslik.si\/wp-content\/uploads\/2022\/12\/Amedeo-Modigliani-Nude-with-Loose-Hair-2-1024x954.jpg 1024w, https:\/\/svetslik.si\/wp-content\/uploads\/2022\/12\/Amedeo-Modigliani-Nude-with-Loose-Hair-2-768x716.jpg 768w, https:\/\/svetslik.si\/wp-content\/uploads\/2022\/12\/Amedeo-Modigliani-Nude-with-Loose-Hair-2-1536x1431.jpg 1536w, https:\/\/svetslik.si\/wp-content\/uploads\/2022\/12\/Amedeo-Modigliani-Nude-with-Loose-Hair-2-2048x1908.jpg 2048w, https:\/\/svetslik.si\/wp-content\/uploads\/2022\/12\/Amedeo-Modigliani-Nude-with-Loose-Hair-2-13x12.jpg 13w, https:\/\/svetslik.si\/wp-content\/uploads\/2022\/12\/Amedeo-Modigliani-Nude-with-Loose-Hair-2-150x140.jpg 150w, https:\/\/svetslik.si\/wp-content\/uploads\/2022\/12\/Amedeo-Modigliani-Nude-with-Loose-Hair-2-1320x1230.jpg 1320w\" sizes=\"(max-width: 2417px) 100vw, 2417px\" \/>\t\t\t\t<\/div>\n\t\t\t\t\t\t\t\t\t\t\t<\/div>\n\t<\/div>\n  [\/vc_column][\/vc_row][vc_row css=&#8221;.vc_custom_1670951281978{margin-bottom: 10px !important;}&#8221;][vc_column]\t<div class=\"et-image-979 et-image     et_image_link\">\n\t\t<div class=\"et-image-inner \">\n\t\t\t\t\t\t\t<div class=\"et-image-thumb \">\n\t\t\t\t\t<img decoding=\"async\" width=\"2560\" height=\"1441\" src=\"https:\/\/svetslik.si\/wp-content\/uploads\/2022\/12\/Amedeo-Modigliani-Nude-with-Loose-Hair-3-scaled.jpg\" class=\"attachment-full\" alt=\"Amedeo Modigliani - Nude with Loose Hair - Amedeo Modigliani - Meztelen laza hajjal festm\u00e9nyek\" title=\"Amedeo Modigliani - Nude with Loose Hair - Amedeo Modigliani - Meztelen laza hajjal festm\u00e9nyek\" srcset=\"https:\/\/svetslik.si\/wp-content\/uploads\/2022\/12\/Amedeo-Modigliani-Nude-with-Loose-Hair-3-scaled.jpg 2560w, https:\/\/svetslik.si\/wp-content\/uploads\/2022\/12\/Amedeo-Modigliani-Nude-with-Loose-Hair-3-scaled-600x338.jpg 600w, https:\/\/svetslik.si\/wp-content\/uploads\/2022\/12\/Amedeo-Modigliani-Nude-with-Loose-Hair-3-scaled-1200x675.jpg 1200w, https:\/\/svetslik.si\/wp-content\/uploads\/2022\/12\/Amedeo-Modigliani-Nude-with-Loose-Hair-3-300x169.jpg 300w, https:\/\/svetslik.si\/wp-content\/uploads\/2022\/12\/Amedeo-Modigliani-Nude-with-Loose-Hair-3-1024x577.jpg 1024w, https:\/\/svetslik.si\/wp-content\/uploads\/2022\/12\/Amedeo-Modigliani-Nude-with-Loose-Hair-3-768x432.jpg 768w, https:\/\/svetslik.si\/wp-content\/uploads\/2022\/12\/Amedeo-Modigliani-Nude-with-Loose-Hair-3-1536x865.jpg 1536w, https:\/\/svetslik.si\/wp-content\/uploads\/2022\/12\/Amedeo-Modigliani-Nude-with-Loose-Hair-3-2048x1153.jpg 2048w, https:\/\/svetslik.si\/wp-content\/uploads\/2022\/12\/Amedeo-Modigliani-Nude-with-Loose-Hair-3-18x10.jpg 18w, https:\/\/svetslik.si\/wp-content\/uploads\/2022\/12\/Amedeo-Modigliani-Nude-with-Loose-Hair-3-150x84.jpg 150w, https:\/\/svetslik.si\/wp-content\/uploads\/2022\/12\/Amedeo-Modigliani-Nude-with-Loose-Hair-3-1320x743.jpg 1320w\" sizes=\"(max-width: 2560px) 100vw, 2560px\" \/>\t\t\t\t<\/div>\n\t\t\t\t\t\t\t\t\t\t\t<\/div>\n\t<\/div>\n  [\/vc_column][\/vc_row][vc_row css=&#8221;.vc_custom_1670951281978{margin-bottom: 10px !important;}&#8221;][vc_column]\t<div class=\"et-image-124 et-image     et_image_link\">\n\t\t<div class=\"et-image-inner \">\n\t\t\t\t\t\t\t<div class=\"et-image-thumb \">\n\t\t\t\t\t<img decoding=\"async\" width=\"2560\" height=\"1441\" src=\"https:\/\/svetslik.si\/wp-content\/uploads\/2022\/12\/Amedeo-Modigliani-Nude-with-Loose-Hair-4-scaled.jpg\" class=\"attachment-full\" alt=\"Amedeo Modigliani - Nude with Loose Hair - Amedeo Modigliani - Meztelen laza hajjal festm\u00e9nyek\" title=\"Amedeo Modigliani - Nude with Loose Hair - Amedeo Modigliani - Meztelen laza hajjal festm\u00e9nyek\" srcset=\"https:\/\/svetslik.si\/wp-content\/uploads\/2022\/12\/Amedeo-Modigliani-Nude-with-Loose-Hair-4-scaled.jpg 2560w, https:\/\/svetslik.si\/wp-content\/uploads\/2022\/12\/Amedeo-Modigliani-Nude-with-Loose-Hair-4-scaled-600x338.jpg 600w, https:\/\/svetslik.si\/wp-content\/uploads\/2022\/12\/Amedeo-Modigliani-Nude-with-Loose-Hair-4-scaled-1200x675.jpg 1200w, https:\/\/svetslik.si\/wp-content\/uploads\/2022\/12\/Amedeo-Modigliani-Nude-with-Loose-Hair-4-300x169.jpg 300w, https:\/\/svetslik.si\/wp-content\/uploads\/2022\/12\/Amedeo-Modigliani-Nude-with-Loose-Hair-4-1024x577.jpg 1024w, https:\/\/svetslik.si\/wp-content\/uploads\/2022\/12\/Amedeo-Modigliani-Nude-with-Loose-Hair-4-768x432.jpg 768w, https:\/\/svetslik.si\/wp-content\/uploads\/2022\/12\/Amedeo-Modigliani-Nude-with-Loose-Hair-4-1536x865.jpg 1536w, https:\/\/svetslik.si\/wp-content\/uploads\/2022\/12\/Amedeo-Modigliani-Nude-with-Loose-Hair-4-2048x1153.jpg 2048w, https:\/\/svetslik.si\/wp-content\/uploads\/2022\/12\/Amedeo-Modigliani-Nude-with-Loose-Hair-4-18x10.jpg 18w, https:\/\/svetslik.si\/wp-content\/uploads\/2022\/12\/Amedeo-Modigliani-Nude-with-Loose-Hair-4-150x84.jpg 150w, https:\/\/svetslik.si\/wp-content\/uploads\/2022\/12\/Amedeo-Modigliani-Nude-with-Loose-Hair-4-1320x743.jpg 1320w\" sizes=\"(max-width: 2560px) 100vw, 2560px\" \/>\t\t\t\t<\/div>\n\t\t\t\t\t\t\t\t\t\t\t<\/div>\n\t<\/div>\n  [\/vc_column][\/vc_row][vc_row][vc_column][vc_column_text]\n<h1>Amedeo Modigliani \u2013 Akt, laza haj\u00fa<\/h1>\n<p>&nbsp;<\/p>\n<table style=\"width: 619px;\" border=\"0\" width=\"619\" cellpadding=\"0\">\n<tbody>\n<tr>\n<td style=\"width: 180px; height: 21px;\" height=\"21\">L\u00e9trehoz\u00e1s \u00e9ve:<\/td>\n<td style=\"width: 439px;\">1917<\/td>\n<\/tr>\n<tr>\n<td style=\"width: 180px; height: 21px;\" height=\"21\">Eredeti m\u00e9ret:<\/td>\n<td style=\"width: 439px;\">100,9 cm x 65,4 cm<\/td>\n<\/tr>\n<tr>\n<td style=\"width: 180px; height: 21px;\" height=\"21\">Fest\u00e9si st\u00edlus:<\/td>\n<td style=\"width: 439px;\">Expresszionizmus<\/td>\n<\/tr>\n<tr>\n<td style=\"width: 180px; height: 21px;\" height=\"21\">Eredeti technika:<\/td>\n<td>Olaj, v\u00e1szon<\/td>\n<\/tr>\n<tr>\n<td style=\"width: 180px; height: 21px;\" height=\"21\">Helysz\u00edn:<\/td>\n<td style=\"width: 439px;\">Oszaka \u2013 Modern M\u0171v\u00e9szetek M\u00fazeuma<\/td>\n<\/tr>\n<\/tbody>\n<colgroup>\n<col \/>\n<col \/> <\/colgroup>\n<\/table>\n[\/vc_column_text][\/vc_column][\/vc_row]\n<\/div>","protected":false},"excerpt":{"rendered":"<p>[vc_row css=&#8221;.vc_custom_1670951281978{margin-bottom: 10px !important;}&#8221;][vc_column][\/vc_column][\/vc_row][vc_row css=&#8221;.vc_custom_1670951281978{margin-bottom: 10px !important;}&#8221;][vc_column][\/vc_column][\/vc_row][vc_row css=&#8221;.vc_custom_1670951281978{margin-bottom: 10px !important;}&#8221;][vc_column][\/vc_column][\/vc_row][vc_row css=&#8221;.vc_custom_1670951281978{margin-bottom: 10px !important;}&#8221;][vc_column][\/vc_column][\/vc_row][vc_row][vc_column][vc_column_text] Amedeo Modigliani \u2013 Akt, laza haj\u00fa &nbsp; L\u00e9trehoz\u00e1s \u00e9ve: 1917 Eredeti m\u00e9ret: 100,9 cm x 65,4 cm Fest\u00e9si st\u00edlus: Expresszionizmus Eredeti technika: Olaj, v\u00e1szon Helysz\u00edn: Oszaka \u2013 Modern M\u0171v\u00e9szetek M\u00fazeuma [\/vc_column_text][\/vc_column][\/vc_row]<\/p>\n","protected":false},"featured_media":51272,"template":"","meta":{"_acf_changed":false},"product_brand":[],"product_cat":[7137],"product_tag":[7181,11885,11886,11887],"class_list":{"0":"post-60087","1":"product","2":"type-product","3":"status-publish","4":"has-post-thumbnail","6":"product_cat-amedeo-modigliani-hu","7":"product_tag-modigliani-hu","8":"product_tag-painter-hu","9":"product_tag-reproduction","10":"product_tag-reproductions-hu","11":"pa_dimenzija-101-x-65-cm-hu","12":"pa_dimenzija-110-x-70-cm-hu","13":"pa_dimenzija-120-x-80-cm-hu","14":"pa_dimenzija-150-x-100-cm-hu","15":"pa_dimenzija-180-x-120-cm-hu","16":"pa_dimenzija-70-x-45-cm-hu","17":"pa_dimenzija-80-x-50-cm-hu","18":"pa_dimenzija-90-x-60-cm-hu","19":"pa_oblika-vizszintes","20":"pa_okvir-nincs-keret","21":"pa_podokvir-igen","22":"pa_podokvir-nem","24":"first","25":"onbackorder","26":"purchasable","27":"product-type-variable","28":"has-default-attributes"},"acf":[],"yoast_head":"<!-- This site is optimized with the Yoast SEO Premium plugin v26.0 (Yoast SEO v27.2) - https:\/\/yoast.com\/product\/yoast-seo-premium-wordpress\/ -->\n<title>Amedeo Modigliani - Nude with Loose Hair - SVETSLIK.SI - 100% k\u00e9zzel festett<\/title>\n<meta name=\"description\" content=\"Amedeo Modigliani - Nude with Loose Hair - 100% k\u00e9zzel festett h\u00edres festm\u00e9nyek reprodukci\u00f3i. Festm\u00e9nyek keretez\u00e9se, elad\u00e1sa \u00e9s egyedi rendel\u00e9sre t\u00f6rt\u00e9n\u0151 v\u00e1szonk\u00e9pek k\u00e9sz\u00edt\u00e9se.\" \/>\n<meta name=\"robots\" content=\"index, follow, max-snippet:-1, max-image-preview:large, max-video-preview:-1\" \/>\n<link rel=\"canonical\" href=\"https:\/\/svetslik.si\/hu\/amedeo-modigliani-hu\/amedeo-modigliani-nude-with-loose-hair\/\" \/>\n<meta property=\"og:locale\" content=\"hu_HU\" \/>\n<meta property=\"og:type\" content=\"article\" \/>\n<meta property=\"og:title\" content=\"Amedeo Modigliani - Nude with Loose Hair\" \/>\n<meta property=\"og:description\" content=\"100% ro\u010dno naslikane slike na platnu, reprodukcije znanih slikarjev in umetni\u0161ke slike po naro\u010dilu.\" \/>\n<meta property=\"og:url\" content=\"https:\/\/svetslik.si\/hu\/amedeo-modigliani-hu\/amedeo-modigliani-nude-with-loose-hair\/\" \/>\n<meta property=\"og:site_name\" content=\"SVETSLIK.SI\" \/>\n<meta property=\"article:publisher\" content=\"https:\/\/www.facebook.com\/svetslik.si\" \/>\n<meta property=\"article:modified_time\" content=\"2026-03-22T14:06:02+00:00\" \/>\n<meta property=\"og:image\" content=\"https:\/\/svetslik.si\/wp-content\/uploads\/2022\/12\/Amadeo-Modigliani-Akt-z-Razpuscenimi-Lasmi....jpg-1024x663.png\" \/>\n\t<meta property=\"og:image:width\" content=\"1024\" \/>\n\t<meta property=\"og:image:height\" content=\"663\" \/>\n\t<meta property=\"og:image:type\" content=\"image\/png\" \/>\n<meta name=\"twitter:card\" content=\"summary_large_image\" \/>\n<meta name=\"twitter:site\" content=\"@svetslik\" \/>\n<meta name=\"twitter:label1\" content=\"El\u00e9rhet\u0151s\u00e9g\" \/>\n\t<meta name=\"twitter:data1\" content=\"Beszerz\u00e9s alatt\" \/>\n<script type=\"application\/ld+json\" class=\"yoast-schema-graph\">{\"@context\":\"https:\/\/schema.org\",\"@graph\":[{\"@type\":[\"WebPage\",\"ItemPage\"],\"@id\":\"https:\/\/svetslik.si\/hu\/amedeo-modigliani-hu\/amedeo-modigliani-nude-with-loose-hair\/\",\"url\":\"https:\/\/svetslik.si\/hu\/amedeo-modigliani-hu\/amedeo-modigliani-nude-with-loose-hair\/\",\"name\":\"Amedeo Modigliani - Nude with Loose Hair - SVETSLIK.SI - 100% k\u00e9zzel festett\",\"isPartOf\":{\"@id\":\"https:\/\/svetslik.si\/hu\/#website\"},\"primaryImageOfPage\":{\"@id\":\"https:\/\/svetslik.si\/hu\/amedeo-modigliani-hu\/amedeo-modigliani-nude-with-loose-hair\/#primaryimage\"},\"image\":{\"@id\":\"https:\/\/svetslik.si\/hu\/amedeo-modigliani-hu\/amedeo-modigliani-nude-with-loose-hair\/#primaryimage\"},\"thumbnailUrl\":\"https:\/\/svetslik.si\/wp-content\/uploads\/2022\/12\/Amadeo-Modigliani-Akt-z-Razpuscenimi-Lasmi....jpg-scaled.png\",\"datePublished\":\"2022-12-13T17:00:33+00:00\",\"dateModified\":\"2026-03-22T14:06:02+00:00\",\"description\":\"Amedeo Modigliani - Nude with Loose Hair - 100% k\u00e9zzel festett h\u00edres festm\u00e9nyek reprodukci\u00f3i. Festm\u00e9nyek keretez\u00e9se, elad\u00e1sa \u00e9s egyedi rendel\u00e9sre t\u00f6rt\u00e9n\u0151 v\u00e1szonk\u00e9pek k\u00e9sz\u00edt\u00e9se.\",\"breadcrumb\":{\"@id\":\"https:\/\/svetslik.si\/hu\/amedeo-modigliani-hu\/amedeo-modigliani-nude-with-loose-hair\/#breadcrumb\"},\"inLanguage\":\"hu\",\"potentialAction\":[{\"@type\":\"ReadAction\",\"target\":[\"https:\/\/svetslik.si\/hu\/amedeo-modigliani-hu\/amedeo-modigliani-nude-with-loose-hair\/\"]}]},{\"@type\":\"ImageObject\",\"inLanguage\":\"hu\",\"@id\":\"https:\/\/svetslik.si\/hu\/amedeo-modigliani-hu\/amedeo-modigliani-nude-with-loose-hair\/#primaryimage\",\"url\":\"https:\/\/svetslik.si\/wp-content\/uploads\/2022\/12\/Amadeo-Modigliani-Akt-z-Razpuscenimi-Lasmi....jpg-scaled.png\",\"contentUrl\":\"https:\/\/svetslik.si\/wp-content\/uploads\/2022\/12\/Amadeo-Modigliani-Akt-z-Razpuscenimi-Lasmi....jpg-scaled.png\",\"width\":2560,\"height\":1657,\"caption\":\"Amedeo Modigliani - Nude with Loose Hair - Amedeo Modigliani - Meztelen laza hajjal festm\u00e9nyek\"},{\"@type\":\"BreadcrumbList\",\"@id\":\"https:\/\/svetslik.si\/hu\/amedeo-modigliani-hu\/amedeo-modigliani-nude-with-loose-hair\/#breadcrumb\",\"itemListElement\":[{\"@type\":\"ListItem\",\"position\":1,\"name\":\"Wall art and paintings on canvas\",\"item\":\"https:\/\/svetslik.si\/hu\/\"},{\"@type\":\"ListItem\",\"position\":2,\"name\":\"Festm\u00e9nyek elad\u00e1sa\",\"item\":\"https:\/\/svetslik.si\/prodaja-slik\/\"},{\"@type\":\"ListItem\",\"position\":3,\"name\":\"Amedeo Modigliani &#8211; Nude with Loose Hair\"}]},{\"@type\":\"WebSite\",\"@id\":\"https:\/\/svetslik.si\/hu\/#website\",\"url\":\"https:\/\/svetslik.si\/hu\/\",\"name\":\"SVETSLIK.SI\",\"description\":\"100%-ban k\u00e9zzel festett reprodukci\u00f3k h\u00edres fest\u0151k festm\u00e9nyeir\u0151l \u00e9s festm\u00e9nyekr\u0151l v\u00e1szonra.\",\"publisher\":{\"@id\":\"https:\/\/svetslik.si\/hu\/#organization\"},\"potentialAction\":[{\"@type\":\"SearchAction\",\"target\":{\"@type\":\"EntryPoint\",\"urlTemplate\":\"https:\/\/svetslik.si\/hu\/?s={search_term_string}\"},\"query-input\":{\"@type\":\"PropertyValueSpecification\",\"valueRequired\":true,\"valueName\":\"search_term_string\"}}],\"inLanguage\":\"hu\"},{\"@type\":\"Organization\",\"@id\":\"https:\/\/svetslik.si\/hu\/#organization\",\"name\":\"SvetSlik.si\",\"url\":\"https:\/\/svetslik.si\/hu\/\",\"logo\":{\"@type\":\"ImageObject\",\"inLanguage\":\"hu\",\"@id\":\"https:\/\/svetslik.si\/hu\/#\/schema\/logo\/image\/\",\"url\":\"https:\/\/svetslik.si\/wp-content\/uploads\/2020\/12\/logo-512.png\",\"contentUrl\":\"https:\/\/svetslik.si\/wp-content\/uploads\/2020\/12\/logo-512.png\",\"width\":512,\"height\":512,\"caption\":\"SvetSlik.si\"},\"image\":{\"@id\":\"https:\/\/svetslik.si\/hu\/#\/schema\/logo\/image\/\"},\"sameAs\":[\"https:\/\/www.facebook.com\/svetslik.si\",\"https:\/\/x.com\/svetslik\",\"https:\/\/www.instagram.com\/svetslik.si\/\",\"https:\/\/www.linkedin.com\/company\/svetslik-si\"]}]}<\/script>\n<meta property=\"og:availability\" content=\"backorder\" \/>\n<meta property=\"product:availability\" content=\"available for order\" \/>\n<meta property=\"product:retailer_item_id\" content=\"358__-1\" \/>\n<meta property=\"product:condition\" content=\"new\" \/>\n<!-- \/ Yoast SEO Premium plugin. -->","yoast_head_json":{"title":"Amedeo Modigliani - Nude with Loose Hair - SVETSLIK.SI - 100% k\u00e9zzel festett","description":"Amedeo Modigliani - Nude with Loose Hair - 100% k\u00e9zzel festett h\u00edres festm\u00e9nyek reprodukci\u00f3i. Festm\u00e9nyek keretez\u00e9se, elad\u00e1sa \u00e9s egyedi rendel\u00e9sre t\u00f6rt\u00e9n\u0151 v\u00e1szonk\u00e9pek k\u00e9sz\u00edt\u00e9se.","robots":{"index":"index","follow":"follow","max-snippet":"max-snippet:-1","max-image-preview":"max-image-preview:large","max-video-preview":"max-video-preview:-1"},"canonical":"https:\/\/svetslik.si\/hu\/amedeo-modigliani-hu\/amedeo-modigliani-nude-with-loose-hair\/","og_locale":"hu_HU","og_type":"article","og_title":"Amedeo Modigliani - Nude with Loose Hair","og_description":"100% ro\u010dno naslikane slike na platnu, reprodukcije znanih slikarjev in umetni\u0161ke slike po naro\u010dilu.","og_url":"https:\/\/svetslik.si\/hu\/amedeo-modigliani-hu\/amedeo-modigliani-nude-with-loose-hair\/","og_site_name":"SVETSLIK.SI","article_publisher":"https:\/\/www.facebook.com\/svetslik.si","article_modified_time":"2026-03-22T14:06:02+00:00","og_image":[{"width":1024,"height":663,"url":"https:\/\/svetslik.si\/wp-content\/uploads\/2022\/12\/Amadeo-Modigliani-Akt-z-Razpuscenimi-Lasmi....jpg-1024x663.png","type":"image\/png"}],"twitter_card":"summary_large_image","twitter_site":"@svetslik","twitter_misc":{"El\u00e9rhet\u0151s\u00e9g":"Beszerz\u00e9s alatt"},"schema":{"@context":"https:\/\/schema.org","@graph":[{"@type":["WebPage","ItemPage"],"@id":"https:\/\/svetslik.si\/hu\/amedeo-modigliani-hu\/amedeo-modigliani-nude-with-loose-hair\/","url":"https:\/\/svetslik.si\/hu\/amedeo-modigliani-hu\/amedeo-modigliani-nude-with-loose-hair\/","name":"Amedeo Modigliani - Nude with Loose Hair - SVETSLIK.SI - 100% k\u00e9zzel festett","isPartOf":{"@id":"https:\/\/svetslik.si\/hu\/#website"},"primaryImageOfPage":{"@id":"https:\/\/svetslik.si\/hu\/amedeo-modigliani-hu\/amedeo-modigliani-nude-with-loose-hair\/#primaryimage"},"image":{"@id":"https:\/\/svetslik.si\/hu\/amedeo-modigliani-hu\/amedeo-modigliani-nude-with-loose-hair\/#primaryimage"},"thumbnailUrl":"https:\/\/svetslik.si\/wp-content\/uploads\/2022\/12\/Amadeo-Modigliani-Akt-z-Razpuscenimi-Lasmi....jpg-scaled.png","datePublished":"2022-12-13T17:00:33+00:00","dateModified":"2026-03-22T14:06:02+00:00","description":"Amedeo Modigliani - Nude with Loose Hair - 100% k\u00e9zzel festett h\u00edres festm\u00e9nyek reprodukci\u00f3i. Festm\u00e9nyek keretez\u00e9se, elad\u00e1sa \u00e9s egyedi rendel\u00e9sre t\u00f6rt\u00e9n\u0151 v\u00e1szonk\u00e9pek k\u00e9sz\u00edt\u00e9se.","breadcrumb":{"@id":"https:\/\/svetslik.si\/hu\/amedeo-modigliani-hu\/amedeo-modigliani-nude-with-loose-hair\/#breadcrumb"},"inLanguage":"hu","potentialAction":[{"@type":"ReadAction","target":["https:\/\/svetslik.si\/hu\/amedeo-modigliani-hu\/amedeo-modigliani-nude-with-loose-hair\/"]}]},{"@type":"ImageObject","inLanguage":"hu","@id":"https:\/\/svetslik.si\/hu\/amedeo-modigliani-hu\/amedeo-modigliani-nude-with-loose-hair\/#primaryimage","url":"https:\/\/svetslik.si\/wp-content\/uploads\/2022\/12\/Amadeo-Modigliani-Akt-z-Razpuscenimi-Lasmi....jpg-scaled.png","contentUrl":"https:\/\/svetslik.si\/wp-content\/uploads\/2022\/12\/Amadeo-Modigliani-Akt-z-Razpuscenimi-Lasmi....jpg-scaled.png","width":2560,"height":1657,"caption":"Amedeo Modigliani - Nude with Loose Hair - Amedeo Modigliani - Meztelen laza hajjal festm\u00e9nyek"},{"@type":"BreadcrumbList","@id":"https:\/\/svetslik.si\/hu\/amedeo-modigliani-hu\/amedeo-modigliani-nude-with-loose-hair\/#breadcrumb","itemListElement":[{"@type":"ListItem","position":1,"name":"Wall art and paintings on canvas","item":"https:\/\/svetslik.si\/hu\/"},{"@type":"ListItem","position":2,"name":"Festm\u00e9nyek elad\u00e1sa","item":"https:\/\/svetslik.si\/prodaja-slik\/"},{"@type":"ListItem","position":3,"name":"Amedeo Modigliani &#8211; Nude with Loose Hair"}]},{"@type":"WebSite","@id":"https:\/\/svetslik.si\/hu\/#website","url":"https:\/\/svetslik.si\/hu\/","name":"SVETSLIK.SI","description":"100%-ban k\u00e9zzel festett reprodukci\u00f3k h\u00edres fest\u0151k festm\u00e9nyeir\u0151l \u00e9s festm\u00e9nyekr\u0151l v\u00e1szonra.","publisher":{"@id":"https:\/\/svetslik.si\/hu\/#organization"},"potentialAction":[{"@type":"SearchAction","target":{"@type":"EntryPoint","urlTemplate":"https:\/\/svetslik.si\/hu\/?s={search_term_string}"},"query-input":{"@type":"PropertyValueSpecification","valueRequired":true,"valueName":"search_term_string"}}],"inLanguage":"hu"},{"@type":"Organization","@id":"https:\/\/svetslik.si\/hu\/#organization","name":"SvetSlik.si","url":"https:\/\/svetslik.si\/hu\/","logo":{"@type":"ImageObject","inLanguage":"hu","@id":"https:\/\/svetslik.si\/hu\/#\/schema\/logo\/image\/","url":"https:\/\/svetslik.si\/wp-content\/uploads\/2020\/12\/logo-512.png","contentUrl":"https:\/\/svetslik.si\/wp-content\/uploads\/2020\/12\/logo-512.png","width":512,"height":512,"caption":"SvetSlik.si"},"image":{"@id":"https:\/\/svetslik.si\/hu\/#\/schema\/logo\/image\/"},"sameAs":["https:\/\/www.facebook.com\/svetslik.si","https:\/\/x.com\/svetslik","https:\/\/www.instagram.com\/svetslik.si\/","https:\/\/www.linkedin.com\/company\/svetslik-si"]}]},"og_availability":"backorder","product_availability":"available for order","product_retailer_item_id":"358__-1","product_condition":"new"},"jetpack_sharing_enabled":true,"_links":{"self":[{"href":"https:\/\/svetslik.si\/hu\/wp-json\/wp\/v2\/product\/60087","targetHints":{"allow":["GET"]}}],"collection":[{"href":"https:\/\/svetslik.si\/hu\/wp-json\/wp\/v2\/product"}],"about":[{"href":"https:\/\/svetslik.si\/hu\/wp-json\/wp\/v2\/types\/product"}],"wp:featuredmedia":[{"embeddable":true,"href":"https:\/\/svetslik.si\/hu\/wp-json\/wp\/v2\/media\/51272"}],"wp:attachment":[{"href":"https:\/\/svetslik.si\/hu\/wp-json\/wp\/v2\/media?parent=60087"}],"wp:term":[{"taxonomy":"product_brand","embeddable":true,"href":"https:\/\/svetslik.si\/hu\/wp-json\/wp\/v2\/product_brand?post=60087"},{"taxonomy":"product_cat","embeddable":true,"href":"https:\/\/svetslik.si\/hu\/wp-json\/wp\/v2\/product_cat?post=60087"},{"taxonomy":"product_tag","embeddable":true,"href":"https:\/\/svetslik.si\/hu\/wp-json\/wp\/v2\/product_tag?post=60087"}],"curies":[{"name":"wp","href":"https:\/\/api.w.org\/{rel}","templated":true}]}}